{"id":349531,"date":"2026-04-22T14:06:11","date_gmt":"2026-04-22T12:06:11","guid":{"rendered":"https:\/\/www.onisecoturismo.es\/?post_type=tribe_events&#038;p=349531"},"modified":"2026-04-22T14:25:40","modified_gmt":"2026-04-22T12:25:40","slug":"taller-formacion-financiacion-para-emprender-e-instrumentos-de-apoyo-mujeres","status":"publish","type":"tribe_events","link":"https:\/\/www.onisecoturismo.es\/fr\/agenda\/taller-formacion-financiacion-para-emprender-e-instrumentos-de-apoyo-mujeres\/","title":{"rendered":"Taller Formaci\u00f3n Financiaci\u00f3n para emprender e instrumentos de apoyo-MUJERES"},"content":{"rendered":"<p data-start=\"160\" data-end=\"509\"><strong>BENEFICIARIAS<\/strong>: Mujeres emprendedoras y empresarias interesadas en conocer las distintas opciones de financiaci\u00f3n disponibles. La sesi\u00f3n incluir\u00e1 una conversaci\u00f3n entre Ana Labad Cruz (<a href=\"https:\/\/anchoashazas.com\/\" target=\"_blank\" rel=\"noopener\">Anchoas HAZAS<\/a>) y Alberto Fern\u00e1ndez Manzanas, responsable comercial de <a href=\"https:\/\/asturgar.com\/es\/\" target=\"_blank\" rel=\"noopener\">ASTURGAR<\/a>, donde se abordar\u00e1n experiencias reales y herramientas de apoyo al emprendimiento.<\/p>\n<p data-start=\"511\" data-end=\"613\">\ud83d\udccd <strong>LUGAR<\/strong>: <span class=\"hover:entity-accent entity-underline inline cursor-pointer align-baseline\"><span class=\"whitespace-normal\">Centro Municipal Polivalente Hnos. \u00c1lvarez Marcos<\/span><\/span><\/p>\n<p data-start=\"511\" data-end=\"613\">\ud83d\udcc5 <strong>FECHA<\/strong>: 28 de mayo 2026<\/p>\n<p data-start=\"511\" data-end=\"613\">\ud83d\udd54 <strong>HORARIO<\/strong>: 17:00 \u2013 19:30 h<\/p>\n<p data-start=\"615\" data-end=\"743\"><strong>INSCRIPCIONES<\/strong>: https:\/\/docs.google.com\/forms\/d\/e\/1FAIpQLSeYnZv1JO72gA43FDrkq9KQeaBY7kd2o7KuQvMbSjooxsGeKA\/viewform<\/p>\n<p data-start=\"615\" data-end=\"743\"><strong>ORGANIZAN<\/strong>: <span class=\"hover:entity-accent entity-underline inline cursor-pointer align-baseline\"><span class=\"whitespace-normal\">Principado de Asturias<\/span><\/span>, <span class=\"hover:entity-accent entity-underline inline cursor-pointer align-baseline\"><span class=\"whitespace-normal\">Valnal\u00f3n<\/span><\/span> y <span class=\"hover:entity-accent entity-underline inline cursor-pointer align-baseline\"><span class=\"whitespace-normal\">Fundaci\u00f3n para el Fomento de la Econom\u00eda Social (FFES)<\/span><\/span>.<\/p>\n<p data-start=\"615\" data-end=\"743\">\u00a0<img decoding=\"async\" class=\"alignnone wp-image-349535\" src=\"https:\/\/www.onisecoturismo.es\/wp-content\/uploads\/2026\/04\/Valnalon-logo.jpg\" alt=\"\" width=\"105\" height=\"105\" srcset=\"https:\/\/www.onisecoturismo.es\/wp-content\/uploads\/2026\/04\/Valnalon-logo.jpg 200w, https:\/\/www.onisecoturismo.es\/wp-content\/uploads\/2026\/04\/Valnalon-logo-150x150.jpg 150w\" sizes=\"(max-width: 105px) 100vw, 105px\" \/> <img decoding=\"async\" class=\"alignnone wp-image-349538\" src=\"https:\/\/www.onisecoturismo.es\/wp-content\/uploads\/2026\/04\/FFES-logo_fundacion-fomento-economia-social.png\" alt=\"\" width=\"140\" height=\"88\"> <img decoding=\"async\" class=\"alignnone wp-image-349532\" src=\"https:\/\/www.onisecoturismo.es\/wp-content\/uploads\/2026\/04\/asturiano-vertical-color-presidencia-reto-demografico-igualdad-turismo-300x192.png\" alt=\"\" width=\"139\" height=\"89\"><\/p>\n","protected":false},"excerpt":{"rendered":"<p>Taller de 2h30min dirigido a mujeres emprendedoras y empresarias interesadas en conocer las distintas opciones de financiaci\u00f3n disponibles.  Ana Labad Cruz (Anchoas HAZAS) y Alberto Fern\u00e1ndez Manzanas ( ASTURGAR) <\/p>\n","protected":false},"author":2,"featured_media":349541,"template":"","meta":{"_acf_changed":false,"_et_pb_use_builder":"","_et_pb_old_content":"","_et_gb_content_width":"","_tribe_events_status":"","_tribe_events_status_reason":"","footnotes":""},"tags":[],"tribe_events_cat":[115],"class_list":["post-349531","tribe_events","type-tribe_events","status-publish","has-post-thumbnail","hentry","tribe_events_cat-cursos","cat_cursos"],"acf":[],"_links":{"self":[{"href":"https:\/\/www.onisecoturismo.es\/fr\/wp-json\/wp\/v2\/tribe_events\/349531","targetHints":{"allow":["GET"]}}],"collection":[{"href":"https:\/\/www.onisecoturismo.es\/fr\/wp-json\/wp\/v2\/tribe_events"}],"about":[{"href":"https:\/\/www.onisecoturismo.es\/fr\/wp-json\/wp\/v2\/types\/tribe_events"}],"author":[{"embeddable":true,"href":"https:\/\/www.onisecoturismo.es\/fr\/wp-json\/wp\/v2\/users\/2"}],"version-history":[{"count":4,"href":"https:\/\/www.onisecoturismo.es\/fr\/wp-json\/wp\/v2\/tribe_events\/349531\/revisions"}],"predecessor-version":[{"id":349548,"href":"https:\/\/www.onisecoturismo.es\/fr\/wp-json\/wp\/v2\/tribe_events\/349531\/revisions\/349548"}],"wp:featuredmedia":[{"embeddable":true,"href":"https:\/\/www.onisecoturismo.es\/fr\/wp-json\/wp\/v2\/media\/349541"}],"wp:attachment":[{"href":"https:\/\/www.onisecoturismo.es\/fr\/wp-json\/wp\/v2\/media?parent=349531"}],"wp:term":[{"taxonomy":"post_tag","embeddable":true,"href":"https:\/\/www.onisecoturismo.es\/fr\/wp-json\/wp\/v2\/tags?post=349531"},{"taxonomy":"tribe_events_cat","embeddable":true,"href":"https:\/\/www.onisecoturismo.es\/fr\/wp-json\/wp\/v2\/tribe_events_cat?post=349531"}],"curies":[{"name":"wp","href":"https:\/\/api.w.org\/{rel}","templated":true}]}}