{"id":348675,"date":"2025-11-18T12:54:06","date_gmt":"2025-11-18T11:54:06","guid":{"rendered":"https:\/\/www.onisecoturismo.es\/?post_type=tribe_events&#038;p=348675"},"modified":"2025-11-18T13:03:44","modified_gmt":"2025-11-18T12:03:44","slug":"talleres-competencias-digitales","status":"publish","type":"tribe_events","link":"https:\/\/www.onisecoturismo.es\/fr\/agenda\/talleres-competencias-digitales\/","title":{"rendered":"Talleres Competencias Digitales"},"content":{"rendered":"<p data-start=\"175\" data-end=\"272\">\u00bfQuieres manejar tu m\u00f3vil o tablet con m\u00e1s confianza y autonom\u00eda?<br data-start=\"240\" data-end=\"243\" \/>\u00a1Este taller es para ti! \ud83d\ude4c\ud83d\udc99<\/p>\n<p data-start=\"274\" data-end=\"371\">Aprende de forma sencilla y pr\u00e1ctica a usar tus dispositivos en un ambiente cercano y acompa\u00f1ado.<\/p>\n<hr data-start=\"373\" data-end=\"376\" \/>\n<h4 data-start=\"378\" data-end=\"405\">\ud83d\udccd AV\u00cdN \u2013 CUEVONA<\/h4>\n<p data-start=\"406\" data-end=\"507\">\ud83d\uddd3 Mi\u00e9rcoles <strong data-start=\"419\" data-end=\"438\">12 de noviembre<\/strong> \u2014 12:00 a 13:30<br data-start=\"454\" data-end=\"457\" \/>\ud83d\uddd3 Mi\u00e9rcoles <strong data-start=\"470\" data-end=\"489\">19 de noviembre<\/strong> \u2014 12:00 a 13:30<\/p>\n<hr data-start=\"509\" data-end=\"512\" \/>\n<h4 data-start=\"514\" data-end=\"551\">\ud83d\udccd BOBIA DE ABAJO \u2013 CAPILLA<\/h4>\n<p data-start=\"552\" data-end=\"649\">\ud83d\uddd3 Martes <strong data-start=\"562\" data-end=\"580\">9 de diciembre<\/strong> \u2014 10:00 a 11:30<br data-start=\"596\" data-end=\"599\" \/>\ud83d\uddd3 Mi\u00e9rcoles <strong data-start=\"612\" data-end=\"631\">10 de diciembre<\/strong> \u2014 10:00 a 11:30<\/p>\n<hr data-start=\"651\" data-end=\"654\" \/>\n<h4 data-start=\"656\" data-end=\"714\">\ud83d\udccd BENIA DE ON\u00cdS \u2013 C.M.P. \u201cHnos. \u00c1lvarez Marcos\u201d<\/h4>\n<p data-start=\"715\" data-end=\"812\">\ud83d\uddd3 Martes <strong data-start=\"725\" data-end=\"743\">9 de diciembre<\/strong> \u2014 12:00 a 13:30<br data-start=\"759\" data-end=\"762\" \/>\ud83d\uddd3 Mi\u00e9rcoles <strong data-start=\"775\" data-end=\"794\">10 de diciembre<\/strong> \u2014 12:00 a 13:30<\/p>\n<h5 data-start=\"819\" data-end=\"859\">\ud83d\udcde Informaci\u00f3n e inscripciones<strong data-start=\"826\" data-end=\"857\">. <\/strong>Servicios Sociales: <strong data-start=\"880\" data-end=\"896\">985 84 92 04<\/strong><\/h5>\n<p data-start=\"903\" data-end=\"1160\">\n<p style=\"text-align: left;\" data-start=\"903\" data-end=\"1160\"><strong>Organiza<\/strong>: Centro Intermunicipal de Servicios Sociales de la Mancomunidad de Cangas de On\u00eds, Amieva y On\u00eds.<br data-start=\"1009\" data-end=\"1012\" \/><strong>Programa<\/strong> \u00ab\u00a0Soledad no Deseada\u00a0\u00bb.<br data-start=\"1040\" data-end=\"1043\" \/><strong>Colaboran<\/strong>: Principado de Asturias, Consejer\u00eda de Derechos Sociales y los Ayuntamientos participantes.<\/p>\n<p><a href=\"https:\/\/www.mcaop.es\/\" target=\"_blank\" rel=\"noopener\"><img decoding=\"async\" class=\"alignnone wp-image-348693\" src=\"https:\/\/www.onisecoturismo.es\/wp-content\/uploads\/2025\/11\/castellano-vertical-color-derechos-sociales-bienestar-300x216.png\" alt=\"\" width=\"174\" height=\"126\"><img decoding=\"async\" class=\" wp-image-348676 alignleft\" src=\"https:\/\/www.onisecoturismo.es\/wp-content\/uploads\/2025\/11\/Logo-mancomunidad-cangas-amieva-onis-300x171.jpg\" alt=\"\" width=\"240\" height=\"137\"><\/a><\/p>\n","protected":false},"excerpt":{"rendered":"<p>Del 12 de Noviembre al 10 de Diciembre. \u00a1DIGITAL\u00cdZATE! \u00a1APUNTATE!<\/p>\n","protected":false},"author":2,"featured_media":348679,"template":"","meta":{"_acf_changed":false,"_et_pb_use_builder":"","_et_pb_old_content":"","_et_gb_content_width":"","_tribe_events_status":"","_tribe_events_status_reason":"","footnotes":""},"tags":[],"tribe_events_cat":[115],"class_list":["post-348675","tribe_events","type-tribe_events","status-publish","has-post-thumbnail","hentry","tribe_events_cat-cursos","cat_cursos"],"acf":[],"_links":{"self":[{"href":"https:\/\/www.onisecoturismo.es\/fr\/wp-json\/wp\/v2\/tribe_events\/348675","targetHints":{"allow":["GET"]}}],"collection":[{"href":"https:\/\/www.onisecoturismo.es\/fr\/wp-json\/wp\/v2\/tribe_events"}],"about":[{"href":"https:\/\/www.onisecoturismo.es\/fr\/wp-json\/wp\/v2\/types\/tribe_events"}],"author":[{"embeddable":true,"href":"https:\/\/www.onisecoturismo.es\/fr\/wp-json\/wp\/v2\/users\/2"}],"version-history":[{"count":10,"href":"https:\/\/www.onisecoturismo.es\/fr\/wp-json\/wp\/v2\/tribe_events\/348675\/revisions"}],"predecessor-version":[{"id":348697,"href":"https:\/\/www.onisecoturismo.es\/fr\/wp-json\/wp\/v2\/tribe_events\/348675\/revisions\/348697"}],"wp:featuredmedia":[{"embeddable":true,"href":"https:\/\/www.onisecoturismo.es\/fr\/wp-json\/wp\/v2\/media\/348679"}],"wp:attachment":[{"href":"https:\/\/www.onisecoturismo.es\/fr\/wp-json\/wp\/v2\/media?parent=348675"}],"wp:term":[{"taxonomy":"post_tag","embeddable":true,"href":"https:\/\/www.onisecoturismo.es\/fr\/wp-json\/wp\/v2\/tags?post=348675"},{"taxonomy":"tribe_events_cat","embeddable":true,"href":"https:\/\/www.onisecoturismo.es\/fr\/wp-json\/wp\/v2\/tribe_events_cat?post=348675"}],"curies":[{"name":"wp","href":"https:\/\/api.w.org\/{rel}","templated":true}]}}