{"id":348664,"date":"2025-11-18T11:22:27","date_gmt":"2025-11-18T10:22:27","guid":{"rendered":"https:\/\/www.onisecoturismo.es\/?post_type=tribe_events&#038;p=348664"},"modified":"2025-11-18T12:23:09","modified_gmt":"2025-11-18T11:23:09","slug":"charla-informativas-sobre-comunidad-energetica-de-onis","status":"publish","type":"tribe_events","link":"https:\/\/www.onisecoturismo.es\/fr\/agenda\/charla-informativas-sobre-comunidad-energetica-de-onis\/","title":{"rendered":"Charla Informativas sobre Comunidad Energ\u00e9tica de On\u00eds"},"content":{"rendered":"<h2 data-start=\"984\" data-end=\"1022\">\ud83d\udce2 <strong data-start=\"990\" data-end=\"1020\">Charla Informativa en On\u00eds<\/strong><\/h2>\n<p data-start=\"1023\" data-end=\"1199\"><strong data-start=\"1023\" data-end=\"1063\">\ud83d\udcc5<\/strong> Mi\u00e9rcoles, 3 de diciembre de 2025<br data-start=\"1063\" data-end=\"1066\" \/>\ud83d\udd61 18:15 h<br data-start=\"1080\" data-end=\"1083\" \/>\ud83d\udccd Sal\u00f3n de Actos del Centro Polivalente de Tullidi (Benia de On\u00eds)<strong data-start=\"1083\" data-end=\"1199\"><br \/>\n<\/strong><\/p>\n<h3 data-start=\"1201\" data-end=\"1225\">\u00bfQu\u00e9 se explicar\u00e1?<\/h3>\n<p data-start=\"1226\" data-end=\"1373\">\ud83d\udd39 Beneficios econ\u00f3micos, ambientales y sociales.<br data-start=\"1275\" data-end=\"1278\" \/>\ud83d\udd39 An\u00e1lisis del proyecto para el municipio.<br data-start=\"1321\" data-end=\"1324\" \/>\ud83d\udd39 Fases del proyecto y creaci\u00f3n del grupo motor.<\/p>\n<h3 data-start=\"1375\" data-end=\"1399\">\u2139\ufe0f M\u00e1s informaci\u00f3n<\/h3>\n<p data-start=\"1400\" data-end=\"1438\">faen.es\/agenda-otc<br data-start=\"1418\" data-end=\"1421\" \/>\ud83d\udcde 985 46 71 80<\/p>\n<p data-start=\"1440\" data-end=\"1492\">\ud83d\udccc <strong data-start=\"1443\" data-end=\"1492\">Se ruega confirmar asistencia en 985 84 40 05<\/strong><\/p>\n<h2 data-start=\"200\" data-end=\"262\">\ud83c\udf1e <strong data-start=\"206\" data-end=\"260\">\u00bfPor qu\u00e9 unirte a la Comunidad Energ\u00e9tica de On\u00eds?<\/strong><\/h2>\n<p data-start=\"263\" data-end=\"397\">Si est\u00e1s pensando en reducir tu factura de la luz y participar en un modelo energ\u00e9tico m\u00e1s justo y sostenible, esta es tu oportunidad.<\/p>\n<p data-start=\"399\" data-end=\"684\">Unirte a una <strong data-start=\"412\" data-end=\"436\">Comunidad Energ\u00e9tica<\/strong> implica una inversi\u00f3n aproximada de <strong data-start=\"473\" data-end=\"484\">2.000 \u20ac<\/strong>, pero esa cantidad se <strong data-start=\"507\" data-end=\"533\">amortiza en pocos a\u00f1os<\/strong>, porque desde el primer momento tu factura puede <strong data-start=\"583\" data-end=\"609\">reducirse hasta un 40%<\/strong>.<br data-start=\"610\" data-end=\"613\" \/>S\u00ed: menos costes, m\u00e1s autonom\u00eda y energ\u00eda limpia para el municipio. \u26a1\ud83c\udf31<\/p>\n<h3 data-start=\"686\" data-end=\"708\"><strong data-start=\"690\" data-end=\"708\">Ventajas clave<\/strong><\/h3>\n<p data-start=\"709\" data-end=\"977\">\ud83d\udd39 Ahorro directo y continuo en la factura.<br data-start=\"752\" data-end=\"755\" \/>\ud83d\udd39 Energ\u00eda renovable producida en el municipio.<br data-start=\"802\" data-end=\"805\" \/>\ud83d\udd39 Menor dependencia de las grandes comercializadoras.<br data-start=\"859\" data-end=\"862\" \/>\ud83d\udd39 Impacto ambiental, econ\u00f3mico y social positivo para On\u00eds.<br data-start=\"922\" data-end=\"925\" \/>\ud83d\udd39 Participaci\u00f3n ciudadana en un proyecto colectivo.<\/p>\n","protected":false},"excerpt":{"rendered":"<p>Con una inversi\u00f3n inicial podr\u00e1s reducir hasta un 40% tu factura de electricidad. ASISTE  a esta charla y ent\u00e9rate de como unirte a la Comunidad Energ\u00e9tica de On\u00eds<\/p>\n","protected":false},"author":2,"featured_media":348668,"template":"","meta":{"_acf_changed":false,"_et_pb_use_builder":"","_et_pb_old_content":"","_et_gb_content_width":"","_tribe_events_status":"","_tribe_events_status_reason":"","footnotes":""},"tags":[],"tribe_events_cat":[162],"class_list":["post-348664","tribe_events","type-tribe_events","status-publish","has-post-thumbnail","hentry","tribe_events_cat-charla-informativa","cat_charla-informativa"],"acf":[],"_links":{"self":[{"href":"https:\/\/www.onisecoturismo.es\/fr\/wp-json\/wp\/v2\/tribe_events\/348664","targetHints":{"allow":["GET"]}}],"collection":[{"href":"https:\/\/www.onisecoturismo.es\/fr\/wp-json\/wp\/v2\/tribe_events"}],"about":[{"href":"https:\/\/www.onisecoturismo.es\/fr\/wp-json\/wp\/v2\/types\/tribe_events"}],"author":[{"embeddable":true,"href":"https:\/\/www.onisecoturismo.es\/fr\/wp-json\/wp\/v2\/users\/2"}],"version-history":[{"count":4,"href":"https:\/\/www.onisecoturismo.es\/fr\/wp-json\/wp\/v2\/tribe_events\/348664\/revisions"}],"predecessor-version":[{"id":348674,"href":"https:\/\/www.onisecoturismo.es\/fr\/wp-json\/wp\/v2\/tribe_events\/348664\/revisions\/348674"}],"wp:featuredmedia":[{"embeddable":true,"href":"https:\/\/www.onisecoturismo.es\/fr\/wp-json\/wp\/v2\/media\/348668"}],"wp:attachment":[{"href":"https:\/\/www.onisecoturismo.es\/fr\/wp-json\/wp\/v2\/media?parent=348664"}],"wp:term":[{"taxonomy":"post_tag","embeddable":true,"href":"https:\/\/www.onisecoturismo.es\/fr\/wp-json\/wp\/v2\/tags?post=348664"},{"taxonomy":"tribe_events_cat","embeddable":true,"href":"https:\/\/www.onisecoturismo.es\/fr\/wp-json\/wp\/v2\/tribe_events_cat?post=348664"}],"curies":[{"name":"wp","href":"https:\/\/api.w.org\/{rel}","templated":true}]}}