{"id":345035,"date":"2023-09-05T11:54:27","date_gmt":"2023-09-05T09:54:27","guid":{"rendered":"https:\/\/www.onisecoturismo.es\/?post_type=tribe_events&#038;p=345035"},"modified":"2023-09-05T19:25:28","modified_gmt":"2023-09-05T17:25:28","slug":"i-congreso-nacional-de-personas-ostomizadas-2023","status":"publish","type":"tribe_events","link":"https:\/\/www.onisecoturismo.es\/fr\/agenda\/i-congreso-nacional-de-personas-ostomizadas-2023\/","title":{"rendered":"I Congreso Nacional de Personas Ostomizadas"},"content":{"rendered":"<p>[et_pb_section fb_built=\u00a0\u00bb1&Prime; admin_label=\u00a0\u00bbsection\u00a0\u00bb _builder_version=\u00a0\u00bb4.16&Prime; da_disable_devices=\u00a0\u00bboff|off|off\u00a0\u00bb global_colors_info=\u00a0\u00bb{}\u00a0\u00bb da_is_popup=\u00a0\u00bboff\u00a0\u00bb da_exit_intent=\u00a0\u00bboff\u00a0\u00bb da_has_close=\u00a0\u00bbon\u00a0\u00bb da_alt_close=\u00a0\u00bboff\u00a0\u00bb da_dark_close=\u00a0\u00bboff\u00a0\u00bb da_not_modal=\u00a0\u00bbon\u00a0\u00bb da_is_singular=\u00a0\u00bboff\u00a0\u00bb da_with_loader=\u00a0\u00bboff\u00a0\u00bb da_has_shadow=\u00a0\u00bbon\u00a0\u00bb][et_pb_row admin_label=\u00a0\u00bbrow\u00a0\u00bb _builder_version=\u00a0\u00bb4.16&Prime; background_size=\u00a0\u00bbinitial\u00a0\u00bb background_position=\u00a0\u00bbtop_left\u00a0\u00bb background_repeat=\u00a0\u00bbrepeat\u00a0\u00bb global_colors_info=\u00a0\u00bb{}\u00a0\u00bb][et_pb_column type=\u00a0\u00bb4_4&Prime; _builder_version=\u00a0\u00bb4.16&Prime; custom_padding=\u00a0\u00bb|||\u00a0\u00bb pac_dcm_carousel_specific_module_num=\u00a0\u00bb0&Prime; global_colors_info=\u00a0\u00bb{}\u00a0\u00bb custom_padding__hover=\u00a0\u00bb|||\u00a0\u00bb][et_pb_text admin_label=\u00a0\u00bbText\u00a0\u00bb _builder_version=\u00a0\u00bb4.16&Prime; background_size=\u00a0\u00bbinitial\u00a0\u00bb background_position=\u00a0\u00bbtop_left\u00a0\u00bb background_repeat=\u00a0\u00bbrepeat\u00a0\u00bb global_colors_info=\u00a0\u00bb{}\u00a0\u00bb]Los d\u00edas 30 de septiembre y 1 de octubre de 2023, Benia de On\u00eds (Asturias), acoge el \u00ab\u00a0I Congreso Nacional de Asociaciones de personas ostomizadas de Espa\u00f1a\u00a0\u00bb.<\/p>\n<p>El congreso est\u00e1 abierto previa inscripci\u00f3n a todas las asociaciones, teniendo preferencia las que pertenecen a la FAPOE. De igual manera se pueden inscribir personas a t\u00edtulo personal, siempre que queden plazas. Los interesados en acudir pueden inscribirse rellenando el <a href=\"https:\/\/www.fapoe.com\/\" target=\"_blank\" rel=\"noopener\">formulario<\/a> que est\u00e1 en la p\u00e1gina de inicio de la web de la Federaci\u00f3n de Asociaciones de Personas Ostomizadas de Espa\u00f1a<a href=\"https:\/\/www.fapoe.com\/\" target=\"_blank\" rel=\"noopener\"> www.fapoe.com<\/a><\/p>\n<p>&nbsp;<\/p>\n<h3><a href=\"https:\/\/www.fapoe.com\/_files\/ugd\/f3ad46_8bf7ad0ff02b48d2a8e4269a7fe916cc.pdf\" target=\"_blank\" rel=\"noopener\">DESCARGAR PROGRAMA<\/a><\/h3>\n<p>[\/et_pb_text][\/et_pb_column][\/et_pb_row][\/et_pb_section]<\/p>\n","protected":false},"excerpt":{"rendered":"<p>Abierto PREVIA INSCRIPCI\u00d3N a todas las asociaciones, teniendo preferencia las que pertenecen a la FAPOE. Se pueden inscribir personas a t\u00edtulo personal, siempre que queden plazas. Inscripciones en www.fapoe.com<\/p>\n","protected":false},"author":2,"featured_media":345036,"template":"","meta":{"_acf_changed":false,"_et_pb_use_builder":"on","_et_pb_old_content":"Los d\u00edas 30 de septiembre y 1 de octubre de 2023, Benia de On\u00eds (Asturias), acoge el \"I Congreso Nacional de Asociaciones de personas ostomizadas de Espa\u00f1a\".\r\n\r\nEl congreso est\u00e1 abierto previa inscripci\u00f3n a todas las asociaciones, teniendo preferencia las que pertenecen a la FAPOE. De igual manera se pueden inscribir personas a t\u00edtulo personal, siempre que queden plazas. Los interesados en acudir pueden inscribirse rellenando el <a href=\"https:\/\/www.fapoe.com\/\">formulario<\/a> que est\u00e1 en la p\u00e1gina de inicio de la web de la Federaci\u00f3n de Asociaciones de Personas Ostomizadas de Espa\u00f1a<a href=\"https:\/\/www.fapoe.com\/\"> www.fapoe.com<\/a>\r\n\r\n\u00a0\r\n<h3><a href=\"https:\/\/www.fapoe.com\/_files\/ugd\/f3ad46_8bf7ad0ff02b48d2a8e4269a7fe916cc.pdf\">DESCARGAR PROGRAMA<\/a><\/h3>","_et_gb_content_width":"","_tribe_events_status":"","_tribe_events_status_reason":"","footnotes":""},"tags":[],"tribe_events_cat":[112],"class_list":["post-345035","tribe_events","type-tribe_events","status-publish","has-post-thumbnail","hentry","tribe_events_cat-conferencia","cat_conferencia"],"acf":[],"_links":{"self":[{"href":"https:\/\/www.onisecoturismo.es\/fr\/wp-json\/wp\/v2\/tribe_events\/345035","targetHints":{"allow":["GET"]}}],"collection":[{"href":"https:\/\/www.onisecoturismo.es\/fr\/wp-json\/wp\/v2\/tribe_events"}],"about":[{"href":"https:\/\/www.onisecoturismo.es\/fr\/wp-json\/wp\/v2\/types\/tribe_events"}],"author":[{"embeddable":true,"href":"https:\/\/www.onisecoturismo.es\/fr\/wp-json\/wp\/v2\/users\/2"}],"version-history":[{"count":0,"href":"https:\/\/www.onisecoturismo.es\/fr\/wp-json\/wp\/v2\/tribe_events\/345035\/revisions"}],"wp:featuredmedia":[{"embeddable":true,"href":"https:\/\/www.onisecoturismo.es\/fr\/wp-json\/wp\/v2\/media\/345036"}],"wp:attachment":[{"href":"https:\/\/www.onisecoturismo.es\/fr\/wp-json\/wp\/v2\/media?parent=345035"}],"wp:term":[{"taxonomy":"post_tag","embeddable":true,"href":"https:\/\/www.onisecoturismo.es\/fr\/wp-json\/wp\/v2\/tags?post=345035"},{"taxonomy":"tribe_events_cat","embeddable":true,"href":"https:\/\/www.onisecoturismo.es\/fr\/wp-json\/wp\/v2\/tribe_events_cat?post=345035"}],"curies":[{"name":"wp","href":"https:\/\/api.w.org\/{rel}","templated":true}]}}