{"id":344919,"date":"2023-08-04T12:35:14","date_gmt":"2023-08-04T10:35:14","guid":{"rendered":"https:\/\/www.onisecoturismo.es\/?post_type=tribe_events&#038;p=344919"},"modified":"2023-08-18T10:38:14","modified_gmt":"2023-08-18T08:38:14","slug":"carrera-montana-cuetu-grande-onis-2023","status":"publish","type":"tribe_events","link":"https:\/\/www.onisecoturismo.es\/fr\/agenda\/carrera-montana-cuetu-grande-onis-2023\/","title":{"rendered":"Subida al Cuetu Grande 2023"},"content":{"rendered":"<p>Un a\u00f1o m\u00e1s, coincidiendo con las <a href=\"https:\/\/www.onisecoturismo.es\/agenda\/fiestas-segador-benia-onis-2023\/\">Fiestas del Segador<\/a>, se celebrar\u00e1 la subida al \u00abCuetu Grande\u00bb uno de los picos m\u00e1s emblem\u00e1ticos y con mejores visas del Concejo de On\u00eds. Con un recorrido de <strong>3,3 kil\u00f3metros<\/strong> y 300 metros de desnivel positivo, la salida estar\u00e1 situada en la Plaza del Ayuntamiento de Benia de On\u00eds y, tras alcanzar la cima del Cuetu Grande, se volver\u00e1 al punto de partida.<\/p>\n<p><strong>INSCRIPCIONES<\/strong>: <a href=\"mailto:info@concejodeonis.es\">info@concejodeonis.es<\/a><\/p>\n","protected":false},"excerpt":{"rendered":"<p>Uno de los picos m\u00e1s emblem\u00e1ticos y con mejores visas del Concejo de On\u00eds. Con un recorrido de 3,3 kil\u00f3metros y 300 metros de desnivel positivo, la salida estar\u00e1 situada en la Plaza del Ayuntamiento de Benia de On\u00eds.<\/p>\n<p>INSCRIPCIONES: info@concejodeonis.es<\/p>\n","protected":false},"author":2,"featured_media":344926,"template":"","meta":{"_acf_changed":false,"_et_pb_use_builder":"","_et_pb_old_content":"","_et_gb_content_width":"","_tribe_events_status":"","_tribe_events_status_reason":"","footnotes":""},"tags":[],"tribe_events_cat":[30],"class_list":["post-344919","tribe_events","type-tribe_events","status-publish","has-post-thumbnail","hentry","tribe_events_cat-carreras","cat_carreras"],"acf":[],"_links":{"self":[{"href":"https:\/\/www.onisecoturismo.es\/fr\/wp-json\/wp\/v2\/tribe_events\/344919","targetHints":{"allow":["GET"]}}],"collection":[{"href":"https:\/\/www.onisecoturismo.es\/fr\/wp-json\/wp\/v2\/tribe_events"}],"about":[{"href":"https:\/\/www.onisecoturismo.es\/fr\/wp-json\/wp\/v2\/types\/tribe_events"}],"author":[{"embeddable":true,"href":"https:\/\/www.onisecoturismo.es\/fr\/wp-json\/wp\/v2\/users\/2"}],"version-history":[{"count":0,"href":"https:\/\/www.onisecoturismo.es\/fr\/wp-json\/wp\/v2\/tribe_events\/344919\/revisions"}],"wp:featuredmedia":[{"embeddable":true,"href":"https:\/\/www.onisecoturismo.es\/fr\/wp-json\/wp\/v2\/media\/344926"}],"wp:attachment":[{"href":"https:\/\/www.onisecoturismo.es\/fr\/wp-json\/wp\/v2\/media?parent=344919"}],"wp:term":[{"taxonomy":"post_tag","embeddable":true,"href":"https:\/\/www.onisecoturismo.es\/fr\/wp-json\/wp\/v2\/tags?post=344919"},{"taxonomy":"tribe_events_cat","embeddable":true,"href":"https:\/\/www.onisecoturismo.es\/fr\/wp-json\/wp\/v2\/tribe_events_cat?post=344919"}],"curies":[{"name":"wp","href":"https:\/\/api.w.org\/{rel}","templated":true}]}}