{"id":343822,"date":"2022-10-06T12:58:23","date_gmt":"2022-10-06T12:58:23","guid":{"rendered":"https:\/\/www.onisecoturismo.es\/?post_type=tribe_events&#038;p=343822"},"modified":"2023-02-22T22:27:18","modified_gmt":"2023-02-22T22:27:18","slug":"conferencia-el-camin-de-los-santuarios","status":"publish","type":"tribe_events","link":"https:\/\/www.onisecoturismo.es\/fr\/agenda\/conferencia-el-camin-de-los-santuarios\/","title":{"rendered":"Conferencia El Cam\u00edn de los Santuarios"},"content":{"rendered":"<p><b>&lsquo;El imaginario rom\u00e1ntico en el territorio suroriental de Asturias&rsquo;. <\/b>D\u00aa Isabel Ruiz de la Pe\u00f1a Gonz\u00e1lez<br \/>\n<strong>Coordinador<\/strong>: Andr\u00e9s Mart\u00ednez Vega<br \/>\n<strong>HORA<\/strong>: 19:00h<br \/>\n<strong>LUGAR<\/strong>: Centro Polivalente Hermanos Alvarez Marcos (Sal\u00f3n de Actos, Tullidi)<br \/>\n<a href=\"https:\/\/www.onisecoturismo.es\/wp-admin\/post.php?post=343823&amp;action=edit&amp;lang=es#:~:text=https%3A\/\/www.onisecoturismo.es\/wp%2Dcontent\/uploads\/2022\/10\/2022%2DEl%2DCamin%2Dde%2Dlos%2Dsantuarios%2DTRIPTICO.pdf\">Descargar folleto<\/a><\/p>\n<p>Con el \u00e1nimo de celebrar los 1300 a\u00f1os de la batalla de Covadonga, la Consejer\u00eda de Cultura del Principado de Asturias, entre otros actos conmemorativos, ha tenido a bien incorporar oficialmente, y como alternativa al Camino Jacobeo de Asturias, la v\u00eda que desde el oriente de la regi\u00f3n comunicaba el santuario de Covadonga con la catedral de Oviedo. Un itinerario hist\u00f3rico que por el cam\u00edn real del centro oriente asturiano comunicaba la capital del Principado con las Asturias de Santillana, y que ahora ser\u00e1 conocido como El Cam\u00edn de los Santuarios.<br \/>\nCon este motivo el Real Instituto de Estudios Asturianos, con la colaboraci\u00f3n de la Consejer\u00eda de Cultura, ha organizado un ciclo de conferencias a impartir en todos los concejos por donde discurre el Cam\u00edn, con el prop\u00f3sito de difundir no s\u00f3lo el itinerario y los diversos valores de su entorno, sino tambi\u00e9n la riqueza monumental, arqueol\u00f3gica y natural que atesora.<br \/>\nEl programa que se inicia con un ciclo de conferencias a impartir en el Real Sitio de Covadonga se prolongar\u00e1 hasta final de a\u00f1o, con sendas conferencias en la sede del Real Instituto de<br \/>\nEstudios Asturianos en donde tendr\u00e1n lugar los actos de clausura.<\/p>\n","protected":false},"excerpt":{"rendered":"<p>&lsquo;El imaginario rom\u00e1ntico en el territorio suroriental de Asturias&rsquo;. D\u00aa Isabel Ruiz de la Pe\u00f1a Gonz\u00e1lez<br \/>\nHORA: 19:00h<br \/>\nLUGAR: Centro Polivalente Hermanos Alvarez Marcos (Sal\u00f3n de Actos, Tullidi) <\/p>\n","protected":false},"author":2,"featured_media":343827,"template":"","meta":{"_acf_changed":false,"_et_pb_use_builder":"","_et_pb_old_content":"","_et_gb_content_width":"","_tribe_events_status":"","_tribe_events_status_reason":"","footnotes":""},"tags":[113,110,114],"tribe_events_cat":[112,111],"class_list":["post-343822","tribe_events","type-tribe_events","status-publish","has-post-thumbnail","hentry","tag-batalla-de-covadonga","tag-camin-de-los-santuarios","tag-itinerario-historico","tribe_events_cat-conferencia","tribe_events_cat-historia","cat_conferencia","cat_historia"],"acf":[],"_links":{"self":[{"href":"https:\/\/www.onisecoturismo.es\/fr\/wp-json\/wp\/v2\/tribe_events\/343822","targetHints":{"allow":["GET"]}}],"collection":[{"href":"https:\/\/www.onisecoturismo.es\/fr\/wp-json\/wp\/v2\/tribe_events"}],"about":[{"href":"https:\/\/www.onisecoturismo.es\/fr\/wp-json\/wp\/v2\/types\/tribe_events"}],"author":[{"embeddable":true,"href":"https:\/\/www.onisecoturismo.es\/fr\/wp-json\/wp\/v2\/users\/2"}],"version-history":[{"count":0,"href":"https:\/\/www.onisecoturismo.es\/fr\/wp-json\/wp\/v2\/tribe_events\/343822\/revisions"}],"wp:featuredmedia":[{"embeddable":true,"href":"https:\/\/www.onisecoturismo.es\/fr\/wp-json\/wp\/v2\/media\/343827"}],"wp:attachment":[{"href":"https:\/\/www.onisecoturismo.es\/fr\/wp-json\/wp\/v2\/media?parent=343822"}],"wp:term":[{"taxonomy":"post_tag","embeddable":true,"href":"https:\/\/www.onisecoturismo.es\/fr\/wp-json\/wp\/v2\/tags?post=343822"},{"taxonomy":"tribe_events_cat","embeddable":true,"href":"https:\/\/www.onisecoturismo.es\/fr\/wp-json\/wp\/v2\/tribe_events_cat?post=343822"}],"curies":[{"name":"wp","href":"https:\/\/api.w.org\/{rel}","templated":true}]}}