{"id":348368,"date":"2024-11-14T15:59:34","date_gmt":"2024-11-14T14:59:34","guid":{"rendered":"https:\/\/www.onisecoturismo.es\/visites-guidees-et-ecotourisme-a-onis\/"},"modified":"2024-11-14T15:59:36","modified_gmt":"2024-11-14T14:59:36","slug":"visites-guidees-et-ecotourisme-a-onis","status":"publish","type":"page","link":"https:\/\/www.onisecoturismo.es\/fr\/visites-guidees-et-ecotourisme-a-onis\/","title":{"rendered":"Visites guid\u00e9es et \u00e9cotourisme \u00e0 On\u00eds"},"content":{"rendered":"<p>[et_pb_section fb_built=\u00a0\u00bb1&Prime; next_background_color=\u00a0\u00bb#ffffff\u00a0\u00bb _builder_version=\u00a0\u00bb4.18.0&Prime; _module_preset=\u00a0\u00bbdefault\u00a0\u00bb background_color=\u00a0\u00bbrgba(22,34,16,0.36)\u00a0\u00bb background_image=\u00a0\u00bbhttps:\/\/www.onisecoturismo.es\/wp-content\/uploads\/2022\/08\/header-queseria-vega-de-ario-sala-elaboracion.jpg\u00a0\u00bb background_position=\u00a0\u00bbbottom_center\u00a0\u00bb background_blend=\u00a0\u00bbdarken\u00a0\u00bb custom_padding=\u00a0\u00bb30px||100px||false|false\u00a0\u00bb bottom_divider_style=\u00a0\u00bbwave2&Prime; da_disable_devices=\u00a0\u00bboff|off|off\u00a0\u00bb global_colors_info=\u00a0\u00bb{}\u00a0\u00bb da_is_popup=\u00a0\u00bboff\u00a0\u00bb da_exit_intent=\u00a0\u00bboff\u00a0\u00bb da_has_close=\u00a0\u00bbon\u00a0\u00bb da_alt_close=\u00a0\u00bboff\u00a0\u00bb da_dark_close=\u00a0\u00bboff\u00a0\u00bb da_not_modal=\u00a0\u00bbon\u00a0\u00bb da_is_singular=\u00a0\u00bboff\u00a0\u00bb da_with_loader=\u00a0\u00bboff\u00a0\u00bb da_has_shadow=\u00a0\u00bbon\u00a0\u00bb][et_pb_row _builder_version=\u00a0\u00bb4.16&Prime; _module_preset=\u00a0\u00bbdefault\u00a0\u00bb global_colors_info=\u00a0\u00bb{}\u00a0\u00bb][et_pb_column type=\u00a0\u00bb4_4&Prime; _builder_version=\u00a0\u00bb4.16&Prime; _module_preset=\u00a0\u00bbdefault\u00a0\u00bb pac_dcm_carousel_specific_module_num=\u00a0\u00bb0&Prime; global_colors_info=\u00a0\u00bb{}\u00a0\u00bb][et_pb_blurb title=\u00a0\u00bbVisites guid\u00e9es et \u00e9cotourisme\u00a0\u00bb image=\u00a0\u00bbhttps:\/\/www.onisecoturismo.es\/wp-content\/uploads\/2022\/01\/Icono-familia-RGB.png\u00a0\u00bb image_icon_width=\u00a0\u00bb180px\u00a0\u00bb content_max_width=\u00a0\u00bb100%\u00a0\u00bb image_icon_width_tablet=\u00a0\u00bb160px\u00a0\u00bb image_icon_width_phone=\u00a0\u00bb140px\u00a0\u00bb image_icon_width_last_edited=\u00a0\u00bbon|phone\u00a0\u00bb _builder_version=\u00a0\u00bb4.18.0&Prime; _module_preset=\u00a0\u00bbdefault\u00a0\u00bb header_level=\u00a0\u00bbh1&Prime; header_font=\u00a0\u00bb|800|||||||\u00a0\u00bb header_text_align=\u00a0\u00bbcenter\u00a0\u00bb header_text_color=\u00a0\u00bb#FFFFFF\u00a0\u00bb header_font_size=\u00a0\u00bb76px\u00a0\u00bb body_text_align=\u00a0\u00bbcenter\u00a0\u00bb body_text_color=\u00a0\u00bb#FFFFFF\u00a0\u00bb body_font_size=\u00a0\u00bb22px\u00a0\u00bb custom_margin=\u00a0\u00bb0px|0px|0px|0px|false|false\u00a0\u00bb custom_padding=\u00a0\u00bb0px|0px|0px|0px|false|false\u00a0\u00bb header_font_size_tablet=\u00a0\u00bb66px\u00a0\u00bb header_font_size_phone=\u00a0\u00bb42px\u00a0\u00bb header_font_size_last_edited=\u00a0\u00bbon|phone\u00a0\u00bb global_colors_info=\u00a0\u00bb{}\u00a0\u00bb]<\/p>\n<p>V\u00e9rifie les activit\u00e9s les 23, 24 et 25 septembre<\/p>\n<p>[\/et_pb_blurb][\/et_pb_column][\/et_pb_row][\/et_pb_section][et_pb_section fb_built=\u00a0\u00bb1&Prime; _builder_version=\u00a0\u00bb4.16&Prime; _module_preset=\u00a0\u00bbdefault\u00a0\u00bb min_height=\u00a0\u00bb201px\u00a0\u00bb custom_padding=\u00a0\u00bb10px||||false|false\u00a0\u00bb da_disable_devices=\u00a0\u00bboff|off|off\u00a0\u00bb global_colors_info=\u00a0\u00bb{}\u00a0\u00bb da_is_popup=\u00a0\u00bboff\u00a0\u00bb da_exit_intent=\u00a0\u00bboff\u00a0\u00bb da_has_close=\u00a0\u00bbon\u00a0\u00bb da_alt_close=\u00a0\u00bboff\u00a0\u00bb da_dark_close=\u00a0\u00bboff\u00a0\u00bb da_not_modal=\u00a0\u00bbon\u00a0\u00bb da_is_singular=\u00a0\u00bboff\u00a0\u00bb da_with_loader=\u00a0\u00bboff\u00a0\u00bb da_has_shadow=\u00a0\u00bbon\u00a0\u00bb][et_pb_row column_structure=\u00a0\u00bb3_4,1_4&Prime; use_custom_gutter=\u00a0\u00bbon\u00a0\u00bb gutter_width=\u00a0\u00bb1&Prime; admin_label=\u00a0\u00bbPain de mie\u00a0\u00bb _builder_version=\u00a0\u00bb4.17.2&Prime; _module_preset=\u00a0\u00bbdefault\u00a0\u00bb custom_margin=\u00a0\u00bb0px||0px||false|false\u00a0\u00bb custom_padding=\u00a0\u00bb0px||0px||false|false\u00a0\u00bb custom_css_main_element=\u00a0\u00bbdisplay:flex;\u00a0\u00bb global_module=\u00a0\u00bb337059&Prime; global_colors_info=\u00a0\u00bb{}\u00a0\u00bb][et_pb_column type=\u00a0\u00bb3_4&Prime; _builder_version=\u00a0\u00bb4.16&Prime; _module_preset=\u00a0\u00bbdefault\u00a0\u00bb custom_css_main_element=\u00a0\u00bbwidth:100% !important;\u00a0\u00bb pac_dcm_carousel_specific_module_num=\u00a0\u00bb0&Prime; global_colors_info=\u00a0\u00bb{}\u00a0\u00bb][lwp_divi_breadcrumbs home_text=\u00a0\u00bbInicio\u00a0\u00bb link_color=\u00a0\u00bb#526962&Prime; separator_color=\u00a0\u00bb#526962&Prime; current_text_color=\u00a0\u00bb#526962&Prime; _builder_version=\u00a0\u00bb4.17.0&Prime; _module_preset=\u00a0\u00bbdefault\u00a0\u00bb module_font_size=\u00a0\u00bb14px\u00a0\u00bb global_colors_info=\u00a0\u00bb{}\u00a0\u00bb][\/lwp_divi_breadcrumbs][\/et_pb_column][et_pb_column type=\u00a0\u00bb1_4&Prime; _builder_version=\u00a0\u00bb4.16&Prime; _module_preset=\u00a0\u00bbdefault\u00a0\u00bb custom_css_main_element=\u00a0\u00bbwidth:40px !important;\u00a0\u00bb pac_dcm_carousel_specific_module_num=\u00a0\u00bb0&Prime; global_colors_info=\u00a0\u00bb{}\u00a0\u00bb][et_pb_icon font_icon=\u00a0\u00bb&#xe0b7;||divi||400&Prime; icon_color=\u00a0\u00bb#9FB6AF\u00a0\u00bb icon_width=\u00a0\u00bb20px\u00a0\u00bb title_text=\u00a0\u00bbCompartir\u00a0\u00bb url=\u00a0\u00bb#compartir\u00a0\u00bb align=\u00a0\u00bbright\u00a0\u00bb admin_label=\u00a0\u00bbCompartir en Redes Sociales\u00a0\u00bb _builder_version=\u00a0\u00bb4.16&Prime; _module_preset=\u00a0\u00bbdefault\u00a0\u00bb custom_margin=\u00a0\u00bb5px||0px||false|false\u00a0\u00bb custom_padding=\u00a0\u00bb0px||0px||false|false\u00a0\u00bb animation_style=\u00a0\u00bbroll\u00a0\u00bb global_colors_info=\u00a0\u00bb{}\u00a0\u00bb icon_color__hover_enabled=\u00a0\u00bbon|hover\u00a0\u00bb icon_color__hover=\u00a0\u00bb#FCBF15&Prime;][\/et_pb_icon][\/et_pb_column][\/et_pb_row][et_pb_row _builder_version=\u00a0\u00bb4.17.4&Prime; _module_preset=\u00a0\u00bbdefault\u00a0\u00bb global_colors_info=\u00a0\u00bb{}\u00a0\u00bb][et_pb_column type=\u00a0\u00bb4_4&Prime; _builder_version=\u00a0\u00bb4.16&Prime; _module_preset=\u00a0\u00bbdefault\u00a0\u00bb pac_dcm_carousel_specific_module_num=\u00a0\u00bb0&Prime; global_colors_info=\u00a0\u00bb{}\u00a0\u00bb][et_pb_text _builder_version=\u00a0\u00bb4.18.0&Prime; _module_preset=\u00a0\u00bbdefault\u00a0\u00bb custom_margin=\u00a0\u00bb||||false|false\u00a0\u00bb custom_padding=\u00a0\u00bb||0px||false|false\u00a0\u00bb global_colors_info=\u00a0\u00bb{}\u00a0\u00bb]<\/p>\n<p>Apprends comment est fabriqu\u00e9 le c\u00e9l\u00e8bre fromage Gamon\u00e9u, d\u00e9couvre quels oiseaux vivent dans les for\u00eats riveraines, d\u00e9couvre \u00e0 quoi ressemblait la faune de l&rsquo;\u00e8re glaciaire, immerge-toi dans les montagnes du gypa\u00e8te barbu ou deviens sp\u00e9l\u00e9ologue le temps d&rsquo;une journ\u00e9e. Tout cela \u00e0 <strong>ON\u00cdS<\/strong>, le <strong>paradis de l&rsquo;\u00e9cotourisme<\/strong>, les <strong>23, 24 et 25 septembre<\/strong>. <\/p>\n<p>Choisis l&rsquo;une de ces activit\u00e9s aux heures pr\u00e9vues et contacte directement chaque guide pour <strong>R\u00c9SERVER<\/strong> ton activit\u00e9.<\/p>\n<p>[\/et_pb_text][\/et_pb_column][\/et_pb_row][\/et_pb_section][et_pb_section fb_built=\u00a0\u00bb1&Prime; _builder_version=\u00a0\u00bb4.18.0&Prime; _module_preset=\u00a0\u00bbdefault\u00a0\u00bb background_enable_color=\u00a0\u00bboff\u00a0\u00bb use_background_color_gradient=\u00a0\u00bbon\u00a0\u00bb background_color_gradient_stops=\u00a0\u00bb#9fb6af 0%|rgba(159,182,175,0) 100%\u00a0\u00bb background_enable_image=\u00a0\u00bboff\u00a0\u00bb background_size=\u00a0\u00bbinitial\u00a0\u00bb background_repeat=\u00a0\u00bbrepeat\u00a0\u00bb background_enable_pattern_style=\u00a0\u00bbon\u00a0\u00bb background_pattern_style=\u00a0\u00bbwaves\u00a0\u00bb background_pattern_color=\u00a0\u00bbrgba(0,0,0,0.03)\u00a0\u00bb min_height=\u00a0\u00bb1664px\u00a0\u00bb da_disable_devices=\u00a0\u00bboff|off|off\u00a0\u00bb global_colors_info=\u00a0\u00bb{}\u00a0\u00bb da_is_popup=\u00a0\u00bboff\u00a0\u00bb da_exit_intent=\u00a0\u00bboff\u00a0\u00bb da_has_close=\u00a0\u00bbon\u00a0\u00bb da_alt_close=\u00a0\u00bboff\u00a0\u00bb da_dark_close=\u00a0\u00bboff\u00a0\u00bb da_not_modal=\u00a0\u00bbon\u00a0\u00bb da_is_singular=\u00a0\u00bboff\u00a0\u00bb da_with_loader=\u00a0\u00bboff\u00a0\u00bb da_has_shadow=\u00a0\u00bbon\u00a0\u00bb][et_pb_row column_structure=\u00a0\u00bb1_3,1_3,1_3&Prime; make_equal=\u00a0\u00bbon\u00a0\u00bb _builder_version=\u00a0\u00bb4.16&Prime; _module_preset=\u00a0\u00bbdefault\u00a0\u00bb min_height=\u00a0\u00bb949px\u00a0\u00bb custom_padding=\u00a0\u00bb||0px|||\u00a0\u00bb global_colors_info=\u00a0\u00bb{}\u00a0\u00bb][et_pb_column type=\u00a0\u00bb1_3&Prime; _builder_version=\u00a0\u00bb4.16&Prime; _module_preset=\u00a0\u00bbdefault\u00a0\u00bb pac_dcm_carousel_specific_module_num=\u00a0\u00bb0&Prime; global_colors_info=\u00a0\u00bb{}\u00a0\u00bb][dsm_card title=\u00a0\u00bbVisite et d\u00e9gustation \u00e0 la fromagerie Vega de Ario\u00a0\u00bb subtitle=\u00a0\u00bb5\u20ac\/adultes (gratuit pour les enfants de moins de 5 ans)\u00a0\u00bb content_horizontal_alignment=\u00a0\u00bbflex-start\u00a0\u00bb content_equal_height=\u00a0\u00bbon\u00a0\u00bb image=\u00a0\u00bbhttps:\/\/www.onisecoturismo.es\/wp-content\/uploads\/2022\/09\/2-1.jpg\u00a0\u00bb image_background_height=\u00a0\u00bb250px\u00a0\u00bb use_overlay=\u00a0\u00bbon\u00a0\u00bb overlay_color=\u00a0\u00bbrgba(159,182,175,0.39)\u00a0\u00bb use_icon=\u00a0\u00bboff\u00a0\u00bb badge_background_color=\u00a0\u00bb#9FB6AF\u00a0\u00bb alt=\u00a0\u00bbaire de production Queser\u00eda Vega de Ario\u00a0\u00bb button_text=\u00a0\u00bbContact pour les r\u00e9servations\u00a0\u00bb button_url=\u00a0\u00bbhttps:\/\/queseriavegadeario.misquesosasturianos.com\/\u00a0\u00bb button_url_new_window=\u00a0\u00bb1&Prime; _builder_version=\u00a0\u00bb4.18.0&Prime; _dynamic_attributes=\u00a0\u00bblink_option_url\u00a0\u00bb _module_preset=\u00a0\u00bbdefault\u00a0\u00bb badge_text_color=\u00a0\u00bb#FFFFFF\u00a0\u00bb body_font_size=\u00a0\u00bb14px\u00a0\u00bb background_color=\u00a0\u00bb#FFFFFF\u00a0\u00bb custom_button=\u00a0\u00bbon\u00a0\u00bb button_text_size=\u00a0\u00bb12px\u00a0\u00bb button_text_color=\u00a0\u00bb#9FB6AF\u00a0\u00bb link_option_url=\u00a0\u00bb@ET-DC@eyJkeW5hbWljIjp0cnVlLCJjb250ZW50IjoicG9zdF9saW5rX3VybF9wYWdlIiwic2V0dGluZ3MiOnsicG9zdF9pZCI6IjMzODc1MiJ9fQ==@\u00a0\u00bb custom_css_main_element=\u00a0\u00bbcursor:pointer;\u00a0\u00bb border_radii=\u00a0\u00bbon|12px|12px|12px|12px\u00a0\u00bb box_shadow_style=\u00a0\u00bbpreset2&Prime; global_colors_info=\u00a0\u00bb{}\u00a0\u00bb background__hover_enabled=\u00a0\u00bbon|hover\u00a0\u00bb background_color__hover=\u00a0\u00bb#e8eeec\u00a0\u00bb background_enable_color__hover=\u00a0\u00bbon\u00a0\u00bb transform_styles__hover_enabled=\u00a0\u00bbon|desktop\u00a0\u00bb transform_scale__hover_enabled=\u00a0\u00bbon|hover\u00a0\u00bb transform_translate__hover_enabled=\u00a0\u00bbon|desktop\u00a0\u00bb transform_rotate__hover_enabled=\u00a0\u00bbon|hover\u00a0\u00bb transform_skew__hover_enabled=\u00a0\u00bbon|hover\u00a0\u00bb transform_origin__hover_enabled=\u00a0\u00bbon|hover\u00a0\u00bb transform_translate__hover=\u00a0\u00bb0px|-24px\u00a0\u00bb]<\/p>\n<p><strong>Dur\u00e9e : <\/strong>1 heure<strong><\/strong><\/p>\n<ul>\n<li class=\"_04xlpA direction-ltr align-start para-style-body\"><span class=\"JsGRdQ\"><strong>Vendredi 23 septembre <\/strong>16:00 et 19:00h<\/span><\/li>\n<li class=\"_04xlpA direction-ltr align-start para-style-body\"><span class=\"JsGRdQ\"><strong>Samedi 24 septembre <\/strong>11:00, 13:00, 16:00 et 19:00h.<\/span><\/li>\n<li class=\"_04xlpA direction-ltr align-start para-style-body\"><span class=\"JsGRdQ\"><strong>Dimanche 25 septembre <\/strong>11:00, 13:00, 16:00 et 19:00  <\/span><\/li>\n<\/ul>\n<p>Visite de la fromagerie artisanale, guid\u00e9e par notre famille de plusieurs g\u00e9n\u00e9rations de fromagers, et de la r\u00e9plique d&rsquo;une cabane du Port pour voir comment on fabriquait le Gamon\u00e9u autrefois. \u00c0 la fin, une d\u00e9gustation de notre fromage.<\/p>\n<p><strong>R\u00e9servations par t\u00e9l\u00e9phone :<\/strong> <span>677 37 73 09<\/span><\/p>\n<p>[\/dsm_card][\/et_pb_column][et_pb_column type=\u00a0\u00bb1_3&Prime; _builder_version=\u00a0\u00bb4.16&Prime; _module_preset=\u00a0\u00bbdefault\u00a0\u00bb pac_dcm_carousel_specific_module_num=\u00a0\u00bb0&Prime; global_colors_info=\u00a0\u00bb{}\u00a0\u00bb][dsm_card title=\u00a0\u00bbVisite la ferme et la fromagerie Demu\u00e9s\u00a0\u00bb subtitle=\u00a0\u00bb5 \u20ac\/personne (gratuit pour les enfants jusqu&#039;\u00e0 6 ans)\u00a0\u00bb content_horizontal_alignment=\u00a0\u00bbflex-start\u00a0\u00bb content_equal_height=\u00a0\u00bbon\u00a0\u00bb image=\u00a0\u00bbhttps:\/\/www.onisecoturismo.es\/wp-content\/uploads\/2022\/09\/5.jpg\u00a0\u00bb image_background_height=\u00a0\u00bb250px\u00a0\u00bb use_overlay=\u00a0\u00bbon\u00a0\u00bb overlay_color=\u00a0\u00bbrgba(159,182,175,0.39)\u00a0\u00bb use_icon=\u00a0\u00bboff\u00a0\u00bb badge_background_color=\u00a0\u00bb#9FB6AF\u00a0\u00bb alt=\u00a0\u00bbFromagerie de fumage \u00e0 Demu\u00e9s\u00a0\u00bb button_text=\u00a0\u00bbR\u00e9servations de contact\u00a0\u00bb button_url=\u00a0\u00bbhttps:\/\/www.laqueseriademues.com\/compra-y-contacto\u00a0\u00bb button_url_new_window=\u00a0\u00bb1&Prime; _builder_version=\u00a0\u00bb4.18.0&Prime; _module_preset=\u00a0\u00bbdefault\u00a0\u00bb badge_text_color=\u00a0\u00bb#FFFFFF\u00a0\u00bb body_font_size=\u00a0\u00bb14px\u00a0\u00bb background_color=\u00a0\u00bb#FFFFFF\u00a0\u00bb custom_button=\u00a0\u00bbon\u00a0\u00bb button_text_size=\u00a0\u00bb12px\u00a0\u00bb button_text_color=\u00a0\u00bb#9FB6AF\u00a0\u00bb link_option_url=\u00a0\u00bbhttps:\/\/www.laqueseriademues.com\/\u00a0\u00bb custom_css_main_element=\u00a0\u00bbcursor:pointer;\u00a0\u00bb border_radii=\u00a0\u00bbon|12px|12px|12px|12px\u00a0\u00bb box_shadow_style=\u00a0\u00bbpreset2&Prime; global_colors_info=\u00a0\u00bb{}\u00a0\u00bb background__hover_enabled=\u00a0\u00bbon|hover\u00a0\u00bb background_color__hover=\u00a0\u00bb#e8eeec\u00a0\u00bb background_enable_color__hover=\u00a0\u00bbon\u00a0\u00bb transform_styles__hover_enabled=\u00a0\u00bbon|desktop\u00a0\u00bb transform_scale__hover_enabled=\u00a0\u00bbon|hover\u00a0\u00bb transform_translate__hover_enabled=\u00a0\u00bbon|desktop\u00a0\u00bb transform_rotate__hover_enabled=\u00a0\u00bbon|hover\u00a0\u00bb transform_skew__hover_enabled=\u00a0\u00bbon|hover\u00a0\u00bb transform_origin__hover_enabled=\u00a0\u00bbon|hover\u00a0\u00bb transform_translate__hover=\u00a0\u00bb0px|-24px\u00a0\u00bb]<\/p>\n<p><strong>Dur\u00e9e :<\/strong> 45 min<\/p>\n<ul>\n<li class=\"_04xlpA direction-ltr align-start para-style-body\"><span class=\"JsGRdQ\"><strong>Vendredi 23 septembre <\/strong>17h00<\/span><\/li>\n<li class=\"_04xlpA direction-ltr align-start para-style-body\"><span class=\"JsGRdQ\"><strong>Samedi 24 <\/strong>septembre 12:00 et 17:00h<\/span><\/li>\n<li class=\"_04xlpA direction-ltr align-start para-style-body\"><span class=\"JsGRdQ\"><strong>Dimanche 25 septembre <\/strong>12:00 et 17:00h<\/span><\/li>\n<\/ul>\n<p>Dans un cadre d&rsquo;une grande beaut\u00e9, sur le chemin du col d&rsquo;Onis et de l&rsquo;entr\u00e9e du parc national des Pics d&rsquo;Europe, la visite de la fromagerie te permettra de d\u00e9couvrir la fabrication du fromage gamoneu dans ses installations modernes, de visiter la ferme o\u00f9 les moutons et les ch\u00e8vres profitent des meilleurs p\u00e2turages et de terminer la visite par une d\u00e9gustation de fromages en compagnie des fromagers.<\/p>\n<p><strong>R\u00e9servations par t\u00e9l\u00e9phone :<\/strong> <span>637 31 40 49<\/span><\/p>\n<p>[\/dsm_card][\/et_pb_column][et_pb_column type=\u00a0\u00bb1_3&Prime; _builder_version=\u00a0\u00bb4.16&Prime; _module_preset=\u00a0\u00bbdefault\u00a0\u00bb pac_dcm_carousel_specific_module_num=\u00a0\u00bb0&Prime; global_colors_info=\u00a0\u00bb{}\u00a0\u00bb][dsm_card title=\u00a0\u00bbGrotte de La Peruyal\u00a0\u00bb subtitle=\u00a0\u00bb25\u20ac\/adultes 20\u20ac\/enfants +8 ans\u00a0\u00bb content_horizontal_alignment=\u00a0\u00bbflex-start\u00a0\u00bb content_equal_height=\u00a0\u00bbon\u00a0\u00bb image=\u00a0\u00bbhttps:\/\/www.onisecoturismo.es\/wp-content\/uploads\/2022\/09\/actividades-gtpe-2022.jpg\u00a0\u00bb image_background_height=\u00a0\u00bb250px\u00a0\u00bb use_overlay=\u00a0\u00bbon\u00a0\u00bb overlay_color=\u00a0\u00bbrgba(159,182,175,0.39)\u00a0\u00bb use_icon=\u00a0\u00bboff\u00a0\u00bb badge_background_color=\u00a0\u00bb#9FB6AF\u00a0\u00bb alt=\u00a0\u00bbVisite la grotte de La Peruyal On\u00eds\u00a0\u00bb button_text=\u00a0\u00bbR\u00e9servations de contact\u00a0\u00bb button_url=\u00a0\u00bbhttps:\/\/www.faunaglacial.com\/peruyal.html\u00a0\u00bb button_url_new_window=\u00a0\u00bb1&Prime; _builder_version=\u00a0\u00bb4.18.0&Prime; _module_preset=\u00a0\u00bbdefault\u00a0\u00bb badge_text_color=\u00a0\u00bb#FFFFFF\u00a0\u00bb body_font_size=\u00a0\u00bb14px\u00a0\u00bb background_color=\u00a0\u00bb#FFFFFF\u00a0\u00bb custom_button=\u00a0\u00bbon\u00a0\u00bb button_text_size=\u00a0\u00bb12px\u00a0\u00bb button_text_color=\u00a0\u00bb#9FB6AF\u00a0\u00bb hover_enabled=\u00a0\u00bb0&Prime; custom_css_main_element=\u00a0\u00bbcursor:pointer;\u00a0\u00bb border_radii=\u00a0\u00bbon|12px|12px|12px|12px\u00a0\u00bb box_shadow_style=\u00a0\u00bbpreset2&Prime; global_colors_info=\u00a0\u00bb{}\u00a0\u00bb background__hover_enabled=\u00a0\u00bbon|hover\u00a0\u00bb background_color__hover=\u00a0\u00bb#e8eeec\u00a0\u00bb background_enable_color__hover=\u00a0\u00bbon\u00a0\u00bb transform_styles__hover_enabled=\u00a0\u00bbon|desktop\u00a0\u00bb transform_scale__hover_enabled=\u00a0\u00bbon|hover\u00a0\u00bb transform_translate__hover_enabled=\u00a0\u00bbon|desktop\u00a0\u00bb transform_rotate__hover_enabled=\u00a0\u00bbon|hover\u00a0\u00bb transform_skew__hover_enabled=\u00a0\u00bbon|hover\u00a0\u00bb transform_origin__hover_enabled=\u00a0\u00bbon|hover\u00a0\u00bb transform_translate__hover=\u00a0\u00bb0px|-24px\u00a0\u00bb sticky_enabled=\u00a0\u00bb0&Prime;]<\/p>\n<p>D<strong>ur\u00e9e :<\/strong> 3h<strong>\u00c2ge<\/strong><strong>minimum<\/strong>: 8 ans<\/p>\n<ul>\n<li><strong>Vendredi 23 septembre<\/strong>(matin) 10.45h ou (apr\u00e8s-midi) 15.45h <\/li>\n<li><strong>Samedi 24 septembre<\/strong> (matin) 10.45h ou (apr\u00e8s-midi) 15.45h<\/li>\n<li><strong>Dimanche 25 septembre<\/strong>(matin) 10.45h ou (apr\u00e8s-midi) 15.45h <\/li>\n<\/ul>\n<p>La grotte est situ\u00e9e pr\u00e8s d&rsquo;Av\u00edn. On y acc\u00e8de par un \u00e9troit escalier en colima\u00e7on et la marche est d&rsquo;environ 500 m\u00e8tres. Accompagn\u00e9 d&rsquo;un guide expert, tu d\u00e9couvriras son incroyable g\u00e9omorphologie et l&rsquo;histoire du fossile de rhinoc\u00e9ros des prairies qui y a \u00e9t\u00e9 trouv\u00e9 il y a 50 ans et qui reste dans un parfait \u00e9tat de conservation. .<\/p>\n<p><strong>R\u00e9servations :<\/strong> 616 21 24 83<\/p>\n<p>[\/dsm_card][\/et_pb_column][\/et_pb_row][et_pb_row column_structure=\u00a0\u00bb1_3,1_3,1_3&Prime; make_equal=\u00a0\u00bbon\u00a0\u00bb _builder_version=\u00a0\u00bb4.16&Prime; _module_preset=\u00a0\u00bbdefault\u00a0\u00bb global_colors_info=\u00a0\u00bb{}\u00a0\u00bb][et_pb_column type=\u00a0\u00bb1_3&Prime; _builder_version=\u00a0\u00bb4.16&Prime; _module_preset=\u00a0\u00bbdefault\u00a0\u00bb pac_dcm_carousel_specific_module_num=\u00a0\u00bb0&Prime; global_colors_info=\u00a0\u00bb{}\u00a0\u00bb][dsm_card title=\u00a0\u00bbCentre d&#039;interpr\u00e9tation du gypa\u00e8te barbu\u00a0\u00bb subtitle=\u00a0\u00bb3\u20ac\/personne (gratuit pour les enfants jusqu&#039;\u00e0 6 ans)\u00a0\u00bb content_horizontal_alignment=\u00a0\u00bbflex-start\u00a0\u00bb content_equal_height=\u00a0\u00bbon\u00a0\u00bb image=\u00a0\u00bbhttps:\/\/www.onisecoturismo.es\/wp-content\/uploads\/2022\/05\/actividades-onis-gtpe-2022-5.jpg\u00a0\u00bb image_background_height=\u00a0\u00bb250px\u00a0\u00bb use_overlay=\u00a0\u00bbon\u00a0\u00bb overlay_color=\u00a0\u00bbrgba(159,182,175,0.39)\u00a0\u00bb use_icon=\u00a0\u00bboff\u00a0\u00bb badge_background_color=\u00a0\u00bb#9FB6AF\u00a0\u00bb badge_url_new_window=\u00a0\u00bbon\u00a0\u00bb button_text=\u00a0\u00bbR\u00e9servations de contact\u00a0\u00bb button_url=\u00a0\u00bbhttps:\/\/quebrantahuesos.org\/el-centro-las-montanas-del-quebrantahuesos\/\u00a0\u00bb button_url_new_window=\u00a0\u00bb1&Prime; _builder_version=\u00a0\u00bb4.18.0&Prime; _module_preset=\u00a0\u00bbdefault\u00a0\u00bb badge_text_color=\u00a0\u00bb#FFFFFF\u00a0\u00bb body_font_size=\u00a0\u00bb14px\u00a0\u00bb background_color=\u00a0\u00bb#FFFFFF\u00a0\u00bb custom_button=\u00a0\u00bbon\u00a0\u00bb button_text_size=\u00a0\u00bb12px\u00a0\u00bb button_text_color=\u00a0\u00bb#9FB6AF\u00a0\u00bb custom_css_main_element=\u00a0\u00bbcursor:pointer;\u00a0\u00bb border_radii=\u00a0\u00bbon|12px|12px|12px|12px\u00a0\u00bb box_shadow_style=\u00a0\u00bbpreset2&Prime; global_colors_info=\u00a0\u00bb{}\u00a0\u00bb background__hover_enabled=\u00a0\u00bbon|hover\u00a0\u00bb background_color__hover=\u00a0\u00bb#e8eeec\u00a0\u00bb background_enable_color__hover=\u00a0\u00bbon\u00a0\u00bb transform_styles__hover_enabled=\u00a0\u00bbon|desktop\u00a0\u00bb transform_scale__hover_enabled=\u00a0\u00bbon|hover\u00a0\u00bb transform_translate__hover_enabled=\u00a0\u00bbon|desktop\u00a0\u00bb transform_rotate__hover_enabled=\u00a0\u00bbon|hover\u00a0\u00bb transform_skew__hover_enabled=\u00a0\u00bbon|hover\u00a0\u00bb transform_origin__hover_enabled=\u00a0\u00bbon|hover\u00a0\u00bb transform_translate__hover=\u00a0\u00bb0px|-24px\u00a0\u00bb]<\/p>\n<p><strong>  Dur\u00e9e : 1,5 h<\/strong><\/p>\n<ul>\n<li><strong>Vendredi 23 septembre<\/strong> 18:00h <\/li>\n<li><strong>Samedi 24 sept.<\/strong> 13:00 et 18:00h<\/li>\n<li><strong>Dimanche 25 sept.<\/strong> 13:00h <\/li>\n<\/ul>\n<p>Tu d\u00e9couvriras le projet de r\u00e9introduction du gypa\u00e8te barbu dans les Picos de Europa, \u00e0 travers un itin\u00e9raire naturalis\u00e9 qui montre la beaut\u00e9 de ces montagnes et leur extraordinaire biodiversit\u00e9, ainsi que le travail de conservation d&rsquo;une esp\u00e8ce en voie d&rsquo;extinction.<\/p>\n<p><strong>T\u00e9l\u00e9phone de r\u00e9servation :<\/strong> 985 844 293 \/ 687 080 374<\/p>\n<p>[\/dsm_card][\/et_pb_column][et_pb_column type=\u00a0\u00bb1_3&Prime; _builder_version=\u00a0\u00bb4.16&Prime; _module_preset=\u00a0\u00bbdefault\u00a0\u00bb pac_dcm_carousel_specific_module_num=\u00a0\u00bb0&Prime; global_colors_info=\u00a0\u00bb{}\u00a0\u00bb][dsm_card title=\u00a0\u00bbPromenade ornithologique guid\u00e9e le long de la rivi\u00e8re G\u00fce\u00f1a\u00a0\u00bb subtitle=\u00a0\u00bb4\u20ac\/adultes (gratuit pour les enfants jusqu&#039;\u00e0 6 ans)\u00a0\u00bb content_horizontal_alignment=\u00a0\u00bbflex-start\u00a0\u00bb content_equal_height=\u00a0\u00bbon\u00a0\u00bb image=\u00a0\u00bbhttps:\/\/www.onisecoturismo.es\/wp-content\/uploads\/2022\/05\/actividades-onis-gtpe-2022-4.jpg\u00a0\u00bb image_background_height=\u00a0\u00bb250px\u00a0\u00bb use_overlay=\u00a0\u00bbon\u00a0\u00bb overlay_color=\u00a0\u00bbrgba(159,182,175,0.39)\u00a0\u00bb use_icon=\u00a0\u00bboff\u00a0\u00bb badge_background_color=\u00a0\u00bb#9FB6AF\u00a0\u00bb alt=\u00a0\u00bbTullidi, Asturies\u00a0\u00bb button_text=\u00a0\u00bbR\u00e9servations de contact\u00a0\u00bb button_url=\u00a0\u00bbhttps:\/\/quebrantahuesos.org\/el-centro-las-montanas-del-quebrantahuesos\/\u00a0\u00bb button_url_new_window=\u00a0\u00bb1&Prime; _builder_version=\u00a0\u00bb4.18.0&Prime; _module_preset=\u00a0\u00bbdefault\u00a0\u00bb badge_text_color=\u00a0\u00bb#FFFFFF\u00a0\u00bb body_font_size=\u00a0\u00bb14px\u00a0\u00bb background_color=\u00a0\u00bb#FFFFFF\u00a0\u00bb custom_button=\u00a0\u00bbon\u00a0\u00bb button_text_size=\u00a0\u00bb12px\u00a0\u00bb button_text_color=\u00a0\u00bb#9FB6AF\u00a0\u00bb custom_css_main_element=\u00a0\u00bbcursor:pointer;\u00a0\u00bb border_radii=\u00a0\u00bbon|12px|12px|12px|12px\u00a0\u00bb box_shadow_style=\u00a0\u00bbpreset2&Prime; global_colors_info=\u00a0\u00bb{}\u00a0\u00bb background__hover_enabled=\u00a0\u00bbon|hover\u00a0\u00bb background_color__hover=\u00a0\u00bb#e8eeec\u00a0\u00bb background_enable_color__hover=\u00a0\u00bbon\u00a0\u00bb transform_styles__hover_enabled=\u00a0\u00bbon|desktop\u00a0\u00bb transform_scale__hover_enabled=\u00a0\u00bbon|hover\u00a0\u00bb transform_translate__hover_enabled=\u00a0\u00bbon|desktop\u00a0\u00bb transform_rotate__hover_enabled=\u00a0\u00bbon|hover\u00a0\u00bb transform_skew__hover_enabled=\u00a0\u00bbon|hover\u00a0\u00bb transform_origin__hover_enabled=\u00a0\u00bbon|hover\u00a0\u00bb transform_translate__hover=\u00a0\u00bb0px|-24px\u00a0\u00bb]<\/p>\n<p><strong>Dur\u00e9e : 1 h<\/strong><\/p>\n<ul>\n<li><strong>Samedi 24 septembre<\/strong> 11h30 <\/li>\n<li><strong>Dimanche 25 septembre<\/strong> 11h30 <\/li>\n<\/ul>\n<p>Prom\u00e8ne-toi autour de la rivi\u00e8re G\u00fce\u00f1a et de sa for\u00eat riveraine, o\u00f9 tu pourras observer les oiseaux de la for\u00eat, et fais connaissance avec les petits villages qui entourent le chemin de la rivi\u00e8re. Nous te fournirons du mat\u00e9riel optique. <\/p>\n<p><strong>T\u00e9l\u00e9phone de r\u00e9servation<\/strong>: 985 844 293 \/ 687080 374<\/p>\n<p>[\/dsm_card][\/et_pb_column][et_pb_column type=\u00a0\u00bb1_3&Prime; _builder_version=\u00a0\u00bb4.16&Prime; _module_preset=\u00a0\u00bbdefault\u00a0\u00bb pac_dcm_carousel_specific_module_num=\u00a0\u00bb0&Prime; global_colors_info=\u00a0\u00bb{}\u00a0\u00bb][dsm_card title=\u00a0\u00bbCentre d&#039;interpr\u00e9tation de la faune des glaciers\u00a0\u00bb subtitle=\u00a0\u00bb4\u20ac\/personne (enfants 2,50\u20ac )\u00a0\u00bb content_horizontal_alignment=\u00a0\u00bbflex-start\u00a0\u00bb content_equal_height=\u00a0\u00bbon\u00a0\u00bb image=\u00a0\u00bbhttps:\/\/www.onisecoturismo.es\/wp-content\/uploads\/2022\/05\/actividades-onis-gtpe-2022-6.jpg\u00a0\u00bb image_background_height=\u00a0\u00bb250px\u00a0\u00bb use_overlay=\u00a0\u00bbon\u00a0\u00bb overlay_color=\u00a0\u00bbrgba(159,182,175,0.39)\u00a0\u00bb use_icon=\u00a0\u00bboff\u00a0\u00bb badge_background_color=\u00a0\u00bb#9FB6AF\u00a0\u00bb alt=\u00a0\u00bbLes enfants observent le gypa\u00e8te barbu\u00a0\u00bb button_text=\u00a0\u00bbR\u00e9servations de contact\u00a0\u00bb button_url=\u00a0\u00bbhttps:\/\/www.faunaglacial.com\/fauna.html\u00a0\u00bb button_url_new_window=\u00a0\u00bb1&Prime; _builder_version=\u00a0\u00bb4.18.0&Prime; _module_preset=\u00a0\u00bbdefault\u00a0\u00bb badge_text_color=\u00a0\u00bb#FFFFFF\u00a0\u00bb body_font_size=\u00a0\u00bb14px\u00a0\u00bb background_color=\u00a0\u00bb#FFFFFF\u00a0\u00bb custom_button=\u00a0\u00bbon\u00a0\u00bb button_text_size=\u00a0\u00bb12px\u00a0\u00bb button_text_color=\u00a0\u00bb#9FB6AF\u00a0\u00bb link_option_url_new_window=\u00a0\u00bbon\u00a0\u00bb custom_css_main_element=\u00a0\u00bbcursor:pointer;\u00a0\u00bb border_radii=\u00a0\u00bbon|12px|12px|12px|12px\u00a0\u00bb box_shadow_style=\u00a0\u00bbpreset2&Prime; global_colors_info=\u00a0\u00bb{}\u00a0\u00bb background__hover_enabled=\u00a0\u00bbon|hover\u00a0\u00bb background_color__hover=\u00a0\u00bb#e8eeec\u00a0\u00bb background_enable_color__hover=\u00a0\u00bbon\u00a0\u00bb transform_styles__hover_enabled=\u00a0\u00bbon|desktop\u00a0\u00bb transform_scale__hover_enabled=\u00a0\u00bbon|hover\u00a0\u00bb transform_translate__hover_enabled=\u00a0\u00bbon|desktop\u00a0\u00bb transform_rotate__hover_enabled=\u00a0\u00bbon|hover\u00a0\u00bb transform_skew__hover_enabled=\u00a0\u00bbon|hover\u00a0\u00bb transform_origin__hover_enabled=\u00a0\u00bbon|hover\u00a0\u00bb transform_translate__hover=\u00a0\u00bb0px|-24px\u00a0\u00bb]<\/p>\n<p><strong>Dur\u00e9e :<\/strong> 1 h<\/p>\n<ul>\n<li><strong>Vendredi 23 septembre.  <\/strong>AFTERNOON 16:00\/17:00\/18:00\/19:00h<\/li>\n<li><strong>Samedi 24 et dimanche 25 septembre <\/strong>MATIN 11:00\/ 12:00\/ 13:00 APR\u00c8S-MIDI 16:00\/17:00\/ 18:00\/19:00<\/li>\n<\/ul>\n<p>Une promenade de 500 m\u00e8tres \u00e0 l&rsquo;int\u00e9rieur d&rsquo;une grotte naturelle o\u00f9 tu te plongeras dans la vie des Picos de Europa il y a 40 000 ans. Au cours d&rsquo;un voyage dans le temps, tu marcheras accompagn\u00e9 par des r\u00e9pliques grandeur nature d&rsquo;animaux de cette \u00e9poque lointaine. <\/p>\n<p><strong>R\u00e9servations<\/strong>: 616 212 483<\/p>\n<p>[\/dsm_card][\/et_pb_column][\/et_pb_row][\/et_pb_section][et_pb_section fb_built=\u00a0\u00bb1&Prime; _builder_version=\u00a0\u00bb4.16&Prime; _module_preset=\u00a0\u00bbdefault\u00a0\u00bb custom_padding=\u00a0\u00bb0px||||false|false\u00a0\u00bb da_disable_devices=\u00a0\u00bboff|off|off\u00a0\u00bb locked=\u00a0\u00bboff\u00a0\u00bb global_colors_info=\u00a0\u00bb{}\u00a0\u00bb da_is_popup=\u00a0\u00bboff\u00a0\u00bb da_exit_intent=\u00a0\u00bboff\u00a0\u00bb da_has_close=\u00a0\u00bbon\u00a0\u00bb da_alt_close=\u00a0\u00bboff\u00a0\u00bb da_dark_close=\u00a0\u00bboff\u00a0\u00bb da_not_modal=\u00a0\u00bbon\u00a0\u00bb da_is_singular=\u00a0\u00bboff\u00a0\u00bb da_with_loader=\u00a0\u00bboff\u00a0\u00bb da_has_shadow=\u00a0\u00bbon\u00a0\u00bb][et_pb_row _builder_version=\u00a0\u00bb4.16&Prime; _module_preset=\u00a0\u00bbdefault\u00a0\u00bb width=\u00a0\u00bb100%\u00a0\u00bb max_width=\u00a0\u00bb1280px\u00a0\u00bb global_colors_info=\u00a0\u00bb{}\u00a0\u00bb][et_pb_column type=\u00a0\u00bb4_4&Prime; _builder_version=\u00a0\u00bb4.16&Prime; _module_preset=\u00a0\u00bbdefault\u00a0\u00bb pac_dcm_carousel_specific_module_num=\u00a0\u00bb0&Prime; global_colors_info=\u00a0\u00bb{}\u00a0\u00bb][dsm_card_carousel slider_effect=\u00a0\u00bbcoverflow\u00a0\u00bb slider_effect_coverflow_depth=\u00a0\u00bb120&Prime; centered_slides=\u00a0\u00bbon\u00a0\u00bb autoplay_speed=\u00a0\u00bb4000&Prime; pause_on_hover=\u00a0\u00bbon\u00a0\u00bb space_between=\u00a0\u00bb30&Prime; equal_height=\u00a0\u00bbon\u00a0\u00bb use_arrow_custom_position=\u00a0\u00bbon\u00a0\u00bb arrow_size=\u00a0\u00bb20px\u00a0\u00bb arrow_color=\u00a0\u00bb#ffffff\u00a0\u00bb arrow_background_color=\u00a0\u00bb#9FB6AF\u00a0\u00bb dots_active_color=\u00a0\u00bb#526962&Prime; grab=\u00a0\u00bboff\u00a0\u00bb slide_to_show_tablet=\u00a0\u00bb2&Prime; slide_to_show_phone=\u00a0\u00bb1&Prime; slide_to_show_last_edited=\u00a0\u00bbon|phone\u00a0\u00bb space_between_tablet=\u00a0\u00bb30&Prime; space_between_phone=\u00a0\u00bb20&Prime; space_between_last_edited=\u00a0\u00bbon|phone\u00a0\u00bb arrows_tablet=\u00a0\u00bboff\u00a0\u00bb arrows_phone=\u00a0\u00bboff\u00a0\u00bb arrows_last_edited=\u00a0\u00bbon|phone\u00a0\u00bb arrow_custom_position_tablet=\u00a0\u00bb\u00a0\u00bb arrow_custom_position_phone=\u00a0\u00bb15px\u00a0\u00bb arrow_custom_position_last_edited=\u00a0\u00bbon|tablet\u00a0\u00bb arrow_size_tablet=\u00a0\u00bb\u00a0\u00bb arrow_size_phone=\u00a0\u00bb16px\u00a0\u00bb arrow_size_last_edited=\u00a0\u00bbon|phone\u00a0\u00bb _builder_version=\u00a0\u00bb4.18.0&Prime; header_font=\u00a0\u00bbMontserrat|800|||||||\u00a0\u00bb body_font=\u00a0\u00bbLato||||||||\u00a0\u00bb custom_padding=\u00a0\u00bb30px||30px||true|false\u00a0\u00bb custom_padding_tablet=\u00a0\u00bb30px||30px||true|false\u00a0\u00bb custom_padding_phone=\u00a0\u00bb|30px||30px|true|false\u00a0\u00bb custom_padding_last_edited=\u00a0\u00bbon|phone\u00a0\u00bb border_radii_arrow=\u00a0\u00bbon|50px|50px|50px|50px\u00a0\u00bb border_radii_card=\u00a0\u00bbon|6px|6px|6px|6px\u00a0\u00bb box_shadow_style_arrow=\u00a0\u00bbpreset2&Prime; box_shadow_color_arrow=\u00a0\u00bbrgba(159,182,175,0.77)\u00a0\u00bb box_shadow_style_card=\u00a0\u00bbpreset2&Prime; global_colors_info=\u00a0\u00bb{}\u00a0\u00bb][dsm_card_carousel_child title=\u00a0\u00bbItin\u00e9raires de randonn\u00e9e\u00a0\u00bb image=\u00a0\u00bbhttps:\/\/www.onisecoturismo.es\/wp-content\/uploads\/2021\/11\/cabecera-rutas-senderismo-1.jpg\u00a0\u00bb image_background_animation=\u00a0\u00bbzoom_in\u00a0\u00bb button_text=\u00a0\u00bbPlus d&#039;informations\u00a0\u00bb button_url=\u00a0\u00bb@ET-DC@eyJkeW5hbWljIjp0cnVlLCJjb250ZW50IjoicG9zdF9saW5rX3VybF9wYWdlIiwic2V0dGluZ3MiOnsicG9zdF9pZCI6IjMzOTE0MCJ9fQ==@\u00a0\u00bb button_url_new_window=\u00a0\u00bb1&Prime; _builder_version=\u00a0\u00bb4.18.0&Prime; _dynamic_attributes=\u00a0\u00bblink_option_url,button_url\u00a0\u00bb background_color=\u00a0\u00bb#f4f4f4&Prime; background_enable_color=\u00a0\u00bbon\u00a0\u00bb custom_button=\u00a0\u00bbon\u00a0\u00bb button_text_size=\u00a0\u00bb14px\u00a0\u00bb button_text_color=\u00a0\u00bb#526962&Prime; button_bg_color=\u00a0\u00bb#FCBF15&Prime; button_border_color=\u00a0\u00bbRGBA(255,255,255,0)\u00a0\u00bb button_border_radius=\u00a0\u00bb50px\u00a0\u00bb button_font=\u00a0\u00bb|700|||||||\u00a0\u00bb button_icon=\u00a0\u00bb&#x35;||divi||400&Prime; button_icon_color=\u00a0\u00bb#526962&Prime; button_alignment=\u00a0\u00bbleft\u00a0\u00bb button_custom_padding=\u00a0\u00bb10px|30px|10px|30px|true|true\u00a0\u00bb link_option_url=\u00a0\u00bb@ET-DC@eyJkeW5hbWljIjp0cnVlLCJjb250ZW50IjoicG9zdF9saW5rX3VybF9wYWdlIiwic2V0dGluZ3MiOnsicG9zdF9pZCI6IjMzOTE0MCJ9fQ==@\u00a0\u00bb box_shadow_style_button=\u00a0\u00bbpreset2&Prime; box_shadow_spread_button=\u00a0\u00bb-7px\u00a0\u00bb box_shadow_color_button=\u00a0\u00bbrgba(131,0,233,0.18)\u00a0\u00bb global_colors_info=\u00a0\u00bb{}\u00a0\u00bb button_bg_color__hover_enabled=\u00a0\u00bboff|hover\u00a0\u00bb button_bg_color__hover=\u00a0\u00bb#00ede1&Prime; button_bg_enable_color__hover=\u00a0\u00bbon\u00a0\u00bb button_border_color__hover_enabled=\u00a0\u00bboff|hover\u00a0\u00bb button_border_color__hover=\u00a0\u00bb#00ede1&Prime; parent_button=\u00a0\u00bboff\u00a0\u00bb parent_header_level=\u00a0\u00bbh4&Prime;]<\/p>\n<h6>On\u00eds est un v\u00e9ritable paradis dans les Asturies pour les amateurs de randonn\u00e9e et de montagne.<\/h6>\n<p>  En plus des itin\u00e9raires pour les alpinistes experts au c\u0153ur des Picos de Europa, nous proposons des itin\u00e9raires de randonn\u00e9e pour gravir des sommets de moyenne montagne, comme l&rsquo;Ibeu ou le Pandescura, et des itin\u00e9raires agr\u00e9ables \u00e0 travers nos villages, nos for\u00eats et nos rivi\u00e8res pour en profiter avec les enfants ou se promener tranquillement.[\/dsm_card_carousel_child][dsm_card_carousel_child title=\u00a0\u00bbItin\u00e9raires cyclables\u00a0\u00bb image=\u00a0\u00bbhttps:\/\/www.onisecoturismo.es\/wp-content\/uploads\/2021\/11\/rutas-ciclismo.jpg\u00a0\u00bb image_background_animation=\u00a0\u00bbzoom_in\u00a0\u00bb button_text=\u00a0\u00bbPlus d&#039;informations\u00a0\u00bb button_url=\u00a0\u00bb@ET-DC@eyJkeW5hbWljIjp0cnVlLCJjb250ZW50IjoicG9zdF9saW5rX3VybF9wYWdlIiwic2V0dGluZ3MiOnsicG9zdF9pZCI6IjMzNjQ1NiJ9fQ==@\u00a0\u00bb button_url_new_window=\u00a0\u00bb1&Prime; _builder_version=\u00a0\u00bb4.18.0&Prime; _dynamic_attributes=\u00a0\u00bblink_option_url,button_url\u00a0\u00bb background_color=\u00a0\u00bb#f4f4f4&Prime; background_enable_color=\u00a0\u00bbon\u00a0\u00bb custom_button=\u00a0\u00bbon\u00a0\u00bb button_text_size=\u00a0\u00bb14px\u00a0\u00bb button_text_color=\u00a0\u00bb#526962&Prime; button_bg_color=\u00a0\u00bb#FCBF15&Prime; button_border_color=\u00a0\u00bbRGBA(255,255,255,0)\u00a0\u00bb button_border_radius=\u00a0\u00bb50px\u00a0\u00bb button_font=\u00a0\u00bb|700|||||||\u00a0\u00bb button_icon_color=\u00a0\u00bb#526962&Prime; button_alignment=\u00a0\u00bbleft\u00a0\u00bb button_custom_padding=\u00a0\u00bb10px|30px|10px|30px|true|true\u00a0\u00bb link_option_url=\u00a0\u00bb@ET-DC@eyJkeW5hbWljIjp0cnVlLCJjb250ZW50IjoicG9zdF9saW5rX3VybF9wYWdlIiwic2V0dGluZ3MiOnsicG9zdF9pZCI6IjMzNjQ1NiJ9fQ==@\u00a0\u00bb box_shadow_style_button=\u00a0\u00bbpreset2&Prime; box_shadow_spread_button=\u00a0\u00bb-7px\u00a0\u00bb box_shadow_color_button=\u00a0\u00bbrgba(131,0,233,0.18)\u00a0\u00bb global_colors_info=\u00a0\u00bb{}\u00a0\u00bb button_bg_color__hover_enabled=\u00a0\u00bboff|hover\u00a0\u00bb button_bg_color__hover=\u00a0\u00bb#00ede1&Prime; button_bg_enable_color__hover=\u00a0\u00bbon\u00a0\u00bb button_border_color__hover_enabled=\u00a0\u00bboff|hover\u00a0\u00bb button_border_color__hover=\u00a0\u00bb#00ede1&Prime; parent_button=\u00a0\u00bboff\u00a0\u00bb parent_header_level=\u00a0\u00bbh4&Prime;]<\/p>\n<h5>Fais le tour d&rsquo;On\u00eds \u00e0 v\u00e9lo ! Nous avons des itin\u00e9raires \u00e0 appr\u00e9cier sur des v\u00e9los de tourisme, des v\u00e9los de gravier ou des v\u00e9los de montagne.  <\/h5>\n<p>Si tu aimes faire du v\u00e9lo \u00e0 On\u00eds, tu as un petit paradis de routes pr\u00e9par\u00e9es pour en profiter au maximum. Diff\u00e9rentes difficult\u00e9s pour s&rsquo;adapter \u00e0 ton niveau et \u00e0 ta forme physique. <\/p>\n<p>[\/dsm_card_carousel_child][dsm_card_carousel_child title=\u00a0\u00bbRoute du fromage de Benia\u00a0\u00bb image=\u00a0\u00bbhttps:\/\/www.onisecoturismo.es\/wp-content\/uploads\/2022\/07\/turistas-ruta-queserias-onis.jpg\u00a0\u00bb image_background_animation=\u00a0\u00bbzoom_in\u00a0\u00bb alt=\u00a0\u00bbTouristes sur la route du fromage de Benia\u00a0\u00bb button_text=\u00a0\u00bbPlus d&#039;informations\u00a0\u00bb button_url=\u00a0\u00bb@ET-DC@eyJkeW5hbWljIjp0cnVlLCJjb250ZW50IjoicG9zdF9saW5rX3VybF9wYWdlIiwic2V0dGluZ3MiOnsicG9zdF9pZCI6IjM0MjIxMyJ9fQ==@\u00a0\u00bb button_url_new_window=\u00a0\u00bb1&Prime; _builder_version=\u00a0\u00bb4.18.0&Prime; _dynamic_attributes=\u00a0\u00bblink_option_url,button_url\u00a0\u00bb background_color=\u00a0\u00bb#f4f4f4&Prime; background_enable_color=\u00a0\u00bbon\u00a0\u00bb custom_button=\u00a0\u00bbon\u00a0\u00bb button_text_size=\u00a0\u00bb14px\u00a0\u00bb button_text_color=\u00a0\u00bb#526962&Prime; button_bg_color=\u00a0\u00bb#FCBF15&Prime; button_border_color=\u00a0\u00bbRGBA(255,255,255,0)\u00a0\u00bb button_border_radius=\u00a0\u00bb50px\u00a0\u00bb button_font=\u00a0\u00bb|700|||||||\u00a0\u00bb button_icon_color=\u00a0\u00bb#526962&Prime; button_alignment=\u00a0\u00bbleft\u00a0\u00bb button_custom_padding=\u00a0\u00bb10px|30px|10px|30px|true|true\u00a0\u00bb link_option_url=\u00a0\u00bb@ET-DC@eyJkeW5hbWljIjp0cnVlLCJjb250ZW50IjoicG9zdF9saW5rX3VybF9wYWdlIiwic2V0dGluZ3MiOnsicG9zdF9pZCI6IjM0MjIxMyJ9fQ==@\u00a0\u00bb box_shadow_style_button=\u00a0\u00bbpreset2&Prime; box_shadow_spread_button=\u00a0\u00bb-7px\u00a0\u00bb box_shadow_color_button=\u00a0\u00bbrgba(131,0,233,0.18)\u00a0\u00bb global_colors_info=\u00a0\u00bb{}\u00a0\u00bb button_bg_color__hover_enabled=\u00a0\u00bboff|hover\u00a0\u00bb button_bg_color__hover=\u00a0\u00bb#00ede1&Prime; button_bg_enable_color__hover=\u00a0\u00bbon\u00a0\u00bb button_border_color__hover_enabled=\u00a0\u00bboff|hover\u00a0\u00bb button_border_color__hover=\u00a0\u00bb#00ede1&Prime; parent_button=\u00a0\u00bboff\u00a0\u00bb parent_header_level=\u00a0\u00bbh4&Prime;]<\/p>\n<h5>Nous t&rsquo;invitons \u00e0 te plonger dans le monde fromager d&rsquo;On\u00eds \u00e0 travers un simple parcours circulaire de 3 km.<\/h5>\n<p>Tu d\u00e9couvriras des fromageries, des fermes, des grottes et des cidreries li\u00e9es \u00e0 nos traditions les plus enracin\u00e9es. D\u00e9couvre des fromages et des viandes 100 % locaux, 100 % On\u00eds. <\/p>\n<p>[\/dsm_card_carousel_child][\/dsm_card_carousel][\/et_pb_column][\/et_pb_row][\/et_pb_section][et_pb_section fb_built=\u00a0\u00bb1&Prime; _builder_version=\u00a0\u00bb4.18.0&Prime; _dynamic_attributes=\u00a0\u00bblink_option_url\u00a0\u00bb _module_preset=\u00a0\u00bbdefault\u00a0\u00bb background_image=\u00a0\u00bbhttps:\/\/www.onisecoturismo.es\/wp-content\/uploads\/2022\/04\/cabecera_ecoturismo_jsd.jpg\u00a0\u00bb link_option_url=\u00a0\u00bb@ET-DC@eyJkeW5hbWljIjp0cnVlLCJjb250ZW50IjoicG9zdF9saW5rX3VybF9wYWdlIiwic2V0dGluZ3MiOnsicG9zdF9pZCI6IjM0MDMxNiJ9fQ==@\u00a0\u00bb da_disable_devices=\u00a0\u00bboff|off|off\u00a0\u00bb global_colors_info=\u00a0\u00bb{}\u00a0\u00bb da_is_popup=\u00a0\u00bboff\u00a0\u00bb da_exit_intent=\u00a0\u00bboff\u00a0\u00bb da_has_close=\u00a0\u00bbon\u00a0\u00bb da_alt_close=\u00a0\u00bboff\u00a0\u00bb da_dark_close=\u00a0\u00bboff\u00a0\u00bb da_not_modal=\u00a0\u00bbon\u00a0\u00bb da_is_singular=\u00a0\u00bboff\u00a0\u00bb da_with_loader=\u00a0\u00bboff\u00a0\u00bb da_has_shadow=\u00a0\u00bbon\u00a0\u00bb][et_pb_row _builder_version=\u00a0\u00bb4.18.0&Prime; _module_preset=\u00a0\u00bbdefault\u00a0\u00bb module_alignment=\u00a0\u00bbcenter\u00a0\u00bb custom_margin=\u00a0\u00bb0px||0px||false|false\u00a0\u00bb custom_padding=\u00a0\u00bb0px||0px||false|false\u00a0\u00bb global_colors_info=\u00a0\u00bb{}\u00a0\u00bb][et_pb_column type=\u00a0\u00bb4_4&Prime; _builder_version=\u00a0\u00bb4.18.0&Prime; _module_preset=\u00a0\u00bbdefault\u00a0\u00bb pac_dcm_carousel_specific_module_num=\u00a0\u00bb0&Prime; global_colors_info=\u00a0\u00bb{}\u00a0\u00bb][et_pb_image src=\u00a0\u00bbhttps:\/\/www.onisecoturismo.es\/wp-content\/uploads\/2021\/09\/Color-Mejora-ambiental.png\u00a0\u00bb title_text=\u00a0\u00bbCouleur-Am\u00e9lioration de l&#039;environnement\u00a0\u00bb _builder_version=\u00a0\u00bb4.18.0&Prime; _module_preset=\u00a0\u00bbdefault\u00a0\u00bb width=\u00a0\u00bb100px\u00a0\u00bb module_alignment=\u00a0\u00bbcenter\u00a0\u00bb global_colors_info=\u00a0\u00bb{}\u00a0\u00bb][\/et_pb_image][\/et_pb_column][\/et_pb_row][et_pb_row _builder_version=\u00a0\u00bb4.18.0&Prime; _module_preset=\u00a0\u00bbdefault\u00a0\u00bb global_colors_info=\u00a0\u00bb{}\u00a0\u00bb][et_pb_column type=\u00a0\u00bb4_4&Prime; _builder_version=\u00a0\u00bb4.18.0&Prime; _module_preset=\u00a0\u00bbdefault\u00a0\u00bb pac_dcm_carousel_specific_module_num=\u00a0\u00bb0&Prime; global_colors_info=\u00a0\u00bb{}\u00a0\u00bb][et_pb_text _builder_version=\u00a0\u00bb4.18.0&Prime; _module_preset=\u00a0\u00bbdefault\u00a0\u00bb header_3_text_align=\u00a0\u00bbcenter\u00a0\u00bb header_3_text_color=\u00a0\u00bb#FFFFFF\u00a0\u00bb header_3_font_size=\u00a0\u00bb36px\u00a0\u00bb global_colors_info=\u00a0\u00bb{}\u00a0\u00bb]<\/p>\n<h3><strong>D\u00e9calogue de<\/strong> l&rsquo;\u00e9cotourisme<\/h3>\n<p>[\/et_pb_text][\/et_pb_column][\/et_pb_row][\/et_pb_section][et_pb_section fb_built=\u00a0\u00bb1&Prime; module_id=\u00a0\u00bbpart\u00a0\u00bb _builder_version=\u00a0\u00bb4.16&Prime; _module_preset=\u00a0\u00bbdefault\u00a0\u00bb use_background_color_gradient=\u00a0\u00bbon\u00a0\u00bb background_color_gradient_stops=\u00a0\u00bb#ffffff 0%|rgba(159,182,175,0.17) 100%\u00a0\u00bb background_color_gradient_start=\u00a0\u00bb#ffffff\u00a0\u00bb background_color_gradient_end=\u00a0\u00bbrgba(159,182,175,0.17)\u00a0\u00bb custom_margin=\u00a0\u00bb0px||0px||false|false\u00a0\u00bb custom_padding=\u00a0\u00bb40px||0px||false|false\u00a0\u00bb bottom_divider_style=\u00a0\u00bbwaves\u00a0\u00bb bottom_divider_color=\u00a0\u00bb#FFFFFF\u00a0\u00bb bottom_divider_color_tablet=\u00a0\u00bb#FFFFFF\u00a0\u00bb bottom_divider_color_phone=\u00a0\u00bb#FFFFFF\u00a0\u00bb bottom_divider_color_last_edited=\u00a0\u00bbon|tablet\u00a0\u00bb bottom_divider_height_tablet=\u00a0\u00bb60px\u00a0\u00bb bottom_divider_height_phone=\u00a0\u00bb30px\u00a0\u00bb bottom_divider_height_last_edited=\u00a0\u00bbon|desktop\u00a0\u00bb da_disable_devices=\u00a0\u00bboff|off|off\u00a0\u00bb global_module=\u00a0\u00bb333716&Prime; saved_tabs=\u00a0\u00bball\u00a0\u00bb global_colors_info=\u00a0\u00bb{}\u00a0\u00bb da_is_popup=\u00a0\u00bboff\u00a0\u00bb da_exit_intent=\u00a0\u00bboff\u00a0\u00bb da_has_close=\u00a0\u00bbon\u00a0\u00bb da_alt_close=\u00a0\u00bboff\u00a0\u00bb da_dark_close=\u00a0\u00bboff\u00a0\u00bb da_not_modal=\u00a0\u00bbon\u00a0\u00bb da_is_singular=\u00a0\u00bboff\u00a0\u00bb da_with_loader=\u00a0\u00bboff\u00a0\u00bb da_has_shadow=\u00a0\u00bbon\u00a0\u00bb][et_pb_row column_structure=\u00a0\u00bb1_4,1_4,1_4,1_4&Prime; _builder_version=\u00a0\u00bb4.16&Prime; _module_preset=\u00a0\u00bbdefault\u00a0\u00bb global_colors_info=\u00a0\u00bb{}\u00a0\u00bb][et_pb_column type=\u00a0\u00bb1_4&Prime; _builder_version=\u00a0\u00bb4.16&Prime; _module_preset=\u00a0\u00bbdefault\u00a0\u00bb pac_dcm_carousel_specific_module_num=\u00a0\u00bb0&Prime; global_colors_info=\u00a0\u00bb{}\u00a0\u00bb][dssb_sharing_buttons columns=\u00a0\u00bb1&Prime; _builder_version=\u00a0\u00bb4.16&Prime; _module_preset=\u00a0\u00bbdefault\u00a0\u00bb border_radii_main=\u00a0\u00bbon|6px|6px|6px|6px\u00a0\u00bb global_colors_info=\u00a0\u00bb{}\u00a0\u00bb][dssb_sharing_button button_text=\u00a0\u00bbFacebook\u00a0\u00bb _builder_version=\u00a0\u00bb4.16&Prime; _module_preset=\u00a0\u00bbdefault\u00a0\u00bb background_color=\u00a0\u00bb#9FB6AF\u00a0\u00bb background_enable_color=\u00a0\u00bbon\u00a0\u00bb global_colors_info=\u00a0\u00bb{}\u00a0\u00bb background__hover_enabled=\u00a0\u00bbon|hover\u00a0\u00bb background_color__hover=\u00a0\u00bb#FCBF15&Prime; background_enable_color__hover=\u00a0\u00bbon\u00a0\u00bb][\/dssb_sharing_button][\/dssb_sharing_buttons][\/et_pb_column][et_pb_column type=\u00a0\u00bb1_4&Prime; _builder_version=\u00a0\u00bb4.16&Prime; _module_preset=\u00a0\u00bbdefault\u00a0\u00bb pac_dcm_carousel_specific_module_num=\u00a0\u00bb0&Prime; global_colors_info=\u00a0\u00bb{}\u00a0\u00bb][dssb_sharing_buttons columns=\u00a0\u00bb1&Prime; _builder_version=\u00a0\u00bb4.16&Prime; _module_preset=\u00a0\u00bbdefault\u00a0\u00bb border_radii_main=\u00a0\u00bbon|6px|6px|6px|6px\u00a0\u00bb global_colors_info=\u00a0\u00bb{}\u00a0\u00bb][dssb_sharing_button social_network=\u00a0\u00bbtwitter\u00a0\u00bb button_text=\u00a0\u00bbTwitter\u00a0\u00bb _builder_version=\u00a0\u00bb4.16&Prime; _module_preset=\u00a0\u00bbdefault\u00a0\u00bb background_color=\u00a0\u00bb#9FB6AF\u00a0\u00bb background_enable_color=\u00a0\u00bbon\u00a0\u00bb global_colors_info=\u00a0\u00bb{}\u00a0\u00bb background__hover_enabled=\u00a0\u00bbon|hover\u00a0\u00bb background_color__hover=\u00a0\u00bb#FCBF15&Prime; background_enable_color__hover=\u00a0\u00bbon\u00a0\u00bb][\/dssb_sharing_button][\/dssb_sharing_buttons][\/et_pb_column][et_pb_column type=\u00a0\u00bb1_4&Prime; _builder_version=\u00a0\u00bb4.16&Prime; _module_preset=\u00a0\u00bbdefault\u00a0\u00bb pac_dcm_carousel_specific_module_num=\u00a0\u00bb0&Prime; global_colors_info=\u00a0\u00bb{}\u00a0\u00bb][dssb_sharing_buttons columns=\u00a0\u00bb1&Prime; _builder_version=\u00a0\u00bb4.16&Prime; _module_preset=\u00a0\u00bbdefault\u00a0\u00bb border_radii_main=\u00a0\u00bbon|6px|6px|6px|6px\u00a0\u00bb global_colors_info=\u00a0\u00bb{}\u00a0\u00bb][dssb_sharing_button social_network=\u00a0\u00bbwhatsapp\u00a0\u00bb button_text=\u00a0\u00bbWhatsapp\u00a0\u00bb _builder_version=\u00a0\u00bb4.16&Prime; _module_preset=\u00a0\u00bbdefault\u00a0\u00bb background_color=\u00a0\u00bb#9FB6AF\u00a0\u00bb background_enable_color=\u00a0\u00bbon\u00a0\u00bb global_colors_info=\u00a0\u00bb{}\u00a0\u00bb background__hover_enabled=\u00a0\u00bbon|hover\u00a0\u00bb background_color__hover=\u00a0\u00bb#FCBF15&Prime; background_enable_color__hover=\u00a0\u00bbon\u00a0\u00bb][\/dssb_sharing_button][\/dssb_sharing_buttons][\/et_pb_column][et_pb_column type=\u00a0\u00bb1_4&Prime; _builder_version=\u00a0\u00bb4.16&Prime; _module_preset=\u00a0\u00bbdefault\u00a0\u00bb pac_dcm_carousel_specific_module_num=\u00a0\u00bb0&Prime; global_colors_info=\u00a0\u00bb{}\u00a0\u00bb][dssb_sharing_buttons columns=\u00a0\u00bb1&Prime; _builder_version=\u00a0\u00bb4.16&Prime; _module_preset=\u00a0\u00bbdefault\u00a0\u00bb border_radii_main=\u00a0\u00bbon|6px|6px|6px|6px\u00a0\u00bb global_colors_info=\u00a0\u00bb{}\u00a0\u00bb][dssb_sharing_button social_network=\u00a0\u00bbemail\u00a0\u00bb button_text=\u00a0\u00bbEmail\u00a0\u00bb _builder_version=\u00a0\u00bb4.16&Prime; _module_preset=\u00a0\u00bbdefault\u00a0\u00bb background_color=\u00a0\u00bb#9FB6AF\u00a0\u00bb background_enable_color=\u00a0\u00bbon\u00a0\u00bb global_colors_info=\u00a0\u00bb{}\u00a0\u00bb background__hover_enabled=\u00a0\u00bbon|hover\u00a0\u00bb background_color__hover=\u00a0\u00bb#FCBF15&Prime; background_enable_color__hover=\u00a0\u00bbon\u00a0\u00bb][\/dssb_sharing_button][\/dssb_sharing_buttons][\/et_pb_column][\/et_pb_row][\/et_pb_section]<\/p>\n","protected":false},"excerpt":{"rendered":"<p>Journ\u00e9es gastronomiques de Benia de On\u00eds les 23, 24 et 25 septembre. Apprends comment est fabriqu\u00e9 le fromage Gamon\u00e9u, visite des for\u00eats, des grottes ou rencontre le gypa\u00e8te barbu. <\/p>\n","protected":false},"author":2,"featured_media":348370,"parent":0,"menu_order":0,"comment_status":"closed","ping_status":"closed","template":"","meta":{"_acf_changed":false,"_et_pb_use_builder":"on","_et_pb_old_content":"","_et_gb_content_width":"","footnotes":""},"dipi_cpt_category":[],"class_list":["post-348368","page","type-page","status-publish","has-post-thumbnail","hentry"],"acf":[],"_links":{"self":[{"href":"https:\/\/www.onisecoturismo.es\/fr\/wp-json\/wp\/v2\/pages\/348368","targetHints":{"allow":["GET"]}}],"collection":[{"href":"https:\/\/www.onisecoturismo.es\/fr\/wp-json\/wp\/v2\/pages"}],"about":[{"href":"https:\/\/www.onisecoturismo.es\/fr\/wp-json\/wp\/v2\/types\/page"}],"author":[{"embeddable":true,"href":"https:\/\/www.onisecoturismo.es\/fr\/wp-json\/wp\/v2\/users\/2"}],"replies":[{"embeddable":true,"href":"https:\/\/www.onisecoturismo.es\/fr\/wp-json\/wp\/v2\/comments?post=348368"}],"version-history":[{"count":2,"href":"https:\/\/www.onisecoturismo.es\/fr\/wp-json\/wp\/v2\/pages\/348368\/revisions"}],"predecessor-version":[{"id":348372,"href":"https:\/\/www.onisecoturismo.es\/fr\/wp-json\/wp\/v2\/pages\/348368\/revisions\/348372"}],"wp:featuredmedia":[{"embeddable":true,"href":"https:\/\/www.onisecoturismo.es\/fr\/wp-json\/wp\/v2\/media\/348370"}],"wp:attachment":[{"href":"https:\/\/www.onisecoturismo.es\/fr\/wp-json\/wp\/v2\/media?parent=348368"}],"wp:term":[{"taxonomy":"dipi_cpt_category","embeddable":true,"href":"https:\/\/www.onisecoturismo.es\/fr\/wp-json\/wp\/v2\/dipi_cpt_category?post=348368"}],"curies":[{"name":"wp","href":"https:\/\/api.w.org\/{rel}","templated":true}]}}