{"id":348260,"date":"2024-11-14T15:44:55","date_gmt":"2024-11-14T14:44:55","guid":{"rendered":"https:\/\/www.onisecoturismo.es\/tourisme-actif-dans-les-asturies\/itineraires-de-randonnee\/itineraires-de-montagne\/"},"modified":"2024-11-14T15:44:56","modified_gmt":"2024-11-14T14:44:56","slug":"itineraires-de-montagne","status":"publish","type":"page","link":"https:\/\/www.onisecoturismo.es\/fr\/tourisme-actif-dans-les-asturies\/itineraires-de-randonnee\/itineraires-de-montagne\/","title":{"rendered":"Itin\u00e9raires de montagne"},"content":{"rendered":"<p>[et_pb_section fb_built=\u00a0\u00bb1&Prime; next_background_color=\u00a0\u00bb#ffffff\u00a0\u00bb _builder_version=\u00a0\u00bb4.16&Prime; _module_preset=\u00a0\u00bbdefault\u00a0\u00bb background_color=\u00a0\u00bbrgba(22,34,16,0.5)\u00a0\u00bb background_image=\u00a0\u00bbhttps:\/\/www.onisecoturismo.es\/wp-content\/uploads\/2022\/01\/cabecera-rutasmontana.jpg\u00a0\u00bb background_blend=\u00a0\u00bbdarken\u00a0\u00bb custom_padding=\u00a0\u00bb30px||100px||false|false\u00a0\u00bb bottom_divider_style=\u00a0\u00bbwave2&Prime; da_disable_devices=\u00a0\u00bboff|off|off\u00a0\u00bb locked=\u00a0\u00bboff\u00a0\u00bb global_colors_info=\u00a0\u00bb{}\u00a0\u00bb da_is_popup=\u00a0\u00bboff\u00a0\u00bb da_exit_intent=\u00a0\u00bboff\u00a0\u00bb da_has_close=\u00a0\u00bbon\u00a0\u00bb da_alt_close=\u00a0\u00bboff\u00a0\u00bb da_dark_close=\u00a0\u00bboff\u00a0\u00bb da_not_modal=\u00a0\u00bbon\u00a0\u00bb da_is_singular=\u00a0\u00bboff\u00a0\u00bb da_with_loader=\u00a0\u00bboff\u00a0\u00bb da_has_shadow=\u00a0\u00bbon\u00a0\u00bb][et_pb_row _builder_version=\u00a0\u00bb4.16&Prime; _module_preset=\u00a0\u00bbdefault\u00a0\u00bb global_colors_info=\u00a0\u00bb{}\u00a0\u00bb][et_pb_column type=\u00a0\u00bb4_4&Prime; _builder_version=\u00a0\u00bb4.16&Prime; _module_preset=\u00a0\u00bbdefault\u00a0\u00bb pac_dcm_carousel_specific_module_num=\u00a0\u00bb0&Prime; global_colors_info=\u00a0\u00bb{}\u00a0\u00bb][et_pb_blurb title=\u00a0\u00bbItin\u00e9raires de montagne\u00a0\u00bb image=\u00a0\u00bbhttps:\/\/www.onisecoturismo.es\/wp-content\/uploads\/2021\/09\/Color-Picos.png\u00a0\u00bb alt=\u00a0\u00bbItin\u00e9raires \u00e0 On\u00eds\u00a0\u00bb image_icon_width=\u00a0\u00bb100px\u00a0\u00bb content_max_width=\u00a0\u00bb100%\u00a0\u00bb image_icon_width_tablet=\u00a0\u00bb90px\u00a0\u00bb image_icon_width_phone=\u00a0\u00bb70px\u00a0\u00bb image_icon_width_last_edited=\u00a0\u00bbon|phone\u00a0\u00bb _builder_version=\u00a0\u00bb4.16&Prime; _module_preset=\u00a0\u00bbdefault\u00a0\u00bb header_level=\u00a0\u00bbh1&Prime; header_font=\u00a0\u00bb|800|||||||\u00a0\u00bb header_text_align=\u00a0\u00bbcenter\u00a0\u00bb header_text_color=\u00a0\u00bb#FFFFFF\u00a0\u00bb header_font_size=\u00a0\u00bb76px\u00a0\u00bb body_text_align=\u00a0\u00bbcenter\u00a0\u00bb body_text_color=\u00a0\u00bb#FFFFFF\u00a0\u00bb body_font_size=\u00a0\u00bb22px\u00a0\u00bb custom_margin=\u00a0\u00bb0px|0px|0px|0px|false|false\u00a0\u00bb custom_padding=\u00a0\u00bb0px|0px|0px|0px|false|false\u00a0\u00bb header_font_size_tablet=\u00a0\u00bb66px\u00a0\u00bb header_font_size_phone=\u00a0\u00bb42px\u00a0\u00bb header_font_size_last_edited=\u00a0\u00bbon|phone\u00a0\u00bb global_colors_info=\u00a0\u00bb{}\u00a0\u00bb]<\/p>\n<p><span class=\"et_pb_fullwidth_header_subhead et-fb-editable-element et-fb-editable-element__editing\" data-shortcode-id=\"2.0-1643222188292\" data-quickaccess-id=\"subhead\" spellcheck=\"false\" data-gramm=\"false\" contenteditable=\"true\">Ascensions et randonn\u00e9es sur nos sommets et dans nos bergeries.<\/span><\/p>\n<p>[\/et_pb_blurb][\/et_pb_column][\/et_pb_row][\/et_pb_section][et_pb_section fb_built=\u00a0\u00bb1&Prime; _builder_version=\u00a0\u00bb4.16&Prime; _module_preset=\u00a0\u00bbdefault\u00a0\u00bb custom_margin=\u00a0\u00bb0px||||false|false\u00a0\u00bb custom_padding=\u00a0\u00bb0px||||false|false\u00a0\u00bb da_disable_devices=\u00a0\u00bboff|off|off\u00a0\u00bb global_colors_info=\u00a0\u00bb{}\u00a0\u00bb da_is_popup=\u00a0\u00bboff\u00a0\u00bb da_exit_intent=\u00a0\u00bboff\u00a0\u00bb da_has_close=\u00a0\u00bbon\u00a0\u00bb da_alt_close=\u00a0\u00bboff\u00a0\u00bb da_dark_close=\u00a0\u00bboff\u00a0\u00bb da_not_modal=\u00a0\u00bbon\u00a0\u00bb da_is_singular=\u00a0\u00bboff\u00a0\u00bb da_with_loader=\u00a0\u00bboff\u00a0\u00bb da_has_shadow=\u00a0\u00bbon\u00a0\u00bb][et_pb_row column_structure=\u00a0\u00bb3_4,1_4&Prime; use_custom_gutter=\u00a0\u00bbon\u00a0\u00bb gutter_width=\u00a0\u00bb1&Prime; admin_label=\u00a0\u00bbPain de mie\u00a0\u00bb _builder_version=\u00a0\u00bb4.17.2&Prime; _module_preset=\u00a0\u00bbdefault\u00a0\u00bb custom_margin=\u00a0\u00bb0px||0px||false|false\u00a0\u00bb custom_padding=\u00a0\u00bb0px||0px||false|false\u00a0\u00bb custom_css_main_element=\u00a0\u00bbdisplay:flex;\u00a0\u00bb global_module=\u00a0\u00bb337059&Prime; global_colors_info=\u00a0\u00bb{}\u00a0\u00bb][et_pb_column type=\u00a0\u00bb3_4&Prime; _builder_version=\u00a0\u00bb4.16&Prime; _module_preset=\u00a0\u00bbdefault\u00a0\u00bb custom_css_main_element=\u00a0\u00bbwidth:100% !important;\u00a0\u00bb pac_dcm_carousel_specific_module_num=\u00a0\u00bb0&Prime; global_colors_info=\u00a0\u00bb{}\u00a0\u00bb][\/et_pb_column][et_pb_column type=\u00a0\u00bb1_4&Prime; _builder_version=\u00a0\u00bb4.16&Prime; _module_preset=\u00a0\u00bbdefault\u00a0\u00bb custom_css_main_element=\u00a0\u00bbwidth:40px !important;\u00a0\u00bb pac_dcm_carousel_specific_module_num=\u00a0\u00bb0&Prime; global_colors_info=\u00a0\u00bb{}\u00a0\u00bb][et_pb_icon font_icon=\u00a0\u00bb&#xe0b7;||divi||400&Prime; icon_color=\u00a0\u00bb#9FB6AF\u00a0\u00bb icon_width=\u00a0\u00bb20px\u00a0\u00bb title_text=\u00a0\u00bbCompartir\u00a0\u00bb url=\u00a0\u00bb#compartir\u00a0\u00bb align=\u00a0\u00bbright\u00a0\u00bb admin_label=\u00a0\u00bbCompartir en Redes Sociales\u00a0\u00bb _builder_version=\u00a0\u00bb4.16&Prime; _module_preset=\u00a0\u00bbdefault\u00a0\u00bb custom_margin=\u00a0\u00bb5px||0px||false|false\u00a0\u00bb custom_padding=\u00a0\u00bb0px||0px||false|false\u00a0\u00bb animation_style=\u00a0\u00bbroll\u00a0\u00bb global_colors_info=\u00a0\u00bb{}\u00a0\u00bb icon_color__hover_enabled=\u00a0\u00bbon|hover\u00a0\u00bb icon_color__hover=\u00a0\u00bb#FCBF15&Prime;][\/et_pb_icon][\/et_pb_column][\/et_pb_row][et_pb_row column_structure=\u00a0\u00bb1_2,1_2&Prime; make_equal=\u00a0\u00bbon\u00a0\u00bb _builder_version=\u00a0\u00bb4.16&Prime; _module_preset=\u00a0\u00bbdefault\u00a0\u00bb custom_margin=\u00a0\u00bb10px||||false|false\u00a0\u00bb custom_padding=\u00a0\u00bb0px||0px||false|false\u00a0\u00bb global_colors_info=\u00a0\u00bb{}\u00a0\u00bb][et_pb_column type=\u00a0\u00bb1_2&Prime; _builder_version=\u00a0\u00bb4.16&Prime; _module_preset=\u00a0\u00bbdefault\u00a0\u00bb pac_dcm_carousel_specific_module_num=\u00a0\u00bb0&Prime; global_colors_info=\u00a0\u00bb{}\u00a0\u00bb][et_pb_text _builder_version=\u00a0\u00bb4.16&Prime; _module_preset=\u00a0\u00bbdefault\u00a0\u00bb background_color=\u00a0\u00bbrgba(159,182,175,0.2)\u00a0\u00bb custom_padding=\u00a0\u00bb30px|30px|30px|30px|false|false\u00a0\u00bb border_radii=\u00a0\u00bbon|8px|8px|8px|8px\u00a0\u00bb global_colors_info=\u00a0\u00bb{}\u00a0\u00bb]<\/p>\n<h2>Grimpe sur nos sommets, traverse nos bergeries et p\u00e9n\u00e8tre au c\u0153ur des Picos de Europa depuis On\u00eds.<\/h2>\n<p>[\/et_pb_text][\/et_pb_column][et_pb_column type=\u00a0\u00bb1_2&Prime; _builder_version=\u00a0\u00bb4.16&Prime; _module_preset=\u00a0\u00bbdefault\u00a0\u00bb custom_css_main_element=\u00a0\u00bbmargin: auto;\u00a0\u00bb pac_dcm_carousel_specific_module_num=\u00a0\u00bb0&Prime; global_colors_info=\u00a0\u00bb{}\u00a0\u00bb][et_pb_text _builder_version=\u00a0\u00bb4.16&Prime; _module_preset=\u00a0\u00bbdefault\u00a0\u00bb global_colors_info=\u00a0\u00bb{}\u00a0\u00bb]<\/p>\n<p>Les alpinistes exp\u00e9riment\u00e9s peuvent profiter de ces itin\u00e9raires alternatifs \u00e0 ceux du parc national. Nous proposons des adaptations de nos sentiers bien connus des Pics d&rsquo;Europe et du fromage de Gamon\u00e9u, ainsi qu&rsquo;un itin\u00e9raire circulaire spectaculaire de Camba \u00e0 travers nos bergeries. <\/p>\n<p>[\/et_pb_text][\/et_pb_column][\/et_pb_row][et_pb_row column_structure=\u00a0\u00bb1_3,1_3,1_3&Prime; _builder_version=\u00a0\u00bb4.16&Prime; _module_preset=\u00a0\u00bbdefault\u00a0\u00bb custom_padding=\u00a0\u00bb||0px||false|false\u00a0\u00bb global_colors_info=\u00a0\u00bb{}\u00a0\u00bb][et_pb_column type=\u00a0\u00bb1_3&Prime; _builder_version=\u00a0\u00bb4.16&Prime; _module_preset=\u00a0\u00bbdefault\u00a0\u00bb pac_dcm_carousel_specific_module_num=\u00a0\u00bb0&Prime; global_colors_info=\u00a0\u00bb{}\u00a0\u00bb][et_pb_text _builder_version=\u00a0\u00bb4.16&Prime; _module_preset=\u00a0\u00bbdefault\u00a0\u00bb text_font=\u00a0\u00bb|700|||||||\u00a0\u00bb text_text_color=\u00a0\u00bbgcid-94d7f7f8-5b57-48da-9c1e-db41777968ac\u00a0\u00bb text_orientation=\u00a0\u00bbcenter\u00a0\u00bb border_width_bottom=\u00a0\u00bb3px\u00a0\u00bb border_color_bottom=\u00a0\u00bbgcid-94d7f7f8-5b57-48da-9c1e-db41777968ac\u00a0\u00bb global_colors_info=\u00a0\u00bb{%22gcid-94d7f7f8-5b57-48da-9c1e-db41777968ac%22:%91%22text_text_color%22,%22border_color_bottom%22%93}\u00a0\u00bb]<\/p>\n<p>FACILE<\/p>\n<p>[\/et_pb_text][\/et_pb_column][et_pb_column type=\u00a0\u00bb1_3&Prime; _builder_version=\u00a0\u00bb4.16&Prime; _module_preset=\u00a0\u00bbdefault\u00a0\u00bb pac_dcm_carousel_specific_module_num=\u00a0\u00bb0&Prime; global_colors_info=\u00a0\u00bb{}\u00a0\u00bb][et_pb_text _builder_version=\u00a0\u00bb4.16&Prime; _module_preset=\u00a0\u00bbdefault\u00a0\u00bb text_font=\u00a0\u00bb|700|||||||\u00a0\u00bb text_text_color=\u00a0\u00bbgcid-36e82cfa-87c6-4edf-ab99-389c301a2ce2&Prime; text_orientation=\u00a0\u00bbcenter\u00a0\u00bb border_width_bottom=\u00a0\u00bb3px\u00a0\u00bb border_color_bottom=\u00a0\u00bbgcid-36e82cfa-87c6-4edf-ab99-389c301a2ce2&Prime; global_colors_info=\u00a0\u00bb{%22gcid-36e82cfa-87c6-4edf-ab99-389c301a2ce2%22:%91%22text_text_color%22,%22border_color_bottom%22%93}\u00a0\u00bb]<\/p>\n<p>M\u00c9DIA<\/p>\n<p>[\/et_pb_text][\/et_pb_column][et_pb_column type=\u00a0\u00bb1_3&Prime; _builder_version=\u00a0\u00bb4.16&Prime; _module_preset=\u00a0\u00bbdefault\u00a0\u00bb pac_dcm_carousel_specific_module_num=\u00a0\u00bb0&Prime; global_colors_info=\u00a0\u00bb{}\u00a0\u00bb][et_pb_text _builder_version=\u00a0\u00bb4.16&Prime; _module_preset=\u00a0\u00bbdefault\u00a0\u00bb text_font=\u00a0\u00bb|700|||||||\u00a0\u00bb text_text_color=\u00a0\u00bbgcid-487abd7c-53c7-4c6b-af1f-21906ae5b537&Prime; text_orientation=\u00a0\u00bbcenter\u00a0\u00bb border_width_bottom=\u00a0\u00bb3px\u00a0\u00bb border_color_bottom=\u00a0\u00bbgcid-487abd7c-53c7-4c6b-af1f-21906ae5b537&Prime; global_colors_info=\u00a0\u00bb{%22gcid-487abd7c-53c7-4c6b-af1f-21906ae5b537%22:%91%22text_text_color%22,%22border_color_bottom%22%93}\u00a0\u00bb]<\/p>\n<p>DIFFICILE<\/p>\n<p>[\/et_pb_text][\/et_pb_column][\/et_pb_row][et_pb_row _builder_version=\u00a0\u00bb4.16&Prime; _module_preset=\u00a0\u00bbdefault\u00a0\u00bb global_colors_info=\u00a0\u00bb{}\u00a0\u00bb][et_pb_column type=\u00a0\u00bb4_4&Prime; _builder_version=\u00a0\u00bb4.16&Prime; _module_preset=\u00a0\u00bbdefault\u00a0\u00bb pac_dcm_carousel_specific_module_num=\u00a0\u00bb0&Prime; global_colors_info=\u00a0\u00bb{}\u00a0\u00bb][et_pb_code _builder_version=\u00a0\u00bb4.16&Prime; _module_preset=\u00a0\u00bbdefault\u00a0\u00bb max_width=\u00a0\u00bb100%\u00a0\u00bb height=\u00a0\u00bb640px\u00a0\u00bb max_height=\u00a0\u00bb640px\u00a0\u00bb global_colors_info=\u00a0\u00bb{}\u00a0\u00bb]<div class=\"wpgmp_map_container wpgmp-map-4\" rel=\"map4\"><div class=\"wpgmp_map_parent\"><div class=\"wpgmp_map \" style=\"width:100%; height:640px;\" id=\"map4\" ><\/div><\/div><\/div><style> .wpgmp-map-4  .wpgmp_infowindow .fc-item-box.fc-item-no-padding{background-image:none;font-family:-apple-system, BlinkMacSystemFont, \"Segoe UI\", Roboto, Oxygen-Sans, Ubuntu, Cantarell, \"Helvetica Neue\", sans-serif;font-weight:400;font-size:15px;color:rgba(0, 0, 0, 0.87);line-height:21.4333px;background-color:rgb(255, 255, 255);font-style:normal;text-align:start;text-decoration:rgba(0, 0, 0, 0.87);margin-top:0px;margin-bottom:0px;margin-left:0px;margin-right:0px;padding-top:0px;padding-bottom:0px;padding-left:0px;padding-right:0px;} .wpgmp-map-4  .wpgmp_infowindow .fc-item-meta.fc-item-secondary-text-color.fc-item-top-space.fc-text-center{background-image:none;font-family:-apple-system, BlinkMacSystemFont, \"Segoe UI\", Roboto, Oxygen-Sans, Ubuntu, Cantarell, \"Helvetica Neue\", sans-serif;font-weight:400;font-size:13px;color:rgb(119, 119, 119);line-height:23px;background-color:rgba(0, 0, 0, 0);font-style:normal;text-align:center;text-decoration:rgb(119, 119, 119);margin-top:10px;margin-bottom:7px;margin-left:0px;margin-right:0px;padding-top:0px;padding-bottom:0px;padding-left:0px;padding-right:0px;} .wpgmp-map-4  .wpgmp_infowindow .fc-item-title.fc-item-primary-text-color.fc-text-center{background-image:none;font-family:-apple-system, BlinkMacSystemFont, \"Segoe UI\", Roboto, Oxygen-Sans, Ubuntu, Cantarell, \"Helvetica Neue\", sans-serif;font-weight:700;font-size:16px;color:rgb(68, 68, 68);line-height:21.4333px;background-color:rgba(0, 0, 0, 0);font-style:normal;text-align:center;text-decoration:rgb(68, 68, 68);margin-top:0px;margin-bottom:5px;margin-left:0px;margin-right:0px;padding-top:0px;padding-bottom:0px;padding-left:0px;padding-right:0px;} .wpgmp-map-4  .wpgmp_infowindow .fc-item-content.fc-item-body-text-color.fc-item-top-space{background-image:none;font-family:-apple-system, BlinkMacSystemFont, \"Segoe UI\", Roboto, Oxygen-Sans, Ubuntu, Cantarell, \"Helvetica Neue\", sans-serif;font-weight:300;font-size:13px;color:rgb(119, 119, 119);line-height:23px;background-color:rgba(0, 0, 0, 0);font-style:normal;text-align:center;text-decoration:rgb(119, 119, 119);margin-top:10px;margin-bottom:0px;margin-left:0px;margin-right:0px;padding-top:0px;padding-bottom:0px;padding-left:0px;padding-right:0px;} .wpgmp-map-4  .wpgmp_infowindow.wpgmp_infowindow_post .fc-item-title{background-image:none;font-family:Montserrat, sans-serif;font-weight:600;font-size:18px;color:rgb(33, 47, 61);line-height:21.4333px;background-color:rgba(0, 0, 0, 0);font-style:normal;text-align:start;text-decoration:rgb(33, 47, 61);margin-top:0px;margin-bottom:5px;margin-left:0px;margin-right:0px;padding-top:0px;padding-bottom:0px;padding-left:0px;padding-right:0px;} .wpgmp-map-4 .wpgmp_locations{background-image:none;font-family:-apple-system, BlinkMacSystemFont, \"Segoe UI\", Roboto, Oxygen-Sans, Ubuntu, Cantarell, \"Helvetica Neue\", sans-serif;font-weight:400;font-size:15px;color:rgba(0, 0, 0, 0.87);line-height:21.4333px;background-color:rgba(0, 0, 0, 0);font-style:normal;text-align:start;text-decoration:rgba(0, 0, 0, 0.87);margin-top:0px;margin-bottom:0px;margin-left:0px;margin-right:0px;padding-top:0px;padding-bottom:0px;padding-left:0px;padding-right:0px;} .wpgmp-map-4 .wpgmp_locations_head{background-image:none;font-family:-apple-system, BlinkMacSystemFont, \"Segoe UI\", Roboto, Oxygen-Sans, Ubuntu, Cantarell, \"Helvetica Neue\", sans-serif;font-weight:400;font-size:15px;color:rgba(0, 0, 0, 0.87);line-height:21.4333px;background-color:rgba(0, 0, 0, 0);font-style:normal;text-align:start;text-decoration:rgba(0, 0, 0, 0.87);margin-top:0px;margin-bottom:0px;margin-left:0px;margin-right:0px;padding-top:0px;padding-bottom:0px;padding-left:0px;padding-right:0px;} .wpgmp-map-4 .place_title{background-image:none;font-family:Montserrat, sans-serif;font-weight:400;font-size:15px;color:rgb(34, 113, 177);line-height:21.4333px;background-color:rgba(0, 0, 0, 0);font-style:normal;text-align:start;text-decoration:underline rgb(34, 113, 177);margin-top:0px;margin-bottom:0px;margin-left:0px;margin-right:0px;padding-top:0px;padding-bottom:0px;padding-left:0px;padding-right:0px;} .wpgmp-map-4 .wpgmp_location_meta{background-image:none;font-family:-apple-system, BlinkMacSystemFont, \"Segoe UI\", Roboto, Oxygen-Sans, Ubuntu, Cantarell, \"Helvetica Neue\", sans-serif;font-weight:400;font-size:15px;color:rgba(0, 0, 0, 0.87);line-height:21.4333px;background-color:rgba(0, 0, 0, 0);font-style:normal;text-align:start;text-decoration:rgba(0, 0, 0, 0.87);margin-top:0px;margin-bottom:0px;margin-left:0px;margin-right:0px;padding-top:0px;padding-bottom:0px;padding-left:0px;padding-right:0px;} .wpgmp-map-4 .wpgmp_locations_content{background-image:none;font-family:-apple-system, BlinkMacSystemFont, \"Segoe UI\", Roboto, Oxygen-Sans, Ubuntu, Cantarell, \"Helvetica Neue\", sans-serif;font-weight:400;font-size:15px;color:rgba(0, 0, 0, 0.87);line-height:21.4333px;background-color:rgba(0, 0, 0, 0);font-style:normal;text-align:start;text-decoration:rgba(0, 0, 0, 0.87);margin-top:0px;margin-bottom:0px;margin-left:0px;margin-right:0px;padding-top:0px;padding-bottom:0px;padding-left:0px;padding-right:0px;}<\/style><script>jQuery(document).ready(function($) {var map4 = $(\"#map4\").maps({\"map_options\":{\"center_lat\":\"43.333485\",\"center_lng\":\"-4.959100\",\"zoom\":19,\"map_type_id\":\"TERRAIN\",\"center_by_nearest\":false,\"fit_bounds\":true,\"center_circle_fillcolor\":\"#8CAEF2\",\"center_circle_strokecolor\":\"#8CAEF2\",\"show_center_circle\":false,\"show_center_marker\":false,\"center_marker_icon\":\"https:\/\/www.onisecoturismo.es\/wp-content\/plugins\/wp-google-map-gold\/assets\/images\/\/default_marker.png\",\"draggable\":true,\"scroll_wheel\":\"true\",\"gesture\":\"auto\",\"infowindow_setting\":\"<div class=\\\"fc-item-box fc-item-no-padding\\\">\\n    {marker_image}<\/p>\\n<div class=\\\"fc-itemcontent-padding\\\">\\n<div class=\\\"fc-item-padding-content_20\\\">\\n<div class=\\\"fc-item-meta fc-item-secondary-text-color fc-item-top-space fc-text-center\\\">{marker_category}<\/div>\\n<div class=\\\"fc-item-title fc-item-primary-text-color fc-text-center\\\">{marker_title}<\/div>\\n<div class=\\\"fc-item-content fc-item-body-text-color fc-item-top-space\\\" style=\\\"text-align:center;\\\">\\n                {marker_message}\\n            <\/div>\\n<\/p><\/div>\\n<\/p><\/div>\\n<\/div>\\n\",\"infowindow_geotags_setting\":\"<div class=\\\"fc-main\\\">\\n<div class=\\\"fc-item-title\\\">{post_title} <span class=\\\"fc-badge info\\\">{post_categories}<\/span><\/div>\\n<div class=\\\"fc-item-featured_image\\\">{post_featured_image} <\/div>\\n<p>{post_excerpt}<\/p>\\n<address><b>Address : <\/b>{marker_address}<\/address>\\n<p><a target=\\\"_blank\\\" class=\\\"fc-btn fc-btn-small fc-btn-red\\\" href=\\\"{post_link}\\\">Read More...<\/a><\/div>\\n\",\"infowindow_skin\":{\"name\":\"udine\",\"type\":\"infowindow\",\"sourcecode\":\"<div class=\\\"fc-item-box fc-item-no-padding\\\">\\r\\n    {marker_image}\\r\\n    <div class=\\\"fc-itemcontent-padding\\\">\\r\\n        <div class=\\\"fc-item-padding-content_20\\\">\\r\\n            <div class=\\\"fc-item-meta fc-item-secondary-text-color fc-item-top-space fc-text-center\\\">{marker_category}<\/div>\\r\\n            <div class=\\\"fc-item-title fc-item-primary-text-color fc-text-center\\\">{marker_title}<\/div>\\r\\n            <div class=\\\"fc-item-content fc-item-body-text-color fc-item-top-space\\\" style=\\\"text-align:center;\\\">\\r\\n                {marker_message}\\r\\n            <\/div>\\r\\n\\r\\n        <\/div>\\r\\n    <\/div>\\r\\n<\/div>\"},\"infowindow_post_skin\":{\"name\":\"default\",\"type\":\"post\",\"sourcecode\":\"<div class=\\\"fc-main\\\"><div class=\\\"fc-item-title\\\">{post_title} <span class=\\\"fc-badge info\\\">{post_categories}<\/span><\/div> <div class=\\\"fc-item-featured_image\\\">{post_featured_image} <\/div>{post_excerpt}<address><b>Address : <\/b>{marker_address}<\/address><a target=\\\"_blank\\\" class=\\\"fc-btn fc-btn-small fc-btn-red\\\" href=\\\"{post_link}\\\">Read More...<\/a><\/div>\"},\"infowindow_drop_animation\":false,\"close_infowindow_on_map_click\":true,\"default_infowindow_open\":false,\"infowindow_open_event\":\"click\",\"infowindow_filter_only\":false,\"infowindow_click_change_zoom\":0,\"infowindow_click_change_center\":false,\"full_screen_control\":true,\"search_control\":true,\"zoom_control\":true,\"map_type_control\":true,\"street_view_control\":false,\"locateme_control\":false,\"mobile_specific\":false,\"zoom_mobile\":5,\"draggable_mobile\":true,\"scroll_wheel_mobile\":true,\"full_screen_control_position\":\"TOP_RIGHT\",\"search_control_position\":\"TOP_LEFT\",\"locateme_control_position\":\"TOP_LEFT\",\"zoom_control_position\":\"TOP_LEFT\",\"map_type_control_position\":\"TOP_RIGHT\",\"map_type_control_style\":\"HORIZONTAL_BAR\",\"street_view_control_position\":\"TOP_LEFT\",\"map_control\":false,\"screens\":{\"smartphones\":{\"map_zoom_level_mobile\":\"5\"},\"ipads\":{\"map_zoom_level_mobile\":\"5\"},\"large-screens\":{\"map_zoom_level_mobile\":\"5\"}},\"map_infowindow_customisations\":false,\"infowindow_width\":\"100%\",\"infowindow_border_color\":\"rgba(0, 0, 0, 0.0980392)\",\"infowindow_bg_color\":\"#fff\",\"show_infowindow_header\":false,\"min_zoom\":\"0\",\"max_zoom\":\"19\",\"zoom_level_after_search\":\"4\",\"url_filters\":false,\"doubleclickzoom\":true,\"bound_map_after_filter\":false,\"display_reset_button\":false,\"map_reset_button_text\":\"Reset\",\"height\":\"640\"},\"kml_layer\":{\"kml_layers_links\":[\"https:\/\/www.onisecoturismo.es\/wp-content\/uploads\/2021\/12\/Rutas-montana.kml?x=1777524770\"]},\"bicyle_layer\":{\"display_layer\":true},\"bicycling_layer\":{\"display_layer\":true},\"places\":[{\"id\":\"11\",\"title\":\"Inicio Ruta S12. Las Majadas de On\\u00eds\",\"address\":\"Bobia, Spain\",\"source\":\"manual\",\"content\":\"<a href=\\\"https:\/\/www.onisecoturismo.es\/turismo-activo\/rutas-senderismo\/ruta-de-las-majadas-de-onis\/\\\">Ver ruta<\/a>\",\"location\":{\"icon\":\"https:\/\/www.onisecoturismo.es\/wp-content\/uploads\/2021\/12\/Color-Senderismo-dificil_40px.png\",\"lat\":\"43.280620445591346\",\"lng\":\"-4.963583824700923\",\"city\":\"Bobia\",\"state\":\"Principado de Asturias\",\"country\":\"Spain\",\"onclick_action\":\"marker\",\"open_new_tab\":\"yes\",\"postal_code\":\"33556\",\"draggable\":false,\"infowindow_default_open\":false,\"infowindow_disable\":true,\"zoom\":5,\"extra_fields\":{\"listorder\":0}},\"categories\":[{\"id\":\"5\",\"name\":\"Inicio ruta dif\\u00edcil\",\"type\":\"category\",\"icon\":\"https:\/\/www.onisecoturismo.es\/wp-content\/uploads\/2021\/12\/Color-Senderismo-dificil_40px.png\"}]},{\"id\":\"12\",\"title\":\"Inicio ruta S10. Gran Trail Picos de Europa\",\"address\":\"Benia de On\\u00eds, Benia de On\\u00eds, Spain\",\"source\":\"manual\",\"content\":\"<a href=\\\"https:\/\/www.onisecoturismo.es\/turismo-activo\/rutas-senderismo\/gran-trail-picos-de-europa-para-montaneros\/\\\">Ver ruta<\/a>\",\"location\":{\"icon\":\"https:\/\/www.onisecoturismo.es\/wp-content\/uploads\/2021\/12\/Color-Senderismo-dificil_40px.png\",\"lat\":\"43.33462266113311\",\"lng\":\"-4.96879892936096\",\"city\":\"Benia de On\\u00eds\",\"state\":\"Principado de Asturias\",\"country\":\"Spain\",\"onclick_action\":\"marker\",\"open_new_tab\":\"yes\",\"postal_code\":\"33556\",\"draggable\":false,\"infowindow_default_open\":false,\"infowindow_disable\":true,\"zoom\":5,\"extra_fields\":{\"listorder\":0}},\"categories\":[{\"id\":\"5\",\"name\":\"Inicio ruta dif\\u00edcil\",\"type\":\"category\",\"icon\":\"https:\/\/www.onisecoturismo.es\/wp-content\/uploads\/2021\/12\/Color-Senderismo-dificil_40px.png\"}]},{\"id\":\"13\",\"title\":\"Inicio ruta S11. Trail Quesu Gamoneu\",\"address\":\"Av\\u00edn, Spain\",\"source\":\"manual\",\"content\":\"<a href=\\\"https:\/\/www.onisecoturismo.es\/turismo-activo\/rutas-senderismo\/trail-queso-gamoneu-para-montaneros\/\\\">Ver ruta<\/a>\",\"location\":{\"icon\":\"https:\/\/www.onisecoturismo.es\/wp-content\/uploads\/2021\/12\/Color-Senderismo-dificil_40px.png\",\"lat\":\"43.33436231863122\",\"lng\":\"-4.955162393809506\",\"city\":\"Av\\u00edn\",\"state\":\"Principado de Asturias\",\"country\":\"Spain\",\"onclick_action\":\"marker\",\"open_new_tab\":\"yes\",\"postal_code\":\"33556\",\"draggable\":false,\"infowindow_default_open\":false,\"infowindow_disable\":true,\"zoom\":5,\"extra_fields\":{\"listorder\":0}},\"categories\":[{\"id\":\"5\",\"name\":\"Inicio ruta dif\\u00edcil\",\"type\":\"category\",\"icon\":\"https:\/\/www.onisecoturismo.es\/wp-content\/uploads\/2021\/12\/Color-Senderismo-dificil_40px.png\"}]}],\"map_property\":{\"map_id\":\"4\",\"debug_mode\":false},\"shapes\":{\"drawing_editable\":false},\"filters\":{\"filters_container\":\"[data-container=\\\"wpgmp-filters-container\\\"]\"},\"marker_category_icons\":{\"1\":\"https:\/\/www.onisecoturismo.es\/wp-content\/plugins\/wp-google-map-gold\/assets\/images\/icons\/info.png\",\"3\":\"https:\/\/www.onisecoturismo.es\/wp-content\/uploads\/2021\/12\/Color-Senderismo-facil_40px.png\",\"4\":\"https:\/\/www.onisecoturismo.es\/wp-content\/uploads\/2022\/05\/ruta-senderismo-media.png\",\"5\":\"https:\/\/www.onisecoturismo.es\/wp-content\/uploads\/2021\/12\/Color-Senderismo-dificil_40px.png\",\"6\":\"https:\/\/www.onisecoturismo.es\/wp-content\/plugins\/wp-leaflet-maps-pro-new\/assets\/images\/icons\/4-generic.png\"}}).data(\"wpgmp_maps\");});<\/script>[\/et_pb_code][\/et_pb_column][\/et_pb_row][et_pb_row column_structure=\u00a0\u00bb1_3,1_3,1_3&Prime; _builder_version=\u00a0\u00bb4.16&Prime; _module_preset=\u00a0\u00bbdefault\u00a0\u00bb global_colors_info=\u00a0\u00bb{}\u00a0\u00bb][et_pb_column type=\u00a0\u00bb1_3&Prime; _builder_version=\u00a0\u00bb4.16&Prime; _module_preset=\u00a0\u00bbdefault\u00a0\u00bb pac_dcm_carousel_specific_module_num=\u00a0\u00bb0&Prime; global_colors_info=\u00a0\u00bb{}\u00a0\u00bb][et_pb_image src=\u00a0\u00bbhttps:\/\/www.onisecoturismo.es\/wp-content\/uploads\/2021\/12\/S10-480.png\u00a0\u00bb title_text=\u00a0\u00bbS10-480&Prime; url=\u00a0\u00bb@ET-DC@eyJkeW5hbWljIjp0cnVlLCJjb250ZW50IjoicG9zdF9saW5rX3VybF9wYWdlIiwic2V0dGluZ3MiOnsicG9zdF9pZCI6IjMzNTc1NyJ9fQ==@\u00a0\u00bb _builder_version=\u00a0\u00bb4.17.1&Prime; _dynamic_attributes=\u00a0\u00bburl\u00a0\u00bb _module_preset=\u00a0\u00bbdefault\u00a0\u00bb custom_margin=\u00a0\u00bb0px||16px||false|false\u00a0\u00bb border_radii=\u00a0\u00bbon|8px|8px|8px|8px\u00a0\u00bb border_color_all=\u00a0\u00bbgcid-487abd7c-53c7-4c6b-af1f-21906ae5b537&Prime; border_width_bottom=\u00a0\u00bb10px\u00a0\u00bb border_color_bottom=\u00a0\u00bbgcid-487abd7c-53c7-4c6b-af1f-21906ae5b537&Prime; global_colors_info=\u00a0\u00bb{%22gcid-487abd7c-53c7-4c6b-af1f-21906ae5b537%22:%91%22border_color_all%22,%22border_color_bottom%22%93}\u00a0\u00bb][\/et_pb_image][et_pb_blurb title=\u00a0\u00bbS10. Gran Trail Picos de Europa (pour les alpinistes)  \u00a0\u00bb url=\u00a0\u00bb@ET-DC@eyJkeW5hbWljIjp0cnVlLCJjb250ZW50IjoicG9zdF9saW5rX3VybF9wYWdlIiwic2V0dGluZ3MiOnsicG9zdF9pZCI6IjMzNTc1NyJ9fQ==@\u00a0\u00bb image=\u00a0\u00bbhttps:\/\/www.onisecoturismo.es\/wp-content\/uploads\/2021\/12\/Color-Senderismo-dificil_40px.png\u00a0\u00bb _builder_version=\u00a0\u00bb4.17.1&Prime; _dynamic_attributes=\u00a0\u00bburl\u00a0\u00bb _module_preset=\u00a0\u00bbdefault\u00a0\u00bb header_level=\u00a0\u00bbh3&Prime; body_font_size=\u00a0\u00bb15px\u00a0\u00bb custom_margin=\u00a0\u00bb0px|0px|14px|0px|false|false\u00a0\u00bb custom_css_blurb_image=\u00a0\u00bbmax-width:36px;||float:right;\u00a0\u00bb global_colors_info=\u00a0\u00bb{}\u00a0\u00bb]<\/p>\n<p>24,2 km : +1 560 m : 9-10 heures : Difficile<\/p>\n<p>[\/et_pb_blurb][et_pb_text _builder_version=\u00a0\u00bb4.18.0&Prime; _module_preset=\u00a0\u00bbdefault\u00a0\u00bb text_text_color=\u00a0\u00bb#FFFFFF\u00a0\u00bb text_font_size=\u00a0\u00bb12px\u00a0\u00bb link_text_color=\u00a0\u00bb#FFFFFF\u00a0\u00bb background_color=\u00a0\u00bbgcid-487abd7c-53c7-4c6b-af1f-21906ae5b537&Prime; text_orientation=\u00a0\u00bbcenter\u00a0\u00bb border_radii=\u00a0\u00bbon|6px|6px|6px|6px\u00a0\u00bb global_colors_info=\u00a0\u00bb{%22gcid-487abd7c-53c7-4c6b-af1f-21906ae5b537%22:%91%22background_color%22%93}\u00a0\u00bb link_text_color__hover_enabled=\u00a0\u00bbon|desktop\u00a0\u00bb link_text_color__hover=\u00a0\u00bb#162210&Prime;]<\/p>\n<p><a href=\"https:\/\/www.onisecoturismo.es\/wp-content\/uploads\/2022\/05\/Ruta-S10-GTPE-22km-NUEVA.kml\" target=\"_blank\" rel=\"noopener\">KML<\/a>  &gt; <a href=\"https:\/\/es.wikiloc.com\/rutas-senderismo\/s10-gtpe-picos-de-europa-22km-para-senderistas-103261202\" target=\"_blank\" rel=\"noopener\">Wikiloc<\/a><\/p>\n<p>[\/et_pb_text][\/et_pb_column][et_pb_column type=\u00a0\u00bb1_3&Prime; _builder_version=\u00a0\u00bb4.16&Prime; _module_preset=\u00a0\u00bbdefault\u00a0\u00bb pac_dcm_carousel_specific_module_num=\u00a0\u00bb0&Prime; global_colors_info=\u00a0\u00bb{}\u00a0\u00bb][et_pb_image src=\u00a0\u00bbhttps:\/\/www.onisecoturismo.es\/wp-content\/uploads\/2022\/02\/S11-480_2.jpg\u00a0\u00bb title_text=\u00a0\u00bbS11-480_2&Prime; url=\u00a0\u00bb@ET-DC@eyJkeW5hbWljIjp0cnVlLCJjb250ZW50IjoicG9zdF9saW5rX3VybF9wYWdlIiwic2V0dGluZ3MiOnsicG9zdF9pZCI6IjMzNTc3NiJ9fQ==@\u00a0\u00bb _builder_version=\u00a0\u00bb4.17.1&Prime; _dynamic_attributes=\u00a0\u00bburl\u00a0\u00bb _module_preset=\u00a0\u00bbdefault\u00a0\u00bb custom_margin=\u00a0\u00bb0px||16px||false|false\u00a0\u00bb border_radii=\u00a0\u00bbon|8px|8px|8px|8px\u00a0\u00bb border_color_all=\u00a0\u00bbgcid-487abd7c-53c7-4c6b-af1f-21906ae5b537&Prime; border_width_bottom=\u00a0\u00bb10px\u00a0\u00bb border_color_bottom=\u00a0\u00bbgcid-487abd7c-53c7-4c6b-af1f-21906ae5b537&Prime; global_colors_info=\u00a0\u00bb{%22gcid-487abd7c-53c7-4c6b-af1f-21906ae5b537%22:%91%22border_color_all%22,%22border_color_bottom%22%93}\u00a0\u00bb][\/et_pb_image][et_pb_blurb title=\u00a0\u00bbS11. Sentier Quesu Gamon\u00e9u (pour les alpinistes)   \u00a0\u00bb url=\u00a0\u00bb@ET-DC@eyJkeW5hbWljIjp0cnVlLCJjb250ZW50IjoicG9zdF9saW5rX3VybF9wYWdlIiwic2V0dGluZ3MiOnsicG9zdF9pZCI6IjMzNTc3NiJ9fQ==@\u00a0\u00bb image=\u00a0\u00bbhttps:\/\/www.onisecoturismo.es\/wp-content\/uploads\/2021\/12\/Color-Senderismo-dificil_40px.png\u00a0\u00bb _builder_version=\u00a0\u00bb4.17.1&Prime; _dynamic_attributes=\u00a0\u00bburl\u00a0\u00bb _module_preset=\u00a0\u00bbdefault\u00a0\u00bb header_level=\u00a0\u00bbh3&Prime; body_font_size=\u00a0\u00bb15px\u00a0\u00bb custom_margin=\u00a0\u00bb0px|0px|14px|0px|false|false\u00a0\u00bb custom_css_blurb_image=\u00a0\u00bbmax-width:36px;||float:right;\u00a0\u00bb global_colors_info=\u00a0\u00bb{}\u00a0\u00bb]<\/p>\n<p>15,5 km : +1 027 m : 6,5 heures : Difficile<\/p>\n<p>[\/et_pb_blurb][et_pb_text disabled_on=\u00a0\u00bboff|off|off\u00a0\u00bb _builder_version=\u00a0\u00bb4.17.6&Prime; _module_preset=\u00a0\u00bbdefault\u00a0\u00bb text_text_color=\u00a0\u00bb#FFFFFF\u00a0\u00bb text_font_size=\u00a0\u00bb12px\u00a0\u00bb link_text_color=\u00a0\u00bb#FFFFFF\u00a0\u00bb background_color=\u00a0\u00bbgcid-487abd7c-53c7-4c6b-af1f-21906ae5b537&Prime; text_orientation=\u00a0\u00bbcenter\u00a0\u00bb border_radii=\u00a0\u00bbon|6px|6px|6px|6px\u00a0\u00bb global_colors_info=\u00a0\u00bb{%22gcid-487abd7c-53c7-4c6b-af1f-21906ae5b537%22:%91%22background_color%22%93}\u00a0\u00bb link_text_color__hover_enabled=\u00a0\u00bbon|desktop\u00a0\u00bb link_text_color__hover=\u00a0\u00bb#162210&Prime;]<\/p>\n<p><a href=\"#\" target=\"_blank\" rel=\"noopener\">Topoguide<\/a> &gt; <a href=\"https:\/\/www.onisecoturismo.es\/wp-content\/uploads\/2022\/05\/Ruta-S11-Trail-Quesu-Gamoneu-NUEVA.kml\" target=\"_blank\" rel=\"noopener\">KML<\/a> &gt; <a href=\"https:\/\/es.wikiloc.com\/rutas-senderismo\/s11-trail-quesu-gamoneu-103203600\" target=\"_blank\" rel=\"noopener\">Wikiloc<\/a><\/p>\n<p>[\/et_pb_text][\/et_pb_column][et_pb_column type=\u00a0\u00bb1_3&Prime; _builder_version=\u00a0\u00bb4.16&Prime; _module_preset=\u00a0\u00bbdefault\u00a0\u00bb pac_dcm_carousel_specific_module_num=\u00a0\u00bb0&Prime; global_colors_info=\u00a0\u00bb{}\u00a0\u00bb][et_pb_image src=\u00a0\u00bbhttps:\/\/www.onisecoturismo.es\/wp-content\/uploads\/2021\/12\/S12-480.png\u00a0\u00bb title_text=\u00a0\u00bbS12-480&Prime; url=\u00a0\u00bb@ET-DC@eyJkeW5hbWljIjp0cnVlLCJjb250ZW50IjoicG9zdF9saW5rX3VybF9wYWdlIiwic2V0dGluZ3MiOnsicG9zdF9pZCI6IjMzNTc4MSJ9fQ==@\u00a0\u00bb _builder_version=\u00a0\u00bb4.17.1&Prime; _dynamic_attributes=\u00a0\u00bburl\u00a0\u00bb _module_preset=\u00a0\u00bbdefault\u00a0\u00bb custom_margin=\u00a0\u00bb0px||16px||false|false\u00a0\u00bb border_radii=\u00a0\u00bbon|8px|8px|8px|8px\u00a0\u00bb border_color_all=\u00a0\u00bbgcid-487abd7c-53c7-4c6b-af1f-21906ae5b537&Prime; border_width_bottom=\u00a0\u00bb10px\u00a0\u00bb border_color_bottom=\u00a0\u00bbgcid-487abd7c-53c7-4c6b-af1f-21906ae5b537&Prime; global_colors_info=\u00a0\u00bb{%22gcid-487abd7c-53c7-4c6b-af1f-21906ae5b537%22:%91%22border_color_all%22,%22border_color_bottom%22%93}\u00a0\u00bb][\/et_pb_image][et_pb_blurb title=\u00a0\u00bbS12. Itin\u00e9raire des Majadas de On\u00eds\u00a0\u00bb url=\u00a0\u00bb@ET-DC@eyJkeW5hbWljIjp0cnVlLCJjb250ZW50IjoicG9zdF9saW5rX3VybF9wYWdlIiwic2V0dGluZ3MiOnsicG9zdF9pZCI6IjMzNTc4MSJ9fQ==@\u00a0\u00bb image=\u00a0\u00bbhttps:\/\/www.onisecoturismo.es\/wp-content\/uploads\/2021\/12\/Color-Senderismo-dificil_40px.png\u00a0\u00bb _builder_version=\u00a0\u00bb4.17.1&Prime; _dynamic_attributes=\u00a0\u00bburl\u00a0\u00bb _module_preset=\u00a0\u00bbdefault\u00a0\u00bb header_level=\u00a0\u00bbh3&Prime; body_font_size=\u00a0\u00bb15px\u00a0\u00bb custom_margin=\u00a0\u00bb0px|0px|14px|0px|false|false\u00a0\u00bb custom_css_blurb_image=\u00a0\u00bbmax-width:36px;||float:right;\u00a0\u00bb global_colors_info=\u00a0\u00bb{}\u00a0\u00bb]<\/p>\n<p>14,6 km : +1 063 m : 6,5 heures : Difficile<\/p>\n<p>[\/et_pb_blurb][et_pb_text _builder_version=\u00a0\u00bb4.17.1&Prime; _module_preset=\u00a0\u00bbdefault\u00a0\u00bb text_text_color=\u00a0\u00bb#FFFFFF\u00a0\u00bb text_font_size=\u00a0\u00bb12px\u00a0\u00bb link_text_color=\u00a0\u00bb#FFFFFF\u00a0\u00bb background_color=\u00a0\u00bbgcid-487abd7c-53c7-4c6b-af1f-21906ae5b537&Prime; text_orientation=\u00a0\u00bbcenter\u00a0\u00bb border_radii=\u00a0\u00bbon|6px|6px|6px|6px\u00a0\u00bb global_colors_info=\u00a0\u00bb{%22gcid-487abd7c-53c7-4c6b-af1f-21906ae5b537%22:%91%22background_color%22%93}\u00a0\u00bb link_text_color__hover_enabled=\u00a0\u00bbon|desktop\u00a0\u00bb link_text_color__hover=\u00a0\u00bb#162210&Prime;]<\/p>\n<p><a href=\"https:\/\/www.onisecoturismo.es\/wp-content\/uploads\/2021\/12\/S12.-Ruta-de-las-Majadas-de-On%C3%ADs-1.kml\" target=\"_blank\" rel=\"noopener\">KML<\/a>  &gt; <a href=\"https:\/\/es.wikiloc.com\/rutas-senderismo\/ruta-no-12-es0439-circular-majadas-de-onis-88042506\" target=\"_blank\" rel=\"noopener\">Wikiloc<\/a><\/p>\n<p>[\/et_pb_text][\/et_pb_column][\/et_pb_row][\/et_pb_section][et_pb_section fb_built=\u00a0\u00bb1&Prime; _builder_version=\u00a0\u00bb4.16&Prime; _module_preset=\u00a0\u00bbdefault\u00a0\u00bb custom_margin=\u00a0\u00bb0px||0px||false|false\u00a0\u00bb custom_padding=\u00a0\u00bb0px||40px||false|false\u00a0\u00bb da_disable_devices=\u00a0\u00bboff|off|off\u00a0\u00bb global_colors_info=\u00a0\u00bb{}\u00a0\u00bb da_is_popup=\u00a0\u00bboff\u00a0\u00bb da_exit_intent=\u00a0\u00bboff\u00a0\u00bb da_has_close=\u00a0\u00bbon\u00a0\u00bb da_alt_close=\u00a0\u00bboff\u00a0\u00bb da_dark_close=\u00a0\u00bboff\u00a0\u00bb da_not_modal=\u00a0\u00bbon\u00a0\u00bb da_is_singular=\u00a0\u00bboff\u00a0\u00bb da_with_loader=\u00a0\u00bboff\u00a0\u00bb da_has_shadow=\u00a0\u00bbon\u00a0\u00bb][et_pb_row column_structure=\u00a0\u00bb1_3,1_3,1_3&Prime; _builder_version=\u00a0\u00bb4.16&Prime; _module_preset=\u00a0\u00bbdefault\u00a0\u00bb global_colors_info=\u00a0\u00bb{}\u00a0\u00bb][et_pb_column type=\u00a0\u00bb1_3&Prime; _builder_version=\u00a0\u00bb4.16&Prime; _module_preset=\u00a0\u00bbdefault\u00a0\u00bb pac_dcm_carousel_specific_module_num=\u00a0\u00bb0&Prime; global_colors_info=\u00a0\u00bb{}\u00a0\u00bb][\/et_pb_column][et_pb_column type=\u00a0\u00bb1_3&Prime; _builder_version=\u00a0\u00bb4.16&Prime; _module_preset=\u00a0\u00bbdefault\u00a0\u00bb pac_dcm_carousel_specific_module_num=\u00a0\u00bb0&Prime; global_colors_info=\u00a0\u00bb{}\u00a0\u00bb][\/et_pb_column][et_pb_column type=\u00a0\u00bb1_3&Prime; _builder_version=\u00a0\u00bb4.16&Prime; _module_preset=\u00a0\u00bbdefault\u00a0\u00bb pac_dcm_carousel_specific_module_num=\u00a0\u00bb0&Prime; global_colors_info=\u00a0\u00bb{}\u00a0\u00bb][\/et_pb_column][\/et_pb_row][\/et_pb_section]<\/p>\n","protected":false},"excerpt":{"rendered":"<p>Des itin\u00e9raires de montagne dans les Asturies de diff\u00e9rentes difficult\u00e9s. \u00c0 On\u00eds, tu trouveras des itin\u00e9raires de montagne pour tous les niveaux afin de profiter des Picos de Europa. <\/p>\n","protected":false},"author":1,"featured_media":0,"parent":348130,"menu_order":0,"comment_status":"closed","ping_status":"closed","template":"","meta":{"_acf_changed":false,"_et_pb_use_builder":"on","_et_pb_old_content":"","_et_gb_content_width":"","footnotes":""},"dipi_cpt_category":[],"class_list":["post-348260","page","type-page","status-publish","hentry"],"acf":[],"_links":{"self":[{"href":"https:\/\/www.onisecoturismo.es\/fr\/wp-json\/wp\/v2\/pages\/348260","targetHints":{"allow":["GET"]}}],"collection":[{"href":"https:\/\/www.onisecoturismo.es\/fr\/wp-json\/wp\/v2\/pages"}],"about":[{"href":"https:\/\/www.onisecoturismo.es\/fr\/wp-json\/wp\/v2\/types\/page"}],"author":[{"embeddable":true,"href":"https:\/\/www.onisecoturismo.es\/fr\/wp-json\/wp\/v2\/users\/1"}],"replies":[{"embeddable":true,"href":"https:\/\/www.onisecoturismo.es\/fr\/wp-json\/wp\/v2\/comments?post=348260"}],"version-history":[{"count":2,"href":"https:\/\/www.onisecoturismo.es\/fr\/wp-json\/wp\/v2\/pages\/348260\/revisions"}],"predecessor-version":[{"id":348262,"href":"https:\/\/www.onisecoturismo.es\/fr\/wp-json\/wp\/v2\/pages\/348260\/revisions\/348262"}],"up":[{"embeddable":true,"href":"https:\/\/www.onisecoturismo.es\/fr\/wp-json\/wp\/v2\/pages\/348130"}],"wp:attachment":[{"href":"https:\/\/www.onisecoturismo.es\/fr\/wp-json\/wp\/v2\/media?parent=348260"}],"wp:term":[{"taxonomy":"dipi_cpt_category","embeddable":true,"href":"https:\/\/www.onisecoturismo.es\/fr\/wp-json\/wp\/v2\/dipi_cpt_category?post=348260"}],"curies":[{"name":"wp","href":"https:\/\/api.w.org\/{rel}","templated":true}]}}