{"id":347971,"date":"2024-11-12T15:00:14","date_gmt":"2024-11-12T14:00:14","guid":{"rendered":"https:\/\/www.onisecoturismo.es\/politique-de-confidentialite-et-avis-juridique\/"},"modified":"2024-11-12T15:00:16","modified_gmt":"2024-11-12T14:00:16","slug":"politique-de-confidentialite-et-avis-juridique","status":"publish","type":"page","link":"https:\/\/www.onisecoturismo.es\/fr\/politique-de-confidentialite-et-avis-juridique\/","title":{"rendered":"Politique de confidentialit\u00e9 et avis juridique"},"content":{"rendered":"<p>[et_pb_section fb_built=\u00a0\u00bb1&Prime; next_background_color=\u00a0\u00bb#ffffff\u00a0\u00bb _builder_version=\u00a0\u00bb4.17.0&Prime; _module_preset=\u00a0\u00bbdefault\u00a0\u00bb background_color=\u00a0\u00bbrgba(22,34,16,0.21)\u00a0\u00bb background_image=\u00a0\u00bbhttps:\/\/www.onisecoturismo.es\/wp-content\/uploads\/2022\/01\/cabecera-descubre.jpg\u00a0\u00bb background_blend=\u00a0\u00bbdarken\u00a0\u00bb custom_padding=\u00a0\u00bb30px||100px||false|false\u00a0\u00bb bottom_divider_style=\u00a0\u00bbwave2&Prime; da_disable_devices=\u00a0\u00bboff|off|off\u00a0\u00bb global_colors_info=\u00a0\u00bb{}\u00a0\u00bb da_is_popup=\u00a0\u00bboff\u00a0\u00bb da_exit_intent=\u00a0\u00bboff\u00a0\u00bb da_has_close=\u00a0\u00bbon\u00a0\u00bb da_alt_close=\u00a0\u00bboff\u00a0\u00bb da_dark_close=\u00a0\u00bboff\u00a0\u00bb da_not_modal=\u00a0\u00bbon\u00a0\u00bb da_is_singular=\u00a0\u00bboff\u00a0\u00bb da_with_loader=\u00a0\u00bboff\u00a0\u00bb da_has_shadow=\u00a0\u00bbon\u00a0\u00bb][et_pb_row _builder_version=\u00a0\u00bb4.16&Prime; _module_preset=\u00a0\u00bbdefault\u00a0\u00bb global_colors_info=\u00a0\u00bb{}\u00a0\u00bb][et_pb_column type=\u00a0\u00bb4_4&Prime; _builder_version=\u00a0\u00bb4.16&Prime; _module_preset=\u00a0\u00bbdefault\u00a0\u00bb pac_dcm_carousel_specific_module_num=\u00a0\u00bb0&Prime; global_colors_info=\u00a0\u00bb{}\u00a0\u00bb][et_pb_blurb title=\u00a0\u00bbPolitique de confidentialit\u00e9 et avis juridique\u00a0\u00bb image=\u00a0\u00bbhttps:\/\/www.onisecoturismo.es\/wp-content\/uploads\/2021\/09\/Color-Punto-info.png\u00a0\u00bb alt=\u00a0\u00bbEscalade \u00e0 On\u00eds\u00a0\u00bb image_icon_width=\u00a0\u00bb100px\u00a0\u00bb content_max_width=\u00a0\u00bb100%\u00a0\u00bb image_icon_width_tablet=\u00a0\u00bb90px\u00a0\u00bb image_icon_width_phone=\u00a0\u00bb70px\u00a0\u00bb image_icon_width_last_edited=\u00a0\u00bbon|phone\u00a0\u00bb _builder_version=\u00a0\u00bb4.17.3&Prime; _module_preset=\u00a0\u00bbdefault\u00a0\u00bb header_level=\u00a0\u00bbh1&Prime; header_font=\u00a0\u00bb|800|||||||\u00a0\u00bb header_text_align=\u00a0\u00bbcenter\u00a0\u00bb header_text_color=\u00a0\u00bb#FFFFFF\u00a0\u00bb header_font_size=\u00a0\u00bb76px\u00a0\u00bb body_text_align=\u00a0\u00bbcenter\u00a0\u00bb body_text_color=\u00a0\u00bb#FFFFFF\u00a0\u00bb body_font_size=\u00a0\u00bb22px\u00a0\u00bb custom_margin=\u00a0\u00bb0px|0px|0px|0px|false|false\u00a0\u00bb custom_padding=\u00a0\u00bb0px|0px|0px|0px|false|false\u00a0\u00bb header_font_size_tablet=\u00a0\u00bb66px\u00a0\u00bb header_font_size_phone=\u00a0\u00bb42px\u00a0\u00bb header_font_size_last_edited=\u00a0\u00bbon|phone\u00a0\u00bb global_colors_info=\u00a0\u00bb{}\u00a0\u00bb]<\/p>\n<p>Textes juridiques de On\u00eds y Punto<\/p>\n<p>[\/et_pb_blurb][\/et_pb_column][\/et_pb_row][\/et_pb_section][et_pb_section fb_built=\u00a0\u00bb1&Prime; _builder_version=\u00a0\u00bb4.16&Prime; _module_preset=\u00a0\u00bbdefault\u00a0\u00bb custom_padding=\u00a0\u00bb0px||||false|false\u00a0\u00bb da_disable_devices=\u00a0\u00bboff|off|off\u00a0\u00bb global_colors_info=\u00a0\u00bb{}\u00a0\u00bb da_is_popup=\u00a0\u00bboff\u00a0\u00bb da_exit_intent=\u00a0\u00bboff\u00a0\u00bb da_has_close=\u00a0\u00bbon\u00a0\u00bb da_alt_close=\u00a0\u00bboff\u00a0\u00bb da_dark_close=\u00a0\u00bboff\u00a0\u00bb da_not_modal=\u00a0\u00bbon\u00a0\u00bb da_is_singular=\u00a0\u00bboff\u00a0\u00bb da_with_loader=\u00a0\u00bboff\u00a0\u00bb da_has_shadow=\u00a0\u00bbon\u00a0\u00bb][et_pb_row column_structure=\u00a0\u00bb3_4,1_4&Prime; use_custom_gutter=\u00a0\u00bbon\u00a0\u00bb gutter_width=\u00a0\u00bb1&Prime; admin_label=\u00a0\u00bbPain de mie\u00a0\u00bb _builder_version=\u00a0\u00bb4.17.2&Prime; _module_preset=\u00a0\u00bbdefault\u00a0\u00bb custom_margin=\u00a0\u00bb0px||0px||false|false\u00a0\u00bb custom_padding=\u00a0\u00bb0px||0px||false|false\u00a0\u00bb custom_css_main_element=\u00a0\u00bbdisplay:flex;\u00a0\u00bb global_module=\u00a0\u00bb337059&Prime; global_colors_info=\u00a0\u00bb{}\u00a0\u00bb][et_pb_column type=\u00a0\u00bb3_4&Prime; _builder_version=\u00a0\u00bb4.16&Prime; _module_preset=\u00a0\u00bbdefault\u00a0\u00bb custom_css_main_element=\u00a0\u00bbwidth:100% !important;\u00a0\u00bb pac_dcm_carousel_specific_module_num=\u00a0\u00bb0&Prime; global_colors_info=\u00a0\u00bb{}\u00a0\u00bb][\/et_pb_column][et_pb_column type=\u00a0\u00bb1_4&Prime; _builder_version=\u00a0\u00bb4.16&Prime; _module_preset=\u00a0\u00bbdefault\u00a0\u00bb custom_css_main_element=\u00a0\u00bbwidth:40px !important;\u00a0\u00bb pac_dcm_carousel_specific_module_num=\u00a0\u00bb0&Prime; global_colors_info=\u00a0\u00bb{}\u00a0\u00bb][et_pb_icon font_icon=\u00a0\u00bb&#xe0b7;||divi||400&Prime; icon_color=\u00a0\u00bb#9FB6AF\u00a0\u00bb icon_width=\u00a0\u00bb20px\u00a0\u00bb title_text=\u00a0\u00bbCompartir\u00a0\u00bb url=\u00a0\u00bb#compartir\u00a0\u00bb align=\u00a0\u00bbright\u00a0\u00bb admin_label=\u00a0\u00bbCompartir en Redes Sociales\u00a0\u00bb _builder_version=\u00a0\u00bb4.16&Prime; _module_preset=\u00a0\u00bbdefault\u00a0\u00bb custom_margin=\u00a0\u00bb5px||0px||false|false\u00a0\u00bb custom_padding=\u00a0\u00bb0px||0px||false|false\u00a0\u00bb animation_style=\u00a0\u00bbroll\u00a0\u00bb global_colors_info=\u00a0\u00bb{}\u00a0\u00bb icon_color__hover_enabled=\u00a0\u00bbon|hover\u00a0\u00bb icon_color__hover=\u00a0\u00bb#FCBF15&Prime;][\/et_pb_icon][\/et_pb_column][\/et_pb_row][et_pb_row _builder_version=\u00a0\u00bb4.17.3&Prime; _module_preset=\u00a0\u00bbdefault\u00a0\u00bb global_colors_info=\u00a0\u00bb{}\u00a0\u00bb][et_pb_column type=\u00a0\u00bb4_4&Prime; _builder_version=\u00a0\u00bb4.16&Prime; _module_preset=\u00a0\u00bbdefault\u00a0\u00bb pac_dcm_carousel_specific_module_num=\u00a0\u00bb0&Prime; global_colors_info=\u00a0\u00bb{}\u00a0\u00bb][et_pb_text _builder_version=\u00a0\u00bb4.17.3&Prime; _module_preset=\u00a0\u00bbdefault\u00a0\u00bb global_colors_info=\u00a0\u00bb{}\u00a0\u00bb]<\/p>\n<div class=\"row\">\n<div class=\"col-md-12 col-sm-12\">\n<div class=\"tbk__text\">\n<p><b>DONN\u00c9ES DU PROPRI\u00c9TAIRE DU SITE<\/b><\/p>\n<p>Le contenu de cette page web appartient \u00e0 : Ayuntamiento de On\u00eds NIF : P3304300A Avec si\u00e8ge social au <span class=\"LrzXr\">Carr. General, 33556 Benia de On\u00eds, Asturias <\/span>. Spain. <\/p>\n<p>L&rsquo;objectif de ce site Web est de fournir des informations sur les activit\u00e9s, les produits et les services de Ayuntamiento de On\u00eds, l&rsquo;offre et la fourniture de ces derniers conform\u00e9ment \u00e0 ses termes et conditions.<\/p>\n<h2>Mentions l\u00e9gales<\/h2>\n<p>&nbsp;<\/p>\n<\/div>\n<p><strong>INFORMATIONS G\u00c9N\u00c9RALES :<\/strong><\/p>\n<p><strong> <\/strong><\/p>\n<p><strong>Ayuntamiento de On\u00eds, <\/strong>dont le si\u00e8ge social est situ\u00e9 \u00e0  <span class=\"LrzXr\">Carr. General, 33556 Benia de On\u00eds, Asturias <\/span>L&rsquo;entreprise informe qu&rsquo;elle op\u00e8re actuellement sur Internet par le biais des domaines associ\u00e9s suivants :<strong> onisecoturismo.es ; <\/strong>o\u00f9 sont affich\u00e9es des informations touristiques sur la r\u00e9gion, des informations sur les services, etc.<\/p>\n<p align=\"justify\">Ce site Web a \u00e9t\u00e9 express\u00e9ment con\u00e7u pour faire conna\u00eetre et permettre l&rsquo;acc\u00e8s g\u00e9n\u00e9ral de tous les utilisateurs aux informations, activit\u00e9s, produits et services divers, qu&rsquo;il s&rsquo;agisse des leurs ou de ceux de tiers, offerts par la <strong>mairie d&rsquo;On\u00eds, <\/strong>ci-apr\u00e8s d\u00e9nomm\u00e9e la <strong>mairie. <\/strong>L&rsquo;utilisation de ce site web conf\u00e8re la condition d&rsquo;Utilisateur au navigateur, ce qui implique l&rsquo;adh\u00e9sion aux pr\u00e9sentes conditions :<strong><\/strong><\/p>\n<p><strong> <\/strong><\/p>\n<p>Le <strong>Conseil municipal<\/strong> peut modifier \u00e0 tout moment et sans pr\u00e9avis la conception, la pr\u00e9sentation et\/ou la structure de navigation du site, ainsi que tout ou partie de son contenu.<\/p>\n<p align=\"justify\">  Le <strong> conseil municipal <\/strong> d\u00e9cline toute responsabilit\u00e9 pour les informations publi\u00e9es sur son site Internet, pour autant que ces informations aient \u00e9t\u00e9 manipul\u00e9es ou introduites par un tiers n&rsquo;ayant aucun lien avec l&rsquo;organisation.<\/p>\n<p align=\"justify\">Le <strong>Conseil municipal <\/strong>peut, \u00e0 tout moment et sans pr\u00e9avis, suspendre temporairement les services de son site Internet en raison de probl\u00e8mes techniques ou de cas de force majeure.<strong><\/strong><\/p>\n<p><strong> <\/strong><\/p>\n<p><strong><\/strong>Le contenu du site web est une \u0153uvre originale et de d\u00e9veloppement et prot\u00e9g\u00e9e par le droit de la propri\u00e9t\u00e9 intellectuelle avec tous les droits r\u00e9serv\u00e9s pour le<strong> Conseil municipal, <\/strong>ne permettant pas la reproduction\/copie ou la transmission sous quelque forme ou par quelque moyen que ce soit d&rsquo;une partie ou de la totalit\u00e9 du contenu du site web, texte, graphiques, code de programmation, sans autorisation pr\u00e9alable de l&rsquo;entreprise. A aucun moment, le code source ne peut \u00eatre copi\u00e9, modifi\u00e9 ou d\u00e9compil\u00e9. <strong><br \/><\/strong><strong><br \/><\/strong>Les logos n&rsquo;appartenant pas \u00e0 <strong>Ayuntamiento de On\u00eds<\/strong> qui peuvent appara\u00eetre sur le site Web appartiennent \u00e0 leurs propri\u00e9taires respectifs, et l&rsquo;affichage de ces graphiques sur notre site est d\u00fb au fait qu&rsquo;<strong>Ayuntamiento de On\u00eds <\/strong>a particip\u00e9 \u00e0 leur d\u00e9veloppement, ou entretient des relations commerciales avec ces marques. L&rsquo;apparition d&rsquo;autres marques n&rsquo;a d&rsquo;autre but que d&rsquo;informer sur des projets et des entreprises sans aucun gain commercial qui pourrait avoir des r\u00e9percussions en faveur d&rsquo;<strong> Ayuntamiento de On\u00eds.<\/strong> <\/p>\n<p><strong> <\/strong><\/p>\n<p><strong>La conception du site Web est la propri\u00e9t\u00e9 de Ayuntamiento de On\u00eds<\/strong>, y compris sa programmation, son \u00e9dition, ses graphiques et autres \u00e9l\u00e9ments, pour lesquels l&rsquo;autorisation expresse et \u00e9crite de <strong>Ayuntamiento de On\u00eds<\/strong> est requise pour sa reproduction partielle ou totale, ainsi que pour son utilisation, sa distribution et sa commercialisation.<\/p>\n<p align=\"justify\">Les demandes d&rsquo;information concernant d&rsquo;\u00e9ventuelles violations des droits de propri\u00e9t\u00e9 intellectuelle ou industrielle sur l&rsquo;un des contenus de notre site Web doivent \u00eatre envoy\u00e9es \u00e0 l&rsquo;adresse \u00e9lectronique suivante :<strong> <a href=\"mailto:onisecoturismo@gmail.com\">onisecoturismo@gmail.com<\/a><\/strong><\/p>\n<p align=\"justify\"><strong><\/strong><\/p>\n<h2>Politique de confidentialit\u00e9<\/h2>\n<ol>\n<li><strong> <\/strong><strong>Introduction<\/strong><\/li>\n<\/ol>\n<p>La mairie d&rsquo;On\u00eds, traite les donn\u00e9es personnelles collect\u00e9es par le biais de son site web, <a href=\"https:\/\/www.onisecoturismo.es\/fr\/\">On\u00eds y Punto | Ecoturismo en Picos de Europa, Asturias (onisecoturismo.es)<\/a> en tant que responsable du traitement, conform\u00e9ment aux dispositions du &#8211; R\u00e8glement (UE) 2016\/679 &#8211; R\u00e8glement g\u00e9n\u00e9ral sur la protection des donn\u00e9es (RGPD) &#8211; et de la loi organique 3\/2018, du 5 d\u00e9cembre, sur la protection des donn\u00e9es personnelles et la garantie des droits num\u00e9riques, garantissant le droit fondamental \u00e0 la protection des donn\u00e9es des utilisateurs des services municipaux offerts par ce canal de communication.<\/p>\n<p><span>L&rsquo;utilisateur doit lire attentivement la pr\u00e9sente politique de confidentialit\u00e9, qui a \u00e9t\u00e9 r\u00e9dig\u00e9e de mani\u00e8re claire et simple dans le but de faciliter sa compr\u00e9hension, et ainsi pouvoir d\u00e9terminer librement et volontairement s&rsquo;il souhaite fournir ses donn\u00e9es personnelles.<\/span><span>  Cette politique de confidentialit\u00e9 peut \u00eatre mise \u00e0 jour par la mairie lorsque de nouveaux traitements de tes donn\u00e9es personnelles sont effectu\u00e9s ou lorsqu&rsquo;il y a des modifications l\u00e9gislatives.<\/span><\/p>\n<p><span> <\/span><\/p>\n<p><span>Le conseil municipal a nomm\u00e9 un d\u00e9l\u00e9gu\u00e9 \u00e0 la protection des donn\u00e9es personnelles, dont l&rsquo;adresse \u00e9lectronique peut \u00eatre contact\u00e9e \u00e0 l&rsquo;adresse suivante . <\/span><a href=\"mailto:dpd.ayuntamientos@i-cast.es\">dpd.ayuntamientos@i-cast.es<\/a><span>  ou \u00e0 l&rsquo;adresse postale Carr. General, 33556 Benia de On\u00eds, Asturias pour clarifier tout doute concernant le traitement de tes donn\u00e9es personnelles ou pour obtenir plus d&rsquo;informations. <\/span><\/p>\n<p>&nbsp;<\/p>\n<ol start=\"2\">\n<li><strong> <\/strong><strong>Responsable du traitement des donn\u00e9es<\/strong><\/li>\n<\/ol>\n<p>Le responsable du traitement des donn\u00e9es trait\u00e9es sur ce site web est l&rsquo;Ayuntamiento de On\u00eds, avec NIF : P3304300A, domicili\u00e9 \u00e0 Carr. General, 33556 Benia de On\u00eds, Asturias. <\/p>\n<ol start=\"3\">\n<li><strong> <\/strong><strong>Traitement des donn\u00e9es personnelles  <\/strong><\/li>\n<\/ol>\n<p>Le conseil municipal d&rsquo;On\u00eds recueille des donn\u00e9es personnelles afin de pouvoir acc\u00e9der \u00e0 certains des services propos\u00e9s sur ce site Web et de te les fournir. Certaines de ces donn\u00e9es sont fournies directement, par exemple lorsque tu remplis un formulaire de demande, et d&rsquo;autres donn\u00e9es sont obtenues indirectement par le biais de technologies telles que les cookies. <\/p>\n<p>Chaque fois que des donn\u00e9es sont collect\u00e9es via un formulaire (en ligne ou au format t\u00e9l\u00e9chargeable) ou d&rsquo;autres canaux de communication \u00e9tablis sur le site Internet, la personne concern\u00e9e sera inform\u00e9e conform\u00e9ment aux dispositions de la r\u00e9glementation en vigueur en mati\u00e8re de protection des donn\u00e9es.<\/p>\n<p>Les moyens utilis\u00e9s pour la collecte et le traitement ult\u00e9rieur des donn\u00e9es personnelles sont :<\/p>\n<ul>\n<li><strong>Formulaires<\/strong>: Par le biais de formulaires, l&rsquo;entit\u00e9 recueille des donn\u00e9es personnelles pour acc\u00e9der et te fournir les diff\u00e9rents services propos\u00e9s \u00e0 partir de ce site Web. Les informations sur la mani\u00e8re dont le responsable du traitement traite les donn\u00e9es personnelles qu&rsquo;il collecte seront fournies sur le formulaire lui-m\u00eame. <\/li>\n<li><strong>Courriels<\/strong>: les adresses \u00e9lectroniques indiqu\u00e9es sur le site Web seront consid\u00e9r\u00e9es comme des moyens possibles de collecte de donn\u00e9es \u00e0 caract\u00e8re personnel. Les informations sur la mani\u00e8re dont le responsable du traitement traite les donn\u00e9es \u00e0 caract\u00e8re personnel qu&rsquo;il collecte par e-mail sont disponibles \u00e0 l&rsquo;adresse suivante : <u><a href=\"https:\/\/www.onisecoturismo.es\/fr\/devoirs-dinformation-protection-des-donnees\/\">Devoir d&rsquo;information sur les courriels.<\/a> <br \/><\/u>  <\/li>\n<li><strong>Cookies<\/strong>: Le site Web peut utiliser des cookies techniques et analytiques (petits fichiers d&rsquo;information que le serveur envoie \u00e0 l&rsquo;ordinateur de la personne qui acc\u00e8de \u00e0 la page) pour ex\u00e9cuter certaines fonctions consid\u00e9r\u00e9es comme essentielles au bon fonctionnement et \u00e0 la visualisation de ce site Web. Les informations sur la mani\u00e8re dont le responsable du traitement traite les donn\u00e9es personnelles qu&rsquo;il collecte par e-mail sont disponibles \u00e0 l&rsquo;adresse suivante : <u><a href=\"https:\/\/www.onisecoturismo.es\/fr\/politique-en-matiere-de-cookies\/\">Politique en mati\u00e8re de cookies<\/a>.<br \/><\/u> <\/li>\n<\/ul>\n<p>Les donn\u00e9es demand\u00e9es dans les formulaires ou les demandes disponibles sur le site Internet sont, en g\u00e9n\u00e9ral, obligatoires (indiqu\u00e9es par un ast\u00e9risque dans chacun des champs \u00e0 remplir) afin de respecter les finalit\u00e9s \u00e9tablies. Si tu souhaites utiliser d&rsquo;autres moyens pour envoyer des donn\u00e9es \u00e0 la mairie, l&rsquo;utilisateur ne doit fournir que les informations n\u00e9cessaires dans chaque cas. <\/p>\n<p>En ce sens, l&rsquo;utilisateur assumera les \u00e9ventuelles responsabilit\u00e9s d\u00e9riv\u00e9es des donn\u00e9es excessives ou inad\u00e9quates que, volontairement, il d\u00e9cide de fournir \u00e0 la mairie \u00e0 travers les moyens \u00e9tablis de collecte de donn\u00e9es. En outre, l&rsquo;utilisateur est responsable de la v\u00e9racit\u00e9 et de l&rsquo;exactitude des donn\u00e9es personnelles fournies. En cas de modification des donn\u00e9es de l&rsquo;utilisateur, les changements doivent \u00eatre communiqu\u00e9s \u00e0 la mairie afin de les tenir \u00e0 jour.  <\/p>\n<p>Le type de donn\u00e9es personnelles trait\u00e9es est, en g\u00e9n\u00e9ral, les donn\u00e9es d&rsquo;identification telles que : nom, pr\u00e9nom, num\u00e9ro d&rsquo;identification, signature, adresse, num\u00e9ro de t\u00e9l\u00e9phone et adresse \u00e9lectronique, sans pr\u00e9judice du fait que d&rsquo;autres donn\u00e9es fournies par l&rsquo;int\u00e9ress\u00e9 peuvent \u00eatre incluses dans les documents fournis. En outre, lors de la navigation sur notre site Internet, des donn\u00e9es telles que l&rsquo;adresse Internet d&rsquo;o\u00f9 provient le lien menant \u00e0 notre site Internet sont trait\u00e9es. <\/p>\n<p>Les donn\u00e9es personnelles ne seront pas divulgu\u00e9es \u00e0 des tiers, sauf si la loi l&rsquo;exige. Il n&rsquo;est pas pr\u00e9vu de transf\u00e9rer des donn\u00e9es en dehors de l&rsquo;Union europ\u00e9enne. <\/p>\n<p>La mairie conservera les donn\u00e9es personnelles pendant la dur\u00e9e de la finalit\u00e9 pour laquelle elles sont collect\u00e9es ou pour r\u00e9pondre \u00e0 la proc\u00e9dure demand\u00e9e, y compris l&rsquo;introduction de plaintes ou de recours ; elle pourra \u00e9galement les int\u00e9grer aux archives conform\u00e9ment \u00e0 la politique de gestion des documents de la municipalit\u00e9.<\/p>\n<ol start=\"4\">\n<li><strong> <\/strong><strong>Limites du traitement<\/strong><\/li>\n<\/ol>\n<p>Le Conseil municipal n&rsquo;autorise pas les mineurs de moins de 14 ans \u00e0 fournir leurs donn\u00e9es personnelles par les moyens mis \u00e0 disposition sur ce site web (en remplissant les formulaires web pr\u00e9vus pour les demandes de service, le contact ou en envoyant des courriers \u00e9lectroniques), sans pr\u00e9judice des autres r\u00e9glementations applicables. Par cons\u00e9quent, les personnes qui fournissent des donn\u00e9es personnelles par ces moyens d\u00e9clarent formellement avoir plus de 14 ans et le Conseil municipal est exon\u00e9r\u00e9 de toute responsabilit\u00e9 en cas de non-respect de cette exigence. <\/p>\n<p>Dans les cas o\u00f9 les services propos\u00e9s par la mairie s&rsquo;adressent \u00e0 des mineurs de moins de 14 ans, les moyens seront fournis pour obtenir l&rsquo;autorisation des parents ou des tuteurs l\u00e9gaux du mineur, apr\u00e8s identification.<\/p>\n<ol start=\"5\">\n<li><strong> <\/strong><strong>Informations sur la collecte de donn\u00e9es  <\/strong><\/li>\n<\/ol>\n<p>Aucune communication de donn\u00e9es \u00e0 des tiers ou transfert \u00e0 des pays tiers ou organisations internationales n&rsquo;est pr\u00e9vu, sauf pour l&rsquo;ex\u00e9cution d&rsquo;une obligation l\u00e9gale ou \u00e0 la demande d&rsquo;un organisme public ou par les cours et tribunaux.<\/p>\n<ol start=\"6\">\n<li><strong> <\/strong><strong>P\u00e9riode de conservation<\/strong><\/li>\n<\/ol>\n<p>Le Conseil municipal conserve tes donn\u00e9es personnelles pendant le temps essentiel et n\u00e9cessaire \u00e0 chaque finalit\u00e9 du traitement, sans pr\u00e9judice du droit de r\u00e9voquer le consentement \u00e0 tout moment. La p\u00e9riode de conservation, en g\u00e9n\u00e9ral, sera donn\u00e9e par le respect d&rsquo;une obligation l\u00e9gale qui peut se produire dans chacun des traitements ou pour l&rsquo;exercice d&rsquo;\u00e9ventuelles r\u00e9clamations de la part des utilisateurs. <\/p>\n<ol start=\"7\">\n<li><strong> <\/strong><strong>Mesures de s\u00e9curit\u00e9<\/strong><\/li>\n<\/ol>\n<p>Le Conseil municipal adopte des mesures de s\u00e9curit\u00e9 appropri\u00e9es conform\u00e9ment aux dispositions de la l\u00e9gislation en vigueur en mati\u00e8re de protection des donn\u00e9es afin de garantir le droit fondamental \u00e0 la protection des donn\u00e9es des utilisateurs de ce site Web, en adoptant les mesures techniques et organisationnelles n\u00e9cessaires pour \u00e9viter la perte, l&rsquo;utilisation abusive, l&rsquo;alt\u00e9ration, l&rsquo;acc\u00e8s non autoris\u00e9 et le vol des donn\u00e9es personnelles fournies, en tenant compte de l&rsquo;\u00e9tat de la technologie, de la nature des donn\u00e9es et des risques auxquels elles sont expos\u00e9es.<\/p>\n<ol start=\"8\">\n<li><strong> <\/strong><strong>Registre des activit\u00e9s de traitement<\/strong><\/li>\n<\/ol>\n<p>Une <span>liste actualis\u00e9e des activit\u00e9s de traitement effectu\u00e9es par la mairie d&rsquo;On\u00eds est disponible sur le <\/span><span>portail de transparence dans la section Protection des donn\u00e9es &#8211; <u>Registre des activit\u00e9s de traitement<\/u>.<\/span><\/p>\n<ol start=\"9\">\n<li><strong> <\/strong><strong>Droits<\/strong><\/li>\n<\/ol>\n<p>Les droits des personnes concern\u00e9es sont :<\/p>\n<ul>\n<li>Obtenir la confirmation que le conseil municipal traite bien tes donn\u00e9es personnelles.<\/li>\n<li>L&rsquo;acc\u00e8s \u00e0 leurs donn\u00e9es personnelles, ainsi que la demande de rectification des donn\u00e9es inexactes ou, le cas \u00e9ch\u00e9ant, la demande de suppression lorsque, entre autres raisons, les donn\u00e9es ne sont plus n\u00e9cessaires \u00e0 la finalit\u00e9 pour laquelle elles ont \u00e9t\u00e9 collect\u00e9es.<\/li>\n<li>Demande dans certaines circonstances :<\/li>\n<li>La limitation du traitement de tes donn\u00e9es, auquel cas elles ne seront conserv\u00e9es par la mairie que pour l&rsquo;exercice ou la d\u00e9fense de r\u00e9clamations.<\/li>\n<li>L&rsquo;opposition au traitement de tes donn\u00e9es, auquel cas, la mairie cessera de traiter les donn\u00e9es, sauf pour des raisons l\u00e9gitimes imp\u00e9rieuses, ou l&rsquo;exercice ou la d\u00e9fense d&rsquo;\u00e9ventuelles r\u00e9clamations. Y compris le traitement de tes donn\u00e9es pour des d\u00e9cisions individuelles automatis\u00e9es. <\/li>\n<li>La portabilit\u00e9 des donn\u00e9es \u00e0 fournir \u00e0 la personne concern\u00e9e ou \u00e0 transmettre \u00e0 un autre responsable du traitement, dans un format structur\u00e9, couramment utilis\u00e9 et lisible par machine.<\/li>\n<\/ul>\n<p>De m\u00eame, lorsque le traitement des donn\u00e9es est bas\u00e9 sur le consentement, tu as le droit de le r\u00e9voquer dans les termes et conditions \u00e9tablis dans les r\u00e8glements de protection des donn\u00e9es en vigueur.<\/p>\n<p>Les personnes concern\u00e9es peuvent exercer leurs droits aupr\u00e8s de la mairie d&rsquo;On\u00eds &#8211; Carr. General, 33556 Benia de On\u00eds, Asturias, en indiquant dans l&rsquo;objet : R\u00e9f. Protection des donn\u00e9es ou via l&rsquo;adresse \u00e9lectronique suivante : dpd.ayuntamientos@i-cast.es.  <\/p>\n<p>Dans le cas o\u00f9 tu estimes que tes droits concernant la protection de tes donn\u00e9es personnelles ont \u00e9t\u00e9 viol\u00e9s, en particulier lorsque tu n&rsquo;as pas obtenu satisfaction dans l&rsquo;exercice de tes droits, tu peux d\u00e9poser une plainte aupr\u00e8s de l&rsquo;autorit\u00e9 de contr\u00f4le de la protection des donn\u00e9es comp\u00e9tente, l&rsquo;Agence espagnole de protection des donn\u00e9es &#8211; Adresse : C\/ Jorge Juan, 6 &#8211; 28001 MADRID (Madrid) &#8211; Site Web : sedeagpd.gob.es. Toutefois, des plaintes pr\u00e9alables et facultatives peuvent \u00eatre d\u00e9pos\u00e9es aupr\u00e8s du d\u00e9l\u00e9gu\u00e9 \u00e0 la protection des donn\u00e9es de la mairie : dpd.ayuntamientos@i-cast.es. <\/p>\n<p>&nbsp;<\/p>\n<p>Date de publication : 03\/05\/20222<\/p>\n<\/div>\n<\/div>\n<p>[\/et_pb_text][\/et_pb_column][\/et_pb_row][\/et_pb_section]<\/p>\n","protected":false},"excerpt":{"rendered":"<p>Aviso de On\u00eds y Punto. L&rsquo;\u00e9cotourisme dans les Pics d&rsquo;Europe. Textes l\u00e9gaux.  <\/p>\n","protected":false},"author":1,"featured_media":0,"parent":0,"menu_order":0,"comment_status":"closed","ping_status":"closed","template":"","meta":{"_acf_changed":false,"_et_pb_use_builder":"on","_et_pb_old_content":"","_et_gb_content_width":"","footnotes":""},"dipi_cpt_category":[],"class_list":["post-347971","page","type-page","status-publish","hentry"],"acf":[],"_links":{"self":[{"href":"https:\/\/www.onisecoturismo.es\/fr\/wp-json\/wp\/v2\/pages\/347971","targetHints":{"allow":["GET"]}}],"collection":[{"href":"https:\/\/www.onisecoturismo.es\/fr\/wp-json\/wp\/v2\/pages"}],"about":[{"href":"https:\/\/www.onisecoturismo.es\/fr\/wp-json\/wp\/v2\/types\/page"}],"author":[{"embeddable":true,"href":"https:\/\/www.onisecoturismo.es\/fr\/wp-json\/wp\/v2\/users\/1"}],"replies":[{"embeddable":true,"href":"https:\/\/www.onisecoturismo.es\/fr\/wp-json\/wp\/v2\/comments?post=347971"}],"version-history":[{"count":2,"href":"https:\/\/www.onisecoturismo.es\/fr\/wp-json\/wp\/v2\/pages\/347971\/revisions"}],"predecessor-version":[{"id":347973,"href":"https:\/\/www.onisecoturismo.es\/fr\/wp-json\/wp\/v2\/pages\/347971\/revisions\/347973"}],"wp:attachment":[{"href":"https:\/\/www.onisecoturismo.es\/fr\/wp-json\/wp\/v2\/media?parent=347971"}],"wp:term":[{"taxonomy":"dipi_cpt_category","embeddable":true,"href":"https:\/\/www.onisecoturismo.es\/fr\/wp-json\/wp\/v2\/dipi_cpt_category?post=347971"}],"curies":[{"name":"wp","href":"https:\/\/api.w.org\/{rel}","templated":true}]}}