{"id":347814,"date":"2024-11-11T13:31:01","date_gmt":"2024-11-11T12:31:01","guid":{"rendered":"https:\/\/www.onisecoturismo.es\/hotel-casa-moran-chambre-adaptee-aux-pmr\/"},"modified":"2024-11-11T13:31:03","modified_gmt":"2024-11-11T12:31:03","slug":"hotel-casa-moran-chambre-adaptee-aux-pmr","status":"publish","type":"page","link":"https:\/\/www.onisecoturismo.es\/fr\/hotel-casa-moran-chambre-adaptee-aux-pmr\/","title":{"rendered":"H\u00f4tel Casa Mor\u00e1n &#8211; Chambre adapt\u00e9e aux PMR"},"content":{"rendered":"<p>[et_pb_section fb_built=\u00a0\u00bb1&Prime; fullwidth=\u00a0\u00bbon\u00a0\u00bb next_background_color=\u00a0\u00bb#ffffff\u00a0\u00bb _builder_version=\u00a0\u00bb4.27.2&Prime; _module_preset=\u00a0\u00bbdefault\u00a0\u00bb background_image=\u00a0\u00bbhttps:\/\/www.onisecoturismo.es\/wp-content\/uploads\/2024\/11\/header-casa-moran-pmr.jpg\u00a0\u00bb bottom_divider_style=\u00a0\u00bbwave2&Prime; bottom_divider_height=\u00a0\u00bb60px\u00a0\u00bb da_disable_devices=\u00a0\u00bboff|off|off\u00a0\u00bb global_colors_info=\u00a0\u00bb{}\u00a0\u00bb da_is_popup=\u00a0\u00bboff\u00a0\u00bb da_exit_intent=\u00a0\u00bboff\u00a0\u00bb da_has_close=\u00a0\u00bbon\u00a0\u00bb da_alt_close=\u00a0\u00bboff\u00a0\u00bb da_dark_close=\u00a0\u00bboff\u00a0\u00bb da_not_modal=\u00a0\u00bbon\u00a0\u00bb da_is_singular=\u00a0\u00bboff\u00a0\u00bb da_with_loader=\u00a0\u00bboff\u00a0\u00bb da_has_shadow=\u00a0\u00bbon\u00a0\u00bb][et_pb_fullwidth_header title=\u00a0\u00bbPensi\u00f3n Casa Mor\u00e1n PRM accessible\u00a0\u00bb text_orientation=\u00a0\u00bbcenter\u00a0\u00bb logo_image_url=\u00a0\u00bbhttps:\/\/www.onisecoturismo.es\/wp-content\/uploads\/2024\/11\/placa-casa-moran-300&#215;213.png\u00a0\u00bb _builder_version=\u00a0\u00bb4.27.2&Prime; _module_preset=\u00a0\u00bbdefault\u00a0\u00bb title_font=\u00a0\u00bb|700|||||||\u00a0\u00bb subhead_font=\u00a0\u00bb|600|on||||||\u00a0\u00bb subhead_text_color=\u00a0\u00bb#e2e2e2&Prime; subhead_font_size=\u00a0\u00bb19px\u00a0\u00bb background_color=\u00a0\u00bbrgba(22,34,16,0.5)\u00a0\u00bb custom_padding=\u00a0\u00bb||60px||false|false\u00a0\u00bb animation_style=\u00a0\u00bbfade\u00a0\u00bb animation_duration=\u00a0\u00bb1500ms\u00a0\u00bb animation_delay=\u00a0\u00bb1000ms\u00a0\u00bb custom_css_subtitle=\u00a0\u00bbpadding-bottom:20px;\u00a0\u00bb global_colors_info=\u00a0\u00bb{}\u00a0\u00bb][\/et_pb_fullwidth_header][\/et_pb_section][et_pb_section fb_built=\u00a0\u00bb1&Prime; _builder_version=\u00a0\u00bb4.17.1&Prime; _module_preset=\u00a0\u00bbdefault\u00a0\u00bb custom_margin=\u00a0\u00bb0px||0px||false|false\u00a0\u00bb custom_padding=\u00a0\u00bb12px||0px||false|false\u00a0\u00bb da_disable_devices=\u00a0\u00bboff|off|off\u00a0\u00bb global_colors_info=\u00a0\u00bb{}\u00a0\u00bb da_is_popup=\u00a0\u00bboff\u00a0\u00bb da_exit_intent=\u00a0\u00bboff\u00a0\u00bb da_has_close=\u00a0\u00bbon\u00a0\u00bb da_alt_close=\u00a0\u00bboff\u00a0\u00bb da_dark_close=\u00a0\u00bboff\u00a0\u00bb da_not_modal=\u00a0\u00bbon\u00a0\u00bb da_is_singular=\u00a0\u00bboff\u00a0\u00bb da_with_loader=\u00a0\u00bboff\u00a0\u00bb da_has_shadow=\u00a0\u00bbon\u00a0\u00bb][et_pb_row column_structure=\u00a0\u00bb3_4,1_4&Prime; _builder_version=\u00a0\u00bb4.16&Prime; _module_preset=\u00a0\u00bbdefault\u00a0\u00bb background_color=\u00a0\u00bbrgba(159,182,175,0.2)\u00a0\u00bb custom_padding=\u00a0\u00bb4px|8px|4px|8px|false|false\u00a0\u00bb border_radii=\u00a0\u00bbon|6px|6px|6px|6px\u00a0\u00bb locked=\u00a0\u00bboff\u00a0\u00bb global_colors_info=\u00a0\u00bb{}\u00a0\u00bb][et_pb_column type=\u00a0\u00bb3_4&Prime; _builder_version=\u00a0\u00bb4.16&Prime; _module_preset=\u00a0\u00bbdefault\u00a0\u00bb pac_dcm_carousel_specific_module_num=\u00a0\u00bb0&Prime; global_colors_info=\u00a0\u00bb{}\u00a0\u00bb][lwp_divi_breadcrumbs home_text=\u00a0\u00bbInicio\u00a0\u00bb link_color=\u00a0\u00bb#526962&Prime; separator_color=\u00a0\u00bb#526962&Prime; current_text_color=\u00a0\u00bb#162210&Prime; _builder_version=\u00a0\u00bb4.17.0&Prime; _module_preset=\u00a0\u00bbdefault\u00a0\u00bb module_font_size=\u00a0\u00bb14px\u00a0\u00bb width=\u00a0\u00bb80%\u00a0\u00bb custom_margin=\u00a0\u00bb2px||||false|false\u00a0\u00bb global_colors_info=\u00a0\u00bb{}\u00a0\u00bb][\/lwp_divi_breadcrumbs][\/et_pb_column][et_pb_column type=\u00a0\u00bb1_4&Prime; _builder_version=\u00a0\u00bb4.16&Prime; _module_preset=\u00a0\u00bbdefault\u00a0\u00bb pac_dcm_carousel_specific_module_num=\u00a0\u00bb0&Prime; global_colors_info=\u00a0\u00bb{}\u00a0\u00bb][et_pb_icon font_icon=\u00a0\u00bb&#xe0b7;||divi||400&Prime; icon_color=\u00a0\u00bb#9FB6AF\u00a0\u00bb icon_width=\u00a0\u00bb20px\u00a0\u00bb title_text=\u00a0\u00bbCompartir\u00a0\u00bb url=\u00a0\u00bb#compartir\u00a0\u00bb align=\u00a0\u00bbright\u00a0\u00bb admin_label=\u00a0\u00bbCompartir\u00a0\u00bb _builder_version=\u00a0\u00bb4.16&Prime; _module_preset=\u00a0\u00bbdefault\u00a0\u00bb custom_margin=\u00a0\u00bb5px||0px||false|false\u00a0\u00bb custom_padding=\u00a0\u00bb0px||0px||false|false\u00a0\u00bb global_colors_info=\u00a0\u00bb{}\u00a0\u00bb icon_color__hover_enabled=\u00a0\u00bbon|hover\u00a0\u00bb icon_color__hover=\u00a0\u00bb#FCBF15&Prime;][\/et_pb_icon][\/et_pb_column][\/et_pb_row][et_pb_row _builder_version=\u00a0\u00bb4.16&Prime; _module_preset=\u00a0\u00bbdefault\u00a0\u00bb custom_margin=\u00a0\u00bb||0px||false|false\u00a0\u00bb custom_padding=\u00a0\u00bb||0px||false|false\u00a0\u00bb global_colors_info=\u00a0\u00bb{}\u00a0\u00bb][et_pb_column type=\u00a0\u00bb4_4&Prime; _builder_version=\u00a0\u00bb4.16&Prime; _module_preset=\u00a0\u00bbdefault\u00a0\u00bb pac_dcm_carousel_specific_module_num=\u00a0\u00bb0&Prime; global_colors_info=\u00a0\u00bb{}\u00a0\u00bb][et_pb_text _builder_version=\u00a0\u00bb4.27.2&Prime; _module_preset=\u00a0\u00bbdefault\u00a0\u00bb global_colors_info=\u00a0\u00bb{}\u00a0\u00bb]<\/p>\n<h2><strong>Casa Mor\u00e1n Guesthouse<br \/><\/strong><\/h2>\n<p>[\/et_pb_text][\/et_pb_column][\/et_pb_row][\/et_pb_section][et_pb_section fb_built=\u00a0\u00bb1&Prime; _builder_version=\u00a0\u00bb4.16&Prime; _module_preset=\u00a0\u00bbdefault\u00a0\u00bb custom_margin=\u00a0\u00bb0px||0px||false|false\u00a0\u00bb custom_padding=\u00a0\u00bb0px||0px||false|false\u00a0\u00bb da_disable_devices=\u00a0\u00bboff|off|off\u00a0\u00bb global_colors_info=\u00a0\u00bb{}\u00a0\u00bb da_is_popup=\u00a0\u00bboff\u00a0\u00bb da_exit_intent=\u00a0\u00bboff\u00a0\u00bb da_has_close=\u00a0\u00bbon\u00a0\u00bb da_alt_close=\u00a0\u00bboff\u00a0\u00bb da_dark_close=\u00a0\u00bboff\u00a0\u00bb da_not_modal=\u00a0\u00bbon\u00a0\u00bb da_is_singular=\u00a0\u00bboff\u00a0\u00bb da_with_loader=\u00a0\u00bboff\u00a0\u00bb da_has_shadow=\u00a0\u00bbon\u00a0\u00bb][et_pb_row use_custom_gutter=\u00a0\u00bbon\u00a0\u00bb gutter_width=\u00a0\u00bb1&Prime; _builder_version=\u00a0\u00bb4.16&Prime; _module_preset=\u00a0\u00bbdefault\u00a0\u00bb width=\u00a0\u00bb100%\u00a0\u00bb max_width=\u00a0\u00bb94%\u00a0\u00bb global_colors_info=\u00a0\u00bb{}\u00a0\u00bb][et_pb_column type=\u00a0\u00bb4_4&Prime; _builder_version=\u00a0\u00bb4.16&Prime; _module_preset=\u00a0\u00bbdefault\u00a0\u00bb pac_dcm_carousel_specific_module_num=\u00a0\u00bb0&Prime; global_colors_info=\u00a0\u00bb{}\u00a0\u00bb][dsm_card_carousel speed=\u00a0\u00bb1500&Prime; autoplay_speed=\u00a0\u00bb4000&Prime; arrow_color=\u00a0\u00bb#9FB6AF\u00a0\u00bb arrow_background_color=\u00a0\u00bb#FFFFFF\u00a0\u00bb dots=\u00a0\u00bboff\u00a0\u00bb admin_label=\u00a0\u00bbCarrusel de fotos\u00a0\u00bb _builder_version=\u00a0\u00bb4.27.2&Prime; _module_preset=\u00a0\u00bbdefault\u00a0\u00bb custom_margin=\u00a0\u00bb0px|0px|0px|0px|false|false\u00a0\u00bb custom_padding=\u00a0\u00bb0px|0px|0px|0px|false|false\u00a0\u00bb global_colors_info=\u00a0\u00bb{}\u00a0\u00bb][dsm_card_carousel_child admin_label=\u00a0\u00bbporte d&#039;entr\u00e9e de l&#039;h\u00f4tel\u00a0\u00bb title=\u00a0\u00bbPorte d&#039;entr\u00e9e de l&#039;h\u00f4tel\u00a0\u00bb image=\u00a0\u00bbhttps:\/\/www.onisecoturismo.es\/wp-content\/uploads\/2024\/11\/acceso-casa-moran-pmr.jpg\u00a0\u00bb image_as_background=\u00a0\u00bboff\u00a0\u00bb alt=\u00a0\u00bbChambre adapt\u00e9e pour PRM Hotel Casa Mor\u00e1n\u00a0\u00bb button_url_new_window=\u00a0\u00bb1&Prime; _builder_version=\u00a0\u00bb4.27.2&Prime; _module_preset=\u00a0\u00bbdefault\u00a0\u00bb hover_transition_duration=\u00a0\u00bb150ms\u00a0\u00bb border_radii_image=\u00a0\u00bbon|6px|6px|6px|6px\u00a0\u00bb global_colors_info=\u00a0\u00bb{}\u00a0\u00bb parent_button=\u00a0\u00bboff\u00a0\u00bb parent_header_level=\u00a0\u00bbh4&Prime;][\/dsm_card_carousel_child][dsm_card_carousel_child admin_label=\u00a0\u00bbR\u00e9ception\u00a0\u00bb title=\u00a0\u00bbR\u00e9ception\u00a0\u00bb image=\u00a0\u00bbhttps:\/\/www.onisecoturismo.es\/wp-content\/uploads\/2024\/11\/Recepcion-salon-casa-moran-1.jpg\u00a0\u00bb image_as_background=\u00a0\u00bboff\u00a0\u00bb alt=\u00a0\u00bbChambre adapt\u00e9e pour PRM Hotel Casa Mor\u00e1n\u00a0\u00bb button_url_new_window=\u00a0\u00bb1&Prime; _builder_version=\u00a0\u00bb4.27.2&Prime; _module_preset=\u00a0\u00bbdefault\u00a0\u00bb hover_transition_duration=\u00a0\u00bb150ms\u00a0\u00bb border_radii_image=\u00a0\u00bbon|6px|6px|6px|6px\u00a0\u00bb global_colors_info=\u00a0\u00bb{}\u00a0\u00bb parent_button=\u00a0\u00bboff\u00a0\u00bb parent_header_level=\u00a0\u00bbh4&Prime;][\/dsm_card_carousel_child][dsm_card_carousel_child admin_label=\u00a0\u00bbfa\u00e7ade principale\u00a0\u00bb title=\u00a0\u00bbFa\u00e7ade principale\u00a0\u00bb image=\u00a0\u00bbhttps:\/\/www.onisecoturismo.es\/wp-content\/uploads\/2024\/11\/fachada-restaurante-casa-moran-benia-onis.jpg\u00a0\u00bb image_as_background=\u00a0\u00bboff\u00a0\u00bb alt=\u00a0\u00bbChambre adapt\u00e9e pour PRM Hotel Casa Mor\u00e1n\u00a0\u00bb button_url_new_window=\u00a0\u00bb1&Prime; _builder_version=\u00a0\u00bb4.27.2&Prime; _module_preset=\u00a0\u00bbdefault\u00a0\u00bb hover_transition_duration=\u00a0\u00bb150ms\u00a0\u00bb border_radii_image=\u00a0\u00bbon|6px|6px|6px|6px\u00a0\u00bb global_colors_info=\u00a0\u00bb{}\u00a0\u00bb parent_button=\u00a0\u00bboff\u00a0\u00bb parent_header_level=\u00a0\u00bbh4&Prime;][\/dsm_card_carousel_child][dsm_card_carousel_child admin_label=\u00a0\u00bbchambre double\u00a0\u00bb title=\u00a0\u00bbSalle adapt\u00e9e au PMR\u00a0\u00bb image=\u00a0\u00bbhttps:\/\/www.onisecoturismo.es\/wp-content\/uploads\/2024\/11\/habitacion-adaptada-casa-moran.jpg\u00a0\u00bb image_as_background=\u00a0\u00bboff\u00a0\u00bb alt=\u00a0\u00bbChambre adapt\u00e9e pour PRM Hotel Casa Mor\u00e1n\u00a0\u00bb button_url_new_window=\u00a0\u00bb1&Prime; _builder_version=\u00a0\u00bb4.27.2&Prime; _module_preset=\u00a0\u00bbdefault\u00a0\u00bb hover_transition_duration=\u00a0\u00bb150ms\u00a0\u00bb border_radii_image=\u00a0\u00bbon|6px|6px|6px|6px\u00a0\u00bb global_colors_info=\u00a0\u00bb{}\u00a0\u00bb parent_button=\u00a0\u00bboff\u00a0\u00bb parent_header_level=\u00a0\u00bbh4&Prime;][\/dsm_card_carousel_child][dsm_card_carousel_child admin_label=\u00a0\u00bbporte coulissante salle de bain\u00a0\u00bb title=\u00a0\u00bbPorte coulissante de salle de bains  \u00a0\u00bb image=\u00a0\u00bbhttps:\/\/www.onisecoturismo.es\/wp-content\/uploads\/2024\/11\/WC-adaptadao-casa-moral-1.jpg\u00a0\u00bb image_as_background=\u00a0\u00bboff\u00a0\u00bb alt=\u00a0\u00bbChambre adapt\u00e9e pour PRM Hotel Casa Mor\u00e1n\u00a0\u00bb button_url_new_window=\u00a0\u00bb1&Prime; _builder_version=\u00a0\u00bb4.27.2&Prime; _module_preset=\u00a0\u00bbdefault\u00a0\u00bb hover_transition_duration=\u00a0\u00bb150ms\u00a0\u00bb border_radii_image=\u00a0\u00bbon|6px|6px|6px|6px\u00a0\u00bb global_colors_info=\u00a0\u00bb{}\u00a0\u00bb parent_button=\u00a0\u00bboff\u00a0\u00bb parent_header_level=\u00a0\u00bbh4&Prime;][\/dsm_card_carousel_child][dsm_card_carousel_child admin_label=\u00a0\u00bbwc salle de bain adapt\u00e9e\u00a0\u00bb title=\u00a0\u00bbSalle de bain adapt\u00e9e pour PMR\u00a0\u00bb image=\u00a0\u00bbhttps:\/\/www.onisecoturismo.es\/wp-content\/uploads\/2024\/11\/WC-adaptado-Casa-Moran-Benia-de-onis.jpg\u00a0\u00bb image_as_background=\u00a0\u00bboff\u00a0\u00bb alt=\u00a0\u00bbChambre adapt\u00e9e pour PRM Hotel Casa Mor\u00e1n\u00a0\u00bb button_url_new_window=\u00a0\u00bb1&Prime; _builder_version=\u00a0\u00bb4.27.2&Prime; _module_preset=\u00a0\u00bbdefault\u00a0\u00bb hover_transition_duration=\u00a0\u00bb150ms\u00a0\u00bb border_radii_image=\u00a0\u00bbon|6px|6px|6px|6px\u00a0\u00bb global_colors_info=\u00a0\u00bb{}\u00a0\u00bb parent_button=\u00a0\u00bboff\u00a0\u00bb parent_header_level=\u00a0\u00bbh4&Prime;][\/dsm_card_carousel_child][dsm_card_carousel_child admin_label=\u00a0\u00bbWC et douche adapt\u00e9s aux PMR\u00a0\u00bb title=\u00a0\u00bbSalle de bain adapt\u00e9e pour PMR\u00a0\u00bb image=\u00a0\u00bbhttps:\/\/www.onisecoturismo.es\/wp-content\/uploads\/2024\/11\/WC-adaptadao-casa-moral-2.jpg\u00a0\u00bb image_as_background=\u00a0\u00bboff\u00a0\u00bb alt=\u00a0\u00bbChambre adapt\u00e9e pour PRM Hotel Casa Mor\u00e1n\u00a0\u00bb button_url_new_window=\u00a0\u00bb1&Prime; _builder_version=\u00a0\u00bb4.27.2&Prime; _module_preset=\u00a0\u00bbdefault\u00a0\u00bb hover_transition_duration=\u00a0\u00bb150ms\u00a0\u00bb border_radii_image=\u00a0\u00bbon|6px|6px|6px|6px\u00a0\u00bb global_colors_info=\u00a0\u00bb{}\u00a0\u00bb parent_button=\u00a0\u00bboff\u00a0\u00bb parent_header_level=\u00a0\u00bbh4&Prime;][\/dsm_card_carousel_child][dsm_card_carousel_child admin_label=\u00a0\u00bbporte d&#039;acc\u00e8s \u00e0 la chambre n\u00ba23&Prime; title=\u00a0\u00bbPorte d&#039;entr\u00e9e de la chambre n\u00ba23 depuis le couloir.\u00a0\u00bb image=\u00a0\u00bbhttps:\/\/www.onisecoturismo.es\/wp-content\/uploads\/2024\/11\/habitacion-adaptada-casa-moran-puerta.jpg\u00a0\u00bb image_as_background=\u00a0\u00bboff\u00a0\u00bb alt=\u00a0\u00bbChambre adapt\u00e9e pour PRM Hotel Casa Mor\u00e1n\u00a0\u00bb button_url_new_window=\u00a0\u00bb1&Prime; _builder_version=\u00a0\u00bb4.27.2&Prime; _module_preset=\u00a0\u00bbdefault\u00a0\u00bb hover_transition_duration=\u00a0\u00bb150ms\u00a0\u00bb border_radii_image=\u00a0\u00bbon|6px|6px|6px|6px\u00a0\u00bb global_colors_info=\u00a0\u00bb{}\u00a0\u00bb parent_button=\u00a0\u00bboff\u00a0\u00bb parent_header_level=\u00a0\u00bbh4&Prime;][\/dsm_card_carousel_child][dsm_card_carousel_child admin_label=\u00a0\u00bball\u00e9e\u00a0\u00bb title=\u00a0\u00bbSoulever\u00a0\u00bb image=\u00a0\u00bbhttps:\/\/www.onisecoturismo.es\/wp-content\/uploads\/2024\/11\/pasillo-y-ascensor-hotel-casa-moran-PMR.jpg\u00a0\u00bb image_as_background=\u00a0\u00bboff\u00a0\u00bb alt=\u00a0\u00bbChambre adapt\u00e9e pour PRM Hotel Casa Mor\u00e1n\u00a0\u00bb button_url_new_window=\u00a0\u00bb1&Prime; _builder_version=\u00a0\u00bb4.27.2&Prime; _module_preset=\u00a0\u00bbdefault\u00a0\u00bb hover_transition_duration=\u00a0\u00bb150ms\u00a0\u00bb border_radii_image=\u00a0\u00bbon|6px|6px|6px|6px\u00a0\u00bb global_colors_info=\u00a0\u00bb{}\u00a0\u00bb parent_button=\u00a0\u00bboff\u00a0\u00bb parent_header_level=\u00a0\u00bbh4&Prime;][\/dsm_card_carousel_child][dsm_card_carousel_child admin_label=\u00a0\u00bbrestaurant\u00a0\u00bb title=\u00a0\u00bbRestaurant\u00a0\u00bb image=\u00a0\u00bbhttps:\/\/www.onisecoturismo.es\/wp-content\/uploads\/2024\/11\/Comedor-acristalado-casa-moran-pmr.jpg\u00a0\u00bb image_as_background=\u00a0\u00bboff\u00a0\u00bb alt=\u00a0\u00bbChambre adapt\u00e9e pour PRM Hotel Casa Mor\u00e1n\u00a0\u00bb button_url_new_window=\u00a0\u00bb1&Prime; _builder_version=\u00a0\u00bb4.27.2&Prime; _module_preset=\u00a0\u00bbdefault\u00a0\u00bb hover_transition_duration=\u00a0\u00bb150ms\u00a0\u00bb border_radii_image=\u00a0\u00bbon|6px|6px|6px|6px\u00a0\u00bb global_colors_info=\u00a0\u00bb{}\u00a0\u00bb parent_button=\u00a0\u00bboff\u00a0\u00bb parent_header_level=\u00a0\u00bbh4&Prime;][\/dsm_card_carousel_child][dsm_card_carousel_child admin_label=\u00a0\u00bbterrasse ext\u00e9rieure\u00a0\u00bb title=\u00a0\u00bbTerrasse ext\u00e9rieure\u00a0\u00bb image=\u00a0\u00bbhttps:\/\/www.onisecoturismo.es\/wp-content\/uploads\/2024\/11\/terraza-exterior-casa-moran-pmr-2.jpg\u00a0\u00bb image_as_background=\u00a0\u00bboff\u00a0\u00bb alt=\u00a0\u00bbChambre adapt\u00e9e pour PRM Hotel Casa Mor\u00e1n\u00a0\u00bb button_url_new_window=\u00a0\u00bb1&Prime; _builder_version=\u00a0\u00bb4.27.2&Prime; _module_preset=\u00a0\u00bbdefault\u00a0\u00bb hover_transition_duration=\u00a0\u00bb150ms\u00a0\u00bb border_radii_image=\u00a0\u00bbon|6px|6px|6px|6px\u00a0\u00bb global_colors_info=\u00a0\u00bb{}\u00a0\u00bb parent_button=\u00a0\u00bboff\u00a0\u00bb parent_header_level=\u00a0\u00bbh4&Prime;][\/dsm_card_carousel_child][dsm_card_carousel_child admin_label=\u00a0\u00bbsalle de bain adapt\u00e9e dans les parties communes\u00a0\u00bb title=\u00a0\u00bbSalle de bain adapt\u00e9e dans la zone commune\u00a0\u00bb image=\u00a0\u00bbhttps:\/\/www.onisecoturismo.es\/wp-content\/uploads\/2024\/11\/WC-Restaurante-Casa-moran-PMR.jpg\u00a0\u00bb image_as_background=\u00a0\u00bboff\u00a0\u00bb alt=\u00a0\u00bbChambre adapt\u00e9e pour PRM Hotel Casa Mor\u00e1n\u00a0\u00bb button_url_new_window=\u00a0\u00bb1&Prime; _builder_version=\u00a0\u00bb4.27.2&Prime; _module_preset=\u00a0\u00bbdefault\u00a0\u00bb hover_transition_duration=\u00a0\u00bb150ms\u00a0\u00bb border_radii_image=\u00a0\u00bbon|6px|6px|6px|6px\u00a0\u00bb global_colors_info=\u00a0\u00bb{}\u00a0\u00bb parent_button=\u00a0\u00bboff\u00a0\u00bb parent_header_level=\u00a0\u00bbh4&Prime;][\/dsm_card_carousel_child][\/dsm_card_carousel][\/et_pb_column][\/et_pb_row][et_pb_row _builder_version=\u00a0\u00bb4.22.2&Prime; _module_preset=\u00a0\u00bbdefault\u00a0\u00bb global_colors_info=\u00a0\u00bb{}\u00a0\u00bb][et_pb_column type=\u00a0\u00bb4_4&Prime; _builder_version=\u00a0\u00bb4.22.2&Prime; _module_preset=\u00a0\u00bbdefault\u00a0\u00bb pac_dcm_carousel_specific_module_num=\u00a0\u00bb0&Prime; global_colors_info=\u00a0\u00bb{}\u00a0\u00bb][et_pb_text _builder_version=\u00a0\u00bb4.27.2&Prime; _module_preset=\u00a0\u00bbdefault\u00a0\u00bb global_colors_info=\u00a0\u00bb{}\u00a0\u00bb]<\/p>\n<h5><span>H\u00f4tel ** avec une chambre avec salle de bain adapt\u00e9e et bar-restaurant avec terrasse ext\u00e9rieure et parking, dans le parc national des Picos de Europa.<\/span><\/h5>\n<p>[\/et_pb_text][\/et_pb_column][\/et_pb_row][\/et_pb_section][et_pb_section fb_built=\u00a0\u00bb1&Prime; _builder_version=\u00a0\u00bb4.16&Prime; _module_preset=\u00a0\u00bbdefault\u00a0\u00bb custom_margin=\u00a0\u00bb0px||0px||false|false\u00a0\u00bb custom_padding=\u00a0\u00bb0px||0px||false|false\u00a0\u00bb da_disable_devices=\u00a0\u00bboff|off|off\u00a0\u00bb global_colors_info=\u00a0\u00bb{}\u00a0\u00bb da_is_popup=\u00a0\u00bboff\u00a0\u00bb da_exit_intent=\u00a0\u00bboff\u00a0\u00bb da_has_close=\u00a0\u00bbon\u00a0\u00bb da_alt_close=\u00a0\u00bboff\u00a0\u00bb da_dark_close=\u00a0\u00bboff\u00a0\u00bb da_not_modal=\u00a0\u00bbon\u00a0\u00bb da_is_singular=\u00a0\u00bboff\u00a0\u00bb da_with_loader=\u00a0\u00bboff\u00a0\u00bb da_has_shadow=\u00a0\u00bbon\u00a0\u00bb][et_pb_row _builder_version=\u00a0\u00bb4.22.2&Prime; _module_preset=\u00a0\u00bbdefault\u00a0\u00bb global_colors_info=\u00a0\u00bb{}\u00a0\u00bb][et_pb_column type=\u00a0\u00bb4_4&Prime; _builder_version=\u00a0\u00bb4.22.2&Prime; _module_preset=\u00a0\u00bbdefault\u00a0\u00bb pac_dcm_carousel_specific_module_num=\u00a0\u00bb0&Prime; global_colors_info=\u00a0\u00bb{}\u00a0\u00bb][et_pb_text _builder_version=\u00a0\u00bb4.27.2&Prime; _module_preset=\u00a0\u00bbdefault\u00a0\u00bb link_option_url=\u00a0\u00bbhttps:\/\/www.onisecoturismo.es\/hotel-casa-moran-pmr\/\u00a0\u00bb global_colors_info=\u00a0\u00bb{}\u00a0\u00bb]<\/p>\n<h3><strong>H\u00d4TEL ACCESSIBLE \u00c0 BENIA DE ON\u00cdS<\/strong><\/h3>\n<p>Cet h\u00f4tel, situ\u00e9 dans le parc national des Pics d&rsquo;Europe, dispose d&rsquo;une chambre adapt\u00e9e (n\u00ba23) situ\u00e9e au 1er \u00e9tage et accessible par ascenseur. Il comporte diff\u00e9rents espaces : la r\u00e9ception, le bar, le restaurant, le jardin et le parking, tous au niveau du sol.<\/p>\n<p>Un endroit parfait pour s\u00e9journer, profiter de la gastronomie asturienne et d\u00e9couvrir la partie orientale des Asturies.<\/p>\n<p>[\/et_pb_text][et_pb_text _builder_version=\u00a0\u00bb4.22.2&Prime; _module_preset=\u00a0\u00bbdefault\u00a0\u00bb header_3_text_color=\u00a0\u00bb#FFFFFF\u00a0\u00bb header_4_text_color=\u00a0\u00bb#FFFFFF\u00a0\u00bb background_color=\u00a0\u00bb#526962&Prime; custom_margin=\u00a0\u00bb0px||6px||false|false\u00a0\u00bb custom_padding=\u00a0\u00bb8px|20px|0px|20px|false|false\u00a0\u00bb border_radii=\u00a0\u00bbon|6px|6px|6px|6px\u00a0\u00bb global_colors_info=\u00a0\u00bb{}\u00a0\u00bb]<\/p>\n<h3>CARACT\u00c9RISTIQUES<\/h3>\n<h4><\/h4>\n<p>[\/et_pb_text][et_pb_text _builder_version=\u00a0\u00bb4.27.2&Prime; _module_preset=\u00a0\u00bbdefault\u00a0\u00bb background_color=\u00a0\u00bbRGBA(255,255,255,0)\u00a0\u00bb use_background_color_gradient=\u00a0\u00bbon\u00a0\u00bb background_color_gradient_direction=\u00a0\u00bb206deg\u00a0\u00bb background_color_gradient_stops=\u00a0\u00bbrgba(82,105,98,0.3) 0%|rgba(82,105,98,0.1) 100%\u00a0\u00bb background_color_gradient_start=\u00a0\u00bbrgba(82,105,98,0.3)\u00a0\u00bb background_color_gradient_end=\u00a0\u00bbrgba(82,105,98,0.1)\u00a0\u00bb custom_padding=\u00a0\u00bb20px|20px|20px|20px|false|false\u00a0\u00bb border_radii=\u00a0\u00bbon|6px|6px|6px|6px\u00a0\u00bb box_shadow_style=\u00a0\u00bbpreset3&Prime; global_colors_info=\u00a0\u00bb{}\u00a0\u00bb]<\/p>\n<h3>Espaces communs<\/h3>\n<h5>Parking<\/h5>\n<ul>\n<li>Grand parking ext\u00e9rieur avec un sol en gravier<\/li>\n<\/ul>\n<h5>Acc\u00e8s<\/h5>\n<ul>\n<li>Porte coulissante automatique avec un d\u00e9gagement minimum de 80 cm<\/li>\n<li>L&rsquo;acc\u00e8s aux diff\u00e9rents b\u00e2timents se fait au niveau du sol ; bar, restaurant, h\u00f4tel, parking et jardin. Les portes entre les pi\u00e8ces et les b\u00e2timents avec un d\u00e9gagement minimum de 80cm.<\/li>\n<\/ul>\n<h5>Mobilit\u00e9<\/h5>\n<ul>\n<li>Zones avec un diam\u00e8tre de rotation de 150 cm<\/li>\n<li>Le b\u00e2timent o\u00f9 se trouvent les chambres comporte plusieurs \u00e9tages auxquels on acc\u00e8de par un ascenseur.<\/li>\n<\/ul>\n<h5>Salle de bain adapt\u00e9e dans les parties communes<\/h5>\n<ul>\n<li>Situ\u00e9 dans un b\u00e2timent arri\u00e8re auquel on acc\u00e8de par l&rsquo;arri\u00e8re de l&rsquo;h\u00f4tel.<\/li>\n<li>Porte coulissante avec une ouverture de passage libre de plus de 80cm.<\/li>\n<li>Barres de soutien des deux c\u00f4t\u00e9s des toilettes<\/li>\n<li>Espace d&rsquo;approche lat\u00e9rale des deux c\u00f4t\u00e9s<\/li>\n<li>Lavabo g\u00e9rontologique<\/li>\n<li>Robinet mitigeur long<\/li>\n<\/ul>\n<h3>Chambre accessible<\/h3>\n<ul>\n<li>Chambre accessible aux PMR et aux personnes en fauteuil roulant (chambre n\u00ba23, 1er \u00e9tage).<\/li>\n<li>Lit double<\/li>\n<li>Espace lat\u00e9ral minimum de 80 cm<\/li>\n<li>Diam\u00e8tre du cercle de braquage sans obstacle de 150 cm<\/li>\n<\/ul>\n<h4>Salle de bain adapt\u00e9e dans la chambre<\/h4>\n<ul>\n<li>Porte coulissante avec un passage libre d&rsquo;au moins 80 cm.<\/li>\n<li>Toilette avec barres d&rsquo;appui des deux c\u00f4t\u00e9s, articul\u00e9es du c\u00f4t\u00e9 de l&rsquo;approche et fix\u00e9es du c\u00f4t\u00e9 oppos\u00e9.<\/li>\n<li>L&rsquo;espace d&rsquo;approche des toilettes est sup\u00e9rieur \u00e0 80 cm<\/li>\n<li>Lavabo g\u00e9rontologique avec mitigeur<\/li>\n<li>Douche au niveau du sol avec une cloison en verre mais acc\u00e8s libre avec un espace ouvert minimum de 80cm.<\/li>\n<li>Chaise de bain disponible sur demande<\/li>\n<\/ul>\n<h3>Services<\/h3>\n<ul>\n<li>Caf\u00e9t\u00e9ria<\/li>\n<li>Restaurant<\/li>\n<li>Terrasse<\/li>\n<li>Jardin<\/li>\n<li>Aire de jeux pour enfants<\/li>\n<li>Parking<\/li>\n<\/ul>\n<p>[\/et_pb_text][et_pb_text _builder_version=\u00a0\u00bb4.27.2&Prime; _module_preset=\u00a0\u00bbdefault\u00a0\u00bb header_3_text_color=\u00a0\u00bb#FFFFFF\u00a0\u00bb background_color=\u00a0\u00bb#526962&Prime; custom_margin=\u00a0\u00bb0px||6px||false|false\u00a0\u00bb custom_padding=\u00a0\u00bb8px|20px|0px|20px|false|false\u00a0\u00bb border_radii=\u00a0\u00bbon|6px|6px|6px|6px\u00a0\u00bb global_colors_info=\u00a0\u00bb{%22gcid-bc896d34-3cfe-40f1-b348-edbec0a97a18%22:%91%22background_color%22%93}\u00a0\u00bb]<\/p>\n<h3>CONTACT Pensi\u00f3n Casa Mor\u00e1n<\/h3>\n<p>[\/et_pb_text][et_pb_text _builder_version=\u00a0\u00bb4.27.2&Prime; _module_preset=\u00a0\u00bbdefault\u00a0\u00bb link_text_color=\u00a0\u00bb#526962&Prime; background_enable_color=\u00a0\u00bboff\u00a0\u00bb use_background_color_gradient=\u00a0\u00bbon\u00a0\u00bb background_color_gradient_stops=\u00a0\u00bbrgba(82,105,98,0.3) 0%|rgba(82,105,98,0.1) 100%\u00a0\u00bb background_color_gradient_start=\u00a0\u00bbrgba(82,105,98,0.3)\u00a0\u00bb background_color_gradient_end=\u00a0\u00bbrgba(82,105,98,0.1)\u00a0\u00bb custom_padding=\u00a0\u00bb20px|20px|20px|20px|false|false\u00a0\u00bb border_radii=\u00a0\u00bbon|6px|6px|6px|6px\u00a0\u00bb global_colors_info=\u00a0\u00bb{%22gcid-bc896d34-3cfe-40f1-b348-edbec0a97a18%22:%91%22background_color%22,%22background_color%22%93}\u00a0\u00bb link_text_color__hover_enabled=\u00a0\u00bbon|hover\u00a0\u00bb link_text_color__hover=\u00a0\u00bb#9FB6AF\u00a0\u00bb]<\/p>\n<p>T<strong>\u00e9l\u00e9phone<\/strong> +34 985 84 40 06<\/p>\n<p><strong>Site Internet<\/strong><br \/><a href=\"https:\/\/www.booking.com\/hotel\/es\/pension-casa-moran.es.html\" target=\"_blank\" rel=\"noopener\">Consulte leur site web<\/a><\/p>\n<p>[\/et_pb_text][\/et_pb_column][\/et_pb_row][et_pb_row _builder_version=\u00a0\u00bb4.27.2&Prime; _module_preset=\u00a0\u00bbdefault\u00a0\u00bb][et_pb_column _builder_version=\u00a0\u00bb4.27.2&Prime; _module_preset=\u00a0\u00bbdefault\u00a0\u00bb type=\u00a0\u00bb4_4&Prime;][et_pb_text _builder_version=\u00a0\u00bb4.27.2&Prime; _module_preset=\u00a0\u00bbdefault\u00a0\u00bb header_3_text_color=\u00a0\u00bb#FFFFFF\u00a0\u00bb background_color=\u00a0\u00bb#FCBF15&Prime; custom_margin=\u00a0\u00bb0px||6px||false|false\u00a0\u00bb custom_padding=\u00a0\u00bb8px|20px|0px|20px|false|false\u00a0\u00bb hover_enabled=\u00a0\u00bb0&Prime; border_radii=\u00a0\u00bbon|6px|6px|6px|6px\u00a0\u00bb global_colors_info=\u00a0\u00bb{}\u00a0\u00bb sticky_enabled=\u00a0\u00bb0&Prime;]<\/p>\n<h3><span style=\"color: #ffffff;\">Autres ressources et \u00e9tablissements touristiques accessibles \u00e0 On\u00eds<\/span><\/h3>\n<p>[\/et_pb_text][\/et_pb_column][\/et_pb_row][et_pb_row column_structure=\u00a0\u00bb1_3,1_3,1_3&Prime; _builder_version=\u00a0\u00bb4.27.2&Prime; _module_preset=\u00a0\u00bbdefault\u00a0\u00bb hover_enabled=\u00a0\u00bb0&Prime; locked=\u00a0\u00bboff\u00a0\u00bb global_colors_info=\u00a0\u00bb{}\u00a0\u00bb background_color=\u00a0\u00bbRGBA(255,255,255,0)\u00a0\u00bb sticky_enabled=\u00a0\u00bb0&Prime;][et_pb_column type=\u00a0\u00bb1_3&Prime; _builder_version=\u00a0\u00bb4.23.1&Prime; _module_preset=\u00a0\u00bbdefault\u00a0\u00bb pac_dcm_carousel_specific_module_num=\u00a0\u00bb0&Prime; global_colors_info=\u00a0\u00bb{}\u00a0\u00bb][dsm_card title=\u00a0\u00bbOffice du tourisme\u00a0\u00bb content_horizontal_alignment=\u00a0\u00bbflex-start\u00a0\u00bb content_equal_height=\u00a0\u00bbon\u00a0\u00bb image=\u00a0\u00bbhttps:\/\/www.onisecoturismo.es\/wp-content\/uploads\/2023\/11\/01_fachada-oficina-turismo-onis.jpg\u00a0\u00bb image_background_height=\u00a0\u00bb228px\u00a0\u00bb use_overlay=\u00a0\u00bbon\u00a0\u00bb overlay_color=\u00a0\u00bbrgba(159,182,175,0.39)\u00a0\u00bb use_icon=\u00a0\u00bboff\u00a0\u00bb badge_background_color=\u00a0\u00bb#9FB6AF\u00a0\u00bb alt=\u00a0\u00bbVisite la grotte de fromage Gamon\u00e9u Asturias\u00a0\u00bb button_text=\u00a0\u00bb+ d&#039;informations\u00a0\u00bb button_url=\u00a0\u00bb@ET-DC@eyJkeW5hbWljIjp0cnVlLCJjb250ZW50IjoicG9zdF9saW5rX3VybF9wYWdlIiwic2V0dGluZ3MiOnsicG9zdF9pZCI6IjM0NTQ0OCJ9fQ==@\u00a0\u00bb button_url_new_window=\u00a0\u00bb1&Prime; _builder_version=\u00a0\u00bb4.23.1&Prime; _dynamic_attributes=\u00a0\u00bblink_option_url,button_url\u00a0\u00bb _module_preset=\u00a0\u00bbdefault\u00a0\u00bb badge_text_color=\u00a0\u00bb#FFFFFF\u00a0\u00bb body_font_size=\u00a0\u00bb14px\u00a0\u00bb background_color=\u00a0\u00bb#FFFFFF\u00a0\u00bb custom_button=\u00a0\u00bbon\u00a0\u00bb button_text_size=\u00a0\u00bb12px\u00a0\u00bb button_text_color=\u00a0\u00bb#9FB6AF\u00a0\u00bb custom_padding=\u00a0\u00bb18px|||||\u00a0\u00bb link_option_url=\u00a0\u00bb@ET-DC@eyJkeW5hbWljIjp0cnVlLCJjb250ZW50IjoicG9zdF9saW5rX3VybF9wYWdlIiwic2V0dGluZ3MiOnsicG9zdF9pZCI6IjM0NTQ0OCJ9fQ==@\u00a0\u00bb hover_enabled=\u00a0\u00bb0&Prime; custom_css_main_element=\u00a0\u00bbcursor:pointer;\u00a0\u00bb border_radii=\u00a0\u00bbon|12px|12px|12px|12px\u00a0\u00bb box_shadow_style=\u00a0\u00bbpreset2&Prime; locked=\u00a0\u00bboff\u00a0\u00bb global_colors_info=\u00a0\u00bb{}\u00a0\u00bb background__hover_enabled=\u00a0\u00bbon|hover\u00a0\u00bb background_color__hover=\u00a0\u00bb#e8eeec\u00a0\u00bb background_enable_color__hover=\u00a0\u00bbon\u00a0\u00bb transform_styles__hover_enabled=\u00a0\u00bbon|desktop\u00a0\u00bb transform_scale__hover_enabled=\u00a0\u00bbon|hover\u00a0\u00bb transform_translate__hover_enabled=\u00a0\u00bbon|desktop\u00a0\u00bb transform_rotate__hover_enabled=\u00a0\u00bbon|hover\u00a0\u00bb transform_skew__hover_enabled=\u00a0\u00bbon|hover\u00a0\u00bb transform_origin__hover_enabled=\u00a0\u00bbon|hover\u00a0\u00bb transform_translate__hover=\u00a0\u00bb0px|-24px\u00a0\u00bb sticky_enabled=\u00a0\u00bb0&Prime;]<\/p>\n<p><strong>Accessibilit\u00e9 PMR<\/strong><\/p>\n<p>Mobilit\u00e9 optimale \u00e0 l&rsquo;int\u00e9rieur du b\u00e2timent. Chambres au rez-de-chauss\u00e9e et 2 salles de bains adapt\u00e9es aux PMR. <\/p>\n<p>[\/dsm_card][\/et_pb_column][et_pb_column type=\u00a0\u00bb1_3&Prime; _builder_version=\u00a0\u00bb4.23.1&Prime; _module_preset=\u00a0\u00bbdefault\u00a0\u00bb pac_dcm_carousel_specific_module_num=\u00a0\u00bb0&Prime; global_colors_info=\u00a0\u00bb{}\u00a0\u00bb][dsm_card title=\u00a0\u00bbVisite guid\u00e9e de la fromagerie Vega de Ario\u00a0\u00bb content_horizontal_alignment=\u00a0\u00bbflex-start\u00a0\u00bb content_equal_height=\u00a0\u00bbon\u00a0\u00bb image=\u00a0\u00bbhttps:\/\/www.onisecoturismo.es\/wp-content\/uploads\/2023\/11\/onis-accesible-queseria-vega-de-ario-4.jpg\u00a0\u00bb image_background_height=\u00a0\u00bb228px\u00a0\u00bb use_overlay=\u00a0\u00bbon\u00a0\u00bb overlay_color=\u00a0\u00bbrgba(159,182,175,0.39)\u00a0\u00bb use_icon=\u00a0\u00bboff\u00a0\u00bb badge_background_color=\u00a0\u00bb#9FB6AF\u00a0\u00bb alt=\u00a0\u00bbVisite la grotte de fromage Gamon\u00e9u Asturias\u00a0\u00bb button_text=\u00a0\u00bb+ d&#039;informations\u00a0\u00bb button_url=\u00a0\u00bb@ET-DC@eyJkeW5hbWljIjp0cnVlLCJjb250ZW50IjoicG9zdF9saW5rX3VybF9wYWdlIiwic2V0dGluZ3MiOnsicG9zdF9pZCI6IjM0NTM4NyJ9fQ==@\u00a0\u00bb button_url_new_window=\u00a0\u00bb1&Prime; _builder_version=\u00a0\u00bb4.23.1&Prime; _dynamic_attributes=\u00a0\u00bblink_option_url,button_url\u00a0\u00bb _module_preset=\u00a0\u00bbdefault\u00a0\u00bb badge_text_color=\u00a0\u00bb#FFFFFF\u00a0\u00bb body_font_size=\u00a0\u00bb14px\u00a0\u00bb background_color=\u00a0\u00bb#FFFFFF\u00a0\u00bb custom_button=\u00a0\u00bbon\u00a0\u00bb button_text_size=\u00a0\u00bb12px\u00a0\u00bb button_text_color=\u00a0\u00bb#9FB6AF\u00a0\u00bb custom_padding=\u00a0\u00bb18px|||||\u00a0\u00bb link_option_url=\u00a0\u00bb@ET-DC@eyJkeW5hbWljIjp0cnVlLCJjb250ZW50IjoicG9zdF9saW5rX3VybF9wYWdlIiwic2V0dGluZ3MiOnsicG9zdF9pZCI6IjM0NTM4NyJ9fQ==@\u00a0\u00bb custom_css_main_element=\u00a0\u00bbcursor:pointer;\u00a0\u00bb border_radii=\u00a0\u00bbon|12px|12px|12px|12px\u00a0\u00bb box_shadow_style=\u00a0\u00bbpreset2&Prime; locked=\u00a0\u00bboff\u00a0\u00bb global_colors_info=\u00a0\u00bb{}\u00a0\u00bb background__hover_enabled=\u00a0\u00bbon|hover\u00a0\u00bb background_color__hover=\u00a0\u00bb#e8eeec\u00a0\u00bb background_enable_color__hover=\u00a0\u00bbon\u00a0\u00bb transform_styles__hover_enabled=\u00a0\u00bbon|desktop\u00a0\u00bb transform_scale__hover_enabled=\u00a0\u00bbon|hover\u00a0\u00bb transform_translate__hover_enabled=\u00a0\u00bbon|desktop\u00a0\u00bb transform_rotate__hover_enabled=\u00a0\u00bbon|hover\u00a0\u00bb transform_skew__hover_enabled=\u00a0\u00bbon|hover\u00a0\u00bb transform_origin__hover_enabled=\u00a0\u00bbon|hover\u00a0\u00bb transform_translate__hover=\u00a0\u00bb0px|-24px\u00a0\u00bb]<\/p>\n<p><strong>Accessibilit\u00e9 PMR<\/strong><\/p>\n<p>Visite enti\u00e8rement accessible aux personnes \u00e0 mobilit\u00e9 r\u00e9duite. Comprend la visite de la fromagerie, de la cabane de berger et la d\u00e9gustation du gamon\u00e9u. R\u00e9server en ligne  <\/p>\n<p>[\/dsm_card][\/et_pb_column][et_pb_column type=\u00a0\u00bb1_3&Prime; _builder_version=\u00a0\u00bb4.23.1&Prime; _module_preset=\u00a0\u00bbdefault\u00a0\u00bb pac_dcm_carousel_specific_module_num=\u00a0\u00bb0&Prime; global_colors_info=\u00a0\u00bb{}\u00a0\u00bb][dsm_card title=\u00a0\u00bbCentre d&#039;interpr\u00e9tation de la faune des glaciers\u00a0\u00bb content_horizontal_alignment=\u00a0\u00bbflex-start\u00a0\u00bb content_equal_height=\u00a0\u00bbon\u00a0\u00bb image=\u00a0\u00bbhttps:\/\/www.onisecoturismo.es\/wp-content\/uploads\/2023\/11\/galeria-CI-fauna-glaciar-accesible.jpg\u00a0\u00bb image_background_height=\u00a0\u00bb228px\u00a0\u00bb use_overlay=\u00a0\u00bbon\u00a0\u00bb overlay_color=\u00a0\u00bbrgba(159,182,175,0.39)\u00a0\u00bb use_icon=\u00a0\u00bboff\u00a0\u00bb badge_background_color=\u00a0\u00bb#9FB6AF\u00a0\u00bb alt=\u00a0\u00bbVisite la grotte de fromage Gamon\u00e9u Asturias\u00a0\u00bb button_text=\u00a0\u00bb+ d&#039;informations\u00a0\u00bb button_url=\u00a0\u00bb@ET-DC@eyJkeW5hbWljIjp0cnVlLCJjb250ZW50IjoicG9zdF9saW5rX3VybF9wYWdlIiwic2V0dGluZ3MiOnsicG9zdF9pZCI6IjM0NTU2OSJ9fQ==@\u00a0\u00bb button_url_new_window=\u00a0\u00bb1&Prime; _builder_version=\u00a0\u00bb4.23.1&Prime; _dynamic_attributes=\u00a0\u00bblink_option_url,button_url\u00a0\u00bb _module_preset=\u00a0\u00bbdefault\u00a0\u00bb badge_text_color=\u00a0\u00bb#FFFFFF\u00a0\u00bb body_font_size=\u00a0\u00bb14px\u00a0\u00bb background_color=\u00a0\u00bb#FFFFFF\u00a0\u00bb custom_button=\u00a0\u00bbon\u00a0\u00bb button_text_size=\u00a0\u00bb12px\u00a0\u00bb button_text_color=\u00a0\u00bb#9FB6AF\u00a0\u00bb custom_padding=\u00a0\u00bb18px|||||\u00a0\u00bb link_option_url=\u00a0\u00bb@ET-DC@eyJkeW5hbWljIjp0cnVlLCJjb250ZW50IjoicG9zdF9saW5rX3VybF9wYWdlIiwic2V0dGluZ3MiOnsicG9zdF9pZCI6IjM0NTU2OSJ9fQ==@\u00a0\u00bb custom_css_main_element=\u00a0\u00bbcursor:pointer;\u00a0\u00bb border_radii=\u00a0\u00bbon|12px|12px|12px|12px\u00a0\u00bb box_shadow_style=\u00a0\u00bbpreset2&Prime; locked=\u00a0\u00bboff\u00a0\u00bb global_colors_info=\u00a0\u00bb{}\u00a0\u00bb background__hover_enabled=\u00a0\u00bbon|hover\u00a0\u00bb background_color__hover=\u00a0\u00bb#e8eeec\u00a0\u00bb background_enable_color__hover=\u00a0\u00bbon\u00a0\u00bb transform_styles__hover_enabled=\u00a0\u00bbon|desktop\u00a0\u00bb transform_scale__hover_enabled=\u00a0\u00bbon|hover\u00a0\u00bb transform_translate__hover_enabled=\u00a0\u00bbon|desktop\u00a0\u00bb transform_rotate__hover_enabled=\u00a0\u00bbon|hover\u00a0\u00bb transform_skew__hover_enabled=\u00a0\u00bbon|hover\u00a0\u00bb transform_origin__hover_enabled=\u00a0\u00bbon|hover\u00a0\u00bb transform_translate__hover=\u00a0\u00bb0px|-24px\u00a0\u00bb]<\/p>\n<p><strong>Accessibilit\u00e9 PMR<\/strong><\/p>\n<p>Visite une grotte naturelle qui abrite des recr\u00e9ations de la faune de l&rsquo;\u00e9poque glaciaire, \u00e0 laquelle tu peux acc\u00e9der en fauteuil roulant et te d\u00e9placer sur une passerelle en bois.<\/p>\n<p>[\/dsm_card][\/et_pb_column][\/et_pb_row][\/et_pb_section]<\/p>\n","protected":false},"excerpt":{"rendered":"<p>Chambre avec salle de bain adapt\u00e9e aux PMR et aux personnes en fauteuil roulant. Caf\u00e9t\u00e9ria, restaurant et parking au rez-de-chauss\u00e9e<\/p>\n","protected":false},"author":2,"featured_media":347815,"parent":0,"menu_order":0,"comment_status":"closed","ping_status":"closed","template":"","meta":{"_acf_changed":false,"_et_pb_use_builder":"on","_et_pb_old_content":"","_et_gb_content_width":"","footnotes":""},"dipi_cpt_category":[],"class_list":["post-347814","page","type-page","status-publish","has-post-thumbnail","hentry"],"acf":[],"_links":{"self":[{"href":"https:\/\/www.onisecoturismo.es\/fr\/wp-json\/wp\/v2\/pages\/347814","targetHints":{"allow":["GET"]}}],"collection":[{"href":"https:\/\/www.onisecoturismo.es\/fr\/wp-json\/wp\/v2\/pages"}],"about":[{"href":"https:\/\/www.onisecoturismo.es\/fr\/wp-json\/wp\/v2\/types\/page"}],"author":[{"embeddable":true,"href":"https:\/\/www.onisecoturismo.es\/fr\/wp-json\/wp\/v2\/users\/2"}],"replies":[{"embeddable":true,"href":"https:\/\/www.onisecoturismo.es\/fr\/wp-json\/wp\/v2\/comments?post=347814"}],"version-history":[{"count":2,"href":"https:\/\/www.onisecoturismo.es\/fr\/wp-json\/wp\/v2\/pages\/347814\/revisions"}],"predecessor-version":[{"id":347817,"href":"https:\/\/www.onisecoturismo.es\/fr\/wp-json\/wp\/v2\/pages\/347814\/revisions\/347817"}],"wp:featuredmedia":[{"embeddable":true,"href":"https:\/\/www.onisecoturismo.es\/fr\/wp-json\/wp\/v2\/media\/347815"}],"wp:attachment":[{"href":"https:\/\/www.onisecoturismo.es\/fr\/wp-json\/wp\/v2\/media?parent=347814"}],"wp:term":[{"taxonomy":"dipi_cpt_category","embeddable":true,"href":"https:\/\/www.onisecoturismo.es\/fr\/wp-json\/wp\/v2\/dipi_cpt_category?post=347814"}],"curies":[{"name":"wp","href":"https:\/\/api.w.org\/{rel}","templated":true}]}}