{"id":347697,"date":"2024-11-08T14:03:37","date_gmt":"2024-11-08T13:03:37","guid":{"rendered":"https:\/\/www.onisecoturismo.es\/profite\/observation-du-gypaete-barbu\/"},"modified":"2024-11-08T14:03:39","modified_gmt":"2024-11-08T13:03:39","slug":"observation-du-gypaete-barbu","status":"publish","type":"page","link":"https:\/\/www.onisecoturismo.es\/fr\/profite\/observation-du-gypaete-barbu\/","title":{"rendered":"Observation du gypa\u00e8te barbu"},"content":{"rendered":"<p>[et_pb_section fb_built=\u00a0\u00bb1&Prime; fullwidth=\u00a0\u00bbon\u00a0\u00bb next_background_color=\u00a0\u00bb#ffffff\u00a0\u00bb _builder_version=\u00a0\u00bb4.17.1&Prime; _module_preset=\u00a0\u00bbdefault\u00a0\u00bb background_image=\u00a0\u00bbhttps:\/\/www.onisecoturismo.es\/wp-content\/uploads\/2022\/04\/cabecera_detalle_quebrantahuesos.jpg\u00a0\u00bb bottom_divider_style=\u00a0\u00bbcurve2&Prime; bottom_divider_height=\u00a0\u00bb60px\u00a0\u00bb da_disable_devices=\u00a0\u00bboff|off|off\u00a0\u00bb global_colors_info=\u00a0\u00bb{}\u00a0\u00bb da_is_popup=\u00a0\u00bboff\u00a0\u00bb da_exit_intent=\u00a0\u00bboff\u00a0\u00bb da_has_close=\u00a0\u00bbon\u00a0\u00bb da_alt_close=\u00a0\u00bboff\u00a0\u00bb da_dark_close=\u00a0\u00bboff\u00a0\u00bb da_not_modal=\u00a0\u00bbon\u00a0\u00bb da_is_singular=\u00a0\u00bboff\u00a0\u00bb da_with_loader=\u00a0\u00bboff\u00a0\u00bb da_has_shadow=\u00a0\u00bbon\u00a0\u00bb][et_pb_fullwidth_header title=\u00a0\u00bbObservation du gypa\u00e8te barbu\u00a0\u00bb subhead=\u00a0\u00bbItin\u00e9raire guid\u00e9 avec la Fondation gypa\u00e8te barbu\u00a0\u00bb text_orientation=\u00a0\u00bbcenter\u00a0\u00bb title_tablet=\u00a0\u00bbObservation du gypa\u00e8te barbu\u00a0\u00bb title_phone=\u00a0\u00bbObservation du gypa\u00e8te barbu\u00a0\u00bb title_last_edited=\u00a0\u00bbon|phone\u00a0\u00bb _builder_version=\u00a0\u00bb4.17.3&Prime; _module_preset=\u00a0\u00bbdefault\u00a0\u00bb title_font=\u00a0\u00bb|700|||||||\u00a0\u00bb subhead_font=\u00a0\u00bb|600|on||||||\u00a0\u00bb subhead_text_color=\u00a0\u00bb#e2e2e2&Prime; subhead_font_size=\u00a0\u00bb19px\u00a0\u00bb background_color=\u00a0\u00bbrgba(22,34,16,0.5)\u00a0\u00bb custom_padding=\u00a0\u00bb||60px||false|false\u00a0\u00bb animation_style=\u00a0\u00bbfade\u00a0\u00bb animation_duration=\u00a0\u00bb1500ms\u00a0\u00bb animation_delay=\u00a0\u00bb1000ms\u00a0\u00bb title_font_size_tablet=\u00a0\u00bb\u00a0\u00bb title_font_size_phone=\u00a0\u00bb26px\u00a0\u00bb title_font_size_last_edited=\u00a0\u00bbon|phone\u00a0\u00bb custom_css_subtitle=\u00a0\u00bbpadding-bottom:20px;\u00a0\u00bb global_colors_info=\u00a0\u00bb{}\u00a0\u00bb][\/et_pb_fullwidth_header][\/et_pb_section][et_pb_section fb_built=\u00a0\u00bb1&Prime; _builder_version=\u00a0\u00bb4.16&Prime; _module_preset=\u00a0\u00bbdefault\u00a0\u00bb background_enable_color=\u00a0\u00bboff\u00a0\u00bb use_background_color_gradient=\u00a0\u00bbon\u00a0\u00bb background_color_gradient_stops=\u00a0\u00bbrgba(255,255,255,0) 0%|#ffffff 100%\u00a0\u00bb background_color_gradient_start=\u00a0\u00bbrgba(255,255,255,0)\u00a0\u00bb background_color_gradient_end=\u00a0\u00bb#ffffff\u00a0\u00bb background_image=\u00a0\u00bbhttps:\/\/www.onisecoturismo.es\/wp-content\/uploads\/2022\/02\/fondo-suave.png\u00a0\u00bb background_position=\u00a0\u00bbtop_center\u00a0\u00bb background_blend=\u00a0\u00bblighten\u00a0\u00bb custom_padding=\u00a0\u00bb30px||20px||false|false\u00a0\u00bb da_disable_devices=\u00a0\u00bboff|off|off\u00a0\u00bb global_colors_info=\u00a0\u00bb{}\u00a0\u00bb da_is_popup=\u00a0\u00bboff\u00a0\u00bb da_exit_intent=\u00a0\u00bboff\u00a0\u00bb da_has_close=\u00a0\u00bbon\u00a0\u00bb da_alt_close=\u00a0\u00bboff\u00a0\u00bb da_dark_close=\u00a0\u00bboff\u00a0\u00bb da_not_modal=\u00a0\u00bbon\u00a0\u00bb da_is_singular=\u00a0\u00bboff\u00a0\u00bb da_with_loader=\u00a0\u00bboff\u00a0\u00bb da_has_shadow=\u00a0\u00bbon\u00a0\u00bb][et_pb_row _builder_version=\u00a0\u00bb4.16&Prime; _module_preset=\u00a0\u00bbdefault\u00a0\u00bb custom_padding=\u00a0\u00bb40px||5px||false|false\u00a0\u00bb locked=\u00a0\u00bboff\u00a0\u00bb global_colors_info=\u00a0\u00bb{}\u00a0\u00bb][et_pb_column type=\u00a0\u00bb4_4&Prime; _builder_version=\u00a0\u00bb4.16&Prime; _module_preset=\u00a0\u00bbdefault\u00a0\u00bb pac_dcm_carousel_specific_module_num=\u00a0\u00bb0&Prime; global_colors_info=\u00a0\u00bb{}\u00a0\u00bb][et_pb_text _builder_version=\u00a0\u00bb4.16&Prime; _module_preset=\u00a0\u00bbdefault\u00a0\u00bb header_2_text_color=\u00a0\u00bb#526962&Prime; custom_padding=\u00a0\u00bb0px||0px||false|false\u00a0\u00bb global_colors_info=\u00a0\u00bb{}\u00a0\u00bb]<\/p>\n<h3><strong>En quoi consiste-t-il ?<br \/><\/strong><\/h3>\n<p>[\/et_pb_text][\/et_pb_column][\/et_pb_row][et_pb_row column_structure=\u00a0\u00bb1_2,1_2&Prime; _builder_version=\u00a0\u00bb4.16&Prime; _module_preset=\u00a0\u00bbdefault\u00a0\u00bb custom_padding=\u00a0\u00bb20px||5px||false|false\u00a0\u00bb locked=\u00a0\u00bboff\u00a0\u00bb global_colors_info=\u00a0\u00bb{}\u00a0\u00bb][et_pb_column type=\u00a0\u00bb1_2&Prime; _builder_version=\u00a0\u00bb4.16&Prime; _module_preset=\u00a0\u00bbdefault\u00a0\u00bb pac_dcm_carousel_specific_module_num=\u00a0\u00bb0&Prime; global_colors_info=\u00a0\u00bb{}\u00a0\u00bb][et_pb_video src=\u00a0\u00bbhttps:\/\/www.youtube.com\/watch?v=eDRv0GYGEB4&Prime; _builder_version=\u00a0\u00bb4.16&Prime; _module_preset=\u00a0\u00bbdefault\u00a0\u00bb border_radii=\u00a0\u00bbon|12px|12px|12px|12px\u00a0\u00bb global_colors_info=\u00a0\u00bb{}\u00a0\u00bb][\/et_pb_video][\/et_pb_column][et_pb_column type=\u00a0\u00bb1_2&Prime; _builder_version=\u00a0\u00bb4.16&Prime; _module_preset=\u00a0\u00bbdefault\u00a0\u00bb pac_dcm_carousel_specific_module_num=\u00a0\u00bb0&Prime; global_colors_info=\u00a0\u00bb{}\u00a0\u00bb][et_pb_text _builder_version=\u00a0\u00bb4.26.1&Prime; _module_preset=\u00a0\u00bbdefault\u00a0\u00bb header_5_line_height=\u00a0\u00bb1.4em\u00a0\u00bb custom_padding=\u00a0\u00bb||5px||false|false\u00a0\u00bb global_colors_info=\u00a0\u00bb{}\u00a0\u00bb]<\/p>\n<h5>D\u00e9couvre le projet de r\u00e9tablissement du gypa\u00e8te barbu dans les Picos de Europa avec la FCQ.<\/h5>\n<p>Activit\u00e9 <strong>guid\u00e9e<\/strong> pour observer la mangeoire \u00e0 oiseaux charognards o\u00f9 viennent se nourrir les grands oiseaux des Pics d&rsquo;Europe. Nous visiterons \u00e9galement la<strong>zone o\u00f9 les gypa\u00e8tes barbus sont rel\u00e2ch\u00e9s.<\/strong><\/p>\n<p>Le personnel technique de la Fondation pour la conservation du gypa\u00e8te barbu (FCQ) expliquera en quoi consiste le projet de r\u00e9introduction de cet oiseau charognard qui \u00e9tait au bord de l&rsquo;extinction.<\/p>\n<p>La visite se d\u00e9roulera dans une <strong>camionnette 100 % \u00e9lectrique<\/strong> conduite par le guide. Tes voitures peuvent \u00eatre gar\u00e9es sur le parking gratuit situ\u00e9 devant le centre d&rsquo;accueil des visiteurs, d&rsquo;o\u00f9 l&rsquo;activit\u00e9 commence.<\/p>\n<p>[\/et_pb_text][\/et_pb_column][\/et_pb_row][et_pb_row column_structure=\u00a0\u00bb1_2,1_2&Prime; make_equal=\u00a0\u00bbon\u00a0\u00bb _builder_version=\u00a0\u00bb4.16&Prime; _module_preset=\u00a0\u00bbdefault\u00a0\u00bb global_colors_info=\u00a0\u00bb{}\u00a0\u00bb][et_pb_column type=\u00a0\u00bb1_2&Prime; _builder_version=\u00a0\u00bb4.16&Prime; _module_preset=\u00a0\u00bbdefault\u00a0\u00bb pac_dcm_carousel_specific_module_num=\u00a0\u00bb0&Prime; global_colors_info=\u00a0\u00bb{}\u00a0\u00bb][et_pb_text _builder_version=\u00a0\u00bb4.16&Prime; _module_preset=\u00a0\u00bbdefault\u00a0\u00bb text_text_color=\u00a0\u00bb#FFFFFF\u00a0\u00bb background_color=\u00a0\u00bbrgba(22,34,16,0.62)\u00a0\u00bb background_image=\u00a0\u00bbhttps:\/\/www.onisecoturismo.es\/wp-content\/uploads\/2022\/01\/textura-hierba.jpg\u00a0\u00bb background_blend=\u00a0\u00bbdarken\u00a0\u00bb height=\u00a0\u00bb100%\u00a0\u00bb custom_padding=\u00a0\u00bb20px|20px|20px|20px|false|false\u00a0\u00bb border_radii=\u00a0\u00bbon|12px|12px|12px|12px\u00a0\u00bb border_width_all=\u00a0\u00bb2px\u00a0\u00bb border_color_all=\u00a0\u00bb#9FB6AF\u00a0\u00bb global_colors_info=\u00a0\u00bb{}\u00a0\u00bb]<\/p>\n<p><strong>O\u00f9 ?<\/strong><\/p>\n<p>D\u00e9part du centre d&rsquo;accueil des visiteurs des monts des gypa\u00e8tes barbus.<\/p>\n<p><strong>Combien de temps cela prend-il ? 4<\/strong> heures.<\/p>\n<p><strong>Quand cela peut-il se faire ?  <\/strong>Haute saison<\/p>\n<p><strong>Dans quelles langues ?  <\/strong>En anglais<\/p>\n<p><strong>Est-il accessible ?  <\/strong>Non<\/p>\n<p><strong>Est-il adapt\u00e9 aux familles avec enfants ?  <\/strong>Oui<\/p>\n<p>[\/et_pb_text][\/et_pb_column][et_pb_column type=\u00a0\u00bb1_2&Prime; _builder_version=\u00a0\u00bb4.16&Prime; _module_preset=\u00a0\u00bbdefault\u00a0\u00bb pac_dcm_carousel_specific_module_num=\u00a0\u00bb0&Prime; global_colors_info=\u00a0\u00bb{}\u00a0\u00bb][supreme_leaflet_map use_custom_latlng=\u00a0\u00bbon\u00a0\u00bb address_custom_lat=\u00a0\u00bb43.336993&Prime; address_custom_lng=\u00a0\u00bb-4.975519&Prime; _builder_version=\u00a0\u00bb4.16&Prime; _module_preset=\u00a0\u00bbdefault\u00a0\u00bb height=\u00a0\u00bb360px\u00a0\u00bb custom_margin=\u00a0\u00bb||0px||false|false\u00a0\u00bb custom_padding=\u00a0\u00bb||0px||false|false\u00a0\u00bb locked=\u00a0\u00bboff\u00a0\u00bb global_colors_info=\u00a0\u00bb{}\u00a0\u00bb][supreme_leaflet_map_item pin_address=\u00a0\u00bbArea Recreativa Tullidi\u00a0\u00bb use_custom_latlng=\u00a0\u00bbon\u00a0\u00bb address_custom_lat=\u00a0\u00bb43.336993&Prime; address_custom_lng=\u00a0\u00bb-4.975519&Prime; use_marker_custom=\u00a0\u00bbon\u00a0\u00bb marker_icon_src=\u00a0\u00bbhttps:\/\/www.onisecoturismo.es\/wp-content\/uploads\/2021\/11\/icono-mapa-onis.png\u00a0\u00bb marker_width=\u00a0\u00bb36&Prime; _builder_version=\u00a0\u00bb4.16&Prime; _module_preset=\u00a0\u00bbdefault\u00a0\u00bb global_colors_info=\u00a0\u00bb{}\u00a0\u00bb][\/supreme_leaflet_map_item][\/supreme_leaflet_map][\/et_pb_column][\/et_pb_row][\/et_pb_section][et_pb_section fb_built=\u00a0\u00bb1&Prime; _builder_version=\u00a0\u00bb4.16&Prime; _module_preset=\u00a0\u00bbdefault\u00a0\u00bb background_color=\u00a0\u00bbrgba(164,207,192,0.3)\u00a0\u00bb background_image=\u00a0\u00bbhttps:\/\/www.onisecoturismo.es\/wp-content\/uploads\/2022\/02\/fondo-suave.png\u00a0\u00bb custom_padding=\u00a0\u00bb20px||20px||false|false\u00a0\u00bb da_disable_devices=\u00a0\u00bboff|off|off\u00a0\u00bb global_colors_info=\u00a0\u00bb{}\u00a0\u00bb da_is_popup=\u00a0\u00bboff\u00a0\u00bb da_exit_intent=\u00a0\u00bboff\u00a0\u00bb da_has_close=\u00a0\u00bbon\u00a0\u00bb da_alt_close=\u00a0\u00bboff\u00a0\u00bb da_dark_close=\u00a0\u00bboff\u00a0\u00bb da_not_modal=\u00a0\u00bbon\u00a0\u00bb da_is_singular=\u00a0\u00bboff\u00a0\u00bb da_with_loader=\u00a0\u00bboff\u00a0\u00bb da_has_shadow=\u00a0\u00bbon\u00a0\u00bb][et_pb_row column_structure=\u00a0\u00bb1_3,1_3,1_3&Prime; _builder_version=\u00a0\u00bb4.16&Prime; _module_preset=\u00a0\u00bbdefault\u00a0\u00bb global_colors_info=\u00a0\u00bb{}\u00a0\u00bb][et_pb_column type=\u00a0\u00bb1_3&Prime; _builder_version=\u00a0\u00bb4.16&Prime; _module_preset=\u00a0\u00bbdefault\u00a0\u00bb pac_dcm_carousel_specific_module_num=\u00a0\u00bb0&Prime; global_colors_info=\u00a0\u00bb{}\u00a0\u00bb][et_pb_icon font_icon=\u00a0\u00bb&#xf02b;||fa||900&Prime; icon_width=\u00a0\u00bb30px\u00a0\u00bb align=\u00a0\u00bbleft\u00a0\u00bb _builder_version=\u00a0\u00bb4.16&Prime; _module_preset=\u00a0\u00bbdefault\u00a0\u00bb custom_margin=\u00a0\u00bb0px||0px||false|false\u00a0\u00bb custom_padding=\u00a0\u00bb||10px||false|false\u00a0\u00bb global_colors_info=\u00a0\u00bb{}\u00a0\u00bb][\/et_pb_icon][et_pb_text _builder_version=\u00a0\u00bb4.26.1&Prime; _module_preset=\u00a0\u00bbdefault\u00a0\u00bb hover_enabled=\u00a0\u00bb0&Prime; global_colors_info=\u00a0\u00bb{}\u00a0\u00bb sticky_enabled=\u00a0\u00bb0&Prime;]<\/p>\n<p><strong>Les prix :<\/strong><\/p>\n<p>Adultes : 40 \u20ac Enfants de moins de 12 ans : 25 \u20ac.<\/p>\n<p>[\/et_pb_text][\/et_pb_column][et_pb_column type=\u00a0\u00bb1_3&Prime; _builder_version=\u00a0\u00bb4.16&Prime; _module_preset=\u00a0\u00bbdefault\u00a0\u00bb pac_dcm_carousel_specific_module_num=\u00a0\u00bb0&Prime; global_colors_info=\u00a0\u00bb{}\u00a0\u00bb][et_pb_icon font_icon=\u00a0\u00bb&#xf0ea;||fa||900&Prime; icon_width=\u00a0\u00bb30px\u00a0\u00bb align=\u00a0\u00bbleft\u00a0\u00bb _builder_version=\u00a0\u00bb4.16&Prime; _module_preset=\u00a0\u00bbdefault\u00a0\u00bb custom_margin=\u00a0\u00bb0px||0px||false|false\u00a0\u00bb custom_padding=\u00a0\u00bb||10px||false|false\u00a0\u00bb global_colors_info=\u00a0\u00bb{}\u00a0\u00bb][\/et_pb_icon][et_pb_text _builder_version=\u00a0\u00bb4.16&Prime; _module_preset=\u00a0\u00bbdefault\u00a0\u00bb global_colors_info=\u00a0\u00bb{}\u00a0\u00bb]<\/p>\n<p><strong>L&rsquo;activit\u00e9 comprend :<br \/><\/strong><\/p>\n<ul>\n<li>Guide d&rsquo;accompagnement FCQ<\/li>\n<li>Mat\u00e9riel optique (t\u00e9lescope et jumelles)<\/li>\n<li>Transfert en camionnette 100% \u00e9lectrique<\/li>\n<\/ul>\n<p>[\/et_pb_text][\/et_pb_column][et_pb_column type=\u00a0\u00bb1_3&Prime; _builder_version=\u00a0\u00bb4.16&Prime; _module_preset=\u00a0\u00bbdefault\u00a0\u00bb pac_dcm_carousel_specific_module_num=\u00a0\u00bb0&Prime; global_colors_info=\u00a0\u00bb{}\u00a0\u00bb][et_pb_icon font_icon=\u00a0\u00bb&#xf073;||fa||400&Prime; icon_width=\u00a0\u00bb30px\u00a0\u00bb align=\u00a0\u00bbleft\u00a0\u00bb _builder_version=\u00a0\u00bb4.16&Prime; _module_preset=\u00a0\u00bbdefault\u00a0\u00bb custom_margin=\u00a0\u00bb0px||0px||false|false\u00a0\u00bb custom_padding=\u00a0\u00bb||10px||false|false\u00a0\u00bb global_colors_info=\u00a0\u00bb{}\u00a0\u00bb][\/et_pb_icon][et_pb_text _builder_version=\u00a0\u00bb4.26.1&Prime; _module_preset=\u00a0\u00bbdefault\u00a0\u00bb global_colors_info=\u00a0\u00bb{}\u00a0\u00bb]<\/p>\n<p><strong>Horaires, points de d\u00e9part et r\u00e9servations :<\/strong><\/p>\n<p><span style=\"text-decoration: underline;\">\u00c9T\u00c9<\/span>: D\u00e9parts <strong><span style=\"color: #75423e;\">UNIQUEMENT LE VENDREDI<\/span><\/strong><br \/> en camionnette \u00e9lectrique 9 places \u00e0 9h30<span style=\"text-decoration: underline;\">RESTE DE L&rsquo;ANNEE<\/span>: <strong>Uniquement les groupes sur<\/strong> r\u00e9servation <strong>pr\u00e9alable.<\/strong><\/p>\n<p><strong>R\u00c9SERVATIONS<br \/><\/strong><strong>Une r\u00e9servation pr\u00e9alable est indispensable<\/strong><\/p>\n<p>Ligne fixe : +34 985 844 293 Mobile : +34 687 080 374  <\/p>\n<p>[\/et_pb_text][\/et_pb_column][\/et_pb_row][\/et_pb_section][et_pb_section fb_built=\u00a0\u00bb1&Prime; prev_background_color=\u00a0\u00bbrgba(164,207,192,0.3)\u00a0\u00bb next_background_color=\u00a0\u00bb#ffffff\u00a0\u00bb _builder_version=\u00a0\u00bb4.16&Prime; _module_preset=\u00a0\u00bbdefault\u00a0\u00bb background_color=\u00a0\u00bbrgba(22,34,16,0.5)\u00a0\u00bb background_image=\u00a0\u00bbhttps:\/\/www.onisecoturismo.es\/wp-content\/uploads\/2022\/02\/fondo-quebrantahuesos-comiendo.jpg\u00a0\u00bb background_repeat=\u00a0\u00bbrepeat\u00a0\u00bb background_blend=\u00a0\u00bbdarken\u00a0\u00bb custom_padding=\u00a0\u00bb||0px|||\u00a0\u00bb top_divider_style=\u00a0\u00bbwave\u00a0\u00bb top_divider_style_tablet=\u00a0\u00bbwave\u00a0\u00bb top_divider_style_phone=\u00a0\u00bbwave\u00a0\u00bb top_divider_style_last_edited=\u00a0\u00bbon|desktop\u00a0\u00bb top_divider_height_tablet=\u00a0\u00bb75px\u00a0\u00bb top_divider_height_phone=\u00a0\u00bb45px\u00a0\u00bb top_divider_height_last_edited=\u00a0\u00bbon|phone\u00a0\u00bb bottom_divider_style=\u00a0\u00bbwaves2&Prime; bottom_divider_flip=\u00a0\u00bbhorizontal\u00a0\u00bb bottom_divider_height_tablet=\u00a0\u00bb70px\u00a0\u00bb bottom_divider_height_phone=\u00a0\u00bb44px\u00a0\u00bb bottom_divider_height_last_edited=\u00a0\u00bbon|phone\u00a0\u00bb da_disable_devices=\u00a0\u00bboff|off|off\u00a0\u00bb global_colors_info=\u00a0\u00bb{}\u00a0\u00bb da_is_popup=\u00a0\u00bboff\u00a0\u00bb da_exit_intent=\u00a0\u00bboff\u00a0\u00bb da_has_close=\u00a0\u00bbon\u00a0\u00bb da_alt_close=\u00a0\u00bboff\u00a0\u00bb da_dark_close=\u00a0\u00bboff\u00a0\u00bb da_not_modal=\u00a0\u00bbon\u00a0\u00bb da_is_singular=\u00a0\u00bboff\u00a0\u00bb da_with_loader=\u00a0\u00bboff\u00a0\u00bb da_has_shadow=\u00a0\u00bbon\u00a0\u00bb][et_pb_row _builder_version=\u00a0\u00bb4.16&Prime; _module_preset=\u00a0\u00bbdefault\u00a0\u00bb custom_padding=\u00a0\u00bb||0px|||\u00a0\u00bb global_colors_info=\u00a0\u00bb{}\u00a0\u00bb][et_pb_column type=\u00a0\u00bb4_4&Prime; _builder_version=\u00a0\u00bb4.16&Prime; _module_preset=\u00a0\u00bbdefault\u00a0\u00bb pac_dcm_carousel_specific_module_num=\u00a0\u00bb0&Prime; global_colors_info=\u00a0\u00bb{}\u00a0\u00bb][et_pb_text content_tablet=\u00a0\u00bb<\/p>\n<h3><strong>Fais connaissance avec le gypa\u00e8te barbu et son programme de r\u00e9tablissement.<\/strong><\/h3>\n<p>\u00a0\u00bb content_phone=\u00a0\u00bb<\/p>\n<h3><strong>Apprends \u00e0 conna\u00eetre cet oiseau et son programme de r\u00e9tablissement.<\/strong><\/h3>\n<p>\u00a0\u00bb content_last_edited=\u00a0\u00bbon|phone\u00a0\u00bb _builder_version=\u00a0\u00bb4.26.1&Prime; _module_preset=\u00a0\u00bbdefault\u00a0\u00bb header_3_text_align=\u00a0\u00bbcenter\u00a0\u00bb header_3_text_color=\u00a0\u00bb#FFFFFF\u00a0\u00bb header_3_font_size=\u00a0\u00bb39px\u00a0\u00bb custom_padding=\u00a0\u00bb100px||20px||false|false\u00a0\u00bb text_font_size_tablet=\u00a0\u00bb\u00a0\u00bb text_font_size_phone=\u00a0\u00bb\u00a0\u00bb text_font_size_last_edited=\u00a0\u00bbon|phone\u00a0\u00bb locked=\u00a0\u00bboff\u00a0\u00bb global_colors_info=\u00a0\u00bb{}\u00a0\u00bb]<\/p>\n<h3><strong>Fais connaissance avec le gypa\u00e8te barbu et son programme de r\u00e9tablissement.<\/strong><\/h3>\n<p>[\/et_pb_text][et_pb_text _builder_version=\u00a0\u00bb4.16&Prime; _module_preset=\u00a0\u00bbdefault\u00a0\u00bb text_text_color=\u00a0\u00bb#FFFFFF\u00a0\u00bb custom_margin=\u00a0\u00bb||100px||false|false\u00a0\u00bb global_colors_info=\u00a0\u00bb{}\u00a0\u00bb]<\/p>\n<p style=\"text-align: center;\"><strong>TU NE PEUX PAS LE RATER SI&#8230;<\/strong><\/p>\n<p>Tu veux voir des gypa\u00e8tes barbus et d&rsquo;autres grands oiseaux charognards dans les Pics d&rsquo;Europe. Tu veux d\u00e9couvrir l&rsquo;ornithologie et l&rsquo;importance des oiseaux charognards dans la cha\u00eene alimentaire. Tu veux en savoir plus sur le programme de r\u00e9introduction du gypa\u00e8te barbu. Tu veux collaborer avec la Fondation pour la conservation du gypa\u00e8te barbu avec une activit\u00e9 d&rsquo;\u00e9cotourisme et contribuer \u00e0 la conservation de l&rsquo;esp\u00e8ce.   <\/p>\n<p>[\/et_pb_text][\/et_pb_column][\/et_pb_row][\/et_pb_section][et_pb_section fb_built=\u00a0\u00bb1&Prime; _builder_version=\u00a0\u00bb4.16&Prime; _module_preset=\u00a0\u00bbdefault\u00a0\u00bb da_disable_devices=\u00a0\u00bboff|off|off\u00a0\u00bb global_colors_info=\u00a0\u00bb{}\u00a0\u00bb da_is_popup=\u00a0\u00bboff\u00a0\u00bb da_exit_intent=\u00a0\u00bboff\u00a0\u00bb da_has_close=\u00a0\u00bbon\u00a0\u00bb da_alt_close=\u00a0\u00bboff\u00a0\u00bb da_dark_close=\u00a0\u00bboff\u00a0\u00bb da_not_modal=\u00a0\u00bbon\u00a0\u00bb da_is_singular=\u00a0\u00bboff\u00a0\u00bb da_with_loader=\u00a0\u00bboff\u00a0\u00bb da_has_shadow=\u00a0\u00bbon\u00a0\u00bb][et_pb_row use_custom_gutter=\u00a0\u00bbon\u00a0\u00bb gutter_width=\u00a0\u00bb1&Prime; _builder_version=\u00a0\u00bb4.16&Prime; _module_preset=\u00a0\u00bbdefault\u00a0\u00bb width=\u00a0\u00bb100%\u00a0\u00bb max_width=\u00a0\u00bb94%\u00a0\u00bb locked=\u00a0\u00bboff\u00a0\u00bb global_colors_info=\u00a0\u00bb{}\u00a0\u00bb][et_pb_column type=\u00a0\u00bb4_4&Prime; _builder_version=\u00a0\u00bb4.16&Prime; _module_preset=\u00a0\u00bbdefault\u00a0\u00bb pac_dcm_carousel_specific_module_num=\u00a0\u00bb0&Prime; global_colors_info=\u00a0\u00bb{}\u00a0\u00bb][dsm_card_carousel speed=\u00a0\u00bb1500&Prime; autoplay_speed=\u00a0\u00bb4000&Prime; arrow_color=\u00a0\u00bb#9FB6AF\u00a0\u00bb arrow_background_color=\u00a0\u00bb#FFFFFF\u00a0\u00bb dots=\u00a0\u00bboff\u00a0\u00bb admin_label=\u00a0\u00bbCarrusel de fotos\u00a0\u00bb _builder_version=\u00a0\u00bb4.26.1&Prime; _module_preset=\u00a0\u00bbdefault\u00a0\u00bb custom_margin=\u00a0\u00bb0px|0px|0px|0px|false|false\u00a0\u00bb custom_padding=\u00a0\u00bb0px|0px|0px|0px|false|false\u00a0\u00bb global_colors_info=\u00a0\u00bb{}\u00a0\u00bb][dsm_card_carousel_child admin_label=\u00a0\u00bbPhoto\u00a0\u00bb image=\u00a0\u00bbhttps:\/\/www.onisecoturismo.es\/wp-content\/uploads\/2022\/02\/experienca-quebrantahuesos01.jpg\u00a0\u00bb image_as_background=\u00a0\u00bboff\u00a0\u00bb image_popup=\u00a0\u00bbon\u00a0\u00bb image_popup_src=\u00a0\u00bbhttps:\/\/www.onisecoturismo.es\/wp-content\/uploads\/2022\/02\/experienca-quebrantahuesos01.jpg\u00a0\u00bb alt=\u00a0\u00bbGypa\u00e8te barbu\u00a0\u00bb button_url_new_window=\u00a0\u00bb1&Prime; _builder_version=\u00a0\u00bb4.16&Prime; _module_preset=\u00a0\u00bbdefault\u00a0\u00bb border_radii_image=\u00a0\u00bbon|6px|6px|6px|6px\u00a0\u00bb global_colors_info=\u00a0\u00bb{}\u00a0\u00bb parent_button=\u00a0\u00bboff\u00a0\u00bb parent_header_level=\u00a0\u00bbh4&Prime;][\/dsm_card_carousel_child][dsm_card_carousel_child admin_label=\u00a0\u00bbfourgonnette \u00e9lectrique\u00a0\u00bb image=\u00a0\u00bbhttps:\/\/www.onisecoturismo.es\/wp-content\/uploads\/2023\/06\/galeria-web-furgoneta-electrica.jpg\u00a0\u00bb image_as_background=\u00a0\u00bboff\u00a0\u00bb image_popup=\u00a0\u00bbon\u00a0\u00bb image_popup_src=\u00a0\u00bbhttps:\/\/www.onisecoturismo.es\/wp-content\/uploads\/2023\/06\/galeria-web-furgoneta-electrica.jpg\u00a0\u00bb badge_text=\u00a0\u00bbFourgonnette 100% \u00e9lectrique\u00a0\u00bb alt=\u00a0\u00bbFourgonnette \u00e9lectrique Toyota Proace\u00a0\u00bb button_url_new_window=\u00a0\u00bb1&Prime; _builder_version=\u00a0\u00bb4.26.1&Prime; _module_preset=\u00a0\u00bbdefault\u00a0\u00bb border_radii_image=\u00a0\u00bbon|6px|6px|6px|6px\u00a0\u00bb global_colors_info=\u00a0\u00bb{}\u00a0\u00bb parent_button=\u00a0\u00bboff\u00a0\u00bb parent_header_level=\u00a0\u00bbh4&Prime;][\/dsm_card_carousel_child][dsm_card_carousel_child admin_label=\u00a0\u00bbPhoto\u00a0\u00bb image=\u00a0\u00bbhttps:\/\/www.onisecoturismo.es\/wp-content\/uploads\/2022\/02\/experienca-quebrantahuesos03.jpg\u00a0\u00bb image_as_background=\u00a0\u00bboff\u00a0\u00bb image_popup=\u00a0\u00bbon\u00a0\u00bb image_popup_src=\u00a0\u00bbhttps:\/\/www.onisecoturismo.es\/wp-content\/uploads\/2022\/02\/experienca-quebrantahuesos03.jpg\u00a0\u00bb alt=\u00a0\u00bbLes vautours et les gypa\u00e8tes barbus mangent\u00a0\u00bb button_url_new_window=\u00a0\u00bb1&Prime; _builder_version=\u00a0\u00bb4.16&Prime; _module_preset=\u00a0\u00bbdefault\u00a0\u00bb border_radii_image=\u00a0\u00bbon|6px|6px|6px|6px\u00a0\u00bb global_colors_info=\u00a0\u00bb{}\u00a0\u00bb parent_button=\u00a0\u00bboff\u00a0\u00bb parent_header_level=\u00a0\u00bbh4&Prime;][\/dsm_card_carousel_child][dsm_card_carousel_child admin_label=\u00a0\u00bbPhoto\u00a0\u00bb image=\u00a0\u00bbhttps:\/\/www.onisecoturismo.es\/wp-content\/uploads\/2022\/02\/experienca-quebrantahuesos02.jpg\u00a0\u00bb image_as_background=\u00a0\u00bboff\u00a0\u00bb image_popup=\u00a0\u00bbon\u00a0\u00bb image_popup_src=\u00a0\u00bbhttps:\/\/www.onisecoturismo.es\/wp-content\/uploads\/2022\/02\/experienca-quebrantahuesos02.jpg\u00a0\u00bb badge_text=\u00a0\u00bbId\u00e9al pour les d\u00e9butants en ornithologie\u00a0\u00bb alt=\u00a0\u00bbLes enfants observent le gypa\u00e8te barbu\u00a0\u00bb button_url_new_window=\u00a0\u00bb1&Prime; _builder_version=\u00a0\u00bb4.16&Prime; _module_preset=\u00a0\u00bbdefault\u00a0\u00bb border_radii_image=\u00a0\u00bbon|6px|6px|6px|6px\u00a0\u00bb global_colors_info=\u00a0\u00bb{}\u00a0\u00bb parent_button=\u00a0\u00bboff\u00a0\u00bb parent_header_level=\u00a0\u00bbh4&Prime;][\/dsm_card_carousel_child][\/dsm_card_carousel][\/et_pb_column][\/et_pb_row][\/et_pb_section][et_pb_section fb_built=\u00a0\u00bb1&Prime; _builder_version=\u00a0\u00bb4.16&Prime; _module_preset=\u00a0\u00bbdefault\u00a0\u00bb da_disable_devices=\u00a0\u00bboff|off|off\u00a0\u00bb locked=\u00a0\u00bboff\u00a0\u00bb global_colors_info=\u00a0\u00bb{}\u00a0\u00bb da_is_popup=\u00a0\u00bboff\u00a0\u00bb da_exit_intent=\u00a0\u00bboff\u00a0\u00bb da_has_close=\u00a0\u00bbon\u00a0\u00bb da_alt_close=\u00a0\u00bboff\u00a0\u00bb da_dark_close=\u00a0\u00bboff\u00a0\u00bb da_not_modal=\u00a0\u00bbon\u00a0\u00bb da_is_singular=\u00a0\u00bboff\u00a0\u00bb da_with_loader=\u00a0\u00bboff\u00a0\u00bb da_has_shadow=\u00a0\u00bbon\u00a0\u00bb][et_pb_row column_structure=\u00a0\u00bb1_4,1_4,1_2&Prime; _builder_version=\u00a0\u00bb4.16&Prime; _module_preset=\u00a0\u00bbdefault\u00a0\u00bb global_colors_info=\u00a0\u00bb{}\u00a0\u00bb][et_pb_column type=\u00a0\u00bb1_4&Prime; _builder_version=\u00a0\u00bb4.16&Prime; _module_preset=\u00a0\u00bbdefault\u00a0\u00bb pac_dcm_carousel_specific_module_num=\u00a0\u00bb0&Prime; border_width_right=\u00a0\u00bb2px\u00a0\u00bb border_color_right=\u00a0\u00bb#526962&Prime; global_colors_info=\u00a0\u00bb{}\u00a0\u00bb][et_pb_text _builder_version=\u00a0\u00bb4.16&Prime; _module_preset=\u00a0\u00bbdefault\u00a0\u00bb header_3_font_size=\u00a0\u00bb31px\u00a0\u00bb global_colors_info=\u00a0\u00bb{}\u00a0\u00bb]<\/p>\n<h3 style=\"text-align: center;\"><strong>Informations et<\/strong><br \/><strong>et r\u00e9servations<\/strong><\/h3>\n<p>[\/et_pb_text][\/et_pb_column][et_pb_column type=\u00a0\u00bb1_4&Prime; _builder_version=\u00a0\u00bb4.16&Prime; _module_preset=\u00a0\u00bbdefault\u00a0\u00bb pac_dcm_carousel_specific_module_num=\u00a0\u00bb0&Prime; global_colors_info=\u00a0\u00bb{}\u00a0\u00bb][et_pb_text _builder_version=\u00a0\u00bb4.26.1&Prime; _module_preset=\u00a0\u00bbdefault\u00a0\u00bb hover_enabled=\u00a0\u00bb0&Prime; global_colors_info=\u00a0\u00bb{}\u00a0\u00bb sticky_enabled=\u00a0\u00bb0&Prime;]<\/p>\n<p><strong>Le centre des montagnes du gypa\u00e8te barbu<\/strong><br \/><a href=\"https:\/\/quebrantahuesos.org\/el-centro-las-montanas-del-quebrantahuesos\/\" target=\"_blank\" rel=\"noopener\">Web du centre<\/a><\/p>\n<p>T\u00e9l\u00e9phone fixe : 985 844 293 T\u00e9l\u00e9phone portable : 687 080 374  <\/p>\n<p>[\/et_pb_text][et_pb_button button_url=\u00a0\u00bbhttps:\/\/goo.gl\/maps\/3UjDccsSqkbJYGj18&Prime; url_new_window=\u00a0\u00bbon\u00a0\u00bb button_text=\u00a0\u00bbCalcule l&#039;itin\u00e9raire\u00a0\u00bb button_alignment=\u00a0\u00bbleft\u00a0\u00bb _builder_version=\u00a0\u00bb4.16&Prime; _module_preset=\u00a0\u00bbdefault\u00a0\u00bb custom_button=\u00a0\u00bbon\u00a0\u00bb button_text_size=\u00a0\u00bb14px\u00a0\u00bb button_text_color=\u00a0\u00bb#FFFFFF\u00a0\u00bb button_bg_color=\u00a0\u00bb#9FB6AF\u00a0\u00bb button_border_width=\u00a0\u00bb0px\u00a0\u00bb button_border_radius=\u00a0\u00bb16px\u00a0\u00bb button_icon=\u00a0\u00bb&#xf1b9;||fa||900&Prime; button_icon_placement=\u00a0\u00bbleft\u00a0\u00bb button_on_hover=\u00a0\u00bboff\u00a0\u00bb locked=\u00a0\u00bboff\u00a0\u00bb global_colors_info=\u00a0\u00bb{}\u00a0\u00bb button_bg_color__hover_enabled=\u00a0\u00bbon|desktop\u00a0\u00bb button_bg_color__hover=\u00a0\u00bb#FCBF15&Prime; button_bg_enable_color__hover=\u00a0\u00bbon\u00a0\u00bb][\/et_pb_button][\/et_pb_column][et_pb_column type=\u00a0\u00bb1_2&Prime; _builder_version=\u00a0\u00bb4.16&Prime; _module_preset=\u00a0\u00bbdefault\u00a0\u00bb pac_dcm_carousel_specific_module_num=\u00a0\u00bb0&Prime; global_colors_info=\u00a0\u00bb{}\u00a0\u00bb][et_pb_image src=\u00a0\u00bbhttps:\/\/www.onisecoturismo.es\/wp-content\/uploads\/2022\/02\/fundacion-quebrantahuesos.png\u00a0\u00bb alt=\u00a0\u00bbFondation gypa\u00e8te barbu\u00a0\u00bb title_text=\u00a0\u00bbfondation gypa\u00e8te barbu\u00a0\u00bb _builder_version=\u00a0\u00bb4.16&Prime; _module_preset=\u00a0\u00bbdefault\u00a0\u00bb max_height=\u00a0\u00bb200px\u00a0\u00bb global_colors_info=\u00a0\u00bb{}\u00a0\u00bb][\/et_pb_image][\/et_pb_column][\/et_pb_row][\/et_pb_section]<\/p>\n","protected":false},"excerpt":{"rendered":"<p>Observe les gypa\u00e8tes barbus et d&rsquo;autres oiseaux charognards dans la nature \u00e0 On\u00eds, dans les Asturies. Fondation pour la conservation du gypa\u00e8te barbu FCQ. Contribue \u00e0 leur r\u00e9tablissement.  <\/p>\n","protected":false},"author":1,"featured_media":347698,"parent":347654,"menu_order":0,"comment_status":"closed","ping_status":"closed","template":"","meta":{"_acf_changed":false,"_et_pb_use_builder":"on","_et_pb_old_content":"","_et_gb_content_width":"","footnotes":""},"dipi_cpt_category":[],"class_list":["post-347697","page","type-page","status-publish","has-post-thumbnail","hentry"],"acf":[],"_links":{"self":[{"href":"https:\/\/www.onisecoturismo.es\/fr\/wp-json\/wp\/v2\/pages\/347697","targetHints":{"allow":["GET"]}}],"collection":[{"href":"https:\/\/www.onisecoturismo.es\/fr\/wp-json\/wp\/v2\/pages"}],"about":[{"href":"https:\/\/www.onisecoturismo.es\/fr\/wp-json\/wp\/v2\/types\/page"}],"author":[{"embeddable":true,"href":"https:\/\/www.onisecoturismo.es\/fr\/wp-json\/wp\/v2\/users\/1"}],"replies":[{"embeddable":true,"href":"https:\/\/www.onisecoturismo.es\/fr\/wp-json\/wp\/v2\/comments?post=347697"}],"version-history":[{"count":2,"href":"https:\/\/www.onisecoturismo.es\/fr\/wp-json\/wp\/v2\/pages\/347697\/revisions"}],"predecessor-version":[{"id":347700,"href":"https:\/\/www.onisecoturismo.es\/fr\/wp-json\/wp\/v2\/pages\/347697\/revisions\/347700"}],"up":[{"embeddable":true,"href":"https:\/\/www.onisecoturismo.es\/fr\/wp-json\/wp\/v2\/pages\/347654"}],"wp:featuredmedia":[{"embeddable":true,"href":"https:\/\/www.onisecoturismo.es\/fr\/wp-json\/wp\/v2\/media\/347698"}],"wp:attachment":[{"href":"https:\/\/www.onisecoturismo.es\/fr\/wp-json\/wp\/v2\/media?parent=347697"}],"wp:term":[{"taxonomy":"dipi_cpt_category","embeddable":true,"href":"https:\/\/www.onisecoturismo.es\/fr\/wp-json\/wp\/v2\/dipi_cpt_category?post=347697"}],"curies":[{"name":"wp","href":"https:\/\/api.w.org\/{rel}","templated":true}]}}