{"id":347621,"date":"2024-11-08T13:35:26","date_gmt":"2024-11-08T12:35:26","guid":{"rendered":"https:\/\/www.onisecoturismo.es\/decouvre\/nos-montagnes\/refuge-vega-de-ario\/"},"modified":"2024-11-08T13:35:28","modified_gmt":"2024-11-08T12:35:28","slug":"refuge-vega-de-ario","status":"publish","type":"page","link":"https:\/\/www.onisecoturismo.es\/fr\/decouvre\/nos-montagnes\/refuge-vega-de-ario\/","title":{"rendered":"Refuge Vega de Ario"},"content":{"rendered":"<p>[et_pb_section fb_built=\u00a0\u00bb1&Prime; fullwidth=\u00a0\u00bbon\u00a0\u00bb next_background_color=\u00a0\u00bb#ffffff\u00a0\u00bb _builder_version=\u00a0\u00bb4.16&Prime; _module_preset=\u00a0\u00bbdefault\u00a0\u00bb background_image=\u00a0\u00bbhttps:\/\/www.onisecoturismo.es\/wp-content\/uploads\/2022\/01\/cabecera-vega-ario.jpg\u00a0\u00bb bottom_divider_style=\u00a0\u00bbwave2&Prime; bottom_divider_height=\u00a0\u00bb60px\u00a0\u00bb da_disable_devices=\u00a0\u00bboff|off|off\u00a0\u00bb global_colors_info=\u00a0\u00bb{}\u00a0\u00bb da_is_popup=\u00a0\u00bboff\u00a0\u00bb da_exit_intent=\u00a0\u00bboff\u00a0\u00bb da_has_close=\u00a0\u00bbon\u00a0\u00bb da_alt_close=\u00a0\u00bboff\u00a0\u00bb da_dark_close=\u00a0\u00bboff\u00a0\u00bb da_not_modal=\u00a0\u00bbon\u00a0\u00bb da_is_singular=\u00a0\u00bboff\u00a0\u00bb da_with_loader=\u00a0\u00bboff\u00a0\u00bb da_has_shadow=\u00a0\u00bbon\u00a0\u00bb][et_pb_fullwidth_header title=\u00a0\u00bbTon refuge de montagne \u00e0 On\u00eds\u00a0\u00bb text_orientation=\u00a0\u00bbcenter\u00a0\u00bb logo_image_url=\u00a0\u00bbhttps:\/\/www.onisecoturismo.es\/wp-content\/uploads\/2022\/01\/logo_ario.png\u00a0\u00bb _builder_version=\u00a0\u00bb4.16&Prime; _module_preset=\u00a0\u00bbdefault\u00a0\u00bb title_font=\u00a0\u00bb|700|||||||\u00a0\u00bb subhead_font=\u00a0\u00bb|600|on||||||\u00a0\u00bb subhead_text_color=\u00a0\u00bb#e2e2e2&Prime; subhead_font_size=\u00a0\u00bb19px\u00a0\u00bb background_color=\u00a0\u00bbrgba(22,34,16,0.5)\u00a0\u00bb custom_padding=\u00a0\u00bb||60px||false|false\u00a0\u00bb animation_style=\u00a0\u00bbfade\u00a0\u00bb animation_duration=\u00a0\u00bb1500ms\u00a0\u00bb animation_delay=\u00a0\u00bb1000ms\u00a0\u00bb custom_css_subtitle=\u00a0\u00bbpadding-bottom:20px;\u00a0\u00bb global_colors_info=\u00a0\u00bb{}\u00a0\u00bb][\/et_pb_fullwidth_header][\/et_pb_section][et_pb_section fb_built=\u00a0\u00bb1&Prime; _builder_version=\u00a0\u00bb4.17.1&Prime; _module_preset=\u00a0\u00bbdefault\u00a0\u00bb custom_margin=\u00a0\u00bb0px||0px||false|false\u00a0\u00bb custom_padding=\u00a0\u00bb12px||0px||false|false\u00a0\u00bb da_disable_devices=\u00a0\u00bboff|off|off\u00a0\u00bb global_colors_info=\u00a0\u00bb{}\u00a0\u00bb da_is_popup=\u00a0\u00bboff\u00a0\u00bb da_exit_intent=\u00a0\u00bboff\u00a0\u00bb da_has_close=\u00a0\u00bbon\u00a0\u00bb da_alt_close=\u00a0\u00bboff\u00a0\u00bb da_dark_close=\u00a0\u00bboff\u00a0\u00bb da_not_modal=\u00a0\u00bbon\u00a0\u00bb da_is_singular=\u00a0\u00bboff\u00a0\u00bb da_with_loader=\u00a0\u00bboff\u00a0\u00bb da_has_shadow=\u00a0\u00bbon\u00a0\u00bb][et_pb_row column_structure=\u00a0\u00bb3_4,1_4&Prime; _builder_version=\u00a0\u00bb4.16&Prime; _module_preset=\u00a0\u00bbdefault\u00a0\u00bb background_color=\u00a0\u00bbrgba(159,182,175,0.2)\u00a0\u00bb custom_padding=\u00a0\u00bb4px|8px|4px|8px|false|false\u00a0\u00bb border_radii=\u00a0\u00bbon|6px|6px|6px|6px\u00a0\u00bb locked=\u00a0\u00bboff\u00a0\u00bb global_colors_info=\u00a0\u00bb{}\u00a0\u00bb][et_pb_column type=\u00a0\u00bb3_4&Prime; _builder_version=\u00a0\u00bb4.16&Prime; _module_preset=\u00a0\u00bbdefault\u00a0\u00bb pac_dcm_carousel_specific_module_num=\u00a0\u00bb0&Prime; global_colors_info=\u00a0\u00bb{}\u00a0\u00bb][lwp_divi_breadcrumbs home_text=\u00a0\u00bbInicio\u00a0\u00bb link_color=\u00a0\u00bb#526962&Prime; separator_color=\u00a0\u00bb#526962&Prime; current_text_color=\u00a0\u00bb#162210&Prime; _builder_version=\u00a0\u00bb4.17.0&Prime; _module_preset=\u00a0\u00bbdefault\u00a0\u00bb module_font_size=\u00a0\u00bb14px\u00a0\u00bb width=\u00a0\u00bb80%\u00a0\u00bb custom_margin=\u00a0\u00bb2px||||false|false\u00a0\u00bb global_colors_info=\u00a0\u00bb{}\u00a0\u00bb][\/lwp_divi_breadcrumbs][\/et_pb_column][et_pb_column type=\u00a0\u00bb1_4&Prime; _builder_version=\u00a0\u00bb4.16&Prime; _module_preset=\u00a0\u00bbdefault\u00a0\u00bb pac_dcm_carousel_specific_module_num=\u00a0\u00bb0&Prime; global_colors_info=\u00a0\u00bb{}\u00a0\u00bb][et_pb_icon font_icon=\u00a0\u00bb&#xe0b7;||divi||400&Prime; icon_color=\u00a0\u00bb#9FB6AF\u00a0\u00bb icon_width=\u00a0\u00bb20px\u00a0\u00bb title_text=\u00a0\u00bbCompartir\u00a0\u00bb url=\u00a0\u00bb#compartir\u00a0\u00bb align=\u00a0\u00bbright\u00a0\u00bb admin_label=\u00a0\u00bbCompartir\u00a0\u00bb _builder_version=\u00a0\u00bb4.16&Prime; _module_preset=\u00a0\u00bbdefault\u00a0\u00bb custom_margin=\u00a0\u00bb5px||0px||false|false\u00a0\u00bb custom_padding=\u00a0\u00bb0px||0px||false|false\u00a0\u00bb global_colors_info=\u00a0\u00bb{}\u00a0\u00bb icon_color__hover_enabled=\u00a0\u00bbon|hover\u00a0\u00bb icon_color__hover=\u00a0\u00bb#FCBF15&Prime;][\/et_pb_icon][\/et_pb_column][\/et_pb_row][et_pb_row _builder_version=\u00a0\u00bb4.16&Prime; _module_preset=\u00a0\u00bbdefault\u00a0\u00bb custom_margin=\u00a0\u00bb||0px||false|false\u00a0\u00bb custom_padding=\u00a0\u00bb||0px||false|false\u00a0\u00bb global_colors_info=\u00a0\u00bb{}\u00a0\u00bb][et_pb_column type=\u00a0\u00bb4_4&Prime; _builder_version=\u00a0\u00bb4.16&Prime; _module_preset=\u00a0\u00bbdefault\u00a0\u00bb pac_dcm_carousel_specific_module_num=\u00a0\u00bb0&Prime; global_colors_info=\u00a0\u00bb{}\u00a0\u00bb][et_pb_text _builder_version=\u00a0\u00bb4.16&Prime; _module_preset=\u00a0\u00bbdefault\u00a0\u00bb global_colors_info=\u00a0\u00bb{}\u00a0\u00bb]<\/p>\n<h2><strong>Refuge Vega de Ario<br \/><\/strong><\/h2>\n<p>[\/et_pb_text][\/et_pb_column][\/et_pb_row][\/et_pb_section][et_pb_section fb_built=\u00a0\u00bb1&Prime; _builder_version=\u00a0\u00bb4.16&Prime; _module_preset=\u00a0\u00bbdefault\u00a0\u00bb custom_margin=\u00a0\u00bb0px||0px||false|false\u00a0\u00bb custom_padding=\u00a0\u00bb0px||0px||false|false\u00a0\u00bb da_disable_devices=\u00a0\u00bboff|off|off\u00a0\u00bb global_colors_info=\u00a0\u00bb{}\u00a0\u00bb da_is_popup=\u00a0\u00bboff\u00a0\u00bb da_exit_intent=\u00a0\u00bboff\u00a0\u00bb da_has_close=\u00a0\u00bbon\u00a0\u00bb da_alt_close=\u00a0\u00bboff\u00a0\u00bb da_dark_close=\u00a0\u00bboff\u00a0\u00bb da_not_modal=\u00a0\u00bbon\u00a0\u00bb da_is_singular=\u00a0\u00bboff\u00a0\u00bb da_with_loader=\u00a0\u00bboff\u00a0\u00bb da_has_shadow=\u00a0\u00bbon\u00a0\u00bb][et_pb_row use_custom_gutter=\u00a0\u00bbon\u00a0\u00bb gutter_width=\u00a0\u00bb1&Prime; _builder_version=\u00a0\u00bb4.16&Prime; _module_preset=\u00a0\u00bbdefault\u00a0\u00bb width=\u00a0\u00bb100%\u00a0\u00bb max_width=\u00a0\u00bb94%\u00a0\u00bb global_colors_info=\u00a0\u00bb{}\u00a0\u00bb][et_pb_column type=\u00a0\u00bb4_4&Prime; _builder_version=\u00a0\u00bb4.16&Prime; _module_preset=\u00a0\u00bbdefault\u00a0\u00bb pac_dcm_carousel_specific_module_num=\u00a0\u00bb0&Prime; global_colors_info=\u00a0\u00bb{}\u00a0\u00bb][dsm_card_carousel speed=\u00a0\u00bb1500&Prime; autoplay_speed=\u00a0\u00bb4000&Prime; arrow_color=\u00a0\u00bb#9FB6AF\u00a0\u00bb arrow_background_color=\u00a0\u00bb#FFFFFF\u00a0\u00bb dots=\u00a0\u00bboff\u00a0\u00bb admin_label=\u00a0\u00bbCarrusel de fotos\u00a0\u00bb _builder_version=\u00a0\u00bb4.16&Prime; _module_preset=\u00a0\u00bbdefault\u00a0\u00bb custom_margin=\u00a0\u00bb0px|0px|0px|0px|false|false\u00a0\u00bb custom_padding=\u00a0\u00bb0px|0px|0px|0px|false|false\u00a0\u00bb global_colors_info=\u00a0\u00bb{}\u00a0\u00bb][dsm_card_carousel_child admin_label=\u00a0\u00bbPhoto\u00a0\u00bb image=\u00a0\u00bbhttps:\/\/www.onisecoturismo.es\/wp-content\/uploads\/2022\/01\/refugio-vega-ario-5.jpg\u00a0\u00bb image_as_background=\u00a0\u00bboff\u00a0\u00bb alt=\u00a0\u00bbRefuge Vega de Ario\u00a0\u00bb button_url_new_window=\u00a0\u00bb1&Prime; _builder_version=\u00a0\u00bb4.16&Prime; _module_preset=\u00a0\u00bbdefault\u00a0\u00bb border_radii_image=\u00a0\u00bbon|6px|6px|6px|6px\u00a0\u00bb global_colors_info=\u00a0\u00bb{}\u00a0\u00bb parent_button=\u00a0\u00bboff\u00a0\u00bb parent_header_level=\u00a0\u00bbh4&Prime;][\/dsm_card_carousel_child][dsm_card_carousel_child admin_label=\u00a0\u00bbPhoto\u00a0\u00bb image=\u00a0\u00bbhttps:\/\/www.onisecoturismo.es\/wp-content\/uploads\/2022\/01\/refugio-vega-ario-8.jpg\u00a0\u00bb image_as_background=\u00a0\u00bboff\u00a0\u00bb alt=\u00a0\u00bbVega Ario\u00a0\u00bb button_url_new_window=\u00a0\u00bb1&Prime; _builder_version=\u00a0\u00bb4.16&Prime; _module_preset=\u00a0\u00bbdefault\u00a0\u00bb border_radii_image=\u00a0\u00bbon|6px|6px|6px|6px\u00a0\u00bb global_colors_info=\u00a0\u00bb{}\u00a0\u00bb parent_button=\u00a0\u00bboff\u00a0\u00bb parent_header_level=\u00a0\u00bbh4&Prime;][\/dsm_card_carousel_child][dsm_card_carousel_child admin_label=\u00a0\u00bbPhoto\u00a0\u00bb image=\u00a0\u00bbhttps:\/\/www.onisecoturismo.es\/wp-content\/uploads\/2022\/01\/refugio-vega-ario-9.jpg\u00a0\u00bb image_as_background=\u00a0\u00bboff\u00a0\u00bb alt=\u00a0\u00bbRefuge de montagne\u00a0\u00bb button_url_new_window=\u00a0\u00bb1&Prime; _builder_version=\u00a0\u00bb4.16&Prime; _module_preset=\u00a0\u00bbdefault\u00a0\u00bb border_radii_image=\u00a0\u00bbon|6px|6px|6px|6px\u00a0\u00bb global_colors_info=\u00a0\u00bb{}\u00a0\u00bb parent_button=\u00a0\u00bboff\u00a0\u00bb parent_header_level=\u00a0\u00bbh4&Prime;][\/dsm_card_carousel_child][dsm_card_carousel_child admin_label=\u00a0\u00bbPhoto\u00a0\u00bb image=\u00a0\u00bbhttps:\/\/www.onisecoturismo.es\/wp-content\/uploads\/2022\/01\/refugio-vega-ario-18.jpg\u00a0\u00bb image_as_background=\u00a0\u00bboff\u00a0\u00bb alt=\u00a0\u00bbAbri de neige\u00a0\u00bb button_url_new_window=\u00a0\u00bb1&Prime; _builder_version=\u00a0\u00bb4.16&Prime; _module_preset=\u00a0\u00bbdefault\u00a0\u00bb border_radii_image=\u00a0\u00bbon|6px|6px|6px|6px\u00a0\u00bb global_colors_info=\u00a0\u00bb{}\u00a0\u00bb parent_button=\u00a0\u00bboff\u00a0\u00bb parent_header_level=\u00a0\u00bbh4&Prime;][\/dsm_card_carousel_child][\/dsm_card_carousel][\/et_pb_column][\/et_pb_row][\/et_pb_section][et_pb_section fb_built=\u00a0\u00bb1&Prime; _builder_version=\u00a0\u00bb4.16&Prime; _module_preset=\u00a0\u00bbdefault\u00a0\u00bb custom_margin=\u00a0\u00bb0px||0px||false|false\u00a0\u00bb custom_padding=\u00a0\u00bb0px||0px||false|false\u00a0\u00bb da_disable_devices=\u00a0\u00bboff|off|off\u00a0\u00bb global_colors_info=\u00a0\u00bb{}\u00a0\u00bb da_is_popup=\u00a0\u00bboff\u00a0\u00bb da_exit_intent=\u00a0\u00bboff\u00a0\u00bb da_has_close=\u00a0\u00bbon\u00a0\u00bb da_alt_close=\u00a0\u00bboff\u00a0\u00bb da_dark_close=\u00a0\u00bboff\u00a0\u00bb da_not_modal=\u00a0\u00bbon\u00a0\u00bb da_is_singular=\u00a0\u00bboff\u00a0\u00bb da_with_loader=\u00a0\u00bboff\u00a0\u00bb da_has_shadow=\u00a0\u00bbon\u00a0\u00bb][et_pb_row column_structure=\u00a0\u00bb2_5,3_5&Prime; _builder_version=\u00a0\u00bb4.16&Prime; _module_preset=\u00a0\u00bbdefault\u00a0\u00bb global_colors_info=\u00a0\u00bb{}\u00a0\u00bb][et_pb_column type=\u00a0\u00bb2_5&Prime; admin_label=\u00a0\u00bbColonne\u00a0\u00bb _builder_version=\u00a0\u00bb4.16&Prime; _module_preset=\u00a0\u00bbdefault\u00a0\u00bb pac_dcm_carousel_specific_module_num=\u00a0\u00bb0&Prime; global_colors_info=\u00a0\u00bb{}\u00a0\u00bb][et_pb_text _builder_version=\u00a0\u00bb4.16&Prime; _module_preset=\u00a0\u00bbdefault\u00a0\u00bb header_3_text_color=\u00a0\u00bb#FFFFFF\u00a0\u00bb header_4_text_color=\u00a0\u00bb#FFFFFF\u00a0\u00bb background_color=\u00a0\u00bb#526962&Prime; custom_margin=\u00a0\u00bb0px||6px||false|false\u00a0\u00bb custom_padding=\u00a0\u00bb8px|20px|0px|20px|false|false\u00a0\u00bb border_radii=\u00a0\u00bbon|6px|6px|6px|6px\u00a0\u00bb global_colors_info=\u00a0\u00bb{}\u00a0\u00bb]<\/p>\n<h3>HORAIRES<\/h3>\n<h4>(\u00e0 confirmer dans le centre de r\u00e9servation)<\/h4>\n<p>[\/et_pb_text][et_pb_text _builder_version=\u00a0\u00bb4.17.4&Prime; _module_preset=\u00a0\u00bbdefault\u00a0\u00bb background_enable_color=\u00a0\u00bboff\u00a0\u00bb use_background_color_gradient=\u00a0\u00bbon\u00a0\u00bb background_color_gradient_stops=\u00a0\u00bbrgba(82,105,98,0.3) 0%|rgba(82,105,98,0.1) 100%\u00a0\u00bb background_color_gradient_start=\u00a0\u00bbrgba(82,105,98,0.3)\u00a0\u00bb background_color_gradient_end=\u00a0\u00bbrgba(82,105,98,0.1)\u00a0\u00bb custom_padding=\u00a0\u00bb20px|20px|20px|20px|false|false\u00a0\u00bb border_radii=\u00a0\u00bbon|6px|6px|6px|6px\u00a0\u00bb global_colors_info=\u00a0\u00bb{%22gcid-bc896d34-3cfe-40f1-b348-edbec0a97a18%22:%91%22background_color%22%93}\u00a0\u00bb]<\/p>\n<p>O<strong>UVERT<\/strong> De fin mai au 12 octobre<\/p>\n<p>P\u00e2ques<\/p>\n<p>F<strong>ERM\u00c9<\/strong> De la mi-octobre au dernier week-end de mai<\/p>\n<p>[\/et_pb_text][et_pb_button button_url=\u00a0\u00bbhttp:\/\/www.refugiovegadeario.es\/servicios-y-tarifas\/\u00a0\u00bb button_text=\u00a0\u00bbServices et tarifs\u00a0\u00bb button_alignment=\u00a0\u00bbcenter\u00a0\u00bb _builder_version=\u00a0\u00bb4.16&Prime; _module_preset=\u00a0\u00bbdefault\u00a0\u00bb custom_button=\u00a0\u00bbon\u00a0\u00bb button_text_size=\u00a0\u00bb16px\u00a0\u00bb button_text_color=\u00a0\u00bb#FFFFFF\u00a0\u00bb button_bg_color=\u00a0\u00bb#9FB6AF\u00a0\u00bb button_border_width=\u00a0\u00bb0px\u00a0\u00bb button_border_radius=\u00a0\u00bb16px\u00a0\u00bb button_icon=\u00a0\u00bb&#xf35d;||fa||900&Prime; button_icon_placement=\u00a0\u00bbleft\u00a0\u00bb button_on_hover=\u00a0\u00bboff\u00a0\u00bb global_colors_info=\u00a0\u00bb{}\u00a0\u00bb button_bg_color__hover_enabled=\u00a0\u00bbon|desktop\u00a0\u00bb button_bg_color__hover=\u00a0\u00bb#FCBF15&Prime; button_bg_enable_color__hover=\u00a0\u00bbon\u00a0\u00bb][\/et_pb_button][et_pb_button button_url=\u00a0\u00bbhttps:\/\/reservarefugios.com\/\u00a0\u00bb button_text=\u00a0\u00bbCENTRE DE R\u00c9SERVATION\u00a0\u00bb button_alignment=\u00a0\u00bbcenter\u00a0\u00bb _builder_version=\u00a0\u00bb4.16&Prime; _module_preset=\u00a0\u00bbdefault\u00a0\u00bb custom_button=\u00a0\u00bbon\u00a0\u00bb button_text_size=\u00a0\u00bb16px\u00a0\u00bb button_text_color=\u00a0\u00bb#FFFFFF\u00a0\u00bb button_bg_color=\u00a0\u00bb#9FB6AF\u00a0\u00bb button_border_width=\u00a0\u00bb0px\u00a0\u00bb button_border_radius=\u00a0\u00bb16px\u00a0\u00bb button_icon=\u00a0\u00bb&#xf35d;||fa||900&Prime; button_icon_placement=\u00a0\u00bbleft\u00a0\u00bb button_on_hover=\u00a0\u00bboff\u00a0\u00bb global_colors_info=\u00a0\u00bb{}\u00a0\u00bb button_bg_color__hover_enabled=\u00a0\u00bbon|desktop\u00a0\u00bb button_bg_color__hover=\u00a0\u00bb#FCBF15&Prime; button_bg_enable_color__hover=\u00a0\u00bbon\u00a0\u00bb][\/et_pb_button][et_pb_text _builder_version=\u00a0\u00bb4.16&Prime; _module_preset=\u00a0\u00bbdefault\u00a0\u00bb header_3_text_color=\u00a0\u00bb#FFFFFF\u00a0\u00bb background_color=\u00a0\u00bb#526962&Prime; custom_margin=\u00a0\u00bb0px||6px||false|false\u00a0\u00bb custom_padding=\u00a0\u00bb8px|20px|0px|20px|false|false\u00a0\u00bb border_radii=\u00a0\u00bbon|6px|6px|6px|6px\u00a0\u00bb global_colors_info=\u00a0\u00bb{%22gcid-bc896d34-3cfe-40f1-b348-edbec0a97a18%22:%91%22background_color%22%93}\u00a0\u00bb]<\/p>\n<h3>CONTACT<\/h3>\n<p>[\/et_pb_text][et_pb_text _builder_version=\u00a0\u00bb4.16&Prime; _module_preset=\u00a0\u00bbdefault\u00a0\u00bb link_text_color=\u00a0\u00bb#526962&Prime; background_enable_color=\u00a0\u00bboff\u00a0\u00bb use_background_color_gradient=\u00a0\u00bbon\u00a0\u00bb background_color_gradient_stops=\u00a0\u00bbrgba(82,105,98,0.3) 0%|rgba(82,105,98,0.1) 100%\u00a0\u00bb background_color_gradient_start=\u00a0\u00bbrgba(82,105,98,0.3)\u00a0\u00bb background_color_gradient_end=\u00a0\u00bbrgba(82,105,98,0.1)\u00a0\u00bb custom_padding=\u00a0\u00bb20px|20px|20px|20px|false|false\u00a0\u00bb border_radii=\u00a0\u00bbon|6px|6px|6px|6px\u00a0\u00bb global_colors_info=\u00a0\u00bb{%22gcid-bc896d34-3cfe-40f1-b348-edbec0a97a18%22:%91%22background_color%22,%22background_color%22%93}\u00a0\u00bb link_text_color__hover_enabled=\u00a0\u00bbon|hover\u00a0\u00bb link_text_color__hover=\u00a0\u00bb#9FB6AF\u00a0\u00bb]<\/p>\n<p>T<strong>\u00e9l\u00e9phone<\/strong><a href=\"tel:984092000\">984 092 000<\/a> \/ <a href=\"tel:656843095\">656 843 095<\/a><\/p>\n<p><strong>Site Internet<\/strong><br \/><a href=\"http:\/\/www.refugiovegadeario.es\/\" target=\"_blank\" rel=\"noopener\">Consulte leur site web<\/a><\/p>\n<p>[\/et_pb_text][et_pb_text _builder_version=\u00a0\u00bb4.16&Prime; _module_preset=\u00a0\u00bbdefault\u00a0\u00bb header_3_text_color=\u00a0\u00bb#FFFFFF\u00a0\u00bb background_color=\u00a0\u00bb#526962&Prime; custom_margin=\u00a0\u00bb0px||6px||false|false\u00a0\u00bb custom_padding=\u00a0\u00bb8px|20px|0px|20px|false|false\u00a0\u00bb border_radii=\u00a0\u00bbon|6px|6px|6px|6px\u00a0\u00bb global_colors_info=\u00a0\u00bb{}\u00a0\u00bb]<\/p>\n<h3>LOCATION<\/h3>\n<p>[\/et_pb_text][supreme_leaflet_map use_custom_latlng=\u00a0\u00bbon\u00a0\u00bb address_custom_lat=\u00a0\u00bb43.243454&Prime; address_custom_lng=\u00a0\u00bb-4.922943&Prime; _builder_version=\u00a0\u00bb4.16&Prime; _module_preset=\u00a0\u00bbdefault\u00a0\u00bb height=\u00a0\u00bb360px\u00a0\u00bb custom_margin=\u00a0\u00bb||0px||false|false\u00a0\u00bb custom_padding=\u00a0\u00bb||0px||false|false\u00a0\u00bb global_colors_info=\u00a0\u00bb{}\u00a0\u00bb][supreme_leaflet_map_item pin_address=\u00a0\u00bbRefugio Vega de Ario\u00a0\u00bb use_custom_latlng=\u00a0\u00bbon\u00a0\u00bb address_custom_lat=\u00a0\u00bb43.243454&Prime; address_custom_lng=\u00a0\u00bb-4.922943&Prime; use_marker_custom=\u00a0\u00bbon\u00a0\u00bb marker_icon_src=\u00a0\u00bbhttps:\/\/www.onisecoturismo.es\/wp-content\/uploads\/2021\/11\/icono-mapa-onis.png\u00a0\u00bb marker_width=\u00a0\u00bb36&Prime; _builder_version=\u00a0\u00bb4.16&Prime; _module_preset=\u00a0\u00bbdefault\u00a0\u00bb global_colors_info=\u00a0\u00bb{}\u00a0\u00bb][\/supreme_leaflet_map_item][\/supreme_leaflet_map][et_pb_text admin_label=\u00a0\u00bbUbicaci\u00f3n\u00a0\u00bb _builder_version=\u00a0\u00bb4.16&Prime; _module_preset=\u00a0\u00bbdefault\u00a0\u00bb text_font_size=\u00a0\u00bb15px\u00a0\u00bb custom_margin=\u00a0\u00bb0px||||false|false\u00a0\u00bb custom_padding=\u00a0\u00bb8px||||false|false\u00a0\u00bb global_colors_info=\u00a0\u00bb{}\u00a0\u00bb]Refuge de Vega de Ario Massif occidental des Pics d&rsquo;Europe[\/et_pb_text][et_pb_button button_url=\u00a0\u00bbhttp:\/\/www.refugiovegadeario.es\/como-llegar\/\u00a0\u00bb url_new_window=\u00a0\u00bbon\u00a0\u00bb button_text=\u00a0\u00bbComment s&#039;y rendre (\u00e0 pied)\u00a0\u00bb button_alignment=\u00a0\u00bbcenter\u00a0\u00bb _builder_version=\u00a0\u00bb4.16&Prime; _module_preset=\u00a0\u00bbdefault\u00a0\u00bb custom_button=\u00a0\u00bbon\u00a0\u00bb button_text_size=\u00a0\u00bb16px\u00a0\u00bb button_text_color=\u00a0\u00bb#FFFFFF\u00a0\u00bb button_bg_color=\u00a0\u00bb#9FB6AF\u00a0\u00bb button_border_width=\u00a0\u00bb0px\u00a0\u00bb button_border_radius=\u00a0\u00bb16px\u00a0\u00bb button_icon=\u00a0\u00bb&#xf6ec;||fa||900&Prime; button_icon_placement=\u00a0\u00bbleft\u00a0\u00bb button_on_hover=\u00a0\u00bboff\u00a0\u00bb locked=\u00a0\u00bboff\u00a0\u00bb global_colors_info=\u00a0\u00bb{}\u00a0\u00bb button_bg_color__hover_enabled=\u00a0\u00bbon|desktop\u00a0\u00bb button_bg_color__hover=\u00a0\u00bb#FCBF15&Prime; button_bg_enable_color__hover=\u00a0\u00bbon\u00a0\u00bb][\/et_pb_button][\/et_pb_column][et_pb_column type=\u00a0\u00bb3_5&Prime; _builder_version=\u00a0\u00bb4.16&Prime; _module_preset=\u00a0\u00bbdefault\u00a0\u00bb pac_dcm_carousel_specific_module_num=\u00a0\u00bb0&Prime; global_colors_info=\u00a0\u00bb{}\u00a0\u00bb][et_pb_text _builder_version=\u00a0\u00bb4.16&Prime; _module_preset=\u00a0\u00bbdefault\u00a0\u00bb header_5_font=\u00a0\u00bb|600|on||||||\u00a0\u00bb header_5_line_height=\u00a0\u00bb1.3em\u00a0\u00bb custom_padding=\u00a0\u00bb||0px|||\u00a0\u00bb global_colors_info=\u00a0\u00bb{}\u00a0\u00bb]<\/p>\n<h5>Le Refugio del Marqu\u00e9s de Villaviciosa est un point de repos pour les alpinistes qui parcourent le massif occidental des Picos de Europa.<\/h5>\n<p>[\/et_pb_text][et_pb_text _builder_version=\u00a0\u00bb4.16&Prime; _module_preset=\u00a0\u00bbdefault\u00a0\u00bb header_4_font_size=\u00a0\u00bb17px\u00a0\u00bb header_4_line_height=\u00a0\u00bb1.8em\u00a0\u00bb global_colors_info=\u00a0\u00bb{}\u00a0\u00bb]<\/p>\n<h3><strong><\/strong><\/h3>\n<h3><strong>L&rsquo;ABRI<\/strong><\/h3>\n<p>Il est situ\u00e9 dans la Vega de Ario, dans le <strong>massif occidental des Picos de Europa<\/strong>, \u00e9galement appel\u00e9 El Corni\u00f3n.<\/p>\n<p>Il offre certaines des meilleures vues sur le massif central des Picos et les pics imposants de Torreceredo, Llambri\u00f3n et El Tesorero.<\/p>\n<p>Les sommets les plus visit\u00e9s depuis le refuge sont <strong>El Jultayu<\/strong> (1 940 m), <strong>Cuvicente<\/strong> (2 015 m) et <strong>Verdiluenga<\/strong> (2 130 m).<\/p>\n<p>C&rsquo;est l&rsquo;un des refuges de la route circulaire de l&rsquo;<strong>anneau des pics<\/strong>.<\/p>\n<p>[\/et_pb_text][et_pb_text _builder_version=\u00a0\u00bb4.16&Prime; _module_preset=\u00a0\u00bbdefault\u00a0\u00bb header_4_font_size=\u00a0\u00bb17px\u00a0\u00bb header_4_line_height=\u00a0\u00bb1.8em\u00a0\u00bb global_colors_info=\u00a0\u00bb{}\u00a0\u00bb]<\/p>\n<h3><strong><\/strong><\/h3>\n<h3><strong>ACC\u00c8S<\/strong><\/h3>\n<p><strong>Accessible uniquement \u00e0 pied.<\/strong><\/p>\n<p><strong><\/strong><\/p>\n<ul>\n<li>Depuis Los <strong>Lagos de Covadonga<\/strong>: Route du parc national<a href=\"https:\/\/www.miteco.gob.es\/es\/red-parques-nacionales\/nuestros-parques\/picos-europa\/guia-visitante\/ruta-vega-ario.aspx\" target=\"_blank\" rel=\"noopener\">PN-PNPE 4-Vega de Ario<\/a>(7,5 km\/530 m de d\u00e9nivel\u00e9\/unique) <\/li>\n<li>Depuis la <strong>route de Cares (<\/strong> 4 km\/1200 m de d\u00e9nivel\u00e9\/unique)<\/li>\n<li>\u00c0 partir de <strong>Demu\u00e9s <\/strong>(14 km\/1,289 m\/voie). <a href=\"https:\/\/es.wikiloc.com\/rutas-senderismo\/refugio-vega-de-ario-jitu-reblagas-la-redondiella-vega-las-mantegas-camba-demues-25900942#wp-25900944\" target=\"_blank\" rel=\"noopener\">Itin\u00e9raire sur wikiloc<\/a>.<\/li>\n<\/ul>\n<p>[\/et_pb_text][et_pb_text _builder_version=\u00a0\u00bb4.16&Prime; _module_preset=\u00a0\u00bbdefault\u00a0\u00bb header_4_font_size=\u00a0\u00bb17px\u00a0\u00bb header_4_line_height=\u00a0\u00bb1.8em\u00a0\u00bb global_colors_info=\u00a0\u00bb{}\u00a0\u00bb]<\/p>\n<h3><\/h3>\n<h3><strong>SERVICES<\/strong><\/h3>\n<h4><strong><\/strong><\/h4>\n<h4><em><strong>Nuit\u00e9es<\/strong><\/em><\/h4>\n<p>Il propose 2 dortoirs avec des lits superpos\u00e9s partag\u00e9s avec <strong>40 lits<\/strong> au total. <em>Sac obligatoire<\/em><\/p>\n<h4><em><strong>Nourriture et boissons<\/strong><\/em><\/h4>\n<p><strong>Des plats faits maison<\/strong> qui ne manquent pas de pain bio ou de fromage gamon\u00e9u.<\/p>\n<h4><em><strong>Aire de repos<\/strong><\/em><\/h4>\n<p><strong>Salon<\/strong> pour 40 personnes, avec <strong>chemin\u00e9e<\/strong> et chauffage, magazines, livres et jeux de soci\u00e9t\u00e9.<\/p>\n<h4><em><strong>Zone de bivouac<\/strong><\/em><\/h4>\n<p>Disponible lorsque le refuge est ferm\u00e9. Il comporte deux plates-formes en bois sur\u00e9lev\u00e9es, pouvant accueillir 8 personnes. Il y a une <strong>fontaine<\/strong> au sud.  <\/p>\n<h4><em><strong>Communication<\/strong><\/em><\/h4>\n<p>Il dispose d&rsquo;un t\u00e9l\u00e9phone fixe et il y a une couverture mobile dans les environs.<\/p>\n<p>&nbsp;<\/p>\n<p>[\/et_pb_text][\/et_pb_column][\/et_pb_row][et_pb_row column_structure=\u00a0\u00bb1_3,1_3,1_3&Prime; _builder_version=\u00a0\u00bb4.16&Prime; _module_preset=\u00a0\u00bbdefault\u00a0\u00bb global_colors_info=\u00a0\u00bb{}\u00a0\u00bb][et_pb_column type=\u00a0\u00bb1_3&Prime; _builder_version=\u00a0\u00bb4.16&Prime; _module_preset=\u00a0\u00bbdefault\u00a0\u00bb pac_dcm_carousel_specific_module_num=\u00a0\u00bb0&Prime; global_colors_info=\u00a0\u00bb{}\u00a0\u00bb][dsm_flipbox flipbox_type=\u00a0\u00bbfade\u00a0\u00bb _builder_version=\u00a0\u00bb4.16&Prime; _module_preset=\u00a0\u00bbdefault\u00a0\u00bb header_text_align=\u00a0\u00bbcenter\u00a0\u00bb header_text_color=\u00a0\u00bb#FFFFFF\u00a0\u00bb header_font_size=\u00a0\u00bb22px\u00a0\u00bb subhead_text_align=\u00a0\u00bbcenter\u00a0\u00bb subhead_text_color=\u00a0\u00bb#FFFFFF\u00a0\u00bb animation_style=\u00a0\u00bbslide\u00a0\u00bb link_option_url=\u00a0\u00bbhttps:\/\/www.onisecoturismo.es\/planifica\/rutas-en-onis\/rutas-alta-montana\/\u00a0\u00bb header_text_shadow_style=\u00a0\u00bbpreset5&Prime; border_radii=\u00a0\u00bbon|6px|6px|6px|6px\u00a0\u00bb locked=\u00a0\u00bboff\u00a0\u00bb global_colors_info=\u00a0\u00bb{}\u00a0\u00bb][dsm_flipbox_child title=\u00a0\u00bbItin\u00e9raires \u00e0 partir du refuge\u00a0\u00bb alt=\u00a0\u00bbRefuge de montagne\u00a0\u00bb button_url_new_window=\u00a0\u00bb1&Prime; _builder_version=\u00a0\u00bb4.16&Prime; _module_preset=\u00a0\u00bbdefault\u00a0\u00bb header_font_size=\u00a0\u00bb25px\u00a0\u00bb subhead_font_size=\u00a0\u00bb17px\u00a0\u00bb background_enable_color=\u00a0\u00bboff\u00a0\u00bb background_image=\u00a0\u00bbhttps:\/\/www.onisecoturismo.es\/wp-content\/uploads\/2022\/01\/muestra_wikiloc.jpg\u00a0\u00bb background_enable_image=\u00a0\u00bbon\u00a0\u00bb background_size=\u00a0\u00bbinitial\u00a0\u00bb link_option_url=\u00a0\u00bb#\u00a0\u00bb subhead_text_shadow_style=\u00a0\u00bbpreset5&Prime; global_colors_info=\u00a0\u00bb{}\u00a0\u00bb][\/dsm_flipbox_child][dsm_flipbox_child alt=\u00a0\u00bbCouper le fromage\u00a0\u00bb button_url_new_window=\u00a0\u00bb1&Prime; _builder_version=\u00a0\u00bb4.16&Prime; _module_preset=\u00a0\u00bbdefault\u00a0\u00bb background_color=\u00a0\u00bb#526962&Prime; background_enable_color=\u00a0\u00bbon\u00a0\u00bb background_enable_image=\u00a0\u00bboff\u00a0\u00bb text_orientation=\u00a0\u00bbcenter\u00a0\u00bb background_layout=\u00a0\u00bbdark\u00a0\u00bb custom_padding=\u00a0\u00bb20px|20px|20px|20px|false|false\u00a0\u00bb global_colors_info=\u00a0\u00bb{}\u00a0\u00bb]<\/p>\n<p>12 itin\u00e9raires s\u00e9lectionn\u00e9s par les gardes du refuge.<span>Ascensions des sommets les plus embl\u00e9matiques et randonn\u00e9es \u00e0 travers les paysages les plus spectaculaires de la r\u00e9gion.<\/span> <\/p>\n<p>[\/dsm_flipbox_child][\/dsm_flipbox][\/et_pb_column][et_pb_column type=\u00a0\u00bb1_3&Prime; _builder_version=\u00a0\u00bb4.16&Prime; _module_preset=\u00a0\u00bbdefault\u00a0\u00bb pac_dcm_carousel_specific_module_num=\u00a0\u00bb0&Prime; global_colors_info=\u00a0\u00bb{}\u00a0\u00bb][dsm_flipbox flipbox_type=\u00a0\u00bbfade\u00a0\u00bb _builder_version=\u00a0\u00bb4.16&Prime; _module_preset=\u00a0\u00bbdefault\u00a0\u00bb header_text_align=\u00a0\u00bbcenter\u00a0\u00bb header_text_color=\u00a0\u00bb#FFFFFF\u00a0\u00bb header_font_size=\u00a0\u00bb22px\u00a0\u00bb subhead_text_align=\u00a0\u00bbcenter\u00a0\u00bb subhead_text_color=\u00a0\u00bb#FFFFFF\u00a0\u00bb animation_style=\u00a0\u00bbslide\u00a0\u00bb link_option_url=\u00a0\u00bbhttp:\/\/elanillodepicos.com\/\u00a0\u00bb header_text_shadow_style=\u00a0\u00bbpreset5&Prime; border_radii=\u00a0\u00bbon|6px|6px|6px|6px\u00a0\u00bb locked=\u00a0\u00bboff\u00a0\u00bb global_colors_info=\u00a0\u00bb{}\u00a0\u00bb][dsm_flipbox_child alt=\u00a0\u00bbPicos de Europa\u00a0\u00bb button_url_new_window=\u00a0\u00bb1&Prime; _builder_version=\u00a0\u00bb4.16&Prime; _module_preset=\u00a0\u00bbdefault\u00a0\u00bb header_font_size=\u00a0\u00bb25px\u00a0\u00bb subhead_font_size=\u00a0\u00bb17px\u00a0\u00bb background_color=\u00a0\u00bb#526962&Prime; background_enable_color=\u00a0\u00bbon\u00a0\u00bb background_image=\u00a0\u00bbhttps:\/\/www.onisecoturismo.es\/wp-content\/uploads\/2022\/01\/logo-anillo-footer.png\u00a0\u00bb background_enable_image=\u00a0\u00bbon\u00a0\u00bb background_size=\u00a0\u00bbinitial\u00a0\u00bb link_option_url=\u00a0\u00bb#\u00a0\u00bb subhead_text_shadow_style=\u00a0\u00bbpreset5&Prime; global_colors_info=\u00a0\u00bb{}\u00a0\u00bb][\/dsm_flipbox_child][dsm_flipbox_child alt=\u00a0\u00bbPicos de Europa\u00a0\u00bb button_url_new_window=\u00a0\u00bb1&Prime; _builder_version=\u00a0\u00bb4.16&Prime; _module_preset=\u00a0\u00bbdefault\u00a0\u00bb background_color=\u00a0\u00bb#526962&Prime; background_enable_color=\u00a0\u00bbon\u00a0\u00bb background_enable_image=\u00a0\u00bboff\u00a0\u00bb text_orientation=\u00a0\u00bbcenter\u00a0\u00bb background_layout=\u00a0\u00bbdark\u00a0\u00bb custom_padding=\u00a0\u00bb20px|20px|20px|20px|false|false\u00a0\u00bb global_colors_info=\u00a0\u00bb{}\u00a0\u00bb]<\/p>\n<p>Site officiel de l&rsquo;Anneau des Pics.<\/p>\n<p><span class=\"line-primary\">115 km, 3 massifs, 9 refuges&#8230;<\/span><span class=\"line-second\">Un itin\u00e9raire unique \u00e0 travers les pics d&rsquo;Europe.<\/span><\/p>\n<p>[\/dsm_flipbox_child][\/dsm_flipbox][\/et_pb_column][et_pb_column type=\u00a0\u00bb1_3&Prime; _builder_version=\u00a0\u00bb4.16&Prime; _module_preset=\u00a0\u00bbdefault\u00a0\u00bb pac_dcm_carousel_specific_module_num=\u00a0\u00bb0&Prime; global_colors_info=\u00a0\u00bb{}\u00a0\u00bb][dsm_flipbox flipbox_type=\u00a0\u00bbfade\u00a0\u00bb _builder_version=\u00a0\u00bb4.16&Prime; _module_preset=\u00a0\u00bbdefault\u00a0\u00bb header_text_align=\u00a0\u00bbcenter\u00a0\u00bb header_text_color=\u00a0\u00bb#FFFFFF\u00a0\u00bb header_font_size=\u00a0\u00bb22px\u00a0\u00bb subhead_text_align=\u00a0\u00bbcenter\u00a0\u00bb subhead_text_color=\u00a0\u00bb#FFFFFF\u00a0\u00bb animation_style=\u00a0\u00bbslide\u00a0\u00bb link_option_url=\u00a0\u00bbhttps:\/\/parquenacionalpicoseuropa.es\/\u00a0\u00bb header_text_shadow_style=\u00a0\u00bbpreset5&Prime; border_radii=\u00a0\u00bbon|6px|6px|6px|6px\u00a0\u00bb locked=\u00a0\u00bboff\u00a0\u00bb global_colors_info=\u00a0\u00bb{}\u00a0\u00bb][dsm_flipbox_child alt=\u00a0\u00bbPicos de Europa\u00a0\u00bb button_url_new_window=\u00a0\u00bb1&Prime; _builder_version=\u00a0\u00bb4.16&Prime; _module_preset=\u00a0\u00bbdefault\u00a0\u00bb header_font_size=\u00a0\u00bb25px\u00a0\u00bb subhead_font_size=\u00a0\u00bb17px\u00a0\u00bb background_enable_color=\u00a0\u00bboff\u00a0\u00bb background_image=\u00a0\u00bbhttps:\/\/www.onisecoturismo.es\/wp-content\/uploads\/2022\/01\/logo-picos-de-europa-1.jpg\u00a0\u00bb background_enable_image=\u00a0\u00bbon\u00a0\u00bb link_option_url=\u00a0\u00bb#\u00a0\u00bb subhead_text_shadow_style=\u00a0\u00bbpreset5&Prime; global_colors_info=\u00a0\u00bb{}\u00a0\u00bb][\/dsm_flipbox_child][dsm_flipbox_child alt=\u00a0\u00bbPicos de Europa\u00a0\u00bb button_url_new_window=\u00a0\u00bb1&Prime; _builder_version=\u00a0\u00bb4.16&Prime; _module_preset=\u00a0\u00bbdefault\u00a0\u00bb background_color=\u00a0\u00bb#526962&Prime; background_enable_color=\u00a0\u00bbon\u00a0\u00bb background_enable_image=\u00a0\u00bboff\u00a0\u00bb text_orientation=\u00a0\u00bbcenter\u00a0\u00bb background_layout=\u00a0\u00bbdark\u00a0\u00bb custom_padding=\u00a0\u00bb20px|20px|20px|20px|false|false\u00a0\u00bb global_colors_info=\u00a0\u00bb{}\u00a0\u00bb]<\/p>\n<p>Site officiel du parc national avec toutes les informations sur la r\u00e9glementation.<\/p>\n<p>[\/dsm_flipbox_child][\/dsm_flipbox][\/et_pb_column][\/et_pb_row][\/et_pb_section][et_pb_section fb_built=\u00a0\u00bb1&Prime; module_id=\u00a0\u00bbpart\u00a0\u00bb _builder_version=\u00a0\u00bb4.16&Prime; _module_preset=\u00a0\u00bbdefault\u00a0\u00bb use_background_color_gradient=\u00a0\u00bbon\u00a0\u00bb background_color_gradient_stops=\u00a0\u00bb#ffffff 0%|rgba(159,182,175,0.17) 100%\u00a0\u00bb background_color_gradient_start=\u00a0\u00bb#ffffff\u00a0\u00bb background_color_gradient_end=\u00a0\u00bbrgba(159,182,175,0.17)\u00a0\u00bb min_height=\u00a0\u00bb120px\u00a0\u00bb custom_margin=\u00a0\u00bb0px||0px||false|false\u00a0\u00bb custom_padding=\u00a0\u00bb40px||0px||false|false\u00a0\u00bb bottom_divider_style=\u00a0\u00bbwaves\u00a0\u00bb bottom_divider_color=\u00a0\u00bb#FFFFFF\u00a0\u00bb bottom_divider_color_tablet=\u00a0\u00bb#FFFFFF\u00a0\u00bb bottom_divider_color_phone=\u00a0\u00bb#FFFFFF\u00a0\u00bb bottom_divider_color_last_edited=\u00a0\u00bbon|tablet\u00a0\u00bb bottom_divider_height_tablet=\u00a0\u00bb60px\u00a0\u00bb bottom_divider_height_phone=\u00a0\u00bb30px\u00a0\u00bb bottom_divider_height_last_edited=\u00a0\u00bbon|desktop\u00a0\u00bb da_disable_devices=\u00a0\u00bboff|off|off\u00a0\u00bb global_module=\u00a0\u00bb333716&Prime; saved_tabs=\u00a0\u00bball\u00a0\u00bb global_colors_info=\u00a0\u00bb{}\u00a0\u00bb da_is_popup=\u00a0\u00bboff\u00a0\u00bb da_exit_intent=\u00a0\u00bboff\u00a0\u00bb da_has_close=\u00a0\u00bbon\u00a0\u00bb da_alt_close=\u00a0\u00bboff\u00a0\u00bb da_dark_close=\u00a0\u00bboff\u00a0\u00bb da_not_modal=\u00a0\u00bbon\u00a0\u00bb da_is_singular=\u00a0\u00bboff\u00a0\u00bb da_with_loader=\u00a0\u00bboff\u00a0\u00bb da_has_shadow=\u00a0\u00bbon\u00a0\u00bb][et_pb_row column_structure=\u00a0\u00bb1_4,1_4,1_4,1_4&Prime; _builder_version=\u00a0\u00bb4.16&Prime; _module_preset=\u00a0\u00bbdefault\u00a0\u00bb global_colors_info=\u00a0\u00bb{}\u00a0\u00bb][et_pb_column type=\u00a0\u00bb1_4&Prime; _builder_version=\u00a0\u00bb4.16&Prime; _module_preset=\u00a0\u00bbdefault\u00a0\u00bb pac_dcm_carousel_specific_module_num=\u00a0\u00bb0&Prime; global_colors_info=\u00a0\u00bb{}\u00a0\u00bb][dssb_sharing_buttons columns=\u00a0\u00bb1&Prime; _builder_version=\u00a0\u00bb4.16&Prime; _module_preset=\u00a0\u00bbdefault\u00a0\u00bb border_radii_main=\u00a0\u00bbon|6px|6px|6px|6px\u00a0\u00bb global_colors_info=\u00a0\u00bb{}\u00a0\u00bb][dssb_sharing_button button_text=\u00a0\u00bbFacebook\u00a0\u00bb _builder_version=\u00a0\u00bb4.16&Prime; _module_preset=\u00a0\u00bbdefault\u00a0\u00bb background_color=\u00a0\u00bb#9FB6AF\u00a0\u00bb background_enable_color=\u00a0\u00bbon\u00a0\u00bb global_colors_info=\u00a0\u00bb{}\u00a0\u00bb background__hover_enabled=\u00a0\u00bbon|hover\u00a0\u00bb background_color__hover=\u00a0\u00bb#FCBF15&Prime; background_enable_color__hover=\u00a0\u00bbon\u00a0\u00bb][\/dssb_sharing_button][\/dssb_sharing_buttons][\/et_pb_column][et_pb_column type=\u00a0\u00bb1_4&Prime; _builder_version=\u00a0\u00bb4.16&Prime; _module_preset=\u00a0\u00bbdefault\u00a0\u00bb pac_dcm_carousel_specific_module_num=\u00a0\u00bb0&Prime; global_colors_info=\u00a0\u00bb{}\u00a0\u00bb][dssb_sharing_buttons columns=\u00a0\u00bb1&Prime; _builder_version=\u00a0\u00bb4.16&Prime; _module_preset=\u00a0\u00bbdefault\u00a0\u00bb border_radii_main=\u00a0\u00bbon|6px|6px|6px|6px\u00a0\u00bb global_colors_info=\u00a0\u00bb{}\u00a0\u00bb][dssb_sharing_button social_network=\u00a0\u00bbtwitter\u00a0\u00bb button_text=\u00a0\u00bbTwitter\u00a0\u00bb _builder_version=\u00a0\u00bb4.16&Prime; _module_preset=\u00a0\u00bbdefault\u00a0\u00bb background_color=\u00a0\u00bb#9FB6AF\u00a0\u00bb background_enable_color=\u00a0\u00bbon\u00a0\u00bb global_colors_info=\u00a0\u00bb{}\u00a0\u00bb background__hover_enabled=\u00a0\u00bbon|hover\u00a0\u00bb background_color__hover=\u00a0\u00bb#FCBF15&Prime; background_enable_color__hover=\u00a0\u00bbon\u00a0\u00bb][\/dssb_sharing_button][\/dssb_sharing_buttons][\/et_pb_column][et_pb_column type=\u00a0\u00bb1_4&Prime; _builder_version=\u00a0\u00bb4.16&Prime; _module_preset=\u00a0\u00bbdefault\u00a0\u00bb pac_dcm_carousel_specific_module_num=\u00a0\u00bb0&Prime; global_colors_info=\u00a0\u00bb{}\u00a0\u00bb][dssb_sharing_buttons columns=\u00a0\u00bb1&Prime; _builder_version=\u00a0\u00bb4.16&Prime; _module_preset=\u00a0\u00bbdefault\u00a0\u00bb border_radii_main=\u00a0\u00bbon|6px|6px|6px|6px\u00a0\u00bb global_colors_info=\u00a0\u00bb{}\u00a0\u00bb][dssb_sharing_button social_network=\u00a0\u00bbwhatsapp\u00a0\u00bb button_text=\u00a0\u00bbWhatsapp\u00a0\u00bb _builder_version=\u00a0\u00bb4.16&Prime; _module_preset=\u00a0\u00bbdefault\u00a0\u00bb background_color=\u00a0\u00bb#9FB6AF\u00a0\u00bb background_enable_color=\u00a0\u00bbon\u00a0\u00bb global_colors_info=\u00a0\u00bb{}\u00a0\u00bb background__hover_enabled=\u00a0\u00bbon|hover\u00a0\u00bb background_color__hover=\u00a0\u00bb#FCBF15&Prime; background_enable_color__hover=\u00a0\u00bbon\u00a0\u00bb][\/dssb_sharing_button][\/dssb_sharing_buttons][\/et_pb_column][et_pb_column type=\u00a0\u00bb1_4&Prime; _builder_version=\u00a0\u00bb4.16&Prime; _module_preset=\u00a0\u00bbdefault\u00a0\u00bb pac_dcm_carousel_specific_module_num=\u00a0\u00bb0&Prime; global_colors_info=\u00a0\u00bb{}\u00a0\u00bb][dssb_sharing_buttons columns=\u00a0\u00bb1&Prime; _builder_version=\u00a0\u00bb4.16&Prime; _module_preset=\u00a0\u00bbdefault\u00a0\u00bb border_radii_main=\u00a0\u00bbon|6px|6px|6px|6px\u00a0\u00bb global_colors_info=\u00a0\u00bb{}\u00a0\u00bb][dssb_sharing_button social_network=\u00a0\u00bbemail\u00a0\u00bb button_text=\u00a0\u00bbEmail\u00a0\u00bb _builder_version=\u00a0\u00bb4.16&Prime; _module_preset=\u00a0\u00bbdefault\u00a0\u00bb background_color=\u00a0\u00bb#9FB6AF\u00a0\u00bb background_enable_color=\u00a0\u00bbon\u00a0\u00bb global_colors_info=\u00a0\u00bb{}\u00a0\u00bb background__hover_enabled=\u00a0\u00bbon|hover\u00a0\u00bb background_color__hover=\u00a0\u00bb#FCBF15&Prime; background_enable_color__hover=\u00a0\u00bbon\u00a0\u00bb][\/dssb_sharing_button][\/dssb_sharing_buttons][\/et_pb_column][\/et_pb_row][\/et_pb_section]<\/p>\n","protected":false},"excerpt":{"rendered":"<p>Le Refugio del Marqu\u00e9s de Villaviciosa ou Vega de Ario est un point de repos pour les alpinistes qui parcourent le massif occidental des Picos de Europa, dans les Asturies.<\/p>\n","protected":false},"author":1,"featured_media":348393,"parent":347612,"menu_order":0,"comment_status":"closed","ping_status":"closed","template":"","meta":{"_acf_changed":false,"_et_pb_use_builder":"on","_et_pb_old_content":"","_et_gb_content_width":"","footnotes":""},"dipi_cpt_category":[],"class_list":["post-347621","page","type-page","status-publish","has-post-thumbnail","hentry"],"acf":[],"_links":{"self":[{"href":"https:\/\/www.onisecoturismo.es\/fr\/wp-json\/wp\/v2\/pages\/347621","targetHints":{"allow":["GET"]}}],"collection":[{"href":"https:\/\/www.onisecoturismo.es\/fr\/wp-json\/wp\/v2\/pages"}],"about":[{"href":"https:\/\/www.onisecoturismo.es\/fr\/wp-json\/wp\/v2\/types\/page"}],"author":[{"embeddable":true,"href":"https:\/\/www.onisecoturismo.es\/fr\/wp-json\/wp\/v2\/users\/1"}],"replies":[{"embeddable":true,"href":"https:\/\/www.onisecoturismo.es\/fr\/wp-json\/wp\/v2\/comments?post=347621"}],"version-history":[{"count":2,"href":"https:\/\/www.onisecoturismo.es\/fr\/wp-json\/wp\/v2\/pages\/347621\/revisions"}],"predecessor-version":[{"id":347623,"href":"https:\/\/www.onisecoturismo.es\/fr\/wp-json\/wp\/v2\/pages\/347621\/revisions\/347623"}],"up":[{"embeddable":true,"href":"https:\/\/www.onisecoturismo.es\/fr\/wp-json\/wp\/v2\/pages\/347612"}],"wp:featuredmedia":[{"embeddable":true,"href":"https:\/\/www.onisecoturismo.es\/fr\/wp-json\/wp\/v2\/media\/348393"}],"wp:attachment":[{"href":"https:\/\/www.onisecoturismo.es\/fr\/wp-json\/wp\/v2\/media?parent=347621"}],"wp:term":[{"taxonomy":"dipi_cpt_category","embeddable":true,"href":"https:\/\/www.onisecoturismo.es\/fr\/wp-json\/wp\/v2\/dipi_cpt_category?post=347621"}],"curies":[{"name":"wp","href":"https:\/\/api.w.org\/{rel}","templated":true}]}}