{"id":347564,"date":"2024-11-08T13:13:52","date_gmt":"2024-11-08T12:13:52","guid":{"rendered":"https:\/\/www.onisecoturismo.es\/decouvre\/le-coeur-des-picos-de-europa\/"},"modified":"2024-11-08T13:13:54","modified_gmt":"2024-11-08T12:13:54","slug":"le-coeur-des-picos-de-europa","status":"publish","type":"page","link":"https:\/\/www.onisecoturismo.es\/fr\/decouvre\/le-coeur-des-picos-de-europa\/","title":{"rendered":"Le c\u0153ur des Picos de Europa"},"content":{"rendered":"<p>[et_pb_section fb_built=\u00a0\u00bb1&Prime; _builder_version=\u00a0\u00bb4.17.1&Prime; _module_preset=\u00a0\u00bbdefault\u00a0\u00bb background_color=\u00a0\u00bbrgba(22,34,16,0.36)\u00a0\u00bb background_image=\u00a0\u00bbhttps:\/\/www.onisecoturismo.es\/wp-content\/uploads\/2022\/03\/picos_europa_cabecera.jpg\u00a0\u00bb background_position=\u00a0\u00bbtop_center\u00a0\u00bb background_blend=\u00a0\u00bbdarken\u00a0\u00bb custom_padding=\u00a0\u00bb30px||100px||false|false\u00a0\u00bb bottom_divider_style=\u00a0\u00bbwave2&Prime; bottom_divider_color=\u00a0\u00bb#FFFFFF\u00a0\u00bb da_disable_devices=\u00a0\u00bboff|off|off\u00a0\u00bb global_colors_info=\u00a0\u00bb{}\u00a0\u00bb da_is_popup=\u00a0\u00bboff\u00a0\u00bb da_exit_intent=\u00a0\u00bboff\u00a0\u00bb da_has_close=\u00a0\u00bbon\u00a0\u00bb da_alt_close=\u00a0\u00bboff\u00a0\u00bb da_dark_close=\u00a0\u00bboff\u00a0\u00bb da_not_modal=\u00a0\u00bbon\u00a0\u00bb da_is_singular=\u00a0\u00bboff\u00a0\u00bb da_with_loader=\u00a0\u00bboff\u00a0\u00bb da_has_shadow=\u00a0\u00bbon\u00a0\u00bb][et_pb_row _builder_version=\u00a0\u00bb4.16&Prime; _module_preset=\u00a0\u00bbdefault\u00a0\u00bb global_colors_info=\u00a0\u00bb{}\u00a0\u00bb][et_pb_column type=\u00a0\u00bb4_4&Prime; _builder_version=\u00a0\u00bb4.16&Prime; _module_preset=\u00a0\u00bbdefault\u00a0\u00bb pac_dcm_carousel_specific_module_num=\u00a0\u00bb0&Prime; global_colors_info=\u00a0\u00bb{}\u00a0\u00bb][et_pb_blurb title=\u00a0\u00bbLe c\u0153ur des Picos de Europa\u00a0\u00bb image=\u00a0\u00bbhttps:\/\/www.onisecoturismo.es\/wp-content\/uploads\/2021\/09\/Color-Picos.png\u00a0\u00bb alt=\u00a0\u00bbIc\u00f4ne Picos de Europa\u00a0\u00bb image_icon_width=\u00a0\u00bb120px\u00a0\u00bb content_max_width=\u00a0\u00bb100%\u00a0\u00bb _builder_version=\u00a0\u00bb4.19.0&Prime; _module_preset=\u00a0\u00bbdefault\u00a0\u00bb header_level=\u00a0\u00bbh1&Prime; header_font=\u00a0\u00bb|800|||||||\u00a0\u00bb header_text_align=\u00a0\u00bbcenter\u00a0\u00bb header_text_color=\u00a0\u00bb#FFFFFF\u00a0\u00bb header_font_size=\u00a0\u00bb76px\u00a0\u00bb body_text_align=\u00a0\u00bbcenter\u00a0\u00bb body_text_color=\u00a0\u00bb#FFFFFF\u00a0\u00bb body_font_size=\u00a0\u00bb22px\u00a0\u00bb background_enable_image=\u00a0\u00bboff\u00a0\u00bb background_size=\u00a0\u00bbinitial\u00a0\u00bb width=\u00a0\u00bb100%\u00a0\u00bb max_width=\u00a0\u00bb100%\u00a0\u00bb custom_margin=\u00a0\u00bb0px|0px|0px|0px|false|false\u00a0\u00bb custom_padding=\u00a0\u00bb0px|0px|0px|0px|false|false\u00a0\u00bb header_font_size_tablet=\u00a0\u00bb66px\u00a0\u00bb header_font_size_phone=\u00a0\u00bb42px\u00a0\u00bb header_font_size_last_edited=\u00a0\u00bbon|phone\u00a0\u00bb global_colors_info=\u00a0\u00bb{}\u00a0\u00bb][\/et_pb_blurb][\/et_pb_column][\/et_pb_row][\/et_pb_section][et_pb_section fb_built=\u00a0\u00bb1&Prime; _builder_version=\u00a0\u00bb4.16&Prime; _module_preset=\u00a0\u00bbdefault\u00a0\u00bb background_enable_color=\u00a0\u00bboff\u00a0\u00bb use_background_color_gradient=\u00a0\u00bbon\u00a0\u00bb background_color_gradient_stops=\u00a0\u00bbrgba(255,255,255,0) 0%|#ffffff 100%\u00a0\u00bb background_color_gradient_start=\u00a0\u00bbrgba(255,255,255,0)\u00a0\u00bb background_color_gradient_end=\u00a0\u00bb#ffffff\u00a0\u00bb background_image=\u00a0\u00bbhttps:\/\/www.onisecoturismo.es\/wp-content\/uploads\/2022\/02\/fondo-suave.png\u00a0\u00bb background_position=\u00a0\u00bbtop_center\u00a0\u00bb background_blend=\u00a0\u00bblighten\u00a0\u00bb custom_padding=\u00a0\u00bb30px||20px||false|false\u00a0\u00bb da_disable_devices=\u00a0\u00bboff|off|off\u00a0\u00bb global_colors_info=\u00a0\u00bb{}\u00a0\u00bb da_is_popup=\u00a0\u00bboff\u00a0\u00bb da_exit_intent=\u00a0\u00bboff\u00a0\u00bb da_has_close=\u00a0\u00bbon\u00a0\u00bb da_alt_close=\u00a0\u00bboff\u00a0\u00bb da_dark_close=\u00a0\u00bboff\u00a0\u00bb da_not_modal=\u00a0\u00bbon\u00a0\u00bb da_is_singular=\u00a0\u00bboff\u00a0\u00bb da_with_loader=\u00a0\u00bboff\u00a0\u00bb da_has_shadow=\u00a0\u00bbon\u00a0\u00bb][et_pb_row column_structure=\u00a0\u00bb3_4,1_4&Prime; use_custom_gutter=\u00a0\u00bbon\u00a0\u00bb gutter_width=\u00a0\u00bb1&Prime; admin_label=\u00a0\u00bbPain de mie\u00a0\u00bb _builder_version=\u00a0\u00bb4.17.2&Prime; _module_preset=\u00a0\u00bbdefault\u00a0\u00bb custom_margin=\u00a0\u00bb0px||0px||false|false\u00a0\u00bb custom_padding=\u00a0\u00bb0px||0px||false|false\u00a0\u00bb custom_css_main_element=\u00a0\u00bbdisplay:flex;\u00a0\u00bb global_module=\u00a0\u00bb337059&Prime; global_colors_info=\u00a0\u00bb{}\u00a0\u00bb][et_pb_column type=\u00a0\u00bb3_4&Prime; _builder_version=\u00a0\u00bb4.16&Prime; _module_preset=\u00a0\u00bbdefault\u00a0\u00bb custom_css_main_element=\u00a0\u00bbwidth:100% !important;\u00a0\u00bb pac_dcm_carousel_specific_module_num=\u00a0\u00bb0&Prime; global_colors_info=\u00a0\u00bb{}\u00a0\u00bb][\/et_pb_column][et_pb_column type=\u00a0\u00bb1_4&Prime; _builder_version=\u00a0\u00bb4.16&Prime; _module_preset=\u00a0\u00bbdefault\u00a0\u00bb custom_css_main_element=\u00a0\u00bbwidth:40px !important;\u00a0\u00bb pac_dcm_carousel_specific_module_num=\u00a0\u00bb0&Prime; global_colors_info=\u00a0\u00bb{}\u00a0\u00bb][et_pb_icon font_icon=\u00a0\u00bb&#xe0b7;||divi||400&Prime; icon_color=\u00a0\u00bb#9FB6AF\u00a0\u00bb icon_width=\u00a0\u00bb20px\u00a0\u00bb title_text=\u00a0\u00bbCompartir\u00a0\u00bb url=\u00a0\u00bb#compartir\u00a0\u00bb align=\u00a0\u00bbright\u00a0\u00bb admin_label=\u00a0\u00bbCompartir en Redes Sociales\u00a0\u00bb _builder_version=\u00a0\u00bb4.16&Prime; _module_preset=\u00a0\u00bbdefault\u00a0\u00bb custom_margin=\u00a0\u00bb5px||0px||false|false\u00a0\u00bb custom_padding=\u00a0\u00bb0px||0px||false|false\u00a0\u00bb animation_style=\u00a0\u00bbroll\u00a0\u00bb global_colors_info=\u00a0\u00bb{}\u00a0\u00bb icon_color__hover_enabled=\u00a0\u00bbon|hover\u00a0\u00bb icon_color__hover=\u00a0\u00bb#FCBF15&Prime;][\/et_pb_icon][\/et_pb_column][\/et_pb_row][et_pb_row _builder_version=\u00a0\u00bb4.16&Prime; _module_preset=\u00a0\u00bbdefault\u00a0\u00bb locked=\u00a0\u00bboff\u00a0\u00bb global_colors_info=\u00a0\u00bb{}\u00a0\u00bb][et_pb_column type=\u00a0\u00bb4_4&Prime; _builder_version=\u00a0\u00bb4.16&Prime; _module_preset=\u00a0\u00bbdefault\u00a0\u00bb pac_dcm_carousel_specific_module_num=\u00a0\u00bb0&Prime; global_colors_info=\u00a0\u00bb{}\u00a0\u00bb][et_pb_text _builder_version=\u00a0\u00bb4.17.1&Prime; _module_preset=\u00a0\u00bbdefault\u00a0\u00bb header_5_font=\u00a0\u00bb|600|on||||||\u00a0\u00bb header_5_line_height=\u00a0\u00bb1.5em\u00a0\u00bb custom_margin=\u00a0\u00bb||0px||false|false\u00a0\u00bb custom_padding=\u00a0\u00bb||0px|||\u00a0\u00bb global_colors_info=\u00a0\u00bb{}\u00a0\u00bb]<\/p>\n<h4>On\u00eds fait partie des Picos de Europa, les plus hauts sommets des Asturies, de magnifiques montagnes calcaires que le marquis de Villaviciosa a r\u00e9ussi \u00e0 faire d\u00e9clarer premier parc national du pays.<\/h4>\n<p>[\/et_pb_text][et_pb_text _builder_version=\u00a0\u00bb4.19.0&Prime; _module_preset=\u00a0\u00bbdefault\u00a0\u00bb global_colors_info=\u00a0\u00bb{}\u00a0\u00bb]<\/p>\n<p>Les Picos de Europa sont organis\u00e9s en trois massifs et On\u00eds appartient au <strong>massif<\/strong> dit <strong>occidental<\/strong> ou <strong>El Corni\u00f3n<\/strong>, qui est d\u00e9limit\u00e9 par les rivi\u00e8res Sella et Cares. Ses pics impressionnants sont les deuxi\u00e8mes plus importants apr\u00e8s le massif central, couronn\u00e9 par la Torre Santa de Castilla (2 596 m) et abritant les c\u00e9l\u00e8bres lacs de Covadonga. Le plus haut sommet d&rsquo;On\u00eds est le <strong>Pico Verdilluenga<\/strong>, qui culmine \u00e0 pas moins de <span>2 129 m.<\/span>  <\/p>\n<p>[\/et_pb_text][\/et_pb_column][\/et_pb_row][et_pb_row _builder_version=\u00a0\u00bb4.16&Prime; _module_preset=\u00a0\u00bbdefault\u00a0\u00bb custom_margin=\u00a0\u00bb0px||0px||false|false\u00a0\u00bb custom_padding=\u00a0\u00bb0px||0px||false|false\u00a0\u00bb locked=\u00a0\u00bboff\u00a0\u00bb global_colors_info=\u00a0\u00bb{}\u00a0\u00bb][et_pb_column type=\u00a0\u00bb4_4&Prime; _builder_version=\u00a0\u00bb4.16&Prime; _module_preset=\u00a0\u00bbdefault\u00a0\u00bb pac_dcm_carousel_specific_module_num=\u00a0\u00bb0&Prime; global_colors_info=\u00a0\u00bb{}\u00a0\u00bb][dsm_icon_divider image=\u00a0\u00bbhttps:\/\/www.onisecoturismo.es\/wp-content\/uploads\/2021\/09\/Color-Picos-150&#215;150.png\u00a0\u00bb alt=\u00a0\u00bbS\u00e9parateur Picos de Europa\u00a0\u00bb image_max_width=\u00a0\u00bb8%\u00a0\u00bb color=\u00a0\u00bb#9FB6AF\u00a0\u00bb image_max_width_tablet=\u00a0\u00bb9%\u00a0\u00bb image_max_width_phone=\u00a0\u00bb15%\u00a0\u00bb image_max_width_last_edited=\u00a0\u00bbon|tablet\u00a0\u00bb _builder_version=\u00a0\u00bb4.19.0&Prime; _module_preset=\u00a0\u00bbdefault\u00a0\u00bb height=\u00a0\u00bb80px\u00a0\u00bb custom_margin=\u00a0\u00bb20px||20px||false|false\u00a0\u00bb custom_margin_tablet=\u00a0\u00bb20px||0px||false|false\u00a0\u00bb custom_margin_phone=\u00a0\u00bb20px||0px||false|false\u00a0\u00bb custom_margin_last_edited=\u00a0\u00bbon|tablet\u00a0\u00bb custom_padding=\u00a0\u00bb0px||0px||false|false\u00a0\u00bb child_filter_opacity=\u00a0\u00bb35%\u00a0\u00bb global_colors_info=\u00a0\u00bb{}\u00a0\u00bb][\/dsm_icon_divider][\/et_pb_column][\/et_pb_row][et_pb_row column_structure=\u00a0\u00bb1_2,1_2&Prime; _builder_version=\u00a0\u00bb4.16&Prime; _module_preset=\u00a0\u00bbdefault\u00a0\u00bb min_height=\u00a0\u00bb400.3px\u00a0\u00bb custom_margin=\u00a0\u00bb||||false|false\u00a0\u00bb custom_padding=\u00a0\u00bb||||false|false\u00a0\u00bb global_colors_info=\u00a0\u00bb{}\u00a0\u00bb][et_pb_column type=\u00a0\u00bb1_2&Prime; _builder_version=\u00a0\u00bb4.16&Prime; _module_preset=\u00a0\u00bbdefault\u00a0\u00bb pac_dcm_carousel_specific_module_num=\u00a0\u00bb0&Prime; global_colors_info=\u00a0\u00bb{}\u00a0\u00bb][et_pb_image src=\u00a0\u00bbhttps:\/\/www.onisecoturismo.es\/wp-content\/uploads\/2022\/03\/vaca_lapiaz_ruta_majadas.jpg\u00a0\u00bb alt=\u00a0\u00bbVache dans les Picos de Europa\u00a0\u00bb align=\u00a0\u00bbcenter\u00a0\u00bb _builder_version=\u00a0\u00bb4.19.0&Prime; _module_preset=\u00a0\u00bbdefault\u00a0\u00bb border_radii=\u00a0\u00bbon|12px|12px|12px|12px\u00a0\u00bb box_shadow_style=\u00a0\u00bbpreset2&Prime; global_colors_info=\u00a0\u00bb{}\u00a0\u00bb][\/et_pb_image][\/et_pb_column][et_pb_column type=\u00a0\u00bb1_2&Prime; _builder_version=\u00a0\u00bb4.16&Prime; _module_preset=\u00a0\u00bbdefault\u00a0\u00bb pac_dcm_carousel_specific_module_num=\u00a0\u00bb0&Prime; global_colors_info=\u00a0\u00bb{}\u00a0\u00bb][et_pb_text _builder_version=\u00a0\u00bb4.16&Prime; _module_preset=\u00a0\u00bbdefault\u00a0\u00bb header_3_text_align=\u00a0\u00bbcenter\u00a0\u00bb custom_margin=\u00a0\u00bb0px||0px||false|false\u00a0\u00bb custom_padding=\u00a0\u00bb0px||0px||false|false\u00a0\u00bb locked=\u00a0\u00bboff\u00a0\u00bb global_colors_info=\u00a0\u00bb{}\u00a0\u00bb]<\/p>\n<h3 style=\"text-align: center;\"><strong>Un paysage soulev\u00e9 par l&rsquo;orogen\u00e8se et fa\u00e7onn\u00e9 par l&rsquo;eau.<\/strong><strong> <\/strong><\/h3>\n<p>[\/et_pb_text][dsm_icon_divider use_icon=\u00a0\u00bbon\u00a0\u00bb font_icon=\u00a0\u00bb&#xf6fc;||fa||900&Prime; icon_color=\u00a0\u00bb#526962&Prime; use_icon_font_size=\u00a0\u00bbon\u00a0\u00bb icon_font_size=\u00a0\u00bb21px\u00a0\u00bb color=\u00a0\u00bb#9FB6AF\u00a0\u00bb _builder_version=\u00a0\u00bb4.16&Prime; _module_preset=\u00a0\u00bbdefault\u00a0\u00bb custom_margin=\u00a0\u00bb0px||20px||false|false\u00a0\u00bb locked=\u00a0\u00bboff\u00a0\u00bb global_colors_info=\u00a0\u00bb{}\u00a0\u00bb][\/dsm_icon_divider][et_pb_text _builder_version=\u00a0\u00bb4.19.0&Prime; _module_preset=\u00a0\u00bbdefault\u00a0\u00bb header_4_font_size=\u00a0\u00bb17px\u00a0\u00bb header_4_line_height=\u00a0\u00bb1.8em\u00a0\u00bb locked=\u00a0\u00bboff\u00a0\u00bb global_colors_info=\u00a0\u00bb{}\u00a0\u00bb]<\/p>\n<p>Ces imposantes montagnes des <em>Picos de Europa<\/em> sont n\u00e9es au cours de l&rsquo;<strong>orogen\u00e8se alpine<\/strong> et ont \u00e9t\u00e9 <strong>fa\u00e7onn\u00e9es par les glaciers<\/strong>. L&rsquo;\u00e9rosion ult\u00e9rieure par l&rsquo;action de l&rsquo;eau continue d&rsquo;agir sur la roche, formant des fissures, des lapiaces et des <em>jous<\/em> (d\u00e9pressions) dus aux courants et aux <strong>processus karstiques<\/strong> de dissolution du calcaire. <\/p>\n<p>C&rsquo;est un terrain complexe en surface, mais aussi \u00e0 l&rsquo;int\u00e9rieur, qui est parcouru par un <strong>r\u00e9seau<\/strong> compliqu\u00e9 <strong>de galeries souterraines<\/strong> dans lesquelles l&rsquo;eau circule.<\/p>\n<p>[\/et_pb_text][\/et_pb_column][\/et_pb_row][et_pb_row _builder_version=\u00a0\u00bb4.16&Prime; _module_preset=\u00a0\u00bbdefault\u00a0\u00bb locked=\u00a0\u00bboff\u00a0\u00bb global_colors_info=\u00a0\u00bb{}\u00a0\u00bb][et_pb_column type=\u00a0\u00bb4_4&Prime; _builder_version=\u00a0\u00bb4.16&Prime; _module_preset=\u00a0\u00bbdefault\u00a0\u00bb pac_dcm_carousel_specific_module_num=\u00a0\u00bb0&Prime; global_colors_info=\u00a0\u00bb{}\u00a0\u00bb][et_pb_text _builder_version=\u00a0\u00bb4.17.6&Prime; _module_preset=\u00a0\u00bbdefault\u00a0\u00bb header_3_text_align=\u00a0\u00bbcenter\u00a0\u00bb custom_margin=\u00a0\u00bb0px||0px||false|false\u00a0\u00bb custom_padding=\u00a0\u00bb0px||0px||false|false\u00a0\u00bb global_colors_info=\u00a0\u00bb{}\u00a0\u00bb]<\/p>\n<h3><strong>La flore et la faune de haute altitude dans les Picos de Europa<br \/><\/strong><\/h3>\n<p>[\/et_pb_text][dsm_icon_divider use_icon=\u00a0\u00bbon\u00a0\u00bb font_icon=\u00a0\u00bb&#xf52d;||fa||900&Prime; icon_color=\u00a0\u00bb#526962&Prime; use_icon_font_size=\u00a0\u00bbon\u00a0\u00bb icon_font_size=\u00a0\u00bb21px\u00a0\u00bb color=\u00a0\u00bb#9FB6AF\u00a0\u00bb _builder_version=\u00a0\u00bb4.16&Prime; _module_preset=\u00a0\u00bbdefault\u00a0\u00bb custom_margin=\u00a0\u00bb0px||20px||false|false\u00a0\u00bb global_colors_info=\u00a0\u00bb{}\u00a0\u00bb][\/dsm_icon_divider][et_pb_text _builder_version=\u00a0\u00bb4.17.6&Prime; _module_preset=\u00a0\u00bbdefault\u00a0\u00bb link_text_color=\u00a0\u00bb#526962&Prime; global_colors_info=\u00a0\u00bb{}\u00a0\u00bb]<\/p>\n<p>Dans les hautes altitudes des <em>Picos de Europa<\/em>, seules quelques esp\u00e8ces sont capables de survivre, comme les <strong>lichens et les petites plantes alpines,<\/strong> qui vivent dans le sol clairsem\u00e9 des crevasses. <strong>Des aigles royaux, des vautours, des vautours percnopt\u00e8res et des corvid\u00e9s, comme les choucas,<\/strong> les survolent. Depuis quelques ann\u00e9es, ils partagent l&rsquo;espace avec le <strong>gypa\u00e8te barbu<\/strong>, qui avait disparu des Picos de Europa et qui est r\u00e9introduit gr\u00e2ce au travail de la <strong><a href=\"https:\/\/quebrantahuesos.org\/el-centro-las-montanas-del-quebrantahuesos\/\" target=\"_blank\" rel=\"noopener\">Fondation pour la conservation du gypa\u00e8te barbu<\/a><\/strong>qui a sa <strong><a href=\"https:\/\/www.onisecoturismo.es\/descubre\/centro-las-montanas-del-quebrantahuesos\/\">maison-mus\u00e9e<\/a><\/strong> \u00e0 Benia de On\u00eds.  <\/p>\n<p>Sur les itin\u00e9raires qui traversent ces zones \u00e9lev\u00e9es, il est fr\u00e9quent de voir des <strong>chamois<\/strong>, v\u00e9ritables funambules qui profitent de la v\u00e9g\u00e9tation qui pousse entre les rochers, et des oiseaux int\u00e9ressants, tels que des moineaux alpins, des accenteurs, des grives des rochers, des craves abondants et, les plus insaisissables, des <strong>grimpereaux des murailles<\/strong>.<\/p>\n<p>[\/et_pb_text][\/et_pb_column][\/et_pb_row][\/et_pb_section][et_pb_section fb_built=\u00a0\u00bb1&Prime; _builder_version=\u00a0\u00bb4.16&Prime; _module_preset=\u00a0\u00bbdefault\u00a0\u00bb background_color_gradient_start=\u00a0\u00bbrgba(255,255,255,0.7)\u00a0\u00bb background_color_gradient_end=\u00a0\u00bb#9fb6af\u00a0\u00bb background_enable_image=\u00a0\u00bboff\u00a0\u00bb background_size=\u00a0\u00bbcontain\u00a0\u00bb background_position=\u00a0\u00bbbottom_right\u00a0\u00bb custom_margin=\u00a0\u00bb0px||||false|false\u00a0\u00bb custom_padding=\u00a0\u00bb0px||||false|false\u00a0\u00bb da_disable_devices=\u00a0\u00bboff|off|off\u00a0\u00bb global_colors_info=\u00a0\u00bb{}\u00a0\u00bb da_is_popup=\u00a0\u00bboff\u00a0\u00bb da_exit_intent=\u00a0\u00bboff\u00a0\u00bb da_has_close=\u00a0\u00bbon\u00a0\u00bb da_alt_close=\u00a0\u00bboff\u00a0\u00bb da_dark_close=\u00a0\u00bboff\u00a0\u00bb da_not_modal=\u00a0\u00bbon\u00a0\u00bb da_is_singular=\u00a0\u00bboff\u00a0\u00bb da_with_loader=\u00a0\u00bboff\u00a0\u00bb da_has_shadow=\u00a0\u00bbon\u00a0\u00bb][et_pb_row column_structure=\u00a0\u00bb1_2,1_2&Prime; _builder_version=\u00a0\u00bb4.16&Prime; _module_preset=\u00a0\u00bbdefault\u00a0\u00bb custom_margin=\u00a0\u00bb0px||||false|false\u00a0\u00bb custom_padding=\u00a0\u00bb0px||||false|false\u00a0\u00bb locked=\u00a0\u00bboff\u00a0\u00bb global_colors_info=\u00a0\u00bb{}\u00a0\u00bb][et_pb_column type=\u00a0\u00bb1_2&Prime; _builder_version=\u00a0\u00bb4.16&Prime; _module_preset=\u00a0\u00bbdefault\u00a0\u00bb pac_dcm_carousel_specific_module_num=\u00a0\u00bb0&Prime; global_colors_info=\u00a0\u00bb{}\u00a0\u00bb][et_pb_image src=\u00a0\u00bbhttps:\/\/www.onisecoturismo.es\/wp-content\/uploads\/2022\/03\/treparriscos.jpg\u00a0\u00bb alt=\u00a0\u00bbTreparriscos dans les Picos de Europa\u00a0\u00bb title_text=\u00a0\u00bbTreparriscos\u00a0\u00bb align=\u00a0\u00bbcenter\u00a0\u00bb _builder_version=\u00a0\u00bb4.18.0&Prime; _module_preset=\u00a0\u00bbdefault\u00a0\u00bb border_radii=\u00a0\u00bbon|12px|12px|12px|12px\u00a0\u00bb box_shadow_style=\u00a0\u00bbpreset2&Prime; global_colors_info=\u00a0\u00bb{}\u00a0\u00bb][\/et_pb_image][\/et_pb_column][et_pb_column type=\u00a0\u00bb1_2&Prime; _builder_version=\u00a0\u00bb4.16&Prime; _module_preset=\u00a0\u00bbdefault\u00a0\u00bb pac_dcm_carousel_specific_module_num=\u00a0\u00bb0&Prime; global_colors_info=\u00a0\u00bb{}\u00a0\u00bb][et_pb_image src=\u00a0\u00bbhttps:\/\/www.onisecoturismo.es\/wp-content\/uploads\/2022\/03\/rebeco.jpg\u00a0\u00bb alt=\u00a0\u00bbChamois \u00e0 Picos de Europa, Asturias\u00a0\u00bb title_text=\u00a0\u00bbChamois\u00a0\u00bb align=\u00a0\u00bbcenter\u00a0\u00bb _builder_version=\u00a0\u00bb4.18.0&Prime; _module_preset=\u00a0\u00bbdefault\u00a0\u00bb border_radii=\u00a0\u00bbon|12px|12px|12px|12px\u00a0\u00bb box_shadow_style=\u00a0\u00bbpreset2&Prime; global_colors_info=\u00a0\u00bb{}\u00a0\u00bb][\/et_pb_image][\/et_pb_column][\/et_pb_row][\/et_pb_section][et_pb_section fb_built=\u00a0\u00bb1&Prime; _builder_version=\u00a0\u00bb4.16&Prime; _module_preset=\u00a0\u00bbdefault\u00a0\u00bb background_color=\u00a0\u00bbRGBA(0,0,0,0)\u00a0\u00bb background_image=\u00a0\u00bbhttps:\/\/www.onisecoturismo.es\/wp-content\/uploads\/2022\/03\/majada_la_guelga_pano.jpg\u00a0\u00bb height=\u00a0\u00bb703px\u00a0\u00bb height_tablet=\u00a0\u00bb678px\u00a0\u00bb height_phone=\u00a0\u00bb1000px\u00a0\u00bb height_last_edited=\u00a0\u00bbon|phone\u00a0\u00bb top_divider_style=\u00a0\u00bbwaves\u00a0\u00bb top_divider_color=\u00a0\u00bb#FFFFFF\u00a0\u00bb top_divider_height=\u00a0\u00bb20px\u00a0\u00bb bottom_divider_style=\u00a0\u00bbwaves2&Prime; bottom_divider_color=\u00a0\u00bb#ffffff\u00a0\u00bb bottom_divider_height=\u00a0\u00bb31px\u00a0\u00bb background_last_edited=\u00a0\u00bboff|desktop\u00a0\u00bb da_disable_devices=\u00a0\u00bboff|off|off\u00a0\u00bb locked=\u00a0\u00bboff\u00a0\u00bb global_colors_info=\u00a0\u00bb{}\u00a0\u00bb da_is_popup=\u00a0\u00bboff\u00a0\u00bb da_exit_intent=\u00a0\u00bboff\u00a0\u00bb da_has_close=\u00a0\u00bbon\u00a0\u00bb da_alt_close=\u00a0\u00bboff\u00a0\u00bb da_dark_close=\u00a0\u00bboff\u00a0\u00bb da_not_modal=\u00a0\u00bbon\u00a0\u00bb da_is_singular=\u00a0\u00bboff\u00a0\u00bb da_with_loader=\u00a0\u00bboff\u00a0\u00bb da_has_shadow=\u00a0\u00bbon\u00a0\u00bb][et_pb_row _builder_version=\u00a0\u00bb4.16&Prime; _module_preset=\u00a0\u00bbdefault\u00a0\u00bb background_color=\u00a0\u00bbrgba(22,34,16,0.55)\u00a0\u00bb custom_margin=\u00a0\u00bb60px||||false|false\u00a0\u00bb custom_padding=\u00a0\u00bb||||false|false\u00a0\u00bb border_radii=\u00a0\u00bbon|12px|12px|12px|12px\u00a0\u00bb locked=\u00a0\u00bboff\u00a0\u00bb global_colors_info=\u00a0\u00bb{}\u00a0\u00bb][et_pb_column type=\u00a0\u00bb4_4&Prime; _builder_version=\u00a0\u00bb4.16&Prime; _module_preset=\u00a0\u00bbdefault\u00a0\u00bb pac_dcm_carousel_specific_module_num=\u00a0\u00bb0&Prime; global_colors_info=\u00a0\u00bb{}\u00a0\u00bb][et_pb_text _builder_version=\u00a0\u00bb4.16&Prime; _module_preset=\u00a0\u00bbdefault\u00a0\u00bb header_3_text_align=\u00a0\u00bbcenter\u00a0\u00bb custom_margin=\u00a0\u00bb0px||0px||false|false\u00a0\u00bb custom_padding=\u00a0\u00bb0px||0px||false|false\u00a0\u00bb locked=\u00a0\u00bboff\u00a0\u00bb global_colors_info=\u00a0\u00bb{}\u00a0\u00bb]<\/p>\n<h3 style=\"text-align: center;\"><span style=\"color: #ffffff;\"><strong>Les bergers et leur b\u00e9tail, indispensables dans le paysage des Picos de Europa.<\/strong><\/span><\/h3>\n<p>[\/et_pb_text][dsm_icon_divider use_icon=\u00a0\u00bbon\u00a0\u00bb font_icon=\u00a0\u00bb&#xf54f;||fa||900&Prime; icon_color=\u00a0\u00bb#FFFFFF\u00a0\u00bb use_icon_font_size=\u00a0\u00bbon\u00a0\u00bb icon_font_size=\u00a0\u00bb21px\u00a0\u00bb color=\u00a0\u00bb#FFFFFF\u00a0\u00bb _builder_version=\u00a0\u00bb4.16&Prime; _module_preset=\u00a0\u00bbdefault\u00a0\u00bb custom_margin=\u00a0\u00bb0px||20px||false|false\u00a0\u00bb locked=\u00a0\u00bboff\u00a0\u00bb global_colors_info=\u00a0\u00bb{}\u00a0\u00bb][\/dsm_icon_divider][et_pb_text _builder_version=\u00a0\u00bb4.16&Prime; _module_preset=\u00a0\u00bbdefault\u00a0\u00bb text_text_color=\u00a0\u00bb#FFFFFF\u00a0\u00bb header_3_font=\u00a0\u00bb|700|||||||\u00a0\u00bb header_3_text_align=\u00a0\u00bbcenter\u00a0\u00bb header_3_text_color=\u00a0\u00bb#FFFFFF\u00a0\u00bb text_orientation=\u00a0\u00bbcenter\u00a0\u00bb custom_margin=\u00a0\u00bb||||false|false\u00a0\u00bb custom_padding=\u00a0\u00bb|20px||20px|false|false\u00a0\u00bb global_colors_info=\u00a0\u00bb{}\u00a0\u00bb]<\/p>\n<p>\u00c0 des altitudes l\u00e9g\u00e8rement inf\u00e9rieures, o\u00f9 le sol est plus riche mais o\u00f9 les for\u00eats ne peuvent pas encore se d\u00e9velopper, ce sont les <strong>broussailles de montagne et les prairies<\/strong> qui dominent <strong>, et qui sont<\/strong> utilis\u00e9es par le b\u00e9tail pendant l&rsquo;\u00e9t\u00e9.<\/p>\n<p>C&rsquo;est dans ces zones l\u00e9g\u00e8rement plus plates, entre les sommets, que les bergers d&rsquo;On\u00eds ont situ\u00e9 leurs <strong>bergeries <\/strong>depuis l&rsquo;Antiquit\u00e9. Des zones d&rsquo;habitat temporaire avec des cabanes en pierre et en tuiles, o\u00f9 ils fabriquent le <strong>fromage Gamon\u00e9u del puerto<\/strong> avec le lait de leurs vaches, de leurs brebis et de leurs ch\u00e8vres. <\/p>\n<p>[\/et_pb_text][et_pb_button button_url=\u00a0\u00bb@ET-DC@eyJkeW5hbWljIjp0cnVlLCJjb250ZW50IjoicG9zdF9saW5rX3VybF9wYWdlIiwic2V0dGluZ3MiOnsicG9zdF9pZCI6IjMzODQ3NiJ9fQ==@\u00a0\u00bb button_text=\u00a0\u00bbFromage de brebis et Gamon\u00e9u\u00a0\u00bb button_alignment=\u00a0\u00bbcenter\u00a0\u00bb _builder_version=\u00a0\u00bb4.17.1&Prime; _dynamic_attributes=\u00a0\u00bbbutton_url\u00a0\u00bb _module_preset=\u00a0\u00bbdefault\u00a0\u00bb custom_button=\u00a0\u00bbon\u00a0\u00bb button_text_color=\u00a0\u00bb#FFFFFF\u00a0\u00bb button_bg_color=\u00a0\u00bb#FCBF15&Prime; button_border_width=\u00a0\u00bb0px\u00a0\u00bb button_icon=\u00a0\u00bb&#xf7ef;||fa||900&Prime; button_icon_color=\u00a0\u00bb#526962&Prime; button_icon_placement=\u00a0\u00bbleft\u00a0\u00bb button_on_hover=\u00a0\u00bboff\u00a0\u00bb custom_margin=\u00a0\u00bb|30px||30px|false|false\u00a0\u00bb filter_saturate=\u00a0\u00bb101%\u00a0\u00bb box_shadow_style=\u00a0\u00bbpreset2&Prime; global_colors_info=\u00a0\u00bb{}\u00a0\u00bb][\/et_pb_button][\/et_pb_column][\/et_pb_row][\/et_pb_section][et_pb_section fb_built=\u00a0\u00bb1&Prime; _builder_version=\u00a0\u00bb4.16&Prime; _module_preset=\u00a0\u00bbdefault\u00a0\u00bb background_color_gradient_start=\u00a0\u00bbrgba(255,255,255,0.7)\u00a0\u00bb background_color_gradient_end=\u00a0\u00bb#9fb6af\u00a0\u00bb background_enable_image=\u00a0\u00bboff\u00a0\u00bb background_size=\u00a0\u00bbcontain\u00a0\u00bb background_position=\u00a0\u00bbbottom_right\u00a0\u00bb custom_margin=\u00a0\u00bb0px||||false|false\u00a0\u00bb custom_padding=\u00a0\u00bb0px||||false|false\u00a0\u00bb da_disable_devices=\u00a0\u00bboff|off|off\u00a0\u00bb global_colors_info=\u00a0\u00bb{}\u00a0\u00bb da_is_popup=\u00a0\u00bboff\u00a0\u00bb da_exit_intent=\u00a0\u00bboff\u00a0\u00bb da_has_close=\u00a0\u00bbon\u00a0\u00bb da_alt_close=\u00a0\u00bboff\u00a0\u00bb da_dark_close=\u00a0\u00bboff\u00a0\u00bb da_not_modal=\u00a0\u00bbon\u00a0\u00bb da_is_singular=\u00a0\u00bboff\u00a0\u00bb da_with_loader=\u00a0\u00bboff\u00a0\u00bb da_has_shadow=\u00a0\u00bbon\u00a0\u00bb][et_pb_row _builder_version=\u00a0\u00bb4.16&Prime; _module_preset=\u00a0\u00bbdefault\u00a0\u00bb custom_margin=\u00a0\u00bb0px||||false|false\u00a0\u00bb custom_padding=\u00a0\u00bb30px||0px||false|false\u00a0\u00bb locked=\u00a0\u00bboff\u00a0\u00bb global_colors_info=\u00a0\u00bb{}\u00a0\u00bb][et_pb_column type=\u00a0\u00bb4_4&Prime; _builder_version=\u00a0\u00bb4.16&Prime; _module_preset=\u00a0\u00bbdefault\u00a0\u00bb pac_dcm_carousel_specific_module_num=\u00a0\u00bb0&Prime; global_colors_info=\u00a0\u00bb{}\u00a0\u00bb][et_pb_text _builder_version=\u00a0\u00bb4.16&Prime; _module_preset=\u00a0\u00bbdefault\u00a0\u00bb header_3_text_align=\u00a0\u00bbcenter\u00a0\u00bb custom_margin=\u00a0\u00bb0px||0px||false|false\u00a0\u00bb custom_padding=\u00a0\u00bb0px||0px||false|false\u00a0\u00bb locked=\u00a0\u00bboff\u00a0\u00bb global_colors_info=\u00a0\u00bb{}\u00a0\u00bb]<\/p>\n<h3><strong>L\u00e0 o\u00f9 le climat est plus cl\u00e9ment et le sol plus fertile, les for\u00eats poussent.<\/strong> <\/h3>\n<p>[\/et_pb_text][dsm_icon_divider use_icon=\u00a0\u00bbon\u00a0\u00bb font_icon=\u00a0\u00bb&#xf299;||fa||400&Prime; icon_color=\u00a0\u00bb#526962&Prime; use_icon_font_size=\u00a0\u00bbon\u00a0\u00bb icon_font_size=\u00a0\u00bb21px\u00a0\u00bb color=\u00a0\u00bb#9FB6AF\u00a0\u00bb _builder_version=\u00a0\u00bb4.16&Prime; _module_preset=\u00a0\u00bbdefault\u00a0\u00bb custom_margin=\u00a0\u00bb0px||20px||false|false\u00a0\u00bb locked=\u00a0\u00bboff\u00a0\u00bb global_colors_info=\u00a0\u00bb{}\u00a0\u00bb][\/dsm_icon_divider][\/et_pb_column][\/et_pb_row][et_pb_row column_structure=\u00a0\u00bb1_2,1_2&Prime; _builder_version=\u00a0\u00bb4.16&Prime; _module_preset=\u00a0\u00bbdefault\u00a0\u00bb min_height=\u00a0\u00bb400.3px\u00a0\u00bb custom_margin=\u00a0\u00bb||||false|false\u00a0\u00bb custom_padding=\u00a0\u00bb||||false|false\u00a0\u00bb global_colors_info=\u00a0\u00bb{}\u00a0\u00bb][et_pb_column type=\u00a0\u00bb1_2&Prime; _builder_version=\u00a0\u00bb4.16&Prime; _module_preset=\u00a0\u00bbdefault\u00a0\u00bb pac_dcm_carousel_specific_module_num=\u00a0\u00bb0&Prime; global_colors_info=\u00a0\u00bb{}\u00a0\u00bb][et_pb_image src=\u00a0\u00bbhttps:\/\/www.onisecoturismo.es\/wp-content\/uploads\/2022\/03\/clara_bosque_800_600.jpg\u00a0\u00bb alt=\u00a0\u00bbRandonn\u00e9e dans les Picos de Europa\u00a0\u00bb title_text=\u00a0\u00bbFor\u00eat dans les Pics d&#039;Europe\u00a0\u00bb align=\u00a0\u00bbcenter\u00a0\u00bb _builder_version=\u00a0\u00bb4.18.0&Prime; _module_preset=\u00a0\u00bbdefault\u00a0\u00bb border_radii=\u00a0\u00bbon|12px|12px|12px|12px\u00a0\u00bb box_shadow_style=\u00a0\u00bbpreset2&Prime; global_colors_info=\u00a0\u00bb{}\u00a0\u00bb][\/et_pb_image][\/et_pb_column][et_pb_column type=\u00a0\u00bb1_2&Prime; _builder_version=\u00a0\u00bb4.16&Prime; _module_preset=\u00a0\u00bbdefault\u00a0\u00bb pac_dcm_carousel_specific_module_num=\u00a0\u00bb0&Prime; global_colors_info=\u00a0\u00bb{}\u00a0\u00bb][et_pb_text _builder_version=\u00a0\u00bb4.17.6&Prime; _module_preset=\u00a0\u00bbdefault\u00a0\u00bb header_4_font_size=\u00a0\u00bb17px\u00a0\u00bb header_4_line_height=\u00a0\u00bb1.8em\u00a0\u00bb locked=\u00a0\u00bboff\u00a0\u00bb global_colors_info=\u00a0\u00bb{}\u00a0\u00bb]<\/p>\n<p>En descendant vers les vall\u00e9es, en moyenne montagne, le climat plus doux et les sols plus solides permettent le d\u00e9veloppement de for\u00eats temp\u00e9r\u00e9es telles que les <strong>carbayeras, les for\u00eats de h\u00eatres, les for\u00eats mixtes et les for\u00eats de ch\u00e2taigniers<\/strong>. Bien que beaucoup d&rsquo;entre elles aient c\u00e9d\u00e9 la place \u00e0 la garrigue, On\u00eds conserve encore quelques bois magiques dans les environs des <strong>rivi\u00e8res Tabard\u00edn<\/strong> ou <strong>Casa\u00f1o<\/strong>. <\/p>\n<p>Dans ces for\u00eats plus \u00e9paisses vivent des <strong>chevreuils, des renards, des sangliers<\/strong> et des oiseaux comme les <strong>pics<\/strong>, les <strong>palombes<\/strong> et les <strong>oiseaux nocturnes<\/strong>.<\/p>\n<p>Dans les zones basses des Picos de Europa, \u00e0 proximit\u00e9 des rivi\u00e8res, on trouve des <strong>for\u00eats riveraines<\/strong> et, dans les prairies, principalement des <strong>prairies<\/strong> destin\u00e9es au p\u00e2turage du b\u00e9tail.<\/p>\n<p>[\/et_pb_text][\/et_pb_column][\/et_pb_row][\/et_pb_section][et_pb_section fb_built=\u00a0\u00bb1&Prime; next_background_color=\u00a0\u00bb#ffffff\u00a0\u00bb _builder_version=\u00a0\u00bb4.16&Prime; _module_preset=\u00a0\u00bbdefault\u00a0\u00bb background_color=\u00a0\u00bb#FCBF15&Prime; custom_padding=\u00a0\u00bb60px||80px||false|false\u00a0\u00bb top_divider_style=\u00a0\u00bbwave2&Prime; top_divider_color=\u00a0\u00bb#FFFFFF\u00a0\u00bb top_divider_height=\u00a0\u00bb71px\u00a0\u00bb bottom_divider_style=\u00a0\u00bbwave2&Prime; da_disable_devices=\u00a0\u00bboff|off|off\u00a0\u00bb locked=\u00a0\u00bboff\u00a0\u00bb global_colors_info=\u00a0\u00bb{}\u00a0\u00bb da_is_popup=\u00a0\u00bboff\u00a0\u00bb da_exit_intent=\u00a0\u00bboff\u00a0\u00bb da_has_close=\u00a0\u00bbon\u00a0\u00bb da_alt_close=\u00a0\u00bboff\u00a0\u00bb da_dark_close=\u00a0\u00bboff\u00a0\u00bb da_not_modal=\u00a0\u00bbon\u00a0\u00bb da_is_singular=\u00a0\u00bboff\u00a0\u00bb da_with_loader=\u00a0\u00bboff\u00a0\u00bb da_has_shadow=\u00a0\u00bbon\u00a0\u00bb][et_pb_row _builder_version=\u00a0\u00bb4.16&Prime; _module_preset=\u00a0\u00bbdefault\u00a0\u00bb global_colors_info=\u00a0\u00bb{}\u00a0\u00bb][et_pb_column type=\u00a0\u00bb4_4&Prime; _builder_version=\u00a0\u00bb4.16&Prime; _module_preset=\u00a0\u00bbdefault\u00a0\u00bb pac_dcm_carousel_specific_module_num=\u00a0\u00bb0&Prime; global_colors_info=\u00a0\u00bb{}\u00a0\u00bb][dsm_card_carousel autoplay_speed=\u00a0\u00bb5000&Prime; _builder_version=\u00a0\u00bb4.21.0&Prime; _module_preset=\u00a0\u00bbdefault\u00a0\u00bb custom_margin=\u00a0\u00bb||20px||false|false\u00a0\u00bb global_colors_info=\u00a0\u00bb{}\u00a0\u00bb][dsm_card_carousel_child title=\u00a0\u00bbParc national\u00a0\u00bb subtitle=\u00a0\u00bbSite officiel avec tous les r\u00e8glements\u00a0\u00bb image_width=\u00a0\u00bb0%\u00a0\u00bb badge_url=\u00a0\u00bbhttps:\/\/parquenacionalpicoseuropa.es\/\u00a0\u00bb alt=\u00a0\u00bbPicos de Europa\u00a0\u00bb content_padding=\u00a0\u00bb80px|20px|80px|20px|false|false\u00a0\u00bb button_url_new_window=\u00a0\u00bb1&Prime; _builder_version=\u00a0\u00bb4.16&Prime; _dynamic_attributes=\u00a0\u00bblink_option_url\u00a0\u00bb _module_preset=\u00a0\u00bbdefault\u00a0\u00bb header_font=\u00a0\u00bb|700|||||||\u00a0\u00bb header_text_align=\u00a0\u00bbcenter\u00a0\u00bb header_text_color=\u00a0\u00bb#FFFFFF\u00a0\u00bb subhead_text_align=\u00a0\u00bbcenter\u00a0\u00bb subhead_text_color=\u00a0\u00bb#FFFFFF\u00a0\u00bb background_color=\u00a0\u00bbrgba(22,34,16,0.33)\u00a0\u00bb background_enable_color=\u00a0\u00bbon\u00a0\u00bb background_image=\u00a0\u00bbhttps:\/\/www.onisecoturismo.es\/wp-content\/uploads\/2022\/01\/logo-picos-de-europa-1.jpg\u00a0\u00bb background_enable_image=\u00a0\u00bbon\u00a0\u00bb background_blend=\u00a0\u00bbdarken\u00a0\u00bb link_option_url=\u00a0\u00bb@ET-DC@eyJkeW5hbWljIjp0cnVlLCJjb250ZW50IjoicG9zdF9saW5rX3VybF9wYWdlIiwic2V0dGluZ3MiOnsicG9zdF9pZCI6IjMzNTAwNCJ9fQ==@\u00a0\u00bb header_text_shadow_style=\u00a0\u00bbpreset4&Prime; border_radii=\u00a0\u00bbon|12px|12px|12px|12px\u00a0\u00bb global_colors_info=\u00a0\u00bb{}\u00a0\u00bb background__hover_enabled=\u00a0\u00bbon|desktop\u00a0\u00bb background_color__hover=\u00a0\u00bbrgba(22,34,16,0.79)\u00a0\u00bb background_enable_color__hover=\u00a0\u00bbon\u00a0\u00bb parent_button=\u00a0\u00bboff\u00a0\u00bb parent_header_level=\u00a0\u00bbh4&Prime;][\/dsm_card_carousel_child][dsm_card_carousel_child title=\u00a0\u00bbItin\u00e9raires de haute montagne\u00a0\u00bb subtitle=\u00a0\u00bbPromenades au c\u0153ur des Pics d&#039;Europe\u00a0\u00bb image_width=\u00a0\u00bb0%\u00a0\u00bb alt=\u00a0\u00bbL&#039;itin\u00e9raire de Pep\u00edn\u00a0\u00bb content_padding=\u00a0\u00bb80px|20px|80px|20px|false|false\u00a0\u00bb button_url_new_window=\u00a0\u00bb1&Prime; _builder_version=\u00a0\u00bb4.16&Prime; _dynamic_attributes=\u00a0\u00bblink_option_url\u00a0\u00bb _module_preset=\u00a0\u00bbdefault\u00a0\u00bb header_font=\u00a0\u00bb|700|||||||\u00a0\u00bb header_text_align=\u00a0\u00bbcenter\u00a0\u00bb header_text_color=\u00a0\u00bb#FFFFFF\u00a0\u00bb subhead_text_align=\u00a0\u00bbcenter\u00a0\u00bb subhead_text_color=\u00a0\u00bb#FFFFFF\u00a0\u00bb background_color=\u00a0\u00bbrgba(22,34,16,0.33)\u00a0\u00bb background_enable_color=\u00a0\u00bbon\u00a0\u00bb background_image=\u00a0\u00bbhttps:\/\/www.onisecoturismo.es\/wp-content\/uploads\/2022\/01\/refugio-vega-ario-18.jpg\u00a0\u00bb background_enable_image=\u00a0\u00bbon\u00a0\u00bb background_blend=\u00a0\u00bbdarken\u00a0\u00bb link_option_url=\u00a0\u00bb@ET-DC@eyJkeW5hbWljIjp0cnVlLCJjb250ZW50IjoicG9zdF9saW5rX3VybF9wYWdlIiwic2V0dGluZ3MiOnsicG9zdF9pZCI6IjMzNjczNyJ9fQ==@\u00a0\u00bb header_text_shadow_style=\u00a0\u00bbpreset4&Prime; border_radii=\u00a0\u00bbon|12px|12px|12px|12px\u00a0\u00bb global_colors_info=\u00a0\u00bb{}\u00a0\u00bb background__hover_enabled=\u00a0\u00bbon|desktop\u00a0\u00bb background_color__hover=\u00a0\u00bbrgba(22,34,16,0.79)\u00a0\u00bb background_enable_color__hover=\u00a0\u00bbon\u00a0\u00bb parent_button=\u00a0\u00bboff\u00a0\u00bb parent_header_level=\u00a0\u00bbh4&Prime;][\/dsm_card_carousel_child][dsm_card_carousel_child title=\u00a0\u00bbHutte Vega de Ario\u00a0\u00bb subtitle=\u00a0\u00bbTon refuge \u00e0 On\u00eds dans les montagnes des Picos de Europa\u00a0\u00bb image_width=\u00a0\u00bb0%\u00a0\u00bb alt=\u00a0\u00bbRefuge Vega de Ario\u00a0\u00bb content_padding=\u00a0\u00bb80px|20px|80px|20px|false|false\u00a0\u00bb button_url_new_window=\u00a0\u00bb1&Prime; _builder_version=\u00a0\u00bb4.16&Prime; _dynamic_attributes=\u00a0\u00bblink_option_url\u00a0\u00bb _module_preset=\u00a0\u00bbdefault\u00a0\u00bb header_font=\u00a0\u00bb|700|||||||\u00a0\u00bb header_text_align=\u00a0\u00bbcenter\u00a0\u00bb header_text_color=\u00a0\u00bb#FFFFFF\u00a0\u00bb subhead_text_align=\u00a0\u00bbcenter\u00a0\u00bb subhead_text_color=\u00a0\u00bb#FFFFFF\u00a0\u00bb background_color=\u00a0\u00bbrgba(22,34,16,0.33)\u00a0\u00bb background_enable_color=\u00a0\u00bbon\u00a0\u00bb background_image=\u00a0\u00bbhttps:\/\/www.onisecoturismo.es\/wp-content\/uploads\/2022\/01\/refugio-vega-ario-5.jpg\u00a0\u00bb background_enable_image=\u00a0\u00bbon\u00a0\u00bb background_blend=\u00a0\u00bbdarken\u00a0\u00bb link_option_url=\u00a0\u00bb@ET-DC@eyJkeW5hbWljIjp0cnVlLCJjb250ZW50IjoicG9zdF9saW5rX3VybF9wYWdlIiwic2V0dGluZ3MiOnsicG9zdF9pZCI6IjMzNjcwMyJ9fQ==@\u00a0\u00bb header_text_shadow_style=\u00a0\u00bbpreset4&Prime; border_radii=\u00a0\u00bbon|12px|12px|12px|12px\u00a0\u00bb global_colors_info=\u00a0\u00bb{}\u00a0\u00bb background__hover_enabled=\u00a0\u00bbon|desktop\u00a0\u00bb background_color__hover=\u00a0\u00bbrgba(22,34,16,0.79)\u00a0\u00bb background_enable_color__hover=\u00a0\u00bbon\u00a0\u00bb parent_button=\u00a0\u00bboff\u00a0\u00bb parent_header_level=\u00a0\u00bbh4&Prime;][\/dsm_card_carousel_child][dsm_card_carousel_child title=\u00a0\u00bbActivit\u00e9s guid\u00e9es\u00a0\u00bb subtitle=\u00a0\u00bbGuides de montagne et de nature\u00a0\u00bb image_width=\u00a0\u00bb0%\u00a0\u00bb badge_url=\u00a0\u00bb@ET-DC@eyJkeW5hbWljIjp0cnVlLCJjb250ZW50IjoicG9zdF9saW5rX3VybF9wYWdlIiwic2V0dGluZ3MiOnsicG9zdF9pZCI6IjMzODAwNiJ9fQ==@\u00a0\u00bb alt=\u00a0\u00bbRefuge Vega de Ario\u00a0\u00bb content_padding=\u00a0\u00bb80px|20px|80px|20px|false|false\u00a0\u00bb button_url_new_window=\u00a0\u00bb1&Prime; _builder_version=\u00a0\u00bb4.16&Prime; _dynamic_attributes=\u00a0\u00bblink_option_url,badge_url\u00a0\u00bb _module_preset=\u00a0\u00bbdefault\u00a0\u00bb header_font=\u00a0\u00bb|700|||||||\u00a0\u00bb header_text_align=\u00a0\u00bbcenter\u00a0\u00bb header_text_color=\u00a0\u00bb#FFFFFF\u00a0\u00bb subhead_text_align=\u00a0\u00bbcenter\u00a0\u00bb subhead_text_color=\u00a0\u00bb#FFFFFF\u00a0\u00bb background_color=\u00a0\u00bbrgba(22,34,16,0.33)\u00a0\u00bb background_enable_color=\u00a0\u00bbon\u00a0\u00bb background_image=\u00a0\u00bbhttps:\/\/www.onisecoturismo.es\/wp-content\/uploads\/2022\/03\/guias_ornitologia_quebrantahuesos.jpg\u00a0\u00bb background_enable_image=\u00a0\u00bbon\u00a0\u00bb background_blend=\u00a0\u00bbdarken\u00a0\u00bb link_option_url=\u00a0\u00bb@ET-DC@eyJkeW5hbWljIjp0cnVlLCJjb250ZW50IjoicG9zdF9saW5rX3VybF9wYWdlIiwic2V0dGluZ3MiOnsicG9zdF9pZCI6IjMzODAwNiJ9fQ==@\u00a0\u00bb header_text_shadow_style=\u00a0\u00bbpreset4&Prime; border_radii=\u00a0\u00bbon|12px|12px|12px|12px\u00a0\u00bb global_colors_info=\u00a0\u00bb{}\u00a0\u00bb background__hover_enabled=\u00a0\u00bbon|desktop\u00a0\u00bb background_color__hover=\u00a0\u00bbrgba(22,34,16,0.79)\u00a0\u00bb background_enable_color__hover=\u00a0\u00bbon\u00a0\u00bb parent_button=\u00a0\u00bboff\u00a0\u00bb parent_header_level=\u00a0\u00bbh4&Prime;][\/dsm_card_carousel_child][dsm_card_carousel_child title=\u00a0\u00bbLes pasteurs et la biodiversit\u00e9\u00a0\u00bb subtitle=\u00a0\u00bbExp\u00e9rience d&#039;\u00e9cotourisme scientifique\u00a0\u00bb image_width=\u00a0\u00bb0%\u00a0\u00bb alt=\u00a0\u00bbRoute des bergers et de la biodiversit\u00e9\u00a0\u00bb content_padding=\u00a0\u00bb80px|20px|80px|20px|false|false\u00a0\u00bb button_url_new_window=\u00a0\u00bb1&Prime; _builder_version=\u00a0\u00bb4.21.0&Prime; _dynamic_attributes=\u00a0\u00bblink_option_url\u00a0\u00bb _module_preset=\u00a0\u00bbdefault\u00a0\u00bb header_font=\u00a0\u00bb|700|||||||\u00a0\u00bb header_text_align=\u00a0\u00bbcenter\u00a0\u00bb header_text_color=\u00a0\u00bb#FFFFFF\u00a0\u00bb subhead_text_align=\u00a0\u00bbcenter\u00a0\u00bb subhead_text_color=\u00a0\u00bb#FFFFFF\u00a0\u00bb background_color=\u00a0\u00bbrgba(22,34,16,0.33)\u00a0\u00bb background_enable_color=\u00a0\u00bbon\u00a0\u00bb background_image=\u00a0\u00bbhttps:\/\/www.onisecoturismo.es\/wp-content\/uploads\/2023\/06\/ruta-pastores-y-biodiversidad-onis-12.jpg\u00a0\u00bb background_enable_image=\u00a0\u00bbon\u00a0\u00bb background_blend=\u00a0\u00bbdarken\u00a0\u00bb link_option_url=\u00a0\u00bb@ET-DC@eyJkeW5hbWljIjp0cnVlLCJjb250ZW50IjoicG9zdF9saW5rX3VybF9wYWdlIiwic2V0dGluZ3MiOnsicG9zdF9pZCI6IjMzOTIwNyJ9fQ==@\u00a0\u00bb header_text_shadow_style=\u00a0\u00bbpreset4&Prime; border_radii=\u00a0\u00bbon|12px|12px|12px|12px\u00a0\u00bb global_colors_info=\u00a0\u00bb{}\u00a0\u00bb background__hover_enabled=\u00a0\u00bbon|desktop\u00a0\u00bb background_color__hover=\u00a0\u00bbrgba(22,34,16,0.79)\u00a0\u00bb background_enable_color__hover=\u00a0\u00bbon\u00a0\u00bb parent_button=\u00a0\u00bboff\u00a0\u00bb parent_header_level=\u00a0\u00bbh4&Prime;][\/dsm_card_carousel_child][\/dsm_card_carousel][\/et_pb_column][\/et_pb_row][\/et_pb_section]<\/p>\n","protected":false},"excerpt":{"rendered":"<p>On\u00eds fait partie des Picos de Europa, les plus hauts sommets des Asturies, de magnifiques montagnes calcaires d\u00e9clar\u00e9es premier parc national du pays. D\u00e9couvre les Pics d&rsquo;Europe depuis On\u00eds ! <\/p>\n","protected":false},"author":1,"featured_media":347565,"parent":347558,"menu_order":0,"comment_status":"closed","ping_status":"closed","template":"","meta":{"_acf_changed":false,"_et_pb_use_builder":"on","_et_pb_old_content":"","_et_gb_content_width":"","footnotes":""},"dipi_cpt_category":[],"class_list":["post-347564","page","type-page","status-publish","has-post-thumbnail","hentry"],"acf":[],"_links":{"self":[{"href":"https:\/\/www.onisecoturismo.es\/fr\/wp-json\/wp\/v2\/pages\/347564","targetHints":{"allow":["GET"]}}],"collection":[{"href":"https:\/\/www.onisecoturismo.es\/fr\/wp-json\/wp\/v2\/pages"}],"about":[{"href":"https:\/\/www.onisecoturismo.es\/fr\/wp-json\/wp\/v2\/types\/page"}],"author":[{"embeddable":true,"href":"https:\/\/www.onisecoturismo.es\/fr\/wp-json\/wp\/v2\/users\/1"}],"replies":[{"embeddable":true,"href":"https:\/\/www.onisecoturismo.es\/fr\/wp-json\/wp\/v2\/comments?post=347564"}],"version-history":[{"count":2,"href":"https:\/\/www.onisecoturismo.es\/fr\/wp-json\/wp\/v2\/pages\/347564\/revisions"}],"predecessor-version":[{"id":347567,"href":"https:\/\/www.onisecoturismo.es\/fr\/wp-json\/wp\/v2\/pages\/347564\/revisions\/347567"}],"up":[{"embeddable":true,"href":"https:\/\/www.onisecoturismo.es\/fr\/wp-json\/wp\/v2\/pages\/347558"}],"wp:featuredmedia":[{"embeddable":true,"href":"https:\/\/www.onisecoturismo.es\/fr\/wp-json\/wp\/v2\/media\/347565"}],"wp:attachment":[{"href":"https:\/\/www.onisecoturismo.es\/fr\/wp-json\/wp\/v2\/media?parent=347564"}],"wp:term":[{"taxonomy":"dipi_cpt_category","embeddable":true,"href":"https:\/\/www.onisecoturismo.es\/fr\/wp-json\/wp\/v2\/dipi_cpt_category?post=347564"}],"curies":[{"name":"wp","href":"https:\/\/api.w.org\/{rel}","templated":true}]}}