{"id":347555,"date":"2024-11-08T13:08:00","date_gmt":"2024-11-08T12:08:00","guid":{"rendered":"https:\/\/www.onisecoturismo.es\/devoirs-dinformation-protection-des-donnees\/"},"modified":"2024-11-08T13:08:02","modified_gmt":"2024-11-08T12:08:02","slug":"devoirs-dinformation-protection-des-donnees","status":"publish","type":"page","link":"https:\/\/www.onisecoturismo.es\/fr\/devoirs-dinformation-protection-des-donnees\/","title":{"rendered":"Devoirs d&rsquo;information Protection des donn\u00e9es"},"content":{"rendered":"<p>[et_pb_section fb_built=\u00a0\u00bb1&Prime; next_background_color=\u00a0\u00bb#ffffff\u00a0\u00bb _builder_version=\u00a0\u00bb4.17.0&Prime; _module_preset=\u00a0\u00bbdefault\u00a0\u00bb background_color=\u00a0\u00bbrgba(22,34,16,0.21)\u00a0\u00bb background_image=\u00a0\u00bbhttps:\/\/www.onisecoturismo.es\/wp-content\/uploads\/2022\/01\/cabecera-descubre.jpg\u00a0\u00bb background_blend=\u00a0\u00bbdarken\u00a0\u00bb custom_padding=\u00a0\u00bb30px||100px||false|false\u00a0\u00bb bottom_divider_style=\u00a0\u00bbwave2&Prime; da_disable_devices=\u00a0\u00bboff|off|off\u00a0\u00bb global_colors_info=\u00a0\u00bb{}\u00a0\u00bb da_is_popup=\u00a0\u00bboff\u00a0\u00bb da_exit_intent=\u00a0\u00bboff\u00a0\u00bb da_has_close=\u00a0\u00bbon\u00a0\u00bb da_alt_close=\u00a0\u00bboff\u00a0\u00bb da_dark_close=\u00a0\u00bboff\u00a0\u00bb da_not_modal=\u00a0\u00bbon\u00a0\u00bb da_is_singular=\u00a0\u00bboff\u00a0\u00bb da_with_loader=\u00a0\u00bboff\u00a0\u00bb da_has_shadow=\u00a0\u00bbon\u00a0\u00bb][et_pb_row _builder_version=\u00a0\u00bb4.16&Prime; _module_preset=\u00a0\u00bbdefault\u00a0\u00bb global_colors_info=\u00a0\u00bb{}\u00a0\u00bb][et_pb_column type=\u00a0\u00bb4_4&Prime; _builder_version=\u00a0\u00bb4.16&Prime; _module_preset=\u00a0\u00bbdefault\u00a0\u00bb pac_dcm_carousel_specific_module_num=\u00a0\u00bb0&Prime; global_colors_info=\u00a0\u00bb{}\u00a0\u00bb][et_pb_blurb title=\u00a0\u00bbDes informations sur la collecte de donn\u00e9es sont n\u00e9cessaires\u00a0\u00bb image=\u00a0\u00bbhttps:\/\/www.onisecoturismo.es\/wp-content\/uploads\/2021\/09\/Color-Punto-info.png\u00a0\u00bb alt=\u00a0\u00bbEscalade \u00e0 On\u00eds\u00a0\u00bb image_icon_width=\u00a0\u00bb100px\u00a0\u00bb content_max_width=\u00a0\u00bb100%\u00a0\u00bb image_icon_width_tablet=\u00a0\u00bb90px\u00a0\u00bb image_icon_width_phone=\u00a0\u00bb70px\u00a0\u00bb image_icon_width_last_edited=\u00a0\u00bbon|phone\u00a0\u00bb _builder_version=\u00a0\u00bb4.17.3&Prime; _module_preset=\u00a0\u00bbdefault\u00a0\u00bb header_level=\u00a0\u00bbh1&Prime; header_font=\u00a0\u00bb|800|||||||\u00a0\u00bb header_text_align=\u00a0\u00bbcenter\u00a0\u00bb header_text_color=\u00a0\u00bb#FFFFFF\u00a0\u00bb header_font_size=\u00a0\u00bb76px\u00a0\u00bb body_text_align=\u00a0\u00bbcenter\u00a0\u00bb body_text_color=\u00a0\u00bb#FFFFFF\u00a0\u00bb body_font_size=\u00a0\u00bb22px\u00a0\u00bb custom_margin=\u00a0\u00bb0px|0px|0px|0px|false|false\u00a0\u00bb custom_padding=\u00a0\u00bb0px|0px|0px|0px|false|false\u00a0\u00bb header_font_size_tablet=\u00a0\u00bb66px\u00a0\u00bb header_font_size_phone=\u00a0\u00bb42px\u00a0\u00bb header_font_size_last_edited=\u00a0\u00bbon|phone\u00a0\u00bb global_colors_info=\u00a0\u00bb{}\u00a0\u00bb]<\/p>\n<p>Adresse \u00e9lectronique<\/p>\n<p>[\/et_pb_blurb][\/et_pb_column][\/et_pb_row][\/et_pb_section][et_pb_section fb_built=\u00a0\u00bb1&Prime; _builder_version=\u00a0\u00bb4.16&Prime; _module_preset=\u00a0\u00bbdefault\u00a0\u00bb custom_padding=\u00a0\u00bb0px||||false|false\u00a0\u00bb da_disable_devices=\u00a0\u00bboff|off|off\u00a0\u00bb global_colors_info=\u00a0\u00bb{}\u00a0\u00bb da_is_popup=\u00a0\u00bboff\u00a0\u00bb da_exit_intent=\u00a0\u00bboff\u00a0\u00bb da_has_close=\u00a0\u00bbon\u00a0\u00bb da_alt_close=\u00a0\u00bboff\u00a0\u00bb da_dark_close=\u00a0\u00bboff\u00a0\u00bb da_not_modal=\u00a0\u00bbon\u00a0\u00bb da_is_singular=\u00a0\u00bboff\u00a0\u00bb da_with_loader=\u00a0\u00bboff\u00a0\u00bb da_has_shadow=\u00a0\u00bbon\u00a0\u00bb][et_pb_row column_structure=\u00a0\u00bb3_4,1_4&Prime; use_custom_gutter=\u00a0\u00bbon\u00a0\u00bb gutter_width=\u00a0\u00bb1&Prime; admin_label=\u00a0\u00bbPain de mie\u00a0\u00bb _builder_version=\u00a0\u00bb4.17.2&Prime; _module_preset=\u00a0\u00bbdefault\u00a0\u00bb custom_margin=\u00a0\u00bb0px||0px||false|false\u00a0\u00bb custom_padding=\u00a0\u00bb0px||0px||false|false\u00a0\u00bb custom_css_main_element=\u00a0\u00bbdisplay:flex;\u00a0\u00bb global_module=\u00a0\u00bb337059&Prime; global_colors_info=\u00a0\u00bb{}\u00a0\u00bb][et_pb_column type=\u00a0\u00bb3_4&Prime; _builder_version=\u00a0\u00bb4.16&Prime; _module_preset=\u00a0\u00bbdefault\u00a0\u00bb custom_css_main_element=\u00a0\u00bbwidth:100% !important;\u00a0\u00bb pac_dcm_carousel_specific_module_num=\u00a0\u00bb0&Prime; global_colors_info=\u00a0\u00bb{}\u00a0\u00bb][lwp_divi_breadcrumbs home_text=\u00a0\u00bbInicio\u00a0\u00bb link_color=\u00a0\u00bb#526962&Prime; separator_color=\u00a0\u00bb#526962&Prime; current_text_color=\u00a0\u00bb#526962&Prime; _builder_version=\u00a0\u00bb4.17.0&Prime; _module_preset=\u00a0\u00bbdefault\u00a0\u00bb module_font_size=\u00a0\u00bb14px\u00a0\u00bb global_colors_info=\u00a0\u00bb{}\u00a0\u00bb][\/lwp_divi_breadcrumbs][\/et_pb_column][et_pb_column type=\u00a0\u00bb1_4&Prime; _builder_version=\u00a0\u00bb4.16&Prime; _module_preset=\u00a0\u00bbdefault\u00a0\u00bb custom_css_main_element=\u00a0\u00bbwidth:40px !important;\u00a0\u00bb pac_dcm_carousel_specific_module_num=\u00a0\u00bb0&Prime; global_colors_info=\u00a0\u00bb{}\u00a0\u00bb][et_pb_icon font_icon=\u00a0\u00bb&#xe0b7;||divi||400&Prime; icon_color=\u00a0\u00bb#9FB6AF\u00a0\u00bb icon_width=\u00a0\u00bb20px\u00a0\u00bb title_text=\u00a0\u00bbCompartir\u00a0\u00bb url=\u00a0\u00bb#compartir\u00a0\u00bb align=\u00a0\u00bbright\u00a0\u00bb admin_label=\u00a0\u00bbCompartir en Redes Sociales\u00a0\u00bb _builder_version=\u00a0\u00bb4.16&Prime; _module_preset=\u00a0\u00bbdefault\u00a0\u00bb custom_margin=\u00a0\u00bb5px||0px||false|false\u00a0\u00bb custom_padding=\u00a0\u00bb0px||0px||false|false\u00a0\u00bb animation_style=\u00a0\u00bbroll\u00a0\u00bb global_colors_info=\u00a0\u00bb{}\u00a0\u00bb icon_color__hover_enabled=\u00a0\u00bbon|hover\u00a0\u00bb icon_color__hover=\u00a0\u00bb#FCBF15&Prime;][\/et_pb_icon][\/et_pb_column][\/et_pb_row][et_pb_row _builder_version=\u00a0\u00bb4.17.3&Prime; _module_preset=\u00a0\u00bbdefault\u00a0\u00bb global_colors_info=\u00a0\u00bb{}\u00a0\u00bb][et_pb_column type=\u00a0\u00bb4_4&Prime; _builder_version=\u00a0\u00bb4.16&Prime; _module_preset=\u00a0\u00bbdefault\u00a0\u00bb pac_dcm_carousel_specific_module_num=\u00a0\u00bb0&Prime; global_colors_info=\u00a0\u00bb{}\u00a0\u00bb][et_pb_text _builder_version=\u00a0\u00bb4.17.3&Prime; _module_preset=\u00a0\u00bbdefault\u00a0\u00bb global_colors_info=\u00a0\u00bb{}\u00a0\u00bb]<\/p>\n<p>La mairie d&rsquo;On\u00eds dispose sur son site Internet de diff\u00e9rentes adresses \u00e9lectroniques qui servent de canal de communication aux fins \u00e9tablies dans chaque cas. De m\u00eame, le conseil municipal peut parfois utiliser le courrier \u00e9lectronique comme canal de communication avec les personnes avec lesquelles il entretient un certain type de relation. <\/p>\n<p>Les coordonn\u00e9es du responsable du traitement des donn\u00e9es et les coordonn\u00e9es du d\u00e9l\u00e9gu\u00e9 \u00e0 la protection des donn\u00e9es sont indiqu\u00e9es dans la section 2 de la politique de confidentialit\u00e9.<\/p>\n<p>Conform\u00e9ment \u00e0 la finalit\u00e9 en question, la base l\u00e9gitime du traitement des donn\u00e9es de l&rsquo;utilisateur\/exp\u00e9diteur du courrier par le conseil municipal sera :<\/p>\n<ol>\n<li style=\"list-style-type: none;\">\n<ol>\n<li>Le respect d&rsquo;une obligation l\u00e9gale ou l&rsquo;ex\u00e9cution d&rsquo;une mission d&rsquo;int\u00e9r\u00eat public ou relevant de l&rsquo;exercice de l&rsquo;autorit\u00e9 publique, dans les cas o\u00f9 le traitement d\u00e9coule de l&rsquo;exercice des pouvoirs et fonctions qui leur sont l\u00e9galement conf\u00e9r\u00e9s.\n<\/li>\n<li>Le consentement donn\u00e9 par l&rsquo;utilisateur\/soumissionnaire, le cas \u00e9ch\u00e9ant, comme dans le cas d&rsquo;un traitement r\u00e9sultant de l&rsquo;abonnement de la personne concern\u00e9e \u00e0 des canaux d&rsquo;information (newsletters).\n<\/li>\n<li>L&rsquo;existence d&rsquo;une relation contractuelle ou pr\u00e9contractuelle, dans les cas o\u00f9 le traitement r\u00e9sulte de l&rsquo;existence de relations contractuelles ou de la fourniture de services.<\/li>\n<\/ol>\n<\/li>\n<\/ol>\n<p>Aucune communication de donn\u00e9es \u00e0 des tiers ni aucun transfert \u00e0 des pays tiers ou \u00e0 des organisations internationales n&rsquo;est pr\u00e9vu, sauf en cas d&rsquo;obligation l\u00e9gale.<\/p>\n<p>Les donn\u00e9es collect\u00e9es par e-mail seront conserv\u00e9es pendant la dur\u00e9e n\u00e9cessaire \u00e0 la r\u00e9alisation de l&rsquo;objectif pour lequel elles ont \u00e9t\u00e9 collect\u00e9es et pour d\u00e9terminer les \u00e9ventuelles responsabilit\u00e9s qui peuvent d\u00e9couler de cet objectif et du traitement des donn\u00e9es.<\/p>\n<p>Les droits de protection des donn\u00e9es des utilisateurs\/exp\u00e9diteurs de courrier sont \u00e9nonc\u00e9s dans la politique de confidentialit\u00e9.<\/p>\n<p>[\/et_pb_text][et_pb_text _builder_version=\u00a0\u00bb4.17.3&Prime; _module_preset=\u00a0\u00bbdefault\u00a0\u00bb hover_enabled=\u00a0\u00bb0&Prime; sticky_enabled=\u00a0\u00bb0&Prime; module_id=\u00a0\u00bbformulario\u00a0\u00bb]<\/p>\n<h1>Informations compl\u00e9mentaires &#8211; Formulaire de contact<\/h1>\n<p><strong>AVIS DE PROTECTION DES DONN\u00c9ES &#8211; DEVOIR D&rsquo;INFORMATION<\/strong><\/p>\n<p>Conform\u00e9ment \u00e0 la r\u00e9glementation en vigueur en mati\u00e8re de protection des donn\u00e9es, tu es inform\u00e9 que les donn\u00e9es recueillies par le biais de ce formulaire feront l&rsquo;objet d&rsquo;un traitement par la mairie d&rsquo;On\u00eds, en tant que responsable du traitement, aux fins de traitement et de gestion de la demande d&rsquo;information.<\/p>\n<p>La lic\u00e9it\u00e9 du traitement est fond\u00e9e sur l&rsquo;article 6.1.e) du GDPR : le traitement est n\u00e9cessaire \u00e0 l&rsquo;ex\u00e9cution d&rsquo;une mission d&rsquo;int\u00e9r\u00eat public ou dans l&rsquo;exercice de pr\u00e9rogatives de puissance publique dont est investi le responsable du traitement : Loi 7\/1985, du 2 avril, r\u00e9glementant les bases du r\u00e9gime local. Il n&rsquo;est pas pr\u00e9vu de communiquer des donn\u00e9es \u00e0 des tiers, sauf obligation l\u00e9gale, ni de transf\u00e9rer des donn\u00e9es \u00e0 des pays tiers ou \u00e0 des organisations internationales. <\/p>\n<p>Les donn\u00e9es seront conserv\u00e9es pendant le temps n\u00e9cessaire \u00e0 l&rsquo;accomplissement de la finalit\u00e9 pour laquelle elles ont \u00e9t\u00e9 collect\u00e9es et \u00e0 la d\u00e9termination des \u00e9ventuelles responsabilit\u00e9s pouvant d\u00e9couler de cette finalit\u00e9 et du traitement des donn\u00e9es. Une fois le d\u00e9lai susmentionn\u00e9 expir\u00e9, les donn\u00e9es seront conserv\u00e9es conform\u00e9ment aux d\u00e9lais \u00e9tablis dans les calendriers de conservation \u00e9tablis par le r\u00e8glement des Archives de la mairie. <\/p>\n<p>Tu peux exercer tes droits d&rsquo;acc\u00e8s, de rectification, de suppression, ainsi que d&rsquo;autres droits, aupr\u00e8s de l&rsquo;Ayuntamiento de On\u00eds &#8211; Carr. General, 33556 Benia de On\u00eds (Asturias), en indiquant dans l&rsquo;objet : R\u00e9f. Protection des donn\u00e9es ou par l&rsquo;interm\u00e9diaire du si\u00e8ge \u00e9lectronique. Tu peux \u00e9galement contacter le d\u00e9l\u00e9gu\u00e9 \u00e0 la protection des donn\u00e9es par courrier \u00e9lectronique : dpd.ayuntamientos@i-cast.es. Si, dans l&rsquo;exercice de ses droits, la personne concern\u00e9e n&rsquo;a pas \u00e9t\u00e9 d\u00fbment prise en charge, elle peut d\u00e9poser une plainte aupr\u00e8s de l&rsquo;Agence espagnole de protection des donn\u00e9es<a href=\"http:\/\/www.aepd.es\" target=\"_blank\" rel=\"noopener\">(www.aepd.es)<\/a>. Toutefois, avant cela et \u00e0 titre facultatif, elle peut d\u00e9poser une plainte aupr\u00e8s du d\u00e9l\u00e9gu\u00e9 \u00e0 la protection des donn\u00e9es du conseil municipal : dpd.ayuntamientos@i-cast.es.     <\/p>\n<p>[\/et_pb_text][et_pb_text _builder_version=\u00a0\u00bb4.17.3&Prime; _module_preset=\u00a0\u00bbdefault\u00a0\u00bb hover_enabled=\u00a0\u00bb0&Prime; sticky_enabled=\u00a0\u00bb0&Prime; module_id=\u00a0\u00bbbuzonverde\u00a0\u00bb]<\/p>\n<h1>Informations compl\u00e9mentaires &#8211; Bo\u00eete aux lettres verte<\/h1>\n<p><strong>AVIS DE PROTECTION DES DONN\u00c9ES &#8211; DEVOIR D&rsquo;INFORMATION<\/strong><\/p>\n<p>Conform\u00e9ment \u00e0 la l\u00e9gislation en vigueur en mati\u00e8re de protection des donn\u00e9es, tu es inform\u00e9 que les donn\u00e9es collect\u00e9es par le biais de ce formulaire feront l&rsquo;objet d&rsquo;un traitement par la mairie d&rsquo;On\u00eds, en tant que responsable du traitement, dans le but de traiter et de g\u00e9rer les propositions d&rsquo;am\u00e9lioration d&rsquo;un point de vue environnemental.<\/p>\n<p>La lic\u00e9it\u00e9 du traitement est fond\u00e9e sur l&rsquo;article 6.1.e) du GDPR : le traitement est n\u00e9cessaire \u00e0 l&rsquo;ex\u00e9cution d&rsquo;une mission d&rsquo;int\u00e9r\u00eat public ou dans l&rsquo;exercice de pr\u00e9rogatives de puissance publique dont est investi le responsable du traitement : Loi 7\/1985, du 2 avril, r\u00e9glementant les bases du r\u00e9gime local. Il n&rsquo;est pas pr\u00e9vu de communiquer des donn\u00e9es \u00e0 des tiers, sauf obligation l\u00e9gale, ni de transferts \u00e0 des pays tiers ou \u00e0 des organisations internationales. <\/p>\n<p>Les donn\u00e9es seront conserv\u00e9es pendant le temps n\u00e9cessaire \u00e0 la r\u00e9alisation de l&rsquo;objectif pour lequel elles ont \u00e9t\u00e9 collect\u00e9es et \u00e0 la d\u00e9termination des \u00e9ventuelles responsabilit\u00e9s pouvant d\u00e9couler de cet objectif et du traitement des donn\u00e9es. Une fois le d\u00e9lai susmentionn\u00e9 expir\u00e9, les donn\u00e9es seront conserv\u00e9es conform\u00e9ment aux d\u00e9lais \u00e9tablis dans les calendriers de conservation \u00e9tablis par le r\u00e8glement des Archives de la mairie. <\/p>\n<p>Tu peux exercer tes droits d&rsquo;acc\u00e8s, de rectification, de suppression, ainsi que d&rsquo;autres droits, aupr\u00e8s de l&rsquo;Ayuntamiento de On\u00eds &#8211; Carr. General, 33556 Benia de On\u00eds (Asturias), en indiquant dans l&rsquo;objet : R\u00e9f. Protection des donn\u00e9es ou par l&rsquo;interm\u00e9diaire du si\u00e8ge \u00e9lectronique. Tu peux \u00e9galement contacter le d\u00e9l\u00e9gu\u00e9 \u00e0 la protection des donn\u00e9es par courrier \u00e9lectronique : dpd.ayuntamientos@i-cast.es. Si, dans l&rsquo;exercice de ses droits, la personne concern\u00e9e n&rsquo;a pas \u00e9t\u00e9 d\u00fbment prise en charge, elle peut d\u00e9poser une plainte aupr\u00e8s de l&rsquo;Agence espagnole de protection des donn\u00e9es<a href=\"http:\/\/www.aepd.es\" target=\"_blank\" rel=\"noopener\">(www.aepd.es)<\/a>. Toutefois, avant cela et \u00e0 titre facultatif, elle peut d\u00e9poser une plainte aupr\u00e8s du d\u00e9l\u00e9gu\u00e9 \u00e0 la protection des donn\u00e9es du conseil municipal : dpd.ayuntamientos@i-cast.es.     <\/p>\n<p>[\/et_pb_text][\/et_pb_column][\/et_pb_row][\/et_pb_section][et_pb_section fb_built=\u00a0\u00bb1&Prime; module_id=\u00a0\u00bbpart\u00a0\u00bb _builder_version=\u00a0\u00bb4.16&Prime; _module_preset=\u00a0\u00bbdefault\u00a0\u00bb use_background_color_gradient=\u00a0\u00bbon\u00a0\u00bb background_color_gradient_stops=\u00a0\u00bb#ffffff 0%|rgba(159,182,175,0.17) 100%\u00a0\u00bb background_color_gradient_start=\u00a0\u00bb#ffffff\u00a0\u00bb background_color_gradient_end=\u00a0\u00bbrgba(159,182,175,0.17)\u00a0\u00bb custom_margin=\u00a0\u00bb0px||0px||false|false\u00a0\u00bb custom_padding=\u00a0\u00bb40px||0px||false|false\u00a0\u00bb bottom_divider_style=\u00a0\u00bbwaves\u00a0\u00bb bottom_divider_color=\u00a0\u00bb#FFFFFF\u00a0\u00bb bottom_divider_color_tablet=\u00a0\u00bb#FFFFFF\u00a0\u00bb bottom_divider_color_phone=\u00a0\u00bb#FFFFFF\u00a0\u00bb bottom_divider_color_last_edited=\u00a0\u00bbon|tablet\u00a0\u00bb bottom_divider_height_tablet=\u00a0\u00bb60px\u00a0\u00bb bottom_divider_height_phone=\u00a0\u00bb30px\u00a0\u00bb bottom_divider_height_last_edited=\u00a0\u00bbon|desktop\u00a0\u00bb da_disable_devices=\u00a0\u00bboff|off|off\u00a0\u00bb global_module=\u00a0\u00bb333716&Prime; saved_tabs=\u00a0\u00bball\u00a0\u00bb global_colors_info=\u00a0\u00bb{}\u00a0\u00bb da_is_popup=\u00a0\u00bboff\u00a0\u00bb da_exit_intent=\u00a0\u00bboff\u00a0\u00bb da_has_close=\u00a0\u00bbon\u00a0\u00bb da_alt_close=\u00a0\u00bboff\u00a0\u00bb da_dark_close=\u00a0\u00bboff\u00a0\u00bb da_not_modal=\u00a0\u00bbon\u00a0\u00bb da_is_singular=\u00a0\u00bboff\u00a0\u00bb da_with_loader=\u00a0\u00bboff\u00a0\u00bb da_has_shadow=\u00a0\u00bbon\u00a0\u00bb][et_pb_row column_structure=\u00a0\u00bb1_4,1_4,1_4,1_4&Prime; _builder_version=\u00a0\u00bb4.16&Prime; _module_preset=\u00a0\u00bbdefault\u00a0\u00bb global_colors_info=\u00a0\u00bb{}\u00a0\u00bb][et_pb_column type=\u00a0\u00bb1_4&Prime; _builder_version=\u00a0\u00bb4.16&Prime; _module_preset=\u00a0\u00bbdefault\u00a0\u00bb pac_dcm_carousel_specific_module_num=\u00a0\u00bb0&Prime; global_colors_info=\u00a0\u00bb{}\u00a0\u00bb][dssb_sharing_buttons columns=\u00a0\u00bb1&Prime; _builder_version=\u00a0\u00bb4.16&Prime; _module_preset=\u00a0\u00bbdefault\u00a0\u00bb border_radii_main=\u00a0\u00bbon|6px|6px|6px|6px\u00a0\u00bb global_colors_info=\u00a0\u00bb{}\u00a0\u00bb][dssb_sharing_button button_text=\u00a0\u00bbFacebook\u00a0\u00bb _builder_version=\u00a0\u00bb4.16&Prime; _module_preset=\u00a0\u00bbdefault\u00a0\u00bb background_color=\u00a0\u00bb#9FB6AF\u00a0\u00bb background_enable_color=\u00a0\u00bbon\u00a0\u00bb global_colors_info=\u00a0\u00bb{}\u00a0\u00bb background__hover_enabled=\u00a0\u00bbon|hover\u00a0\u00bb background_color__hover=\u00a0\u00bb#FCBF15&Prime; background_enable_color__hover=\u00a0\u00bbon\u00a0\u00bb][\/dssb_sharing_button][\/dssb_sharing_buttons][\/et_pb_column][et_pb_column type=\u00a0\u00bb1_4&Prime; _builder_version=\u00a0\u00bb4.16&Prime; _module_preset=\u00a0\u00bbdefault\u00a0\u00bb pac_dcm_carousel_specific_module_num=\u00a0\u00bb0&Prime; global_colors_info=\u00a0\u00bb{}\u00a0\u00bb][dssb_sharing_buttons columns=\u00a0\u00bb1&Prime; _builder_version=\u00a0\u00bb4.16&Prime; _module_preset=\u00a0\u00bbdefault\u00a0\u00bb border_radii_main=\u00a0\u00bbon|6px|6px|6px|6px\u00a0\u00bb global_colors_info=\u00a0\u00bb{}\u00a0\u00bb][dssb_sharing_button social_network=\u00a0\u00bbtwitter\u00a0\u00bb button_text=\u00a0\u00bbTwitter\u00a0\u00bb _builder_version=\u00a0\u00bb4.16&Prime; _module_preset=\u00a0\u00bbdefault\u00a0\u00bb background_color=\u00a0\u00bb#9FB6AF\u00a0\u00bb background_enable_color=\u00a0\u00bbon\u00a0\u00bb global_colors_info=\u00a0\u00bb{}\u00a0\u00bb background__hover_enabled=\u00a0\u00bbon|hover\u00a0\u00bb background_color__hover=\u00a0\u00bb#FCBF15&Prime; background_enable_color__hover=\u00a0\u00bbon\u00a0\u00bb][\/dssb_sharing_button][\/dssb_sharing_buttons][\/et_pb_column][et_pb_column type=\u00a0\u00bb1_4&Prime; _builder_version=\u00a0\u00bb4.16&Prime; _module_preset=\u00a0\u00bbdefault\u00a0\u00bb pac_dcm_carousel_specific_module_num=\u00a0\u00bb0&Prime; global_colors_info=\u00a0\u00bb{}\u00a0\u00bb][dssb_sharing_buttons columns=\u00a0\u00bb1&Prime; _builder_version=\u00a0\u00bb4.16&Prime; _module_preset=\u00a0\u00bbdefault\u00a0\u00bb border_radii_main=\u00a0\u00bbon|6px|6px|6px|6px\u00a0\u00bb global_colors_info=\u00a0\u00bb{}\u00a0\u00bb][dssb_sharing_button social_network=\u00a0\u00bbwhatsapp\u00a0\u00bb button_text=\u00a0\u00bbWhatsapp\u00a0\u00bb _builder_version=\u00a0\u00bb4.16&Prime; _module_preset=\u00a0\u00bbdefault\u00a0\u00bb background_color=\u00a0\u00bb#9FB6AF\u00a0\u00bb background_enable_color=\u00a0\u00bbon\u00a0\u00bb global_colors_info=\u00a0\u00bb{}\u00a0\u00bb background__hover_enabled=\u00a0\u00bbon|hover\u00a0\u00bb background_color__hover=\u00a0\u00bb#FCBF15&Prime; background_enable_color__hover=\u00a0\u00bbon\u00a0\u00bb][\/dssb_sharing_button][\/dssb_sharing_buttons][\/et_pb_column][et_pb_column type=\u00a0\u00bb1_4&Prime; _builder_version=\u00a0\u00bb4.16&Prime; _module_preset=\u00a0\u00bbdefault\u00a0\u00bb pac_dcm_carousel_specific_module_num=\u00a0\u00bb0&Prime; global_colors_info=\u00a0\u00bb{}\u00a0\u00bb][dssb_sharing_buttons columns=\u00a0\u00bb1&Prime; _builder_version=\u00a0\u00bb4.16&Prime; _module_preset=\u00a0\u00bbdefault\u00a0\u00bb border_radii_main=\u00a0\u00bbon|6px|6px|6px|6px\u00a0\u00bb global_colors_info=\u00a0\u00bb{}\u00a0\u00bb][dssb_sharing_button social_network=\u00a0\u00bbemail\u00a0\u00bb button_text=\u00a0\u00bbEmail\u00a0\u00bb _builder_version=\u00a0\u00bb4.16&Prime; _module_preset=\u00a0\u00bbdefault\u00a0\u00bb background_color=\u00a0\u00bb#9FB6AF\u00a0\u00bb background_enable_color=\u00a0\u00bbon\u00a0\u00bb global_colors_info=\u00a0\u00bb{}\u00a0\u00bb background__hover_enabled=\u00a0\u00bbon|hover\u00a0\u00bb background_color__hover=\u00a0\u00bb#FCBF15&Prime; background_enable_color__hover=\u00a0\u00bbon\u00a0\u00bb][\/dssb_sharing_button][\/dssb_sharing_buttons][\/et_pb_column][\/et_pb_row][\/et_pb_section]<\/p>\n","protected":false},"excerpt":{"rendered":"<p>Adresse \u00e9lectronique<div class=\"et_pb_module lwp_divi_breadcrumbs lwp_divi_breadcrumbs_0\">\n\t\t\t\t\n\t\t\t\t\n\t\t\t\t\n\t\t\t\t\n\t\t\t\t\n\t\t\t\t\n\t\t\t\t<div class=\"et_pb_module_inner\">\n\t\t\t\t\t<div class=\"lwp-breadcrumbs\"> <span class=\"before\"><\/span> <span vocab=\"https:\/\/schema.org\/\" typeof=\"BreadcrumbList\"><span property=\"itemListElement\" typeof=\"ListItem\"><a property=\"item\" typeof=\"WebPage\" href=\"https:\/\/www.onisecoturismo.es\/fr\/\" class=\"home\"><span property=\"name\">Inicio<\/span><\/a><meta property=\"position\" content=\"1\"><\/span> <span class=\"separator et-pb-icon\">&#x39;<\/span> <\/span><\/div>\n\t\t\t\t<\/div>\n\t\t\t<\/div>La mairie d&rsquo;On\u00eds dispose sur son site Internet de diff\u00e9rentes adresses \u00e9lectroniques qui servent de canal de communication aux fins \u00e9tablies dans chaque cas. De m\u00eame, le conseil municipal peut parfois utiliser le courrier \u00e9lectronique comme canal de communication avec les personnes avec lesquelles il entretient un certain type de relation. Les coordonn\u00e9es du responsable du traitement des donn\u00e9es et les coordonn\u00e9es du d\u00e9l\u00e9gu\u00e9 \u00e0 la protection des donn\u00e9es sont indiqu\u00e9es dans la section 2 de la politique de confidentialit\u00e9. Conform\u00e9ment \u00e0 la finalit\u00e9 en question, la base l\u00e9gitime du traitement des donn\u00e9es de l&rsquo;utilisateur\/exp\u00e9diteur du courrier par le conseil municipal sera : Le respect d&rsquo;une obligation l\u00e9gale ou l&rsquo;ex\u00e9cution d&rsquo;une mission d&rsquo;int\u00e9r\u00eat public ou relevant de l&rsquo;exercice de l&rsquo;autorit\u00e9 publique, dans les cas o\u00f9 le traitement d\u00e9coule de l&rsquo;exercice des pouvoirs et fonctions qui leur sont l\u00e9galement conf\u00e9r\u00e9s. Le consentement donn\u00e9 par l&rsquo;utilisateur\/soumissionnaire, le cas \u00e9ch\u00e9ant, comme dans le cas d&rsquo;un traitement r\u00e9sultant de l&rsquo;abonnement de la personne concern\u00e9e \u00e0 des canaux d&rsquo;information (newsletters). L&rsquo;existence d&rsquo;une relation contractuelle ou pr\u00e9contractuelle, dans les cas o\u00f9 le traitement r\u00e9sulte de l&rsquo;existence de relations contractuelles ou de la fourniture de services. Aucune communication [&hellip;]<\/p>\n","protected":false},"author":1,"featured_media":0,"parent":0,"menu_order":0,"comment_status":"closed","ping_status":"closed","template":"","meta":{"_acf_changed":false,"_et_pb_use_builder":"on","_et_pb_old_content":"","_et_gb_content_width":"","footnotes":""},"dipi_cpt_category":[],"class_list":["post-347555","page","type-page","status-publish","hentry"],"acf":[],"_links":{"self":[{"href":"https:\/\/www.onisecoturismo.es\/fr\/wp-json\/wp\/v2\/pages\/347555","targetHints":{"allow":["GET"]}}],"collection":[{"href":"https:\/\/www.onisecoturismo.es\/fr\/wp-json\/wp\/v2\/pages"}],"about":[{"href":"https:\/\/www.onisecoturismo.es\/fr\/wp-json\/wp\/v2\/types\/page"}],"author":[{"embeddable":true,"href":"https:\/\/www.onisecoturismo.es\/fr\/wp-json\/wp\/v2\/users\/1"}],"replies":[{"embeddable":true,"href":"https:\/\/www.onisecoturismo.es\/fr\/wp-json\/wp\/v2\/comments?post=347555"}],"version-history":[{"count":2,"href":"https:\/\/www.onisecoturismo.es\/fr\/wp-json\/wp\/v2\/pages\/347555\/revisions"}],"predecessor-version":[{"id":347557,"href":"https:\/\/www.onisecoturismo.es\/fr\/wp-json\/wp\/v2\/pages\/347555\/revisions\/347557"}],"wp:attachment":[{"href":"https:\/\/www.onisecoturismo.es\/fr\/wp-json\/wp\/v2\/media?parent=347555"}],"wp:term":[{"taxonomy":"dipi_cpt_category","embeddable":true,"href":"https:\/\/www.onisecoturismo.es\/fr\/wp-json\/wp\/v2\/dipi_cpt_category?post=347555"}],"curies":[{"name":"wp","href":"https:\/\/api.w.org\/{rel}","templated":true}]}}