{"id":347525,"date":"2024-11-08T12:57:02","date_gmt":"2024-11-08T11:57:02","guid":{"rendered":"https:\/\/www.onisecoturismo.es\/moniteur-de-cours-sur-les-loisirs-et-le-temps-libre\/"},"modified":"2024-11-08T12:57:03","modified_gmt":"2024-11-08T11:57:03","slug":"moniteur-de-cours-sur-les-loisirs-et-le-temps-libre","status":"publish","type":"page","link":"https:\/\/www.onisecoturismo.es\/fr\/moniteur-de-cours-sur-les-loisirs-et-le-temps-libre\/","title":{"rendered":"Moniteur de cours sur les loisirs et le temps libre"},"content":{"rendered":"<p>[et_pb_section fb_built=\u00a0\u00bb1&Prime; next_background_color=\u00a0\u00bb#ffffff\u00a0\u00bb _builder_version=\u00a0\u00bb4.23.1&Prime; _module_preset=\u00a0\u00bbdefault\u00a0\u00bb background_color=\u00a0\u00bbrgba(22,34,16,0.26)\u00a0\u00bb background_image=\u00a0\u00bbhttps:\/\/www.onisecoturismo.es\/wp-content\/uploads\/2023\/11\/125.jpg\u00a0\u00bb background_position=\u00a0\u00bbbottom_center\u00a0\u00bb background_vertical_offset=\u00a0\u00bb31%\u00a0\u00bb background_blend=\u00a0\u00bbdarken\u00a0\u00bb custom_margin=\u00a0\u00bb||-8px|||\u00a0\u00bb custom_padding=\u00a0\u00bb0px||100px||false|false\u00a0\u00bb bottom_divider_style=\u00a0\u00bbwave2&Prime; da_disable_devices=\u00a0\u00bboff|off|off\u00a0\u00bb locked=\u00a0\u00bboff\u00a0\u00bb global_colors_info=\u00a0\u00bb{}\u00a0\u00bb da_is_popup=\u00a0\u00bboff\u00a0\u00bb da_exit_intent=\u00a0\u00bboff\u00a0\u00bb da_has_close=\u00a0\u00bbon\u00a0\u00bb da_alt_close=\u00a0\u00bboff\u00a0\u00bb da_dark_close=\u00a0\u00bboff\u00a0\u00bb da_not_modal=\u00a0\u00bbon\u00a0\u00bb da_is_singular=\u00a0\u00bboff\u00a0\u00bb da_with_loader=\u00a0\u00bboff\u00a0\u00bb da_has_shadow=\u00a0\u00bbon\u00a0\u00bb][et_pb_row _builder_version=\u00a0\u00bb4.16&Prime; _module_preset=\u00a0\u00bbdefault\u00a0\u00bb custom_padding=\u00a0\u00bb||0px|||\u00a0\u00bb global_colors_info=\u00a0\u00bb{}\u00a0\u00bb][et_pb_column type=\u00a0\u00bb4_4&Prime; _builder_version=\u00a0\u00bb4.16&Prime; _module_preset=\u00a0\u00bbdefault\u00a0\u00bb pac_dcm_carousel_specific_module_num=\u00a0\u00bb0&Prime; global_colors_info=\u00a0\u00bb{}\u00a0\u00bb][et_pb_blurb title=\u00a0\u00bbCours de moniteur de loisirs et de temps libre\u00a0\u00bb image=\u00a0\u00bbhttps:\/\/www.onisecoturismo.es\/wp-content\/uploads\/2022\/10\/Color-Formacion.png\u00a0\u00bb alt=\u00a0\u00bbIc\u00f4ne de formation \u00e0 l&#039;\u00e9cotourisme d&#039;Onis\u00a0\u00bb image_icon_width=\u00a0\u00bb100px\u00a0\u00bb content_max_width=\u00a0\u00bb100%\u00a0\u00bb image_icon_width_tablet=\u00a0\u00bb90px\u00a0\u00bb image_icon_width_phone=\u00a0\u00bb70px\u00a0\u00bb image_icon_width_last_edited=\u00a0\u00bbon|phone\u00a0\u00bb _builder_version=\u00a0\u00bb4.23.1&Prime; _module_preset=\u00a0\u00bbdefault\u00a0\u00bb header_level=\u00a0\u00bbh1&Prime; header_font=\u00a0\u00bb|800|||||||\u00a0\u00bb header_text_align=\u00a0\u00bbcenter\u00a0\u00bb header_text_color=\u00a0\u00bb#FFFFFF\u00a0\u00bb header_font_size=\u00a0\u00bb76px\u00a0\u00bb body_text_align=\u00a0\u00bbcenter\u00a0\u00bb body_text_color=\u00a0\u00bb#FFFFFF\u00a0\u00bb body_font_size=\u00a0\u00bb22px\u00a0\u00bb custom_margin=\u00a0\u00bb0px|0px|0px|0px|false|false\u00a0\u00bb custom_padding=\u00a0\u00bb0px|0px|0px|0px|false|false\u00a0\u00bb header_font_size_tablet=\u00a0\u00bb66px\u00a0\u00bb header_font_size_phone=\u00a0\u00bb42px\u00a0\u00bb header_font_size_last_edited=\u00a0\u00bbon|phone\u00a0\u00bb global_colors_info=\u00a0\u00bb{}\u00a0\u00bb]<\/p>\n<h1><span style=\"color: #ffffff;\"><strong>Homologu\u00e9 Dipl\u00f4me officiel<\/strong><\/span><\/h1>\n<p>[\/et_pb_blurb][\/et_pb_column][\/et_pb_row][\/et_pb_section][et_pb_section fb_built=\u00a0\u00bb1&Prime; _builder_version=\u00a0\u00bb4.23.1&Prime; _module_preset=\u00a0\u00bbdefault\u00a0\u00bb background_image=\u00a0\u00bbhttps:\/\/www.onisecoturismo.es\/wp-content\/uploads\/2022\/02\/fondo-muy-suave.png\u00a0\u00bb min_height=\u00a0\u00bb2240px\u00a0\u00bb custom_margin=\u00a0\u00bb||-389px|||\u00a0\u00bb custom_padding=\u00a0\u00bb4px||0px|||\u00a0\u00bb da_disable_devices=\u00a0\u00bboff|off|off\u00a0\u00bb global_colors_info=\u00a0\u00bb{}\u00a0\u00bb da_is_popup=\u00a0\u00bboff\u00a0\u00bb da_exit_intent=\u00a0\u00bboff\u00a0\u00bb da_has_close=\u00a0\u00bbon\u00a0\u00bb da_alt_close=\u00a0\u00bboff\u00a0\u00bb da_dark_close=\u00a0\u00bboff\u00a0\u00bb da_not_modal=\u00a0\u00bbon\u00a0\u00bb da_is_singular=\u00a0\u00bboff\u00a0\u00bb da_with_loader=\u00a0\u00bboff\u00a0\u00bb da_has_shadow=\u00a0\u00bbon\u00a0\u00bb][et_pb_row _builder_version=\u00a0\u00bb4.16&Prime; _module_preset=\u00a0\u00bbdefault\u00a0\u00bb min_height=\u00a0\u00bb108px\u00a0\u00bb custom_padding=\u00a0\u00bb||27px|||\u00a0\u00bb global_colors_info=\u00a0\u00bb{}\u00a0\u00bb][et_pb_column type=\u00a0\u00bb4_4&Prime; _builder_version=\u00a0\u00bb4.16&Prime; _module_preset=\u00a0\u00bbdefault\u00a0\u00bb pac_dcm_carousel_specific_module_num=\u00a0\u00bb0&Prime; global_colors_info=\u00a0\u00bb{}\u00a0\u00bb][et_pb_text _builder_version=\u00a0\u00bb4.23.4&Prime; _module_preset=\u00a0\u00bbdefault\u00a0\u00bb hover_enabled=\u00a0\u00bb0&Prime; global_colors_info=\u00a0\u00bb{}\u00a0\u00bb sticky_enabled=\u00a0\u00bb0&Prime;]<\/p>\n<h1>Cours de moniteur de loisirs et de temps libre<\/h1>\n<p><strong><span style=\"font-size: x-large; color: #ff0000;\">P\u00e9riode d&rsquo;inscription FERM\u00c9E<\/span><\/strong><\/p>\n<p>[\/et_pb_text][et_pb_text _builder_version=\u00a0\u00bb4.23.4&Prime; _module_preset=\u00a0\u00bbdefault\u00a0\u00bb hover_enabled=\u00a0\u00bb0&Prime; global_colors_info=\u00a0\u00bb{}\u00a0\u00bb sticky_enabled=\u00a0\u00bb0&Prime; background_color=\u00a0\u00bb#FCBF15&Prime;]<\/p>\n<h3><span style=\"color: #000000;\">DATE DE D\u00c9BUT ET LIEU DU COURS<\/span><\/h3>\n<h5><span style=\"color: #000000;\">Vendredi 12 janvier \u00e0 17h00, Centro Polivalente Hrnos. \u00c1lvarez Marcos (Tullidi, Benia de On\u00eds) <\/span><\/h5>\n<p>[\/et_pb_text][\/et_pb_column][\/et_pb_row][et_pb_row column_structure=\u00a0\u00bb1_2,1_2&Prime; _builder_version=\u00a0\u00bb4.16&Prime; _module_preset=\u00a0\u00bbdefault\u00a0\u00bb min_height=\u00a0\u00bb769px\u00a0\u00bb custom_padding=\u00a0\u00bb||0px|||\u00a0\u00bb global_colors_info=\u00a0\u00bb{}\u00a0\u00bb][et_pb_column type=\u00a0\u00bb1_2&Prime; _builder_version=\u00a0\u00bb4.16&Prime; _module_preset=\u00a0\u00bbdefault\u00a0\u00bb pac_dcm_carousel_specific_module_num=\u00a0\u00bb0&Prime; global_colors_info=\u00a0\u00bb{}\u00a0\u00bb][et_pb_text _builder_version=\u00a0\u00bb4.23.1&Prime; _module_preset=\u00a0\u00bbdefault\u00a0\u00bb width=\u00a0\u00bb99%\u00a0\u00bb custom_padding=\u00a0\u00bb|||37px||\u00a0\u00bb global_colors_info=\u00a0\u00bb{}\u00a0\u00bb]<\/p>\n<p><strong>OBJECTIFS<\/strong><\/p>\n<ul>\n<li>Offrir aux jeunes une alternative de formation et d&#8217;emploi.<\/li>\n<li>Promouvoir la bonne utilisation des ressources naturelles de la r\u00e9gion.<\/li>\n<li>Promouvoir et valoriser le tourisme rural et l&rsquo;\u00e9cotourisme dans la r\u00e9gion.<\/li>\n<li>Promouvoir l&rsquo;activit\u00e9 physique comme un bienfait pour la sant\u00e9<\/li>\n<li>Sensibiliser la population cible aux questions sociales.<\/li>\n<\/ul>\n<p>[\/et_pb_text][et_pb_text _builder_version=\u00a0\u00bb4.23.1&Prime; _module_preset=\u00a0\u00bbdefault\u00a0\u00bb custom_padding=\u00a0\u00bb|||40px||\u00a0\u00bb global_colors_info=\u00a0\u00bb{}\u00a0\u00bb]<\/p>\n<p><strong>CIBLE<\/strong><\/p>\n<ul>\n<li>Population de 17 ans (\u00e0 condition d&rsquo;avoir 18 ans l&rsquo;ann\u00e9e du cours &#8211; 2024) \u00e0 30 ans. Le cours sera ouvert aux personnes de plus de 30 ans si le quota de participants (15 \u00e9tudiants) n&rsquo;est pas couvert. <\/li>\n<li>Des jeunes li\u00e9s au Concejo de On\u00eds et aux conseils voisins de la r\u00e9gion des Picos de Europa.<\/li>\n<\/ul>\n<p>[\/et_pb_text][et_pb_text _builder_version=\u00a0\u00bb4.23.1&Prime; _module_preset=\u00a0\u00bbdefault\u00a0\u00bb custom_padding=\u00a0\u00bb|||40px||\u00a0\u00bb global_colors_info=\u00a0\u00bb{}\u00a0\u00bb]<\/p>\n<p><strong>DATES  <\/strong><\/p>\n<p>Vendredi 12 et samedi 13 <strong>janvier<\/strong> Vendredi 19 et samedi 20 janvier Vendredi 26, samedi 27 et dimanche 28 janvier Vendredi 2 et samedi 3<strong>f\u00e9vrier<\/strong> Vendredi 9, samedi 10 et dimanche 11 f\u00e9vrier Vendredi 16 et samedi 17 f\u00e9vrier Vendredi 23 et samedi 24 f\u00e9vrier Vendredi 1 et samedi 2<strong>mars<\/strong> Vendredi 8 et samedi 9 mars Vendredi 15, samedi 16 et dimanche 17 mars Vendredi 22 et samedi 23 mars Vendredi 15, samedi 16 et dimanche 17 mars Vendredi 22 et samedi 23 mars Vendredi 8 et samedi 9 mars Vendredi 15, samedi 16 et dimanche 17 mars Vendredi 15, samedi 16 et dimanche 17 mars Vendredi 15, samedi 16 et dimanche 17 mars Vendredi 15, samedi 16 et dimanche 17 mars Vendredi 15, samedi 16 et dimanche 17 mars Vendredi 15, samedi 16 et dimanche 17 mars Vendredi 15, samedi 16 et dimanche 17 mars Vendredi 15, samedi 16 et dimanche 17 mars Vendredi 15, samedi 16 et dimanche 17 mars.<\/p>\n<p>[\/et_pb_text][\/et_pb_column][et_pb_column type=\u00a0\u00bb1_2&Prime; _builder_version=\u00a0\u00bb4.16&Prime; _module_preset=\u00a0\u00bbdefault\u00a0\u00bb pac_dcm_carousel_specific_module_num=\u00a0\u00bb0&Prime; global_colors_info=\u00a0\u00bb{}\u00a0\u00bb][et_pb_text _builder_version=\u00a0\u00bb4.23.4&Prime; _module_preset=\u00a0\u00bbdefault\u00a0\u00bb background_color=\u00a0\u00bb#FFFD7A\u00a0\u00bb background_image=\u00a0\u00bbhttps:\/\/www.onisecoturismo.es\/wp-content\/uploads\/2023\/11\/fondo-curso-monitor.jpg\u00a0\u00bb custom_padding=\u00a0\u00bb20px|20px|20px|20px|false|false\u00a0\u00bb hover_enabled=\u00a0\u00bb0&Prime; border_radii=\u00a0\u00bbon|6px|6px|6px|6px\u00a0\u00bb border_width_all=\u00a0\u00bb1px\u00a0\u00bb border_color_all=\u00a0\u00bb#9FB6AF\u00a0\u00bb global_colors_info=\u00a0\u00bb{}\u00a0\u00bb sticky_enabled=\u00a0\u00bb0&Prime;]<\/p>\n<p><span><strong>LIEU :<\/strong><\/span><span> Centre municipal polyvalent du t\u00e9l\u00e9centre (Benia de On\u00eds)<\/span><\/p>\n<p><span><strong>DATES ET HORAIRES : <\/strong>du 12 janvier au 23 mars 2024<\/span><\/p>\n<p><strong>DUR\u00c9E :<\/strong> 230 heures (150 heures de th\u00e9orie et de pratique et 80 heures de formation pratique).<\/p>\n<p><strong>NOMBRE DE PARTICIPANTS :<\/strong> 25<\/p>\n<p><strong>ENTIT\u00c9 DE FORMATION<\/strong>: TRAMASTURIAS<\/p>\n<p><strong>ORGANIS\u00c9 par :<\/strong> Conseil municipal d&rsquo;On\u00eds<\/p>\n<p><span><span style=\"color: #ff2100;\"><strong>INSCRIPTION : P\u00e9riode d&rsquo;inscription FERM\u00c9E<\/strong><\/span> <\/span><\/p>\n<p><span><strong>INFORMATIONS SUR LES COURS :<\/strong> <strong>Tramasturias <\/strong>par e-mail <span style=\"color: #0000ff;\">etltramasturias@trama.org<\/span> ou par t\u00e9l\u00e9phone 985207417<\/span><\/p>\n<p><span><strong>CRIT\u00c8RES DE S\u00c9LECTION : <\/strong> Liens avec le Concejo de On\u00eds et la r\u00e9gion des Picos de Europa.<\/span><\/p>\n<p><strong>CERTIFICATION :<\/strong> Une fois que les \u00e9tudiants auront pass\u00e9 la phase th\u00e9orique-pratique et effectu\u00e9 les stages, ils recevront la qualification officielle approuv\u00e9e par le minist\u00e8re r\u00e9gional de la Jeunesse de la Principaut\u00e9 des Asturies.<\/p>\n<p>[\/et_pb_text][\/et_pb_column][\/et_pb_row][et_pb_row _builder_version=\u00a0\u00bb4.16&Prime; _module_preset=\u00a0\u00bbdefault\u00a0\u00bb min_height=\u00a0\u00bb108px\u00a0\u00bb custom_padding=\u00a0\u00bb||27px|||\u00a0\u00bb global_colors_info=\u00a0\u00bb{}\u00a0\u00bb][et_pb_column type=\u00a0\u00bb4_4&Prime; _builder_version=\u00a0\u00bb4.16&Prime; _module_preset=\u00a0\u00bbdefault\u00a0\u00bb pac_dcm_carousel_specific_module_num=\u00a0\u00bb0&Prime; global_colors_info=\u00a0\u00bb{}\u00a0\u00bb][et_pb_text _builder_version=\u00a0\u00bb4.23.1&Prime; _module_preset=\u00a0\u00bbdefault\u00a0\u00bb background_color=\u00a0\u00bb#A4CFC0&Prime; min_height=\u00a0\u00bb333.5px\u00a0\u00bb custom_padding=\u00a0\u00bb30px|30px|30px|30px|false|false\u00a0\u00bb global_colors_info=\u00a0\u00bb{}\u00a0\u00bb]<\/p>\n<h1 style=\"text-align: center;\"><strong>Contenu<\/strong><\/h1>\n<p>80 % d&rsquo;entre eux correspondront aux contenus d\u00e9finis dans le programme minimum \u00e9tabli par le minist\u00e8re r\u00e9gional de la Principaut\u00e9 des Asturies, et les 20 % restants seront li\u00e9s aux diff\u00e9rentes ressources et produits du plan de durabilit\u00e9 du tourisme d&rsquo;On\u00eds.<\/p>\n<h4><span style=\"color: #ffffff;\">MODULE 1.<\/span><\/h4>\n<p>Pr\u00e9sentation.<br \/>Temps libre dans les Asturies (4h) Associations de jeunes et b\u00e9n\u00e9volat.<br \/>Orientation professionnelle (4h) Introduction aux loisirs, \u00e0 la culture et au temps libre.<br \/>A.S.C. \u00e9ducation aux loisirs (4h) Profil et fonctions du moniteur. Domaines d&rsquo;intervention (4h)    <\/p>\n<h4><span style=\"color: #ffffff;\">MODULE 2<\/span><\/h4>\n<p>Sociologie de l&rsquo;enfance et de la jeunesse.<\/p>\n<p>Caract\u00e9ristiques psychologiques (4h) T\u00e9cnicas y recursos de Animaci\u00f3n Juvenil (4h) Din\u00e1micas de grupo (4h) Expresi\u00f3n y creatividad HH.HH (4h) Resoluci\u00f3n de conflictos (4h) <\/p>\n<h4><span style=\"color: #ffffff;\">MODULE 3<\/span><\/h4>\n<p>L\u00e9gislation (4h) Elaboration de projets.<\/p>\n<p>M\u00e9moires (4h) PROJETS : EVALUATIONS (4h) Elaboration de projets planification (4h) ETUDE DE CAS I (4h) ETUDE DE CAS II (4h) PROJETS FINAUX (4h) PROJETS FINAUX (4h) <\/p>\n<h4><span style=\"color: #ffffff;\">MODULE 4<\/span><\/h4>\n<p>Toxicomanie (4h) Intervention aupr\u00e8s des personnes handicap\u00e9es (4h) Jeux et soir\u00e9es II (4h) Jeux et soir\u00e9es I (4h) Culture,<\/p>\n<p>traditions et mythologie (4h) Jeux et soir\u00e9es III (4h) Animation sportive (4h) Premiers secours (4h) Premiers secours (4h) Co\u00e9ducation (4h) \u00c9ducation \u00e0 l&rsquo;environnement (4h) \u00c9ducation \u00e0 la sant\u00e9 et \u00e0 la consommation (4h)<\/p>\n<h4><span style=\"color: #ffffff;\">MODULE 5<\/span><\/h4>\n<p>Jeux populaires et traditionnels (4h) Randonn\u00e9e et camping et plein air (4h) Randonn\u00e9e et camping et plein air (4h) Valeurs dans le sport (4h) Sports alternatifs (4h) Animation sportive (4h) Sports adapt\u00e9s (4h) \u00c9ducation environnementale et \u00e9cologique dans les Asturies (4h).<\/p>\n<p>[\/et_pb_text][et_pb_text _builder_version=\u00a0\u00bb4.23.1&Prime; _module_preset=\u00a0\u00bbdefault\u00a0\u00bb background_color=\u00a0\u00bb#FCBF15&Prime; min_height=\u00a0\u00bb333.5px\u00a0\u00bb custom_padding=\u00a0\u00bb30px|30px|30px|30px|false|false\u00a0\u00bb global_colors_info=\u00a0\u00bb{}\u00a0\u00bb]<\/p>\n<h1 style=\"text-align: center;\"><strong>Offres d&#8217;emploi<\/strong><\/h1>\n<p>C&rsquo;est une qualification qui ouvre de nombreuses possibilit\u00e9s d&#8217;emploi et te certifie capable de mener des <strong>activit\u00e9s \u00e9ducatives<\/strong> et <strong>r\u00e9cr\u00e9atives avec de<\/strong> <strong>jeunes<\/strong> <strong>enfants :<\/strong> <\/p>\n<ul>\n<li style=\"text-align: justify;\">Moniteur de camp<\/li>\n<li style=\"text-align: justify;\">Animateur de loisirs dans les h\u00f4tels et les parcs de loisirs<\/li>\n<li style=\"text-align: justify;\">Organisateur d&rsquo;ateliers culturels ou de loisirs<\/li>\n<li style=\"text-align: justify;\">Moniteur de gymnastique ou de club sportif<\/li>\n<li style=\"text-align: justify;\">\u00c9ducateur dans les activit\u00e9s extrascolaires et les excursions scolaires.<\/li>\n<\/ul>\n<p>Il s&rsquo;agit d&rsquo;une <strong>qualification officielle<\/strong> ayant une <strong>validit\u00e9 nationale<\/strong>.<\/p>\n<p>Il te permettra \u00e9galement de d\u00e9velopper des comp\u00e9tences sociales et d&rsquo;am\u00e9liorer tes comp\u00e9tences en mati\u00e8re de communication, de leadership et de travail d&rsquo;\u00e9quipe. Tu apprendras \u00e0 interagir avec diff\u00e9rentes personnes et \u00e0 cr\u00e9er un environnement inclusif et amusant pour tous les participants. <\/p>\n<p>[\/et_pb_text][et_pb_text _builder_version=\u00a0\u00bb4.23.1&Prime; _module_preset=\u00a0\u00bbdefault\u00a0\u00bb background_color=\u00a0\u00bb#A4CFC0&Prime; min_height=\u00a0\u00bb333.5px\u00a0\u00bb custom_padding=\u00a0\u00bb30px|30px|30px|30px|false|false\u00a0\u00bb global_colors_info=\u00a0\u00bb{}\u00a0\u00bb]<\/p>\n<h4><strong><span style=\"color: #000000;\">QU&rsquo;EST-CE QUE LE COURS TE PERMET DE FAIRE ?<\/span><\/strong><\/h4>\n<p>La qualification obtenue te permettra d&rsquo;exercer l\u00e9galement des activit\u00e9s de loisirs et de temps libre avec des enfants, des jeunes et des adultes dans des activit\u00e9s telles que les camps, les auberges, les fermes-\u00e9coles, les classes nature, les chantiers, les \u00e9tablissements de loisirs, les transports d&rsquo;enfants et de jeunes, les ludoth\u00e8ques, les maisons de jeunes, les acad\u00e9mies p\u00e9riscolaires, les centres pour enfants, les centres scolaires, les centres de jour&#8230;.<\/p>\n<p>En outre, \u00eatre moniteur de loisirs permet d&rsquo;am\u00e9liorer les comp\u00e9tences en mati\u00e8re de communication, de leadership et de travail d&rsquo;\u00e9quipe. Tu apprendras \u00e0 interagir avec diff\u00e9rentes personnes et \u00e0 cr\u00e9er un environnement inclusif et amusant pour tous les participants. <\/p>\n<p>[\/et_pb_text][\/et_pb_column][\/et_pb_row][\/et_pb_section]<\/p>\n","protected":false},"excerpt":{"rendered":"<p>Du 12 janvier au 23 mars &#8211; INSCRIPTION EN LIGNE jusqu&rsquo;au 20 d\u00e9cembre &#8211; Benia de On\u00eds<\/p>\n","protected":false},"author":2,"featured_media":347526,"parent":0,"menu_order":0,"comment_status":"closed","ping_status":"closed","template":"","meta":{"_acf_changed":false,"_et_pb_use_builder":"on","_et_pb_old_content":"","_et_gb_content_width":"","footnotes":""},"dipi_cpt_category":[],"class_list":["post-347525","page","type-page","status-publish","has-post-thumbnail","hentry"],"acf":[],"_links":{"self":[{"href":"https:\/\/www.onisecoturismo.es\/fr\/wp-json\/wp\/v2\/pages\/347525","targetHints":{"allow":["GET"]}}],"collection":[{"href":"https:\/\/www.onisecoturismo.es\/fr\/wp-json\/wp\/v2\/pages"}],"about":[{"href":"https:\/\/www.onisecoturismo.es\/fr\/wp-json\/wp\/v2\/types\/page"}],"author":[{"embeddable":true,"href":"https:\/\/www.onisecoturismo.es\/fr\/wp-json\/wp\/v2\/users\/2"}],"replies":[{"embeddable":true,"href":"https:\/\/www.onisecoturismo.es\/fr\/wp-json\/wp\/v2\/comments?post=347525"}],"version-history":[{"count":2,"href":"https:\/\/www.onisecoturismo.es\/fr\/wp-json\/wp\/v2\/pages\/347525\/revisions"}],"predecessor-version":[{"id":347528,"href":"https:\/\/www.onisecoturismo.es\/fr\/wp-json\/wp\/v2\/pages\/347525\/revisions\/347528"}],"wp:featuredmedia":[{"embeddable":true,"href":"https:\/\/www.onisecoturismo.es\/fr\/wp-json\/wp\/v2\/media\/347526"}],"wp:attachment":[{"href":"https:\/\/www.onisecoturismo.es\/fr\/wp-json\/wp\/v2\/media?parent=347525"}],"wp:term":[{"taxonomy":"dipi_cpt_category","embeddable":true,"href":"https:\/\/www.onisecoturismo.es\/fr\/wp-json\/wp\/v2\/dipi_cpt_category?post=347525"}],"curies":[{"name":"wp","href":"https:\/\/api.w.org\/{rel}","templated":true}]}}