{"id":347493,"date":"2024-11-08T12:36:57","date_gmt":"2024-11-08T11:36:57","guid":{"rendered":"https:\/\/www.onisecoturismo.es\/cours-dinformateur-et-de-guide-en-ecotourisme\/"},"modified":"2024-11-08T12:36:59","modified_gmt":"2024-11-08T11:36:59","slug":"cours-dinformateur-et-de-guide-en-ecotourisme","status":"publish","type":"page","link":"https:\/\/www.onisecoturismo.es\/fr\/cours-dinformateur-et-de-guide-en-ecotourisme\/","title":{"rendered":"Cours d&rsquo;informateur et de guide en \u00e9cotourisme"},"content":{"rendered":"<p>[et_pb_section fb_built=\u00a0\u00bb1&Prime; _builder_version=\u00a0\u00bb4.16&Prime; _module_preset=\u00a0\u00bbdefault\u00a0\u00bb global_colors_info=\u00a0\u00bb{}\u00a0\u00bb da_is_popup=\u00a0\u00bboff\u00a0\u00bb da_exit_intent=\u00a0\u00bboff\u00a0\u00bb da_has_close=\u00a0\u00bbon\u00a0\u00bb da_alt_close=\u00a0\u00bboff\u00a0\u00bb da_dark_close=\u00a0\u00bboff\u00a0\u00bb da_not_modal=\u00a0\u00bbon\u00a0\u00bb da_is_singular=\u00a0\u00bboff\u00a0\u00bb da_with_loader=\u00a0\u00bboff\u00a0\u00bb da_has_shadow=\u00a0\u00bbon\u00a0\u00bb da_disable_devices=\u00a0\u00bboff|off|off\u00a0\u00bb][et_pb_row _builder_version=\u00a0\u00bb4.16&Prime; _module_preset=\u00a0\u00bbdefault\u00a0\u00bb global_colors_info=\u00a0\u00bb{}\u00a0\u00bb][et_pb_column type=\u00a0\u00bb4_4&Prime; _builder_version=\u00a0\u00bb4.16&Prime; _module_preset=\u00a0\u00bbdefault\u00a0\u00bb pac_dcm_carousel_specific_module_num=\u00a0\u00bb0&Prime; global_colors_info=\u00a0\u00bb{}\u00a0\u00bb][et_pb_text _builder_version=\u00a0\u00bb4.16&Prime; _module_preset=\u00a0\u00bbdefault\u00a0\u00bb global_colors_info=\u00a0\u00bb{}\u00a0\u00bb]<\/p>\n<h1>Cours d&rsquo;informateur et de guide en \u00e9cotourisme<\/h1>\n<p><span style=\"font-size: x-large; color: #753333;\">L&rsquo;inscription est termin\u00e9e<\/span><\/p>\n<p>[\/et_pb_text][\/et_pb_column][\/et_pb_row][et_pb_row column_structure=\u00a0\u00bb1_2,1_2&Prime; _builder_version=\u00a0\u00bb4.16&Prime; _module_preset=\u00a0\u00bbdefault\u00a0\u00bb global_colors_info=\u00a0\u00bb{}\u00a0\u00bb][et_pb_column type=\u00a0\u00bb1_2&Prime; _builder_version=\u00a0\u00bb4.16&Prime; _module_preset=\u00a0\u00bbdefault\u00a0\u00bb pac_dcm_carousel_specific_module_num=\u00a0\u00bb0&Prime; global_colors_info=\u00a0\u00bb{}\u00a0\u00bb][et_pb_text _builder_version=\u00a0\u00bb4.16&Prime; _module_preset=\u00a0\u00bbdefault\u00a0\u00bb global_colors_info=\u00a0\u00bb{}\u00a0\u00bb]<\/p>\n<p>Dans le cadre du plan de durabilit\u00e9 du tourisme d&rsquo;On\u00eds, cette action de formation soutient la mise en \u0153uvre du produit<em>\u00ab\u00a0\u00c9cotourisme dans les Pics d&rsquo;Europe : Destino On\u00eds\u00a0\u00bb.<\/em><\/p>\n<p><strong>OBJECTIFS<\/strong><\/p>\n<ul>\n<li>Informer les participants sur le potentiel \u00e9cotouristique du conseil d&rsquo;On\u00eds, les tendances du march\u00e9 du tourisme et sa r\u00e9glementation.<\/li>\n<li>Former les personnes pr\u00e9sentes \u00e0 la t\u00e2che de fournir des informations touristiques sur les ressources touristiques d&rsquo;On\u00eds.<\/li>\n<li>Permettre aux participants de planifier, concevoir et ex\u00e9cuter leurs propres itin\u00e9raires en tant que guide d&rsquo;\u00e9cotourisme.<\/li>\n<li>Formation aux aspects professionnels li\u00e9s aux activit\u00e9s guid\u00e9es dans l&rsquo;environnement naturel, tels que la course d&rsquo;orientation et les premiers secours.<\/li>\n<\/ul>\n<p><strong>CIBLE<\/strong><\/p>\n<ul>\n<li>Les personnes majeures, int\u00e9ress\u00e9es par le d\u00e9veloppement de leur activit\u00e9 de guide touristique ou d&rsquo;informateur.<\/li>\n<li>La priorit\u00e9 sera donn\u00e9e aux personnes inscrites et\/ou li\u00e9es au conseil d&rsquo;On\u00eds.<\/li>\n<li>Une formation pr\u00e9alable et\/ou une exp\u00e9rience professionnelle dans le secteur du tourisme serait un atout.<\/li>\n<li>La connaissance de l&rsquo;anglais et d&rsquo;autres langues serait un atout.<\/li>\n<\/ul>\n<p><strong>POUR QUELS PROFILS LA FORMATION TE QUALIFIE-T-ELLE ?<\/strong><\/p>\n<p style=\"text-align: justify;\">Aux futurs professionnels du secteur, qui veulent se lancer dans les services d&rsquo;assistance, d&rsquo;information et d&rsquo;accompagnement des touristes et des visiteurs dans le conseil d&rsquo;On\u00eds, \u00e0 travers deux profils d&#8217;emploi :<\/p>\n<ul>\n<li style=\"text-align: justify;\">L&rsquo;<strong>agent d&rsquo;information touristique<\/strong> est une personne qui travaille en face \u00e0 face et en service t\u00e9l\u00e9matique dans les offices de tourisme ou les points d&rsquo;information touristique, form\u00e9e pour informer et conseiller les visiteurs sur les ressources, les services et les activit\u00e9s touristiques dans un environnement donn\u00e9. Ils sont \u00e9galement charg\u00e9s de la promotion du territoire, de la pr\u00e9paration et de l&rsquo;analyse des rapports et des statistiques sur les visiteurs, ainsi que de la planification et de l&rsquo;ex\u00e9cution des itin\u00e9raires et des activit\u00e9s bas\u00e9es sur les ressources touristiques locales. <\/li>\n<li style=\"text-align: justify;\">Le <strong>guide touristique<\/strong> est charg\u00e9 de guider, d&rsquo;accompagner et d&rsquo;assister un groupe de voyageurs dans le cadre d&rsquo;un itin\u00e9raire, d&rsquo;une activit\u00e9 ou d&rsquo;une visite touristique, de planifier, de coordonner et de g\u00e9rer l&rsquo;ensemble des services propos\u00e9s au client.<\/li>\n<\/ul>\n<p>[\/et_pb_text][\/et_pb_column][et_pb_column type=\u00a0\u00bb1_2&Prime; _builder_version=\u00a0\u00bb4.16&Prime; _module_preset=\u00a0\u00bbdefault\u00a0\u00bb pac_dcm_carousel_specific_module_num=\u00a0\u00bb0&Prime; global_colors_info=\u00a0\u00bb{}\u00a0\u00bb][et_pb_text _builder_version=\u00a0\u00bb4.16&Prime; _module_preset=\u00a0\u00bbdefault\u00a0\u00bb background_image=\u00a0\u00bbhttps:\/\/www.onisecoturismo.es\/wp-content\/uploads\/2022\/01\/hip-square.jpg\u00a0\u00bb custom_padding=\u00a0\u00bb20px|20px|20px|20px|false|false\u00a0\u00bb border_radii=\u00a0\u00bbon|6px|6px|6px|6px\u00a0\u00bb border_width_all=\u00a0\u00bb1px\u00a0\u00bb border_color_all=\u00a0\u00bb#9FB6AF\u00a0\u00bb global_colors_info=\u00a0\u00bb{}\u00a0\u00bb]<\/p>\n<p><span><strong>LIEU :<\/strong><\/span><span> Centre municipal polyvalent (Benia de On\u00eds)<\/span><\/p>\n<p><span><strong>DATES ET HEURES : <\/strong><\/span><span>28 f\u00e9vrier au 7 mars, de 9h00 \u00e0 17h00.<\/span><\/p>\n<p><strong>DUR\u00c9E :<\/strong> 50 heures<\/p>\n<p><span><strong>INSCRIPTION :  <\/strong><\/span><span>Par l&rsquo;interm\u00e9diaire de la Fondation pour la conservation du gypa\u00e8te barbu. L&rsquo;inscription \u00e0 la formation sera formalis\u00e9e au moyen du formulaire suivant. <span style=\"color: #fcbf15;\"><a href=\"https:\/\/docs.google.com\/forms\/d\/e\/1FAIpQLSficQOvFRNVWvi-8oMJCPHSPvyiTC50dVHjYRde7FnD9uE-xQ\/viewform?vc=0&amp;c=0&amp;w=1&amp;flr=0\" style=\"color: #fcbf15;\" target=\"_blank\" rel=\"noopener\"><span style=\"color: #9fb6af;\">formulaire en ligne<\/span><\/a><\/span> formulaire, courriel   <\/span><span><span style=\"text-decoration: underline;\"><a href=\"mailto:conchi@quebrantahuesos.org\">conchi@quebrantahuesos.org<\/a><\/span><\/span> ou Tf. <strong>985 844 293<\/strong><\/p>\n<p><span><strong>CRIT\u00c8RES DE S\u00c9LECTION : <\/strong><\/span><span>Le lien avec le conseil d&rsquo;On\u00eds et le niveau de connaissances et d&rsquo;exp\u00e9rience pr\u00e9alables seront pris en compte.<br \/><\/span><\/p>\n<p><span><strong>P\u00c9RIODE DE PR\u00c9-INSCRIPTION : <\/strong><\/span><span>du 7 au 20 f\u00e9vrier 2022<\/span><\/p>\n<p><strong>CONFIRMATION DE L&rsquo;ADMISSION :<\/strong> 22 f\u00e9vrier<\/p>\n<p><strong>CERTIFICATION :<\/strong> Les \u00e9tudiants recevront un certificat de participation, pour lequel ils doivent avoir assist\u00e9 \u00e0 au moins 80% des heures de cours.<\/p>\n<p>[\/et_pb_text][et_pb_button button_url=\u00a0\u00bbhttps:\/\/docs.google.com\/forms\/d\/e\/1FAIpQLSficQOvFRNVWvi-8oMJCPHSPvyiTC50dVHjYRde7FnD9uE-xQ\/viewform?vc=0&amp;c=0&amp;w=1&amp;flr=0&Prime; url_new_window=\u00a0\u00bbon\u00a0\u00bb button_text=\u00a0\u00bbInscription en ligne\u00a0\u00bb button_alignment=\u00a0\u00bbcenter\u00a0\u00bb _builder_version=\u00a0\u00bb4.16&Prime; _module_preset=\u00a0\u00bbdefault\u00a0\u00bb custom_button=\u00a0\u00bbon\u00a0\u00bb button_text_size=\u00a0\u00bb16px\u00a0\u00bb button_text_color=\u00a0\u00bb#FFFFFF\u00a0\u00bb button_bg_color=\u00a0\u00bb#9FB6AF\u00a0\u00bb button_border_width=\u00a0\u00bb0px\u00a0\u00bb button_border_radius=\u00a0\u00bb16px\u00a0\u00bb button_icon=\u00a0\u00bb&#xf35d;||fa||900&Prime; button_icon_placement=\u00a0\u00bbleft\u00a0\u00bb button_on_hover=\u00a0\u00bboff\u00a0\u00bb locked=\u00a0\u00bboff\u00a0\u00bb global_colors_info=\u00a0\u00bb{}\u00a0\u00bb button_bg_color__hover_enabled=\u00a0\u00bbon|desktop\u00a0\u00bb button_bg_color__hover=\u00a0\u00bb#FCBF15&Prime; button_bg_enable_color__hover=\u00a0\u00bbon\u00a0\u00bb][\/et_pb_button][et_pb_button button_url=\u00a0\u00bbhttps:\/\/www.onisecoturismo.es\/wp-content\/uploads\/2022\/02\/Programa-Curso-informador-ecoturismo-onis-2022.pdf\u00a0\u00bb url_new_window=\u00a0\u00bbon\u00a0\u00bb button_text=\u00a0\u00bbT\u00e9l\u00e9charger le programme du cours\u00a0\u00bb button_alignment=\u00a0\u00bbcenter\u00a0\u00bb _builder_version=\u00a0\u00bb4.16&Prime; _module_preset=\u00a0\u00bbdefault\u00a0\u00bb custom_button=\u00a0\u00bbon\u00a0\u00bb button_text_size=\u00a0\u00bb16px\u00a0\u00bb button_text_color=\u00a0\u00bb#FFFFFF\u00a0\u00bb button_bg_color=\u00a0\u00bb#9FB6AF\u00a0\u00bb button_border_width=\u00a0\u00bb0px\u00a0\u00bb button_border_radius=\u00a0\u00bb16px\u00a0\u00bb button_icon=\u00a0\u00bb&#xf1c1;||fa||900&Prime; button_icon_placement=\u00a0\u00bbleft\u00a0\u00bb button_on_hover=\u00a0\u00bboff\u00a0\u00bb locked=\u00a0\u00bboff\u00a0\u00bb global_colors_info=\u00a0\u00bb{}\u00a0\u00bb button_bg_color__hover_enabled=\u00a0\u00bbon|desktop\u00a0\u00bb button_bg_color__hover=\u00a0\u00bb#FCBF15&Prime; button_bg_enable_color__hover=\u00a0\u00bbon\u00a0\u00bb][\/et_pb_button][et_pb_image src=\u00a0\u00bbhttps:\/\/www.onisecoturismo.es\/wp-content\/uploads\/2022\/02\/foto-curso-informador-ecoturismo.jpg\u00a0\u00bb title_text=\u00a0\u00bbcours d&#039;information sur l&#039;\u00e9cotourisme photo\u00a0\u00bb align=\u00a0\u00bbcenter\u00a0\u00bb _builder_version=\u00a0\u00bb4.16&Prime; _module_preset=\u00a0\u00bbdefault\u00a0\u00bb width=\u00a0\u00bb61%\u00a0\u00bb border_color_all=\u00a0\u00bb#FFFFFF\u00a0\u00bb global_colors_info=\u00a0\u00bb{}\u00a0\u00bb][\/et_pb_image][\/et_pb_column][\/et_pb_row][et_pb_row _builder_version=\u00a0\u00bb4.16.1&Prime; _module_preset=\u00a0\u00bbdefault\u00a0\u00bb background_color=\u00a0\u00bb#FCBF15&Prime; min_height=\u00a0\u00bb333px\u00a0\u00bb global_colors_info=\u00a0\u00bb{}\u00a0\u00bb][et_pb_column type=\u00a0\u00bb4_4&Prime; _builder_version=\u00a0\u00bb4.16.1&Prime; _module_preset=\u00a0\u00bbdefault\u00a0\u00bb pac_dcm_carousel_specific_module_num=\u00a0\u00bb0&Prime; global_colors_info=\u00a0\u00bb{}\u00a0\u00bb][et_pb_text _builder_version=\u00a0\u00bb4.16&Prime; _module_preset=\u00a0\u00bbdefault\u00a0\u00bb width=\u00a0\u00bb98.5%\u00a0\u00bb custom_padding=\u00a0\u00bb|||37px||\u00a0\u00bb global_colors_info=\u00a0\u00bb{}\u00a0\u00bb]<\/p>\n<h2><span style=\"color: #75423e;\"><strong style=\"font-size: 29px;\">T\u00e9l\u00e9charger les pr\u00e9sentations des cours<\/strong><\/span><strong><\/strong><\/h2>\n<ul>\n<li>March\u00e9 du tourisme I : tendances actuelles de l&rsquo;offre et de la demande touristiques.  <em>(Alfonso Polvorinos. L&rsquo;\u00e9cotouriste <\/em>) <a href=\"https:\/\/www.onisecoturismo.es\/wp-content\/uploads\/2022\/04\/PPT-Marco-Teorico-del-Ecoturismo-I-Alfonos-Polvorinos-EL-ECOTURISTA.pdf\"><span style=\"color: #75423e;\"><strong>T\u00e9l\u00e9charger<\/strong><\/span><\/a><\/li>\n<li>March\u00e9 du tourisme II : profil de l&rsquo;\u00e9cotouriste. \u00c9l\u00e9ments d&rsquo;un produit \u00e9cotouristique. Strat\u00e9gie 2030 de l&rsquo;Espagne en mati\u00e8re de tourisme durable <em>(Alfonso Polvorinos-El Ecoturista) <\/em> <a href=\"https:\/\/www.onisecoturismo.es\/wp-content\/uploads\/2022\/04\/PPT-Marco-Teorico-del-Ecoturismo-II-Alfonso-Polvorinos-EL-ECOTURISTA.pdf\"><strong><span style=\"color: #75423e;\">T\u00e9l\u00e9charger <\/span><\/strong><\/a>   <\/li>\n<li>L&rsquo;\u00e9cotourisme dans les Asturies <em>(Joaqu\u00edn L\u00f3pez- BIRDWATCHING ASTURIAS)<\/em> <a href=\"https:\/\/www.onisecoturismo.es\/wp-content\/uploads\/2022\/04\/PPT-Ecoturismo-en-Asturias-Joaquin-Lopez-BIRDWATCH-ASTURIAS-ECOPICOS.pdf\"><span style=\"color: #75423e;\"><strong>T\u00e9l\u00e9charger<\/strong><\/span><\/a><\/li>\n<li><span style=\"color: #162210;\">Plan de durabilit\u00e9 du tourisme d&rsquo;On\u00eds <em>(Clara Casanova, Manager PSTD On\u00eds)<\/em> <a href=\"https:\/\/www.onisecoturismo.es\/wp-content\/uploads\/2022\/04\/PPT-Plan-Sostenibilidad-Turistica-On%C3%ADs-Clara-Casanova-AYTO.-ONIS.pdf\"><span style=\"color: #75423e;\"><strong>T\u00e9l\u00e9charger<\/strong><\/span><\/a><\/span><\/li>\n<li><span style=\"color: #162210;\">T\u00e2ches de l&rsquo;informateur touristique (Marisa Cabo. Directrice OT Llanes) <a href=\"https:\/\/www.onisecoturismo.es\/wp-content\/uploads\/2022\/04\/PPT-Tareas-del-Informador-Turistico.-Marisa-Cabo-OIT-Llanes.pdf\"><span style=\"color: #75423e;\"><strong>T\u00e9l\u00e9charger<\/strong><\/span><\/a><\/span><\/li>\n<li>Services d&rsquo;information touristique <em>(Eusebio Barriga. Directeur Codevent)<\/em> <a href=\"https:\/\/www.onisecoturismo.es\/wp-content\/uploads\/2022\/04\/PPT-Servicios-Informacion-Turistica-Eusebio-Barriga_CODEVENT.pdf\"><span style=\"color: #75423e;\"><strong>T\u00e9l\u00e9charger<\/strong><\/span><\/a><span style=\"color: #162210;\"><\/span><\/li>\n<li>Le monde du cidre <em>(C\u00e9sar Ruiz, El Cuchareru)<\/em> <a href=\"https:\/\/www.onisecoturismo.es\/wp-content\/uploads\/2022\/04\/PPT-El-mundo-de-la-Sidra-EL-CUCHARERU.pdf\"><span style=\"color: #75423e;\"><strong>T\u00e9l\u00e9charger<\/strong><\/span><\/a><\/li>\n<li>Marketing num\u00e9rique et destinations touristiques intelligentes <em>(Vanina Posada-Internet Estrat\u00e9gico) <\/em><a href=\"https:\/\/www.onisecoturismo.es\/wp-content\/uploads\/2022\/04\/PPT-Marketing-Digital-Vanina-Posada-DESTINOS-TURISTICOS-INTELIGENTES.pdf\"><span style=\"color: #75423e;\"><strong>T\u00e9l\u00e9charger<\/strong><\/span><\/a><\/li>\n<li>Orientation et premiers secours<em>(Ruben Cuesta Valpa\u00eds- Picos Outodoor) <\/em><a href=\"https:\/\/www.onisecoturismo.es\/wp-content\/uploads\/2022\/04\/PPT-Orientacion-primeros-auxilios-RUBEN-CUESTA-VALAPAIS.pdf\"><span style=\"color: #75423e;\"><strong>T\u00e9l\u00e9charger<\/strong><\/span><\/a><\/li>\n<\/ul>\n<p><strong><\/strong><\/p>\n<p>[\/et_pb_text][\/et_pb_column][\/et_pb_row][et_pb_row _builder_version=\u00a0\u00bb4.16&Prime; _module_preset=\u00a0\u00bbdefault\u00a0\u00bb global_colors_info=\u00a0\u00bb{}\u00a0\u00bb][et_pb_column type=\u00a0\u00bb4_4&Prime; _builder_version=\u00a0\u00bb4.16&Prime; _module_preset=\u00a0\u00bbdefault\u00a0\u00bb pac_dcm_carousel_specific_module_num=\u00a0\u00bb0&Prime; global_colors_info=\u00a0\u00bb{}\u00a0\u00bb][et_pb_text _builder_version=\u00a0\u00bb4.16&Prime; _module_preset=\u00a0\u00bbdefault\u00a0\u00bb global_colors_info=\u00a0\u00bb{}\u00a0\u00bb]<\/p>\n<h2><strong>Programme<\/strong><\/h2>\n<p>Les contenus ont \u00e9t\u00e9 structur\u00e9s en cinq modules d&rsquo;une dur\u00e9e totale de <strong>50 heures<\/strong>. Les blocs th\u00e9matiques combinent des <strong>contenus th\u00e9oriques<\/strong> et des <strong>sessions pratiques<\/strong> sur les activit\u00e9s des guides touristiques et des agents d&rsquo;information touristique. Le cours sera donn\u00e9 par des experts dans les diff\u00e9rents sujets et sera fourni avec du mat\u00e9riel technique sp\u00e9cifique.  <\/p>\n<p><strong><\/strong><\/p>\n<p>[\/et_pb_text][et_pb_accordion _builder_version=\u00a0\u00bb4.16&Prime; _module_preset=\u00a0\u00bbdefault\u00a0\u00bb global_colors_info=\u00a0\u00bb{}\u00a0\u00bb][et_pb_accordion_item title=\u00a0\u00bbLundi 28 f\u00e9vrier (8 heures)\u00a0\u00bb open=\u00a0\u00bbon\u00a0\u00bb open_toggle_text_color=\u00a0\u00bb#526962&Prime; open_toggle_background_color=\u00a0\u00bbrgba(159,182,175,0.24)\u00a0\u00bb _builder_version=\u00a0\u00bb4.16&Prime; _module_preset=\u00a0\u00bbdefault\u00a0\u00bb border_radii=\u00a0\u00bbon|8px|8px|8px|8px\u00a0\u00bb global_colors_info=\u00a0\u00bb{}\u00a0\u00bb toggle_level=\u00a0\u00bbh4&Prime; toggle_font=\u00a0\u00bb|700|||||||\u00a0\u00bb]<\/p>\n<ul>\n<li><strong> <\/strong>09:00-09:30h Accueil des participants et remise de la documentation.<\/li>\n<li><strong> <\/strong>09:30-10:00h Ouverture et pr\u00e9sentation du cours.<strong>  <\/strong><\/li>\n<\/ul>\n<p><strong>  Module 1 : Cadre th\u00e9orique de l&rsquo;\u00e9cotourisme<\/strong><br \/>\n&nbsp;<\/p>\n<ul>\n<li>10:00-11:00 h March\u00e9 du tourisme : tendances actuelles de l&rsquo;offre et de la demande touristiques.<\/li>\n<li><em>11:00-11:300 h Pause caf\u00e9.<\/em><\/li>\n<li>11:30-13:00 h Ecotourisme. Profil de l&rsquo;\u00e9cotouriste. \u00c9l\u00e9ments d&rsquo;un produit \u00e9cotouristique. Strat\u00e9gie espagnole de tourisme durable \u00e0 l&rsquo;horizon 2030.   <\/li>\n<li>13:00-14:00 h L&rsquo;\u00e9cotourisme dans les Asturies<\/li>\n<li>14:00-14:30 h <em>D\u00e9jeuner pique-nique<\/em><\/li>\n<li>14:30-17:00 h Visite des ressources touristiques de l&rsquo;OSTP : visite de la fromagerie Vega de Ario et de la grotte de Quiliama et visite du mus\u00e9e de la faune glaciaire.<\/li>\n<\/ul>\n<p>[\/et_pb_accordion_item][et_pb_accordion_item title=\u00a0\u00bbMardi 1er mars (9 heures)\u00a0\u00bb open_toggle_text_color=\u00a0\u00bb#526962&Prime; open_toggle_background_color=\u00a0\u00bbrgba(159,182,175,0.24)\u00a0\u00bb _builder_version=\u00a0\u00bb4.16&Prime; _module_preset=\u00a0\u00bbdefault\u00a0\u00bb border_radii=\u00a0\u00bbon|8px|8px|8px|8px\u00a0\u00bb global_colors_info=\u00a0\u00bb{}\u00a0\u00bb toggle_level=\u00a0\u00bbh4&Prime; toggle_font=\u00a0\u00bb|700|||||||\u00a0\u00bb open=\u00a0\u00bboff\u00a0\u00bb]<\/p>\n<p><strong>Module 2 : Ressources touristiques d&rsquo;On\u00eds.  <\/strong><\/p>\n<p>&nbsp;<\/p>\n<ul>\n<li>9:00-10:00 Plan de durabilit\u00e9 du tourisme pour le conseil d&rsquo;On\u00eds.<\/li>\n<li>10:00-11.00h Circuits de roulement<\/li>\n<li><em>11:00-11:30 h Pause caf\u00e9<\/em>.<\/li>\n<li>11:30-14:00 h Visite des ressources touristiques de l&rsquo;OSTP : le centre de montagne du gypa\u00e8te barbu et un verger.<\/li>\n<li><em>14:00-14:30<\/em> h <em>D\u00e9jeuner pique-nique<\/em><\/li>\n<li>14:30-18:00 h Visite d&rsquo;autres ressources touristiques \u00e0 On\u00eds : visites de la Cueva Peruyal et des voies d&rsquo;escalade (1\/2 groupe)<\/li>\n<\/ul>\n<p>[\/et_pb_accordion_item][et_pb_accordion_item title=\u00a0\u00bbMercredi 2 mars (8 heures)\u00a0\u00bb open_toggle_text_color=\u00a0\u00bb#526962&Prime; open_toggle_background_color=\u00a0\u00bbrgba(159,182,175,0.24)\u00a0\u00bb _builder_version=\u00a0\u00bb4.16&Prime; _module_preset=\u00a0\u00bbdefault\u00a0\u00bb border_radii=\u00a0\u00bbon|8px|8px|8px|8px\u00a0\u00bb global_colors_info=\u00a0\u00bb{}\u00a0\u00bb toggle_level=\u00a0\u00bbh4&Prime; toggle_font=\u00a0\u00bb|700|||||||\u00a0\u00bb open=\u00a0\u00bboff\u00a0\u00bb]<\/p>\n<p><strong>Module 3 : Services d&rsquo;information touristique.<\/strong><\/p>\n<p>&nbsp;<\/p>\n<p>&nbsp;<\/p>\n<ul>\n<li>9:00-10:00 h Commercialisation des produits \u00e9cotouristiques : foires, agences et voyagistes. Portails web et centres de r\u00e9servation. <\/li>\n<li>10:00-11:00 h T\u00e2ches de l&rsquo;agent d&rsquo;information touristique : service aux visiteurs, planification des activit\u00e9s touristiques, promotion du territoire, collecte et analyse des donn\u00e9es touristiques, pr\u00e9paration de rapports.<\/li>\n<li><em>11:00-11:30 h Pause caf\u00e9.<\/em><\/li>\n<li>11:30-14:00 h Session pratique<\/li>\n<li><em>14:00-14:30 h<\/em> <em>D\u00e9jeuner pique-nique<\/em><\/li>\n<li>14:30-17:00 h Visite de l&rsquo;office de tourisme.<\/li>\n<\/ul>\n<p>[\/et_pb_accordion_item][et_pb_accordion_item title=\u00a0\u00bbJeudi 3 mars (8 heures)\u00a0\u00bb open_toggle_text_color=\u00a0\u00bb#526962&Prime; open_toggle_background_color=\u00a0\u00bbrgba(159,182,175,0.24)\u00a0\u00bb _builder_version=\u00a0\u00bb4.16&Prime; _module_preset=\u00a0\u00bbdefault\u00a0\u00bb border_radii=\u00a0\u00bbon|8px|8px|8px|8px\u00a0\u00bb global_colors_info=\u00a0\u00bb{}\u00a0\u00bb toggle_level=\u00a0\u00bbh4&Prime; toggle_font=\u00a0\u00bb|700|||||||\u00a0\u00bb open=\u00a0\u00bboff\u00a0\u00bb]<\/p>\n<p><strong>Module 4 : Services de guides touristiques et d&rsquo;interpr\u00e9tation.<\/strong><\/p>\n<p>&nbsp;<\/p>\n<p>&nbsp;<\/p>\n<ul>\n<li>9:00-11:00 h Interpr\u00e9tation de la ressource touristique. Techniques de communication et dynamisation des groupes (1\u00e8re partie). <\/li>\n<li><em>11:00-11:30 h Pause caf\u00e9.<\/em><\/li>\n<li>11:30-14:00 h Session pratique : itin\u00e9raires, visites guid\u00e9es et autres services.<\/li>\n<li><em>14:00-14:30 h<\/em> <em>D\u00e9jeuner pique-nique<\/em><\/li>\n<\/ul>\n<ul>\n<li>14:30-17:00 h Visite des ressources touristiques de l&rsquo;OSTP : sentiers de randonn\u00e9e, itin\u00e9raires cyclables.<\/li>\n<\/ul>\n<p>[\/et_pb_accordion_item][et_pb_accordion_item title=\u00a0\u00bbVendredi 4 mars (9 heures)\u00a0\u00bb open_toggle_text_color=\u00a0\u00bb#526962&Prime; open_toggle_background_color=\u00a0\u00bbrgba(159,182,175,0.24)\u00a0\u00bb _builder_version=\u00a0\u00bb4.16&Prime; _module_preset=\u00a0\u00bbdefault\u00a0\u00bb border_radii=\u00a0\u00bbon|8px|8px|8px|8px\u00a0\u00bb global_colors_info=\u00a0\u00bb{}\u00a0\u00bb toggle_level=\u00a0\u00bbh4&Prime; toggle_font=\u00a0\u00bb|700|||||||\u00a0\u00bb open=\u00a0\u00bboff\u00a0\u00bb]<\/p>\n<p><strong>Module 4 : Services de guides touristiques et d&rsquo;interpr\u00e9tation.<\/strong><\/p>\n<p>&nbsp;<\/p>\n<p>&nbsp;<\/p>\n<ul>\n<li>9:00-11:00 h Interpr\u00e9tation de la ressource touristique. Techniques de communication et dynamisation des groupes (partie 2\u00aa). <\/li>\n<li><em>11:00-11:30 h Pause caf\u00e9.<\/em><\/li>\n<li>11:30-14:00 h Session pratique : itin\u00e9raire (route de la rivi\u00e8re G\u00fce\u00f1a), visites guid\u00e9es et autres services.  <\/li>\n<li><em>14:00-14:30 h D\u00e9jeuner pique-nique<\/em><\/li>\n<li>14:30-18:00 h Visite des ressources touristiques de l&rsquo;OSTP : Cueva la Peruyal et voies d&rsquo;escalade ( \u00bd groupe).<\/li>\n<\/ul>\n<p>[\/et_pb_accordion_item][et_pb_accordion_item title=\u00a0\u00bbLundi 7 mars (8 heures)\u00a0\u00bb open_toggle_text_color=\u00a0\u00bb#526962&Prime; open_toggle_background_color=\u00a0\u00bbrgba(159,182,175,0.24)\u00a0\u00bb _builder_version=\u00a0\u00bb4.16&Prime; _module_preset=\u00a0\u00bbdefault\u00a0\u00bb border_radii=\u00a0\u00bbon|8px|8px|8px|8px\u00a0\u00bb global_colors_info=\u00a0\u00bb{}\u00a0\u00bb toggle_level=\u00a0\u00bbh4&Prime; toggle_font=\u00a0\u00bb|700|||||||\u00a0\u00bb open=\u00a0\u00bboff\u00a0\u00bb]<\/p>\n<p><strong>Module 5 : Destinations touristiques intelligentes.  <\/strong><\/p>\n<p>&nbsp;<\/p>\n<ul>\n<li>9:00-11:00 h Nouvelles tendances en mati\u00e8re de promotion touristique : applications mobiles, g\u00e9or\u00e9f\u00e9rencement, r\u00e9alit\u00e9 virtuelle et augment\u00e9e. Portails de recommandation <\/li>\n<li><em>11:00-11:30 h Pause caf\u00e9.<\/em><\/li>\n<li>11:30-14:00 h Segmentation du march\u00e9 : big et small data. Le marketing \u00e9motionnel, la fid\u00e9lisation. <\/li>\n<li><em>14:00-14:30 h D\u00e9jeuner pique-nique<\/em><\/li>\n<li>14:30-16:00 h Orientation et premiers secours<\/li>\n<li>16:00-17:00 h. \u00c9valuation et cl\u00f4ture du cours ; remise des dipl\u00f4mes. <\/li>\n<\/ul>\n<p>[\/et_pb_accordion_item][\/et_pb_accordion][\/et_pb_column][\/et_pb_row][\/et_pb_section][et_pb_section fb_built=\u00a0\u00bb1&Prime; _builder_version=\u00a0\u00bb4.16&Prime; _module_preset=\u00a0\u00bbdefault\u00a0\u00bb background_color=\u00a0\u00bb#A4CFC0&Prime; custom_margin=\u00a0\u00bb0px||||false|false\u00a0\u00bb custom_padding=\u00a0\u00bb0px||||false|false\u00a0\u00bb global_colors_info=\u00a0\u00bb{}\u00a0\u00bb da_is_popup=\u00a0\u00bboff\u00a0\u00bb da_exit_intent=\u00a0\u00bboff\u00a0\u00bb da_has_close=\u00a0\u00bbon\u00a0\u00bb da_alt_close=\u00a0\u00bboff\u00a0\u00bb da_dark_close=\u00a0\u00bboff\u00a0\u00bb da_not_modal=\u00a0\u00bbon\u00a0\u00bb da_is_singular=\u00a0\u00bboff\u00a0\u00bb da_with_loader=\u00a0\u00bboff\u00a0\u00bb da_has_shadow=\u00a0\u00bbon\u00a0\u00bb da_disable_devices=\u00a0\u00bboff|off|off\u00a0\u00bb][et_pb_row _builder_version=\u00a0\u00bb4.16&Prime; _module_preset=\u00a0\u00bbdefault\u00a0\u00bb global_colors_info=\u00a0\u00bb{}\u00a0\u00bb][et_pb_column type=\u00a0\u00bb4_4&Prime; _builder_version=\u00a0\u00bb4.16&Prime; _module_preset=\u00a0\u00bbdefault\u00a0\u00bb pac_dcm_carousel_specific_module_num=\u00a0\u00bb0&Prime; global_colors_info=\u00a0\u00bb{}\u00a0\u00bb][et_pb_text _builder_version=\u00a0\u00bb4.16&Prime; _module_preset=\u00a0\u00bbdefault\u00a0\u00bb background_color=\u00a0\u00bb#FFFFFF\u00a0\u00bb custom_padding=\u00a0\u00bb20px|20px|20px|20px|false|false\u00a0\u00bb border_radii=\u00a0\u00bbon|6px|6px|6px|6px\u00a0\u00bb border_width_all=\u00a0\u00bb2px\u00a0\u00bb border_color_all=\u00a0\u00bb#9FB6AF\u00a0\u00bb global_colors_info=\u00a0\u00bb{}\u00a0\u00bb]<\/p>\n<p><strong>LES COMP\u00c9TENCES ACQUISES PAR LES \u00c9TUDIANTS APR\u00c8S LE COURS<\/strong><\/p>\n<p>L&rsquo;objectif est qu&rsquo;\u00e0 la fin du cours, les \u00e9l\u00e8ves soient capables de :<\/p>\n<ul>\n<li>Conna\u00eetre les principales caract\u00e9ristiques des march\u00e9s touristiques des Asturies, notamment en ce qui concerne le tourisme de nature et l&rsquo;\u00e9cotourisme.<\/li>\n<li>Conna\u00eetre en profondeur les ressources touristiques d&rsquo;On\u00eds et ses potentialit\u00e9s.<\/li>\n<li>Dresser des inventaires, des contenus et des promotions des ressources touristiques locales.<\/li>\n<li>Offrir un service d&rsquo;information et d&rsquo;assistance touristique professionnalis\u00e9, en personne, par t\u00e9l\u00e9phone et en ligne.<\/li>\n<li>Adapter les informations sur les ressources et les services touristiques d&rsquo;On\u00eds en fonction du profil du visiteur : familles, sportifs, \u00e9coliers, naturalistes, seniors, etc.<\/li>\n<li>Con\u00e7ois et ex\u00e9cute des itin\u00e9raires et des visites guid\u00e9es autour des ressources touristiques d&rsquo;On\u00eds.<\/li>\n<li>Communiquer de mani\u00e8re efficace et efficiente avec les usagers, les professionnels du tourisme, les administrations concern\u00e9es, etc.<\/li>\n<li>Conna\u00eetre et g\u00e9rer les outils des destinations touristiques intelligentes.<\/li>\n<li>Gestion appropri\u00e9e des suggestions, des plaintes et des r\u00e9clamations.<\/li>\n<li>Apprends \u00e0 r\u00e9soudre les incidents de derni\u00e8re minute et les contretemps dans l&rsquo;exercice de leurs fonctions de guide.<\/li>\n<li>Recueille et traite les informations fournies par les utilisateurs\/touristes en ce qui concerne leur exp\u00e9rience.<\/li>\n<\/ul>\n<p>[\/et_pb_text][\/et_pb_column][\/et_pb_row][\/et_pb_section]<\/p>\n","protected":false},"excerpt":{"rendered":"<p>Du 28 f\u00e9vrier au 7 mars. HEURES : De 9h00 \u00e0 17h00 \/ LIEU : Tullidi, On\u00eds \/ DUR\u00c9E : 50 h\/ INSCRIPTION : jusqu&rsquo;au 20 f\u00e9vrier <\/p>\n","protected":false},"author":1,"featured_media":347494,"parent":0,"menu_order":0,"comment_status":"closed","ping_status":"closed","template":"","meta":{"_acf_changed":false,"_et_pb_use_builder":"on","_et_pb_old_content":"","_et_gb_content_width":"","footnotes":""},"dipi_cpt_category":[],"class_list":["post-347493","page","type-page","status-publish","has-post-thumbnail","hentry"],"acf":[],"_links":{"self":[{"href":"https:\/\/www.onisecoturismo.es\/fr\/wp-json\/wp\/v2\/pages\/347493","targetHints":{"allow":["GET"]}}],"collection":[{"href":"https:\/\/www.onisecoturismo.es\/fr\/wp-json\/wp\/v2\/pages"}],"about":[{"href":"https:\/\/www.onisecoturismo.es\/fr\/wp-json\/wp\/v2\/types\/page"}],"author":[{"embeddable":true,"href":"https:\/\/www.onisecoturismo.es\/fr\/wp-json\/wp\/v2\/users\/1"}],"replies":[{"embeddable":true,"href":"https:\/\/www.onisecoturismo.es\/fr\/wp-json\/wp\/v2\/comments?post=347493"}],"version-history":[{"count":2,"href":"https:\/\/www.onisecoturismo.es\/fr\/wp-json\/wp\/v2\/pages\/347493\/revisions"}],"predecessor-version":[{"id":347496,"href":"https:\/\/www.onisecoturismo.es\/fr\/wp-json\/wp\/v2\/pages\/347493\/revisions\/347496"}],"wp:featuredmedia":[{"embeddable":true,"href":"https:\/\/www.onisecoturismo.es\/fr\/wp-json\/wp\/v2\/media\/347494"}],"wp:attachment":[{"href":"https:\/\/www.onisecoturismo.es\/fr\/wp-json\/wp\/v2\/media?parent=347493"}],"wp:term":[{"taxonomy":"dipi_cpt_category","embeddable":true,"href":"https:\/\/www.onisecoturismo.es\/fr\/wp-json\/wp\/v2\/dipi_cpt_category?post=347493"}],"curies":[{"name":"wp","href":"https:\/\/api.w.org\/{rel}","templated":true}]}}