{"id":347450,"date":"2024-11-08T12:26:47","date_gmt":"2024-11-08T11:26:47","guid":{"rendered":"https:\/\/www.onisecoturismo.es\/camping-picos-de-europa-pmr\/"},"modified":"2024-11-08T12:26:49","modified_gmt":"2024-11-08T11:26:49","slug":"camping-picos-de-europa-pmr","status":"publish","type":"page","link":"https:\/\/www.onisecoturismo.es\/fr\/camping-picos-de-europa-pmr\/","title":{"rendered":"Camping picos de europa PMR"},"content":{"rendered":"<p>[et_pb_section fb_built=\u00a0\u00bb1&Prime; fullwidth=\u00a0\u00bbon\u00a0\u00bb next_background_color=\u00a0\u00bb#ffffff\u00a0\u00bb _builder_version=\u00a0\u00bb4.23.1&Prime; _module_preset=\u00a0\u00bbdefault\u00a0\u00bb background_image=\u00a0\u00bbhttps:\/\/www.onisecoturismo.es\/wp-content\/uploads\/2023\/11\/header-camping-avin-pmr-01.jpg\u00a0\u00bb bottom_divider_style=\u00a0\u00bbwave2&Prime; bottom_divider_height=\u00a0\u00bb60px\u00a0\u00bb da_disable_devices=\u00a0\u00bboff|off|off\u00a0\u00bb global_colors_info=\u00a0\u00bb{}\u00a0\u00bb da_is_popup=\u00a0\u00bboff\u00a0\u00bb da_exit_intent=\u00a0\u00bboff\u00a0\u00bb da_has_close=\u00a0\u00bbon\u00a0\u00bb da_alt_close=\u00a0\u00bboff\u00a0\u00bb da_dark_close=\u00a0\u00bboff\u00a0\u00bb da_not_modal=\u00a0\u00bbon\u00a0\u00bb da_is_singular=\u00a0\u00bboff\u00a0\u00bb da_with_loader=\u00a0\u00bboff\u00a0\u00bb da_has_shadow=\u00a0\u00bbon\u00a0\u00bb][et_pb_fullwidth_header title=\u00a0\u00bbCamping Picos de Europa Accessible\u00a0\u00bb text_orientation=\u00a0\u00bbcenter\u00a0\u00bb logo_image_url=\u00a0\u00bbhttps:\/\/www.onisecoturismo.es\/wp-content\/uploads\/2023\/11\/camping-logo-camping-avin.png\u00a0\u00bb _builder_version=\u00a0\u00bb4.23.1&Prime; _module_preset=\u00a0\u00bbdefault\u00a0\u00bb title_font=\u00a0\u00bb|700|||||||\u00a0\u00bb subhead_font=\u00a0\u00bb|600|on||||||\u00a0\u00bb subhead_text_color=\u00a0\u00bb#e2e2e2&Prime; subhead_font_size=\u00a0\u00bb19px\u00a0\u00bb background_color=\u00a0\u00bbrgba(22,34,16,0.5)\u00a0\u00bb custom_padding=\u00a0\u00bb||60px||false|false\u00a0\u00bb animation_style=\u00a0\u00bbfade\u00a0\u00bb animation_duration=\u00a0\u00bb1500ms\u00a0\u00bb animation_delay=\u00a0\u00bb1000ms\u00a0\u00bb custom_css_subtitle=\u00a0\u00bbpadding-bottom:20px;\u00a0\u00bb global_colors_info=\u00a0\u00bb{}\u00a0\u00bb][\/et_pb_fullwidth_header][\/et_pb_section][et_pb_section fb_built=\u00a0\u00bb1&Prime; _builder_version=\u00a0\u00bb4.17.1&Prime; _module_preset=\u00a0\u00bbdefault\u00a0\u00bb custom_margin=\u00a0\u00bb0px||0px||false|false\u00a0\u00bb custom_padding=\u00a0\u00bb12px||0px||false|false\u00a0\u00bb da_disable_devices=\u00a0\u00bboff|off|off\u00a0\u00bb global_colors_info=\u00a0\u00bb{}\u00a0\u00bb da_is_popup=\u00a0\u00bboff\u00a0\u00bb da_exit_intent=\u00a0\u00bboff\u00a0\u00bb da_has_close=\u00a0\u00bbon\u00a0\u00bb da_alt_close=\u00a0\u00bboff\u00a0\u00bb da_dark_close=\u00a0\u00bboff\u00a0\u00bb da_not_modal=\u00a0\u00bbon\u00a0\u00bb da_is_singular=\u00a0\u00bboff\u00a0\u00bb da_with_loader=\u00a0\u00bboff\u00a0\u00bb da_has_shadow=\u00a0\u00bbon\u00a0\u00bb][et_pb_row column_structure=\u00a0\u00bb3_4,1_4&Prime; _builder_version=\u00a0\u00bb4.16&Prime; _module_preset=\u00a0\u00bbdefault\u00a0\u00bb background_color=\u00a0\u00bbrgba(159,182,175,0.2)\u00a0\u00bb custom_padding=\u00a0\u00bb4px|8px|4px|8px|false|false\u00a0\u00bb border_radii=\u00a0\u00bbon|6px|6px|6px|6px\u00a0\u00bb locked=\u00a0\u00bboff\u00a0\u00bb global_colors_info=\u00a0\u00bb{}\u00a0\u00bb][et_pb_column type=\u00a0\u00bb3_4&Prime; _builder_version=\u00a0\u00bb4.16&Prime; _module_preset=\u00a0\u00bbdefault\u00a0\u00bb pac_dcm_carousel_specific_module_num=\u00a0\u00bb0&Prime; global_colors_info=\u00a0\u00bb{}\u00a0\u00bb][lwp_divi_breadcrumbs home_text=\u00a0\u00bbInicio\u00a0\u00bb link_color=\u00a0\u00bb#526962&Prime; separator_color=\u00a0\u00bb#526962&Prime; current_text_color=\u00a0\u00bb#162210&Prime; _builder_version=\u00a0\u00bb4.17.0&Prime; _module_preset=\u00a0\u00bbdefault\u00a0\u00bb module_font_size=\u00a0\u00bb14px\u00a0\u00bb width=\u00a0\u00bb80%\u00a0\u00bb custom_margin=\u00a0\u00bb2px||||false|false\u00a0\u00bb global_colors_info=\u00a0\u00bb{}\u00a0\u00bb][\/lwp_divi_breadcrumbs][\/et_pb_column][et_pb_column type=\u00a0\u00bb1_4&Prime; _builder_version=\u00a0\u00bb4.16&Prime; _module_preset=\u00a0\u00bbdefault\u00a0\u00bb pac_dcm_carousel_specific_module_num=\u00a0\u00bb0&Prime; global_colors_info=\u00a0\u00bb{}\u00a0\u00bb][et_pb_icon font_icon=\u00a0\u00bb&#xe0b7;||divi||400&Prime; icon_color=\u00a0\u00bb#9FB6AF\u00a0\u00bb icon_width=\u00a0\u00bb20px\u00a0\u00bb title_text=\u00a0\u00bbCompartir\u00a0\u00bb url=\u00a0\u00bb#compartir\u00a0\u00bb align=\u00a0\u00bbright\u00a0\u00bb admin_label=\u00a0\u00bbCompartir\u00a0\u00bb _builder_version=\u00a0\u00bb4.16&Prime; _module_preset=\u00a0\u00bbdefault\u00a0\u00bb custom_margin=\u00a0\u00bb5px||0px||false|false\u00a0\u00bb custom_padding=\u00a0\u00bb0px||0px||false|false\u00a0\u00bb global_colors_info=\u00a0\u00bb{}\u00a0\u00bb icon_color__hover_enabled=\u00a0\u00bbon|hover\u00a0\u00bb icon_color__hover=\u00a0\u00bb#FCBF15&Prime;][\/et_pb_icon][\/et_pb_column][\/et_pb_row][et_pb_row _builder_version=\u00a0\u00bb4.16&Prime; _module_preset=\u00a0\u00bbdefault\u00a0\u00bb custom_margin=\u00a0\u00bb||0px||false|false\u00a0\u00bb custom_padding=\u00a0\u00bb||0px||false|false\u00a0\u00bb global_colors_info=\u00a0\u00bb{}\u00a0\u00bb][et_pb_column type=\u00a0\u00bb4_4&Prime; _builder_version=\u00a0\u00bb4.16&Prime; _module_preset=\u00a0\u00bbdefault\u00a0\u00bb pac_dcm_carousel_specific_module_num=\u00a0\u00bb0&Prime; global_colors_info=\u00a0\u00bb{}\u00a0\u00bb][et_pb_text _builder_version=\u00a0\u00bb4.23.1&Prime; _module_preset=\u00a0\u00bbdefault\u00a0\u00bb global_colors_info=\u00a0\u00bb{}\u00a0\u00bb]<\/p>\n<h2><strong>Accessibilit\u00e9 en fauteuil roulant<br \/><\/strong><\/h2>\n<p>[\/et_pb_text][\/et_pb_column][\/et_pb_row][\/et_pb_section][et_pb_section fb_built=\u00a0\u00bb1&Prime; _builder_version=\u00a0\u00bb4.16&Prime; _module_preset=\u00a0\u00bbdefault\u00a0\u00bb custom_margin=\u00a0\u00bb0px||0px||false|false\u00a0\u00bb custom_padding=\u00a0\u00bb0px||0px||false|false\u00a0\u00bb da_disable_devices=\u00a0\u00bboff|off|off\u00a0\u00bb global_colors_info=\u00a0\u00bb{}\u00a0\u00bb da_is_popup=\u00a0\u00bboff\u00a0\u00bb da_exit_intent=\u00a0\u00bboff\u00a0\u00bb da_has_close=\u00a0\u00bbon\u00a0\u00bb da_alt_close=\u00a0\u00bboff\u00a0\u00bb da_dark_close=\u00a0\u00bboff\u00a0\u00bb da_not_modal=\u00a0\u00bbon\u00a0\u00bb da_is_singular=\u00a0\u00bboff\u00a0\u00bb da_with_loader=\u00a0\u00bboff\u00a0\u00bb da_has_shadow=\u00a0\u00bbon\u00a0\u00bb][et_pb_row use_custom_gutter=\u00a0\u00bbon\u00a0\u00bb gutter_width=\u00a0\u00bb1&Prime; _builder_version=\u00a0\u00bb4.16&Prime; _module_preset=\u00a0\u00bbdefault\u00a0\u00bb width=\u00a0\u00bb100%\u00a0\u00bb max_width=\u00a0\u00bb94%\u00a0\u00bb global_colors_info=\u00a0\u00bb{}\u00a0\u00bb][et_pb_column type=\u00a0\u00bb4_4&Prime; _builder_version=\u00a0\u00bb4.16&Prime; _module_preset=\u00a0\u00bbdefault\u00a0\u00bb pac_dcm_carousel_specific_module_num=\u00a0\u00bb0&Prime; global_colors_info=\u00a0\u00bb{}\u00a0\u00bb][dsm_card_carousel speed=\u00a0\u00bb1500&Prime; autoplay_speed=\u00a0\u00bb4000&Prime; arrow_color=\u00a0\u00bb#9FB6AF\u00a0\u00bb arrow_background_color=\u00a0\u00bb#FFFFFF\u00a0\u00bb dots=\u00a0\u00bboff\u00a0\u00bb admin_label=\u00a0\u00bbCarrusel de fotos\u00a0\u00bb _builder_version=\u00a0\u00bb4.23.1&Prime; _module_preset=\u00a0\u00bbdefault\u00a0\u00bb custom_margin=\u00a0\u00bb0px|0px|0px|0px|false|false\u00a0\u00bb custom_padding=\u00a0\u00bb0px|0px|0px|0px|false|false\u00a0\u00bb global_colors_info=\u00a0\u00bb{}\u00a0\u00bb][dsm_card_carousel_child admin_label=\u00a0\u00bbSalle de bain adapt\u00e9e pour PMR\u00a0\u00bb title=\u00a0\u00bbSalle de bain adapt\u00e9e aux PMR\u00a0\u00bb image=\u00a0\u00bbhttps:\/\/www.onisecoturismo.es\/wp-content\/uploads\/2023\/11\/galeria-camping-avin-pmr-1.jpg\u00a0\u00bb image_as_background=\u00a0\u00bboff\u00a0\u00bb alt=\u00a0\u00bbRefuge Vega de Ario\u00a0\u00bb button_url_new_window=\u00a0\u00bb1&Prime; _builder_version=\u00a0\u00bb4.23.1&Prime; _module_preset=\u00a0\u00bbdefault\u00a0\u00bb hover_transition_duration=\u00a0\u00bb150ms\u00a0\u00bb border_radii_image=\u00a0\u00bbon|6px|6px|6px|6px\u00a0\u00bb global_colors_info=\u00a0\u00bb{}\u00a0\u00bb parent_button=\u00a0\u00bboff\u00a0\u00bb parent_header_level=\u00a0\u00bbh4&Prime;][\/dsm_card_carousel_child][dsm_card_carousel_child admin_label=\u00a0\u00bbRampe d&#039;acc\u00e8s \u00e0 la salle de bain adapt\u00e9e aux PMR\u00a0\u00bb title=\u00a0\u00bbRampe pour toilettes adapt\u00e9es aux PMR\u00a0\u00bb image=\u00a0\u00bbhttps:\/\/www.onisecoturismo.es\/wp-content\/uploads\/2023\/11\/galeria-camping-avin-pmr-2.jpg\u00a0\u00bb image_as_background=\u00a0\u00bboff\u00a0\u00bb alt=\u00a0\u00bbRefuge Vega de Ario\u00a0\u00bb button_url_new_window=\u00a0\u00bb1&Prime; _builder_version=\u00a0\u00bb4.23.1&Prime; _module_preset=\u00a0\u00bbdefault\u00a0\u00bb hover_transition_duration=\u00a0\u00bb150ms\u00a0\u00bb border_radii_image=\u00a0\u00bbon|6px|6px|6px|6px\u00a0\u00bb global_colors_info=\u00a0\u00bb{}\u00a0\u00bb parent_button=\u00a0\u00bboff\u00a0\u00bb parent_header_level=\u00a0\u00bbh4&Prime;][\/dsm_card_carousel_child][dsm_card_carousel_child admin_label=\u00a0\u00bbToilettes sans pieds dans les espaces communs\u00a0\u00bb title=\u00a0\u00bbLabavos sans pied\u00a0\u00bb image=\u00a0\u00bbhttps:\/\/www.onisecoturismo.es\/wp-content\/uploads\/2023\/11\/galeria-camping-avin-pmr-3.jpg\u00a0\u00bb image_as_background=\u00a0\u00bboff\u00a0\u00bb alt=\u00a0\u00bbRefuge Vega de Ario\u00a0\u00bb button_url_new_window=\u00a0\u00bb1&Prime; _builder_version=\u00a0\u00bb4.23.1&Prime; _module_preset=\u00a0\u00bbdefault\u00a0\u00bb hover_transition_duration=\u00a0\u00bb150ms\u00a0\u00bb border_radii_image=\u00a0\u00bbon|6px|6px|6px|6px\u00a0\u00bb global_colors_info=\u00a0\u00bb{}\u00a0\u00bb parent_button=\u00a0\u00bboff\u00a0\u00bb parent_header_level=\u00a0\u00bbh4&Prime;][\/dsm_card_carousel_child][dsm_card_carousel_child admin_label=\u00a0\u00bbR\u00e9ception au niveau z\u00e9ro\u00a0\u00bb title=\u00a0\u00bbR\u00e9ception au niveau z\u00e9ro\u00a0\u00bb image=\u00a0\u00bbhttps:\/\/www.onisecoturismo.es\/wp-content\/uploads\/2023\/11\/galeria-camping-avin-pmr-acceso-recepcion-cota-cero.jpg\u00a0\u00bb image_as_background=\u00a0\u00bboff\u00a0\u00bb alt=\u00a0\u00bbPhoto r\u00e9ception Camping Picos de Europa\u00a0\u00bb button_url_new_window=\u00a0\u00bb1&Prime; _builder_version=\u00a0\u00bb4.23.1&Prime; _module_preset=\u00a0\u00bbdefault\u00a0\u00bb hover_transition_duration=\u00a0\u00bb150ms\u00a0\u00bb border_radii_image=\u00a0\u00bbon|6px|6px|6px|6px\u00a0\u00bb global_colors_info=\u00a0\u00bb{}\u00a0\u00bb parent_button=\u00a0\u00bboff\u00a0\u00bb parent_header_level=\u00a0\u00bbh4&Prime;][\/dsm_card_carousel_child][dsm_card_carousel_child admin_label=\u00a0\u00bbPiscine ext\u00e9rieure avec acc\u00e8s \u00e0 niveau z\u00e9ro\u00a0\u00bb title=\u00a0\u00bbPiscine ext\u00e9rieure avec acc\u00e8s \u00e0 niveau z\u00e9ro\u00a0\u00bb image=\u00a0\u00bbhttps:\/\/www.onisecoturismo.es\/wp-content\/uploads\/2023\/11\/galeria-camping-avin-pmr-piscina-exterior.jpg\u00a0\u00bb image_as_background=\u00a0\u00bboff\u00a0\u00bb alt=\u00a0\u00bbPiscine ext\u00e9rieure Camping Picos de Europa\u00a0\u00bb button_url_new_window=\u00a0\u00bb1&Prime; _builder_version=\u00a0\u00bb4.23.1&Prime; _module_preset=\u00a0\u00bbdefault\u00a0\u00bb hover_transition_duration=\u00a0\u00bb150ms\u00a0\u00bb border_radii_image=\u00a0\u00bbon|6px|6px|6px|6px\u00a0\u00bb global_colors_info=\u00a0\u00bb{}\u00a0\u00bb parent_button=\u00a0\u00bboff\u00a0\u00bb parent_header_level=\u00a0\u00bbh4&Prime;][\/dsm_card_carousel_child][dsm_card_carousel_child admin_label=\u00a0\u00bbAcc\u00e8s asphalt\u00e9 \u00e0 la piscine ext\u00e9rieure au niveau du sol.  \u00a0\u00bb title=\u00a0\u00bbAcc\u00e8s asphalt\u00e9 \u00e0 la piscine ext\u00e9rieure au niveau du sol.  \u00a0\u00bb image=\u00a0\u00bbhttps:\/\/www.onisecoturismo.es\/wp-content\/uploads\/2023\/11\/galeria-camping-avin-pmr-acceso-piscina-exterior-cota-cero.jpg\u00a0\u00bb image_as_background=\u00a0\u00bboff\u00a0\u00bb alt=\u00a0\u00bbAcc\u00e8s asphalt\u00e9 \u00e0 la piscine ext\u00e9rieure du camping Picos de Europa au niveau du sol.\u00a0\u00bb button_url_new_window=\u00a0\u00bb1&Prime; _builder_version=\u00a0\u00bb4.23.1&Prime; _module_preset=\u00a0\u00bbdefault\u00a0\u00bb hover_transition_duration=\u00a0\u00bb150ms\u00a0\u00bb border_radii_image=\u00a0\u00bbon|6px|6px|6px|6px\u00a0\u00bb global_colors_info=\u00a0\u00bb{}\u00a0\u00bb parent_button=\u00a0\u00bboff\u00a0\u00bb parent_header_level=\u00a0\u00bbh4&Prime;][\/dsm_card_carousel_child][dsm_card_carousel_child admin_label=\u00a0\u00bbSalle de bain pour les personnes stomis\u00e9es\u00a0\u00bb title=\u00a0\u00bbSalle de bain pour les personnes stomis\u00e9es\u00a0\u00bb image=\u00a0\u00bbhttps:\/\/www.onisecoturismo.es\/wp-content\/uploads\/2023\/11\/galeria-bano-personas-ostomizadas-1.jpg\u00a0\u00bb image_as_background=\u00a0\u00bboff\u00a0\u00bb alt=\u00a0\u00bbAppartements Camping Picos de Europa\u00a0\u00bb button_url_new_window=\u00a0\u00bb1&Prime; _builder_version=\u00a0\u00bb4.23.1&Prime; _module_preset=\u00a0\u00bbdefault\u00a0\u00bb hover_transition_duration=\u00a0\u00bb150ms\u00a0\u00bb border_radii_image=\u00a0\u00bbon|6px|6px|6px|6px\u00a0\u00bb global_colors_info=\u00a0\u00bb{}\u00a0\u00bb parent_button=\u00a0\u00bboff\u00a0\u00bb parent_header_level=\u00a0\u00bbh4&Prime;][\/dsm_card_carousel_child][dsm_card_carousel_child admin_label=\u00a0\u00bbD\u00eener en plein air accessible aux fauteuils roulants dans les espaces communs.\u00a0\u00bb title=\u00a0\u00bbD\u00eener en plein air accessible aux fauteuils roulants dans les espaces communs.\u00a0\u00bb image=\u00a0\u00bbhttps:\/\/www.onisecoturismo.es\/wp-content\/uploads\/2023\/11\/galeria-camping-avin-pmr-comedor-zonas-comunes-cota-cero.jpg\u00a0\u00bb image_as_background=\u00a0\u00bboff\u00a0\u00bb alt=\u00a0\u00bbD\u00eener en plein air accessible aux fauteuils roulants dans les espaces communs.\u00a0\u00bb button_url_new_window=\u00a0\u00bb1&Prime; _builder_version=\u00a0\u00bb4.23.1&Prime; _module_preset=\u00a0\u00bbdefault\u00a0\u00bb hover_transition_duration=\u00a0\u00bb150ms\u00a0\u00bb border_radii_image=\u00a0\u00bbon|6px|6px|6px|6px\u00a0\u00bb global_colors_info=\u00a0\u00bb{}\u00a0\u00bb parent_button=\u00a0\u00bboff\u00a0\u00bb parent_header_level=\u00a0\u00bbh4&Prime;][\/dsm_card_carousel_child][dsm_card_carousel_child admin_label=\u00a0\u00bbRampe d&#039;acc\u00e8s asphalt\u00e9e aux espaces communs de la salle \u00e0 manger\u00a0\u00bb title=\u00a0\u00bbRampe d&#039;acc\u00e8s asphalt\u00e9e aux espaces communs de la salle \u00e0 manger\u00a0\u00bb image=\u00a0\u00bbhttps:\/\/www.onisecoturismo.es\/wp-content\/uploads\/2023\/11\/galeria-camping-avin-pmr-acceso-comedor-zonas-comunes.jpg\u00a0\u00bb image_as_background=\u00a0\u00bboff\u00a0\u00bb alt=\u00a0\u00bbRampe asphalt\u00e9e salle \u00e0 manger espaces communs Camping Picos de Europa\u00a0\u00bb button_url_new_window=\u00a0\u00bb1&Prime; _builder_version=\u00a0\u00bb4.23.1&Prime; _module_preset=\u00a0\u00bbdefault\u00a0\u00bb hover_transition_duration=\u00a0\u00bb150ms\u00a0\u00bb border_radii_image=\u00a0\u00bbon|6px|6px|6px|6px\u00a0\u00bb global_colors_info=\u00a0\u00bb{}\u00a0\u00bb parent_button=\u00a0\u00bboff\u00a0\u00bb parent_header_level=\u00a0\u00bbh4&Prime;][\/dsm_card_carousel_child][dsm_card_carousel_child admin_label=\u00a0\u00bbPiscine couverte\u00a0\u00bb title=\u00a0\u00bbPiscine couverte\u00a0\u00bb image=\u00a0\u00bbhttps:\/\/www.onisecoturismo.es\/wp-content\/uploads\/2023\/11\/galeria-camping-avin-pmr-acceso-piscina-tumbonas.jpg\u00a0\u00bb image_as_background=\u00a0\u00bboff\u00a0\u00bb alt=\u00a0\u00bbPiscine couverte Camping Picos de Europa\u00a0\u00bb button_url_new_window=\u00a0\u00bb1&Prime; _builder_version=\u00a0\u00bb4.23.1&Prime; _module_preset=\u00a0\u00bbdefault\u00a0\u00bb hover_transition_duration=\u00a0\u00bb150ms\u00a0\u00bb border_radii_image=\u00a0\u00bbon|6px|6px|6px|6px\u00a0\u00bb global_colors_info=\u00a0\u00bb{}\u00a0\u00bb parent_button=\u00a0\u00bboff\u00a0\u00bb parent_header_level=\u00a0\u00bbh4&Prime;][\/dsm_card_carousel_child][dsm_card_carousel_child admin_label=\u00a0\u00bbAcc\u00e8s \u00e0 la piscine int\u00e9rieure au niveau du sol.\u00a0\u00bb title=\u00a0\u00bbAcc\u00e8s \u00e0 la piscine int\u00e9rieure au niveau du sol.\u00a0\u00bb image=\u00a0\u00bbhttps:\/\/www.onisecoturismo.es\/wp-content\/uploads\/2023\/11\/galeria-camping-avin-pmr-acceso-piscina-cubierta-asfaltada.jpg\u00a0\u00bb image_as_background=\u00a0\u00bboff\u00a0\u00bb alt=\u00a0\u00bbAcc\u00e8s \u00e0 la piscine couverte du camping Picos de Europa au niveau du sol.\u00a0\u00bb button_url_new_window=\u00a0\u00bb1&Prime; _builder_version=\u00a0\u00bb4.23.1&Prime; _module_preset=\u00a0\u00bbdefault\u00a0\u00bb hover_transition_duration=\u00a0\u00bb150ms\u00a0\u00bb border_radii_image=\u00a0\u00bbon|6px|6px|6px|6px\u00a0\u00bb global_colors_info=\u00a0\u00bb{}\u00a0\u00bb parent_button=\u00a0\u00bboff\u00a0\u00bb parent_header_level=\u00a0\u00bbh4&Prime;][\/dsm_card_carousel_child][dsm_card_carousel_child admin_label=\u00a0\u00bbRoutes asphalt\u00e9es dans l&#039;aire de camping et de camping-car.\u00a0\u00bb title=\u00a0\u00bbRoutes asphalt\u00e9es dans l&#039;aire de camping et de camping-car.\u00a0\u00bb image=\u00a0\u00bbhttps:\/\/www.onisecoturismo.es\/wp-content\/uploads\/2023\/11\/galeria-camping-avin-pmr-zona-autocaravanas-cota-cero.jpg\u00a0\u00bb image_as_background=\u00a0\u00bboff\u00a0\u00bb alt=\u00a0\u00bbAire de camping au camping Picos de Europa\u00a0\u00bb button_url_new_window=\u00a0\u00bb1&Prime; _builder_version=\u00a0\u00bb4.23.1&Prime; _module_preset=\u00a0\u00bbdefault\u00a0\u00bb hover_transition_duration=\u00a0\u00bb150ms\u00a0\u00bb border_radii_image=\u00a0\u00bbon|6px|6px|6px|6px\u00a0\u00bb global_colors_info=\u00a0\u00bb{}\u00a0\u00bb parent_button=\u00a0\u00bboff\u00a0\u00bb parent_header_level=\u00a0\u00bbh4&Prime;][\/dsm_card_carousel_child][dsm_card_carousel_child admin_label=\u00a0\u00bbRues asphalt\u00e9es en zone plate\u00a0\u00bb title=\u00a0\u00bbRues asphalt\u00e9es en zone plate\u00a0\u00bb image=\u00a0\u00bbhttps:\/\/www.onisecoturismo.es\/wp-content\/uploads\/2023\/11\/galeria-camping-avin-pmr-apartamentos.jpg\u00a0\u00bb image_as_background=\u00a0\u00bboff\u00a0\u00bb alt=\u00a0\u00bbAppartements Camping Picos de Europa\u00a0\u00bb button_url_new_window=\u00a0\u00bb1&Prime; _builder_version=\u00a0\u00bb4.23.1&Prime; _module_preset=\u00a0\u00bbdefault\u00a0\u00bb hover_transition_duration=\u00a0\u00bb150ms\u00a0\u00bb border_radii_image=\u00a0\u00bbon|6px|6px|6px|6px\u00a0\u00bb global_colors_info=\u00a0\u00bb{}\u00a0\u00bb parent_button=\u00a0\u00bboff\u00a0\u00bb parent_header_level=\u00a0\u00bbh4&Prime;][\/dsm_card_carousel_child][\/dsm_card_carousel][\/et_pb_column][\/et_pb_row][et_pb_row _builder_version=\u00a0\u00bb4.22.2&Prime; _module_preset=\u00a0\u00bbdefault\u00a0\u00bb global_colors_info=\u00a0\u00bb{}\u00a0\u00bb][et_pb_column type=\u00a0\u00bb4_4&Prime; _builder_version=\u00a0\u00bb4.22.2&Prime; _module_preset=\u00a0\u00bbdefault\u00a0\u00bb pac_dcm_carousel_specific_module_num=\u00a0\u00bb0&Prime; global_colors_info=\u00a0\u00bb{}\u00a0\u00bb][et_pb_text _builder_version=\u00a0\u00bb4.23.1&Prime; _module_preset=\u00a0\u00bbdefault\u00a0\u00bb global_colors_info=\u00a0\u00bb{}\u00a0\u00bb]<\/p>\n<h5><span>Situ\u00e9 dans le village d&rsquo;Av\u00edn, au c\u0153ur des Pics d&rsquo;Europe.<\/span><\/h5>\n<p>[\/et_pb_text][\/et_pb_column][\/et_pb_row][\/et_pb_section][et_pb_section fb_built=\u00a0\u00bb1&Prime; _builder_version=\u00a0\u00bb4.16&Prime; _module_preset=\u00a0\u00bbdefault\u00a0\u00bb custom_margin=\u00a0\u00bb0px||0px||false|false\u00a0\u00bb custom_padding=\u00a0\u00bb0px||0px||false|false\u00a0\u00bb da_disable_devices=\u00a0\u00bboff|off|off\u00a0\u00bb global_colors_info=\u00a0\u00bb{}\u00a0\u00bb da_is_popup=\u00a0\u00bboff\u00a0\u00bb da_exit_intent=\u00a0\u00bboff\u00a0\u00bb da_has_close=\u00a0\u00bbon\u00a0\u00bb da_alt_close=\u00a0\u00bboff\u00a0\u00bb da_dark_close=\u00a0\u00bboff\u00a0\u00bb da_not_modal=\u00a0\u00bbon\u00a0\u00bb da_is_singular=\u00a0\u00bboff\u00a0\u00bb da_with_loader=\u00a0\u00bboff\u00a0\u00bb da_has_shadow=\u00a0\u00bbon\u00a0\u00bb][et_pb_row column_structure=\u00a0\u00bb1_2,1_2&Prime; _builder_version=\u00a0\u00bb4.22.2&Prime; _module_preset=\u00a0\u00bbdefault\u00a0\u00bb global_colors_info=\u00a0\u00bb{}\u00a0\u00bb][et_pb_column type=\u00a0\u00bb1_2&Prime; _builder_version=\u00a0\u00bb4.22.2&Prime; _module_preset=\u00a0\u00bbdefault\u00a0\u00bb pac_dcm_carousel_specific_module_num=\u00a0\u00bb0&Prime; global_colors_info=\u00a0\u00bb{}\u00a0\u00bb][et_pb_text _builder_version=\u00a0\u00bb4.23.1&Prime; _module_preset=\u00a0\u00bbdefault\u00a0\u00bb global_colors_info=\u00a0\u00bb{}\u00a0\u00bb]<\/p>\n<h3><strong>fauteuil roulant ACCESSIBILIT\u00c9<\/strong><\/h3>\n<p>Le camping dispose d&rsquo;une aire de camping pour tentes et camping-cars, de bungalows, d&rsquo;une piscine ext\u00e9rieure et int\u00e9rieure, d&rsquo;un restaurant, d&rsquo;une aire de jeux pour enfants, d&rsquo;une salle \u00e0 manger ext\u00e9rieure, d&rsquo;une salle de bain adapt\u00e9e aux PMR et d&rsquo;une salle de bain pour les stomis\u00e9s.<\/p>\n<p>Les diff\u00e9rentes zones du camping sont reli\u00e9es par des routes asphalt\u00e9es ou b\u00e9tonn\u00e9es et l&rsquo;acc\u00e8s en fauteuil roulant est possible sur tout le site.<strong><\/strong><\/p>\n<p>&nbsp;<\/p>\n<h3><strong>SERVICES<\/strong><\/h3>\n<ul>\n<li>R\u00e9ception<\/li>\n<li>2 piscines (une int\u00e9rieure et une ext\u00e9rieure)<\/li>\n<li>Bar\/restaurant<\/li>\n<li>Boutique<\/li>\n<li>Espace enfants<\/li>\n<li>Aire de camping<\/li>\n<li>Bungalows<\/li>\n<li>Les appartements<\/li>\n<\/ul>\n<p>[\/et_pb_text][et_pb_text _builder_version=\u00a0\u00bb4.22.2&Prime; _module_preset=\u00a0\u00bbdefault\u00a0\u00bb header_3_text_color=\u00a0\u00bb#FFFFFF\u00a0\u00bb header_4_text_color=\u00a0\u00bb#FFFFFF\u00a0\u00bb background_color=\u00a0\u00bb#526962&Prime; custom_margin=\u00a0\u00bb0px||6px||false|false\u00a0\u00bb custom_padding=\u00a0\u00bb8px|20px|0px|20px|false|false\u00a0\u00bb border_radii=\u00a0\u00bbon|6px|6px|6px|6px\u00a0\u00bb global_colors_info=\u00a0\u00bb{}\u00a0\u00bb]<\/p>\n<h3>CARACT\u00c9RISTIQUES<\/h3>\n<h4><\/h4>\n<p>[\/et_pb_text][et_pb_text _builder_version=\u00a0\u00bb4.23.1&Prime; _module_preset=\u00a0\u00bbdefault\u00a0\u00bb background_color=\u00a0\u00bbRGBA(255,255,255,0)\u00a0\u00bb use_background_color_gradient=\u00a0\u00bbon\u00a0\u00bb background_color_gradient_direction=\u00a0\u00bb206deg\u00a0\u00bb background_color_gradient_stops=\u00a0\u00bbrgba(82,105,98,0.3) 0%|rgba(82,105,98,0.1) 100%\u00a0\u00bb background_color_gradient_start=\u00a0\u00bbrgba(82,105,98,0.3)\u00a0\u00bb background_color_gradient_end=\u00a0\u00bbrgba(82,105,98,0.1)\u00a0\u00bb custom_padding=\u00a0\u00bb20px|20px|20px|20px|false|false\u00a0\u00bb border_radii=\u00a0\u00bbon|6px|6px|6px|6px\u00a0\u00bb box_shadow_style=\u00a0\u00bbpreset3&Prime; global_colors_info=\u00a0\u00bb{}\u00a0\u00bb]<\/p>\n<ul>\n<li>Salle de bain adapt\u00e9e aux PMR dans les parties communes<\/li>\n<li>Salle de bain adapt\u00e9e aux personnes stomis\u00e9es dans les parties communes.<\/li>\n<\/ul>\n<p>[\/et_pb_text][\/et_pb_column][et_pb_column type=\u00a0\u00bb1_2&Prime; _builder_version=\u00a0\u00bb4.22.2&Prime; _module_preset=\u00a0\u00bbdefault\u00a0\u00bb pac_dcm_carousel_specific_module_num=\u00a0\u00bb0&Prime; global_colors_info=\u00a0\u00bb{}\u00a0\u00bb][et_pb_text _builder_version=\u00a0\u00bb4.22.2&Prime; _module_preset=\u00a0\u00bbdefault\u00a0\u00bb header_4_font_size=\u00a0\u00bb17px\u00a0\u00bb header_4_line_height=\u00a0\u00bb1.8em\u00a0\u00bb global_colors_info=\u00a0\u00bb{}\u00a0\u00bb]<\/p>\n<h3><strong>INFORMATIONS D\u00c9TAILL\u00c9ES SUR L&rsquo;ACCESSIBILIT\u00c9<\/strong><\/h3>\n<p>[\/et_pb_text][et_pb_button button_url=\u00a0\u00bbhttps:\/\/equalitasvitae.com\/turismo-accesible\/hotel-maria-manuela\/\u00a0\u00bb button_text=\u00a0\u00bbPlus d&#039;informations\u00a0\u00bb button_alignment=\u00a0\u00bbcenter\u00a0\u00bb _builder_version=\u00a0\u00bb4.22.2&Prime; _module_preset=\u00a0\u00bbdefault\u00a0\u00bb custom_button=\u00a0\u00bbon\u00a0\u00bb button_text_size=\u00a0\u00bb16px\u00a0\u00bb button_text_color=\u00a0\u00bb#162210&Prime; button_bg_color=\u00a0\u00bb#A4CFC0&Prime; animation_style=\u00a0\u00bbfade\u00a0\u00bb global_colors_info=\u00a0\u00bb{}\u00a0\u00bb][\/et_pb_button][et_pb_text _builder_version=\u00a0\u00bb4.22.2&Prime; _module_preset=\u00a0\u00bbdefault\u00a0\u00bb header_4_font_size=\u00a0\u00bb17px\u00a0\u00bb header_4_line_height=\u00a0\u00bb1.8em\u00a0\u00bb link_option_url=\u00a0\u00bbhttps:\/\/equalitasvitae.com\/turismo-accesible\/hotel-maria-manuela\/\u00a0\u00bb global_colors_info=\u00a0\u00bb{}\u00a0\u00bb]<\/p>\n<p><a href=\"https:\/\/equalitasvitae.com\/turismo-accesible\/hotel-maria-manuela\/\" target=\"_blank\" rel=\"noopener\"><span style=\"color: #000000;\"><strong> <img decoding=\"async\" src=\"https:\/\/www.onisecoturismo.es\/wp-content\/uploads\/2023\/11\/Pegatina-equalitas-vitae-236x300.jpg\" width=\"236\" height=\"300\" alt=\"\" class=\"wp-image-345376 alignnone size-medium\" style=\"display: block; margin-left: auto; margin-right: auto;\"><\/strong><\/span><\/a><span style=\"color: #ff0000;\"><strong><\/strong><\/span><\/p>\n<p>[\/et_pb_text][et_pb_text _builder_version=\u00a0\u00bb4.23.1&Prime; _module_preset=\u00a0\u00bbdefault\u00a0\u00bb header_3_text_color=\u00a0\u00bb#FFFFFF\u00a0\u00bb background_color=\u00a0\u00bb#526962&Prime; custom_margin=\u00a0\u00bb0px||6px||false|false\u00a0\u00bb custom_padding=\u00a0\u00bb8px|20px|0px|20px|false|false\u00a0\u00bb border_radii=\u00a0\u00bbon|6px|6px|6px|6px\u00a0\u00bb global_colors_info=\u00a0\u00bb{%22gcid-bc896d34-3cfe-40f1-b348-edbec0a97a18%22:%91%22background_color%22%93}\u00a0\u00bb]<\/p>\n<h3>CONTACT Camping Picos de Europa<\/h3>\n<p>[\/et_pb_text][et_pb_text _builder_version=\u00a0\u00bb4.23.1&Prime; _module_preset=\u00a0\u00bbdefault\u00a0\u00bb link_text_color=\u00a0\u00bb#526962&Prime; background_enable_color=\u00a0\u00bboff\u00a0\u00bb use_background_color_gradient=\u00a0\u00bbon\u00a0\u00bb background_color_gradient_stops=\u00a0\u00bbrgba(82,105,98,0.3) 0%|rgba(82,105,98,0.1) 100%\u00a0\u00bb background_color_gradient_start=\u00a0\u00bbrgba(82,105,98,0.3)\u00a0\u00bb background_color_gradient_end=\u00a0\u00bbrgba(82,105,98,0.1)\u00a0\u00bb custom_padding=\u00a0\u00bb20px|20px|20px|20px|false|false\u00a0\u00bb border_radii=\u00a0\u00bbon|6px|6px|6px|6px\u00a0\u00bb global_colors_info=\u00a0\u00bb{%22gcid-bc896d34-3cfe-40f1-b348-edbec0a97a18%22:%91%22background_color%22,%22background_color%22%93}\u00a0\u00bb link_text_color__hover_enabled=\u00a0\u00bbon|hover\u00a0\u00bb link_text_color__hover=\u00a0\u00bb#9FB6AF\u00a0\u00bb]<\/p>\n<p>T<strong>\u00e9l\u00e9phone<\/strong> +34 985 84 40 70 \/ 985 84 42 40<\/p>\n<p><strong>Site web<\/strong><br \/><a href=\"https:\/\/www.picos-europa.com\/\" target=\"_blank\" rel=\"noopener\">www.picos-europa.com<\/a><\/p>\n<p>[\/et_pb_text][\/et_pb_column][\/et_pb_row][\/et_pb_section][et_pb_section fb_built=\u00a0\u00bb1&Prime; module_id=\u00a0\u00bbpart\u00a0\u00bb _builder_version=\u00a0\u00bb4.23.1&Prime; _module_preset=\u00a0\u00bbdefault\u00a0\u00bb background_color=\u00a0\u00bb#A4CFC0&Prime; use_background_color_gradient=\u00a0\u00bbon\u00a0\u00bb background_color_gradient_stops=\u00a0\u00bb#ffffff 0%|rgba(159,182,175,0.17) 100%\u00a0\u00bb background_color_gradient_start=\u00a0\u00bb#ffffff\u00a0\u00bb background_color_gradient_end=\u00a0\u00bbrgba(159,182,175,0.17)\u00a0\u00bb min_height=\u00a0\u00bb37px\u00a0\u00bb custom_margin=\u00a0\u00bb0px||0px||false|false\u00a0\u00bb custom_padding=\u00a0\u00bb40px||0px||false|false\u00a0\u00bb bottom_divider_style=\u00a0\u00bbwaves\u00a0\u00bb bottom_divider_color=\u00a0\u00bb#FFFFFF\u00a0\u00bb bottom_divider_color_tablet=\u00a0\u00bb#FFFFFF\u00a0\u00bb bottom_divider_color_phone=\u00a0\u00bb#FFFFFF\u00a0\u00bb bottom_divider_color_last_edited=\u00a0\u00bbon|tablet\u00a0\u00bb bottom_divider_height_tablet=\u00a0\u00bb60px\u00a0\u00bb bottom_divider_height_phone=\u00a0\u00bb30px\u00a0\u00bb bottom_divider_height_last_edited=\u00a0\u00bbon|desktop\u00a0\u00bb da_disable_devices=\u00a0\u00bboff|off|off\u00a0\u00bb global_module=\u00a0\u00bb333716&Prime; saved_tabs=\u00a0\u00bball\u00a0\u00bb global_colors_info=\u00a0\u00bb{}\u00a0\u00bb da_is_popup=\u00a0\u00bboff\u00a0\u00bb da_exit_intent=\u00a0\u00bboff\u00a0\u00bb da_has_close=\u00a0\u00bbon\u00a0\u00bb da_alt_close=\u00a0\u00bboff\u00a0\u00bb da_dark_close=\u00a0\u00bboff\u00a0\u00bb da_not_modal=\u00a0\u00bbon\u00a0\u00bb da_is_singular=\u00a0\u00bboff\u00a0\u00bb da_with_loader=\u00a0\u00bboff\u00a0\u00bb da_has_shadow=\u00a0\u00bbon\u00a0\u00bb][et_pb_row column_structure=\u00a0\u00bb1_4,1_4,1_4,1_4&Prime; _builder_version=\u00a0\u00bb4.16&Prime; _module_preset=\u00a0\u00bbdefault\u00a0\u00bb global_colors_info=\u00a0\u00bb{}\u00a0\u00bb][et_pb_column type=\u00a0\u00bb1_4&Prime; _builder_version=\u00a0\u00bb4.16&Prime; _module_preset=\u00a0\u00bbdefault\u00a0\u00bb pac_dcm_carousel_specific_module_num=\u00a0\u00bb0&Prime; global_colors_info=\u00a0\u00bb{}\u00a0\u00bb][dssb_sharing_buttons columns=\u00a0\u00bb1&Prime; _builder_version=\u00a0\u00bb4.16&Prime; _module_preset=\u00a0\u00bbdefault\u00a0\u00bb border_radii_main=\u00a0\u00bbon|6px|6px|6px|6px\u00a0\u00bb global_colors_info=\u00a0\u00bb{}\u00a0\u00bb][dssb_sharing_button button_text=\u00a0\u00bbFacebook\u00a0\u00bb _builder_version=\u00a0\u00bb4.16&Prime; _module_preset=\u00a0\u00bbdefault\u00a0\u00bb background_color=\u00a0\u00bb#9FB6AF\u00a0\u00bb background_enable_color=\u00a0\u00bbon\u00a0\u00bb global_colors_info=\u00a0\u00bb{}\u00a0\u00bb background__hover_enabled=\u00a0\u00bbon|hover\u00a0\u00bb background_color__hover=\u00a0\u00bb#FCBF15&Prime; background_enable_color__hover=\u00a0\u00bbon\u00a0\u00bb][\/dssb_sharing_button][\/dssb_sharing_buttons][\/et_pb_column][et_pb_column type=\u00a0\u00bb1_4&Prime; _builder_version=\u00a0\u00bb4.16&Prime; _module_preset=\u00a0\u00bbdefault\u00a0\u00bb pac_dcm_carousel_specific_module_num=\u00a0\u00bb0&Prime; global_colors_info=\u00a0\u00bb{}\u00a0\u00bb][dssb_sharing_buttons columns=\u00a0\u00bb1&Prime; _builder_version=\u00a0\u00bb4.16&Prime; _module_preset=\u00a0\u00bbdefault\u00a0\u00bb border_radii_main=\u00a0\u00bbon|6px|6px|6px|6px\u00a0\u00bb global_colors_info=\u00a0\u00bb{}\u00a0\u00bb][dssb_sharing_button social_network=\u00a0\u00bbtwitter\u00a0\u00bb button_text=\u00a0\u00bbTwitter\u00a0\u00bb _builder_version=\u00a0\u00bb4.16&Prime; _module_preset=\u00a0\u00bbdefault\u00a0\u00bb background_color=\u00a0\u00bb#9FB6AF\u00a0\u00bb background_enable_color=\u00a0\u00bbon\u00a0\u00bb global_colors_info=\u00a0\u00bb{}\u00a0\u00bb background__hover_enabled=\u00a0\u00bbon|hover\u00a0\u00bb background_color__hover=\u00a0\u00bb#FCBF15&Prime; background_enable_color__hover=\u00a0\u00bbon\u00a0\u00bb][\/dssb_sharing_button][\/dssb_sharing_buttons][\/et_pb_column][et_pb_column type=\u00a0\u00bb1_4&Prime; _builder_version=\u00a0\u00bb4.16&Prime; _module_preset=\u00a0\u00bbdefault\u00a0\u00bb pac_dcm_carousel_specific_module_num=\u00a0\u00bb0&Prime; global_colors_info=\u00a0\u00bb{}\u00a0\u00bb][dssb_sharing_buttons columns=\u00a0\u00bb1&Prime; _builder_version=\u00a0\u00bb4.16&Prime; _module_preset=\u00a0\u00bbdefault\u00a0\u00bb border_radii_main=\u00a0\u00bbon|6px|6px|6px|6px\u00a0\u00bb global_colors_info=\u00a0\u00bb{}\u00a0\u00bb][dssb_sharing_button social_network=\u00a0\u00bbwhatsapp\u00a0\u00bb button_text=\u00a0\u00bbWhatsapp\u00a0\u00bb _builder_version=\u00a0\u00bb4.16&Prime; _module_preset=\u00a0\u00bbdefault\u00a0\u00bb background_color=\u00a0\u00bb#9FB6AF\u00a0\u00bb background_enable_color=\u00a0\u00bbon\u00a0\u00bb global_colors_info=\u00a0\u00bb{}\u00a0\u00bb background__hover_enabled=\u00a0\u00bbon|hover\u00a0\u00bb background_color__hover=\u00a0\u00bb#FCBF15&Prime; background_enable_color__hover=\u00a0\u00bbon\u00a0\u00bb][\/dssb_sharing_button][\/dssb_sharing_buttons][\/et_pb_column][et_pb_column type=\u00a0\u00bb1_4&Prime; _builder_version=\u00a0\u00bb4.16&Prime; _module_preset=\u00a0\u00bbdefault\u00a0\u00bb pac_dcm_carousel_specific_module_num=\u00a0\u00bb0&Prime; global_colors_info=\u00a0\u00bb{}\u00a0\u00bb][dssb_sharing_buttons columns=\u00a0\u00bb1&Prime; _builder_version=\u00a0\u00bb4.16&Prime; _module_preset=\u00a0\u00bbdefault\u00a0\u00bb border_radii_main=\u00a0\u00bbon|6px|6px|6px|6px\u00a0\u00bb global_colors_info=\u00a0\u00bb{}\u00a0\u00bb][dssb_sharing_button social_network=\u00a0\u00bbemail\u00a0\u00bb button_text=\u00a0\u00bbEmail\u00a0\u00bb _builder_version=\u00a0\u00bb4.16&Prime; _module_preset=\u00a0\u00bbdefault\u00a0\u00bb background_color=\u00a0\u00bb#9FB6AF\u00a0\u00bb background_enable_color=\u00a0\u00bbon\u00a0\u00bb global_colors_info=\u00a0\u00bb{}\u00a0\u00bb background__hover_enabled=\u00a0\u00bbon|hover\u00a0\u00bb background_color__hover=\u00a0\u00bb#FCBF15&Prime; background_enable_color__hover=\u00a0\u00bbon\u00a0\u00bb][\/dssb_sharing_button][\/dssb_sharing_buttons][\/et_pb_column][\/et_pb_row][\/et_pb_section]<\/p>\n","protected":false},"excerpt":{"rendered":"<p><div class=\"et_pb_module lwp_divi_breadcrumbs lwp_divi_breadcrumbs_0\">\n\t\t\t\t\n\t\t\t\t\n\t\t\t\t\n\t\t\t\t\n\t\t\t\t\n\t\t\t\t\n\t\t\t\t<div class=\"et_pb_module_inner\">\n\t\t\t\t\t<div class=\"lwp-breadcrumbs\"> <span class=\"before\"><\/span> <span vocab=\"https:\/\/schema.org\/\" typeof=\"BreadcrumbList\"><span property=\"itemListElement\" typeof=\"ListItem\"><a property=\"item\" typeof=\"WebPage\" href=\"https:\/\/www.onisecoturismo.es\/fr\/\" class=\"home\"><span property=\"name\">Inicio<\/span><\/a><meta property=\"position\" content=\"1\"><\/span> <span class=\"separator et-pb-icon\">&#x39;<\/span> <\/span><\/div>\n\t\t\t\t<\/div>\n\t\t\t<\/div>Accessibilit\u00e9 en fauteuil roulant<div class=\"et_pb_module dsm_card_carousel dsm_card_carousel_0 dsm_card_carousel_layout_stacked  dsm_card_carousel_arrow_outside dsm_card_carousel_arrow_mobile_inside\">\n\t\t\t\t\n\t\t\t\t\n\t\t\t\t\n\t\t\t\t\n\t\t\t\t\n\t\t\t\t\n\t\t\t\t<div class=\"et_pb_module_inner\">\n\t\t\t\t\t\n\t\t\t\n\t\t\t<div class=\"swiper-container dsm_card_carousel_wrapper\" dir=\"ltr\" data-params=\"[{&quot;direction&quot;:&quot;horizontal&quot;,&quot;effect&quot;:&quot;default&quot;,&quot;slider_effect_shadows&quot;:false,&quot;slider_effect_coverflow_rotate&quot;:&quot;30&quot;,&quot;slider_effect_coverflow_depth&quot;:&quot;0&quot;,&quot;loop&quot;:true,&quot;infinite_smooth_scrolling&quot;:false,&quot;slide_to_show&quot;:&quot;3&quot;,&quot;slide_to_show_tablet&quot;:&quot;1&quot;,&quot;slide_to_show_phone&quot;:&quot;1&quot;,&quot;slide_to_scroll&quot;:&quot;1&quot;,&quot;slide_to_scroll_tablet&quot;:&quot;1&quot;,&quot;slide_to_scroll_phone&quot;:&quot;1&quot;,&quot;space_between&quot;:&quot;15&quot;,&quot;space_between_tablet&quot;:&quot;15&quot;,&quot;space_between_phone&quot;:&quot;15&quot;,&quot;centered_slides&quot;:false,&quot;multiple_slide_row&quot;:&quot;off&quot;,&quot;slide_row&quot;:&quot;1&quot;,&quot;slide_row_tablet&quot;:&quot;1&quot;,&quot;slide_row_phone&quot;:&quot;1&quot;,&quot;speed&quot;:&quot;1500&quot;,&quot;autoplay&quot;:true,&quot;autoplay_speed&quot;:&quot;4000&quot;,&quot;autoplay_viewport&quot;:&quot;80%&quot;,&quot;touch_move&quot;:true,&quot;grab&quot;:true,&quot;pause_on_hover&quot;:false,&quot;mousewheel&quot;:false,&quot;auto_height&quot;:true,&quot;equal_height&quot;:true,&quot;equal_height_tablet&quot;:true,&quot;equal_height_phone&quot;:true}]\">\n\t\t\t<div class=\"swiper-wrapper\"><\/div>\n\t\t\t<\/div><div class=\"swiper-button-prev dsm_card_carousel_arrow\" data-icon=\"4\"><\/div><div class=\"swiper-button-next dsm_card_carousel_arrow\" data-icon=\"5\"><\/div><div class=\"swiper-pagination dsm_card_carousel_pagination\"><\/div>\n\t\t\t\t<\/div>\n\t\t\t<\/div><div class=\"dsm_card_carousel_child dsm_card_carousel_child_0 swiper-slide\">\n\t\t\t\t\n\t\t\t\t\n\t\t\t\t\n\t\t\t\t\n\t\t\t\t\n\t\t\t\t\n\t\t\t\t<div class=\"et_pb_module_inner\">\n\t\t\t\t\t\n\t\t\t\n\t\t\t<figure class=\"dsm_card_carousel_child_image_wrapper dsm_card_carousel_child_badge_top_right\"><img decoding=\"async\" src=\"https:\/\/www.onisecoturismo.es\/wp-content\/uploads\/2023\/11\/galeria-camping-avin-pmr-1.jpg\" alt=\"Refuge Vega de Ario\" srcset=\"https:\/\/www.onisecoturismo.es\/wp-content\/uploads\/2023\/11\/galeria-camping-avin-pmr-1.jpg 1280w, https:\/\/www.onisecoturismo.es\/wp-content\/uploads\/2023\/11\/galeria-camping-avin-pmr-1-980x656.jpg 980w, https:\/\/www.onisecoturismo.es\/wp-content\/uploads\/2023\/11\/galeria-camping-avin-pmr-1-480x321.jpg 480w\" sizes=\"(min-width: 0px) and (max-width: 480px) 480px, (min-width: 481px) and (max-width: 980px) 980px, (min-width: 981px) 1280px, 100vw\" class=\"dsm_card_carousel_child_img  dsm_card_carousel_image_stretch skip-lazy\" \/><\/figure>\n\t\t\t<div class=\"dsm_card_wrapper et_pb_text_align_left et_pb_bg_layout_light\">\n\t\t\t\t\t<h4 class=\"dsm_card_title et_pb_module_header\">Salle de bain adapt\u00e9e aux PMR<\/h4>\n\t\t\t\t\t\n\t\t\t\t\t\n\t\t\t\t\t\n\t\t\t\t<\/div>\n\t\t\t\t<\/div>\n\t\t\t<\/div><div class=\"dsm_card_carousel_child dsm_card_carousel_child_1 swiper-slide\">\n\t\t\t\t\n\t\t\t\t\n\t\t\t\t\n\t\t\t\t\n\t\t\t\t\n\t\t\t\t\n\t\t\t\t<div class=\"et_pb_module_inner\">\n\t\t\t\t\t\n\t\t\t\n\t\t\t<figure class=\"dsm_card_carousel_child_image_wrapper dsm_card_carousel_child_badge_top_right\"><img decoding=\"async\" src=\"https:\/\/www.onisecoturismo.es\/wp-content\/uploads\/2023\/11\/galeria-camping-avin-pmr-2.jpg\" alt=\"Refuge Vega de Ario\" srcset=\"https:\/\/www.onisecoturismo.es\/wp-content\/uploads\/2023\/11\/galeria-camping-avin-pmr-2.jpg 1280w, https:\/\/www.onisecoturismo.es\/wp-content\/uploads\/2023\/11\/galeria-camping-avin-pmr-2-980x656.jpg 980w, https:\/\/www.onisecoturismo.es\/wp-content\/uploads\/2023\/11\/galeria-camping-avin-pmr-2-480x321.jpg 480w\" sizes=\"(min-width: 0px) and (max-width: 480px) 480px, (min-width: 481px) and (max-width: 980px) 980px, (min-width: 981px) 1280px, 100vw\" class=\"dsm_card_carousel_child_img  dsm_card_carousel_image_stretch skip-lazy\" \/><\/figure>\n\t\t\t<div class=\"dsm_card_wrapper et_pb_text_align_left et_pb_bg_layout_light\">\n\t\t\t\t\t<h4 class=\"dsm_card_title et_pb_module_header\">Rampe pour toilettes adapt\u00e9es aux PMR<\/h4>\n\t\t\t\t\t\n\t\t\t\t\t\n\t\t\t\t\t\n\t\t\t\t<\/div>\n\t\t\t\t<\/div>\n\t\t\t<\/div><div class=\"dsm_card_carousel_child dsm_card_carousel_child_2 swiper-slide\">\n\t\t\t\t\n\t\t\t\t\n\t\t\t\t\n\t\t\t\t\n\t\t\t\t\n\t\t\t\t\n\t\t\t\t<div class=\"et_pb_module_inner\">\n\t\t\t\t\t\n\t\t\t\n\t\t\t<figure class=\"dsm_card_carousel_child_image_wrapper dsm_card_carousel_child_badge_top_right\"><img decoding=\"async\" src=\"https:\/\/www.onisecoturismo.es\/wp-content\/uploads\/2023\/11\/galeria-camping-avin-pmr-3.jpg\" alt=\"Refuge Vega de Ario\" srcset=\"https:\/\/www.onisecoturismo.es\/wp-content\/uploads\/2023\/11\/galeria-camping-avin-pmr-3.jpg 1280w, https:\/\/www.onisecoturismo.es\/wp-content\/uploads\/2023\/11\/galeria-camping-avin-pmr-3-980x656.jpg 980w, https:\/\/www.onisecoturismo.es\/wp-content\/uploads\/2023\/11\/galeria-camping-avin-pmr-3-480x321.jpg 480w\" sizes=\"(min-width: 0px) and (max-width: 480px) 480px, (min-width: 481px) and (max-width: 980px) 980px, (min-width: 981px) 1280px, 100vw\" class=\"dsm_card_carousel_child_img  dsm_card_carousel_image_stretch skip-lazy\" \/><\/figure>\n\t\t\t<div class=\"dsm_card_wrapper et_pb_text_align_left et_pb_bg_layout_light\">\n\t\t\t\t\t<h4 class=\"dsm_card_title et_pb_module_header\">Labavos sans pied<\/h4>\n\t\t\t\t\t\n\t\t\t\t\t\n\t\t\t\t\t\n\t\t\t\t<\/div>\n\t\t\t\t<\/div>\n\t\t\t<\/div><div class=\"dsm_card_carousel_child dsm_card_carousel_child_3 swiper-slide\">\n\t\t\t\t\n\t\t\t\t\n\t\t\t\t\n\t\t\t\t\n\t\t\t\t\n\t\t\t\t\n\t\t\t\t<div class=\"et_pb_module_inner\">\n\t\t\t\t\t\n\t\t\t\n\t\t\t<figure class=\"dsm_card_carousel_child_image_wrapper dsm_card_carousel_child_badge_top_right\"><img decoding=\"async\" src=\"https:\/\/www.onisecoturismo.es\/wp-content\/uploads\/2023\/11\/galeria-camping-avin-pmr-acceso-recepcion-cota-cero.jpg\" alt=\"Photo r\u00e9ception Camping Picos de Europa\" srcset=\"https:\/\/www.onisecoturismo.es\/wp-content\/uploads\/2023\/11\/galeria-camping-avin-pmr-acceso-recepcion-cota-cero.jpg 1280w, https:\/\/www.onisecoturismo.es\/wp-content\/uploads\/2023\/11\/galeria-camping-avin-pmr-acceso-recepcion-cota-cero-980x656.jpg 980w, https:\/\/www.onisecoturismo.es\/wp-content\/uploads\/2023\/11\/galeria-camping-avin-pmr-acceso-recepcion-cota-cero-480x321.jpg 480w\" sizes=\"(min-width: 0px) and (max-width: 480px) 480px, (min-width: 481px) and (max-width: 980px) 980px, (min-width: 981px) 1280px, 100vw\" class=\"dsm_card_carousel_child_img  dsm_card_carousel_image_stretch skip-lazy\" \/><\/figure>\n\t\t\t<div class=\"dsm_card_wrapper et_pb_text_align_left et_pb_bg_layout_light\">\n\t\t\t\t\t<h4 class=\"dsm_card_title et_pb_module_header\">R\u00e9ception au niveau z\u00e9ro<\/h4>\n\t\t\t\t\t\n\t\t\t\t\t\n\t\t\t\t\t\n\t\t\t\t<\/div>\n\t\t\t\t<\/div>\n\t\t\t<\/div><div class=\"dsm_card_carousel_child dsm_card_carousel_child_4 swiper-slide\">\n\t\t\t\t\n\t\t\t\t\n\t\t\t\t\n\t\t\t\t\n\t\t\t\t\n\t\t\t\t\n\t\t\t\t<div class=\"et_pb_module_inner\">\n\t\t\t\t\t\n\t\t\t\n\t\t\t<figure class=\"dsm_card_carousel_child_image_wrapper dsm_card_carousel_child_badge_top_right\"><img decoding=\"async\" src=\"https:\/\/www.onisecoturismo.es\/wp-content\/uploads\/2023\/11\/galeria-camping-avin-pmr-piscina-exterior.jpg\" alt=\"Piscine ext\u00e9rieure Camping Picos de Europa\" srcset=\"https:\/\/www.onisecoturismo.es\/wp-content\/uploads\/2023\/11\/galeria-camping-avin-pmr-piscina-exterior.jpg 1280w, https:\/\/www.onisecoturismo.es\/wp-content\/uploads\/2023\/11\/galeria-camping-avin-pmr-piscina-exterior-980x656.jpg 980w, https:\/\/www.onisecoturismo.es\/wp-content\/uploads\/2023\/11\/galeria-camping-avin-pmr-piscina-exterior-480x321.jpg 480w\" sizes=\"(min-width: 0px) and (max-width: 480px) 480px, (min-width: 481px) and (max-width: 980px) 980px, (min-width: 981px) 1280px, 100vw\" class=\"dsm_card_carousel_child_img  dsm_card_carousel_image_stretch skip-lazy\" \/><\/figure>\n\t\t\t<div class=\"dsm_card_wrapper et_pb_text_align_left et_pb_bg_layout_light\">\n\t\t\t\t\t<h4 class=\"dsm_card_title et_pb_module_header\">Piscine ext\u00e9rieure avec acc\u00e8s \u00e0 niveau z\u00e9ro<\/h4>\n\t\t\t\t\t\n\t\t\t\t\t\n\t\t\t\t\t\n\t\t\t\t<\/div>\n\t\t\t\t<\/div>\n\t\t\t<\/div><div class=\"dsm_card_carousel_child dsm_card_carousel_child_5 swiper-slide\">\n\t\t\t\t\n\t\t\t\t\n\t\t\t\t\n\t\t\t\t\n\t\t\t\t\n\t\t\t\t\n\t\t\t\t<div class=\"et_pb_module_inner\">\n\t\t\t\t\t\n\t\t\t\n\t\t\t<figure class=\"dsm_card_carousel_child_image_wrapper dsm_card_carousel_child_badge_top_right\"><img decoding=\"async\" src=\"\" alt=\"\u00bbAcc\u00e8s\" class=\"et_multi_view_hidden_image dsm_card_carousel_child_img  dsm_card_carousel_image_stretch skip-lazy\" \/><\/figure>\n\t\t\t<div class=\"dsm_card_wrapper et_pb_text_align_left et_pb_bg_layout_light\">\n\t\t\t\t\t<h4 class=\"dsm_card_title et_pb_module_header\">\u00bbAcc\u00e8s<\/h4>\n\t\t\t\t\t\n\t\t\t\t\t\n\t\t\t\t\t\n\t\t\t\t<\/div>\n\t\t\t\t<\/div>\n\t\t\t<\/div><\/p>\n","protected":false},"author":2,"featured_media":347451,"parent":0,"menu_order":0,"comment_status":"closed","ping_status":"closed","template":"","meta":{"_acf_changed":false,"_et_pb_use_builder":"on","_et_pb_old_content":"","_et_gb_content_width":"","footnotes":""},"dipi_cpt_category":[],"class_list":["post-347450","page","type-page","status-publish","has-post-thumbnail","hentry"],"acf":[],"_links":{"self":[{"href":"https:\/\/www.onisecoturismo.es\/fr\/wp-json\/wp\/v2\/pages\/347450","targetHints":{"allow":["GET"]}}],"collection":[{"href":"https:\/\/www.onisecoturismo.es\/fr\/wp-json\/wp\/v2\/pages"}],"about":[{"href":"https:\/\/www.onisecoturismo.es\/fr\/wp-json\/wp\/v2\/types\/page"}],"author":[{"embeddable":true,"href":"https:\/\/www.onisecoturismo.es\/fr\/wp-json\/wp\/v2\/users\/2"}],"replies":[{"embeddable":true,"href":"https:\/\/www.onisecoturismo.es\/fr\/wp-json\/wp\/v2\/comments?post=347450"}],"version-history":[{"count":2,"href":"https:\/\/www.onisecoturismo.es\/fr\/wp-json\/wp\/v2\/pages\/347450\/revisions"}],"predecessor-version":[{"id":347453,"href":"https:\/\/www.onisecoturismo.es\/fr\/wp-json\/wp\/v2\/pages\/347450\/revisions\/347453"}],"wp:featuredmedia":[{"embeddable":true,"href":"https:\/\/www.onisecoturismo.es\/fr\/wp-json\/wp\/v2\/media\/347451"}],"wp:attachment":[{"href":"https:\/\/www.onisecoturismo.es\/fr\/wp-json\/wp\/v2\/media?parent=347450"}],"wp:term":[{"taxonomy":"dipi_cpt_category","embeddable":true,"href":"https:\/\/www.onisecoturismo.es\/fr\/wp-json\/wp\/v2\/dipi_cpt_category?post=347450"}],"curies":[{"name":"wp","href":"https:\/\/api.w.org\/{rel}","templated":true}]}}